{"id":963,"date":"2022-01-07T15:47:54","date_gmt":"2022-01-07T14:47:54","guid":{"rendered":"https:\/\/fa-lesia.eu\/?page_id=963"},"modified":"2022-10-27T14:20:42","modified_gmt":"2022-10-27T12:20:42","slug":"innenarchitektur-2","status":"publish","type":"page","link":"https:\/\/fa-lesia.eu\/it\/innenarchitektur-2\/","title":{"rendered":"Architettura di interni"},"content":{"rendered":"<div data-elementor-type=\"wp-page\" data-elementor-id=\"963\" class=\"elementor elementor-963\" data-elementor-post-type=\"page\">\n\t\t\t\t\t\t<section class=\"elementor-section elementor-top-section elementor-element elementor-element-d99ba31 elementor-section-boxed elementor-section-height-default elementor-section-height-default\" data-id=\"d99ba31\" data-element_type=\"section\">\n\t\t\t\t\t\t<div class=\"elementor-container elementor-column-gap-default\">\n\t\t\t\t\t<div class=\"elementor-column elementor-col-50 elementor-top-column elementor-element elementor-element-75b21842\" data-id=\"75b21842\" data-element_type=\"column\">\n\t\t\t<div class=\"elementor-widget-wrap elementor-element-populated\">\n\t\t\t\t\t\t<div class=\"elementor-element elementor-element-51228a6e elementor-button-info elementor-widget elementor-widget-button\" data-id=\"51228a6e\" data-element_type=\"widget\" data-widget_type=\"button.default\">\n\t\t\t\t<div class=\"elementor-widget-container\">\n\t\t\t\t\t\t\t\t\t<div class=\"elementor-button-wrapper\">\n\t\t\t\t\t<a class=\"elementor-button elementor-button-link elementor-size-xs\" href=\"https:\/\/fa-lesia.eu\/fachliche-planungsleistungen-in-architektur\/\" id=\"Back\">\n\t\t\t\t\t\t<span class=\"elementor-button-content-wrapper\">\n\t\t\t\t\t\t<span class=\"elementor-button-icon\">\n\t\t\t\t<svg xmlns=\"http:\/\/www.w3.org\/2000\/svg\" aria-hidden=\"true\" data-prefix=\"far\" data-icon=\"arrow-alt-circle-left\" class=\"svg-inline--fa fa-arrow-alt-circle-left fa-w-16\" viewbox=\"0 0 512 512\"><path fill=\"currentColor\" d=\"M8 256c0 137 111 248 248 248s248-111 248-248S393 8 256 8 8 119 8 256zm448 0c0 110.5-89.5 200-200 200S56 366.5 56 256 145.5 56 256 56s200 89.5 200 200zm-72-20v40c0 6.6-5.4 12-12 12H256v67c0 10.7-12.9 16-20.5 8.5l-99-99c-4.7-4.7-4.7-12.3 0-17l99-99c7.6-7.6 20.5-2.2 20.5 8.5v67h116c6.6 0 12 5.4 12 12z\"><\/path><\/svg>\t\t\t<\/span>\n\t\t\t\t\t\t\t\t<\/span>\n\t\t\t\t\t<\/a>\n\t\t\t\t<\/div>\n\t\t\t\t\t\t\t\t<\/div>\n\t\t\t\t<\/div>\n\t\t\t\t\t<\/div>\n\t\t<\/div>\n\t\t\t\t<div class=\"elementor-column elementor-col-50 elementor-top-column elementor-element elementor-element-49798e72\" data-id=\"49798e72\" data-element_type=\"column\">\n\t\t\t<div class=\"elementor-widget-wrap elementor-element-populated\">\n\t\t\t\t\t\t<div class=\"elementor-element elementor-element-52263999 elementor-widget elementor-widget-heading\" data-id=\"52263999\" data-element_type=\"widget\" data-widget_type=\"heading.default\">\n\t\t\t\t<div class=\"elementor-widget-container\">\n\t\t\t\t\t<h1 class=\"elementor-heading-title elementor-size-xl\">Architettura di interni<\/h1>\t\t\t\t<\/div>\n\t\t\t\t<\/div>\n\t\t\t\t\t<\/div>\n\t\t<\/div>\n\t\t\t\t\t<\/div>\n\t\t<\/section>\n\t\t\t\t<section class=\"elementor-section elementor-top-section elementor-element elementor-element-309499f1 elementor-section-boxed elementor-section-height-default elementor-section-height-default\" data-id=\"309499f1\" data-element_type=\"section\" data-settings=\"{&quot;background_background&quot;:&quot;classic&quot;}\">\n\t\t\t\t\t\t<div class=\"elementor-container elementor-column-gap-default\">\n\t\t\t\t\t<div class=\"elementor-column elementor-col-50 elementor-top-column elementor-element elementor-element-352fe20c\" data-id=\"352fe20c\" data-element_type=\"column\">\n\t\t\t<div class=\"elementor-widget-wrap elementor-element-populated\">\n\t\t\t\t\t\t<div class=\"elementor-element elementor-element-632d4221 elementor-nav-menu__text-align-aside elementor-widget elementor-widget-nav-menu\" data-id=\"632d4221\" data-element_type=\"widget\" data-settings=\"{&quot;layout&quot;:&quot;dropdown&quot;,&quot;submenu_icon&quot;:{&quot;value&quot;:&quot;&lt;i class=\\&quot;\\&quot; aria-hidden=\\&quot;true\\&quot;&gt;&lt;\\\/i&gt;&quot;,&quot;library&quot;:&quot;&quot;}}\" data-widget_type=\"nav-menu.default\">\n\t\t\t\t<div class=\"elementor-widget-container\">\n\t\t\t\t\t\t\t\t<nav class=\"elementor-nav-menu--dropdown elementor-nav-menu__container\" aria-hidden=\"true\">\n\t\t\t\t<ul id=\"menu-2-632d4221\" class=\"elementor-nav-menu\"><li class=\"menu-item menu-item-type-custom menu-item-object-custom menu-item-3987\"><a href=\"#\" class=\"elementor-item elementor-item-anchor\" tabindex=\"-1\">Situazioni<\/a><\/li>\n<li class=\"menu-item menu-item-type-post_type menu-item-object-page menu-item-3984\"><a href=\"https:\/\/fa-lesia.eu\/it\/innenarchitektur-2\/\" class=\"elementor-item\" tabindex=\"-1\">Architettura di interni<\/a><\/li>\n<li class=\"menu-item menu-item-type-post_type menu-item-object-page menu-item-3985\"><a href=\"https:\/\/fa-lesia.eu\/it\/workshops\/\" class=\"elementor-item\" tabindex=\"-1\">Workshops<\/a><\/li>\n<li class=\"menu-item menu-item-type-post_type menu-item-object-page menu-item-3986\"><a href=\"https:\/\/fa-lesia.eu\/it\/events\/\" class=\"elementor-item\" tabindex=\"-1\">Eventi<\/a><\/li>\n<\/ul>\t\t\t<\/nav>\n\t\t\t\t\t\t<\/div>\n\t\t\t\t<\/div>\n\t\t\t\t\t<\/div>\n\t\t<\/div>\n\t\t\t\t<div class=\"elementor-column elementor-col-50 elementor-top-column elementor-element elementor-element-7b8e70fd\" data-id=\"7b8e70fd\" data-element_type=\"column\">\n\t\t\t<div class=\"elementor-widget-wrap elementor-element-populated\">\n\t\t\t\t\t\t<section class=\"elementor-section elementor-inner-section elementor-element elementor-element-29bb8f2 elementor-section-boxed elementor-section-height-default elementor-section-height-default\" data-id=\"29bb8f2\" data-element_type=\"section\">\n\t\t\t\t\t\t<div class=\"elementor-container elementor-column-gap-default\">\n\t\t\t\t\t<div class=\"elementor-column elementor-col-50 elementor-inner-column elementor-element elementor-element-fc569e7\" data-id=\"fc569e7\" data-element_type=\"column\">\n\t\t\t<div class=\"elementor-widget-wrap elementor-element-populated\">\n\t\t\t\t\t\t<div class=\"elementor-element elementor-element-789fd55 elementor-pagination-position-outside elementor-widget elementor-widget-image-carousel\" data-id=\"789fd55\" data-element_type=\"widget\" data-settings=\"{&quot;slides_to_show&quot;:&quot;1&quot;,&quot;autoplay&quot;:&quot;no&quot;,&quot;navigation&quot;:&quot;dots&quot;,&quot;infinite&quot;:&quot;yes&quot;,&quot;effect&quot;:&quot;slide&quot;,&quot;speed&quot;:500}\" data-widget_type=\"image-carousel.default\">\n\t\t\t\t<div class=\"elementor-widget-container\">\n\t\t\t\t\t\t\t<div class=\"elementor-image-carousel-wrapper swiper\" role=\"region\" aria-roledescription=\"carousel\" aria-label=\"Bild Karussell\" dir=\"ltr\">\n\t\t\t<div class=\"elementor-image-carousel swiper-wrapper\" aria-live=\"polite\">\n\t\t\t\t\t\t\t\t<div class=\"swiper-slide\" role=\"group\" aria-roledescription=\"slide\" aria-label=\"1 von 8\"><a data-elementor-open-lightbox=\"yes\" data-elementor-lightbox-slideshow=\"789fd55\" data-elementor-lightbox-title=\"K\u00fcche mit Schiebet\u00fcr\" data-e-action-hash=\"#elementor-action%3Aaction%3Dlightbox%26settings%3DeyJpZCI6Mjk1NiwidXJsIjoiaHR0cHM6XC9cL2ZhLWxlc2lhLmV1XC93cC1jb250ZW50XC91cGxvYWRzXC9wMjE1MjE1Mi0yLmpwZyIsInNsaWRlc2hvdyI6Ijc4OWZkNTUifQ%3D%3D\" href=\"https:\/\/fa-lesia.eu\/wp-content\/uploads\/p2152152-2.jpg\"><figure class=\"swiper-slide-inner\"><img decoding=\"async\" class=\"swiper-slide-image\" src=\"https:\/\/fa-lesia.eu\/wp-content\/uploads\/p2152152-2-298x300.jpg\" alt=\"Umbau einer Wohnung in einem Altbau Triest Foto der K\u00fcche mit Schiebet\u00fcr - Beratungs- und Planungsleistungen in Architektur\" \/><\/figure><\/a><\/div><div class=\"swiper-slide\" role=\"group\" aria-roledescription=\"slide\" aria-label=\"2 von 8\"><a data-elementor-open-lightbox=\"yes\" data-elementor-lightbox-slideshow=\"789fd55\" data-elementor-lightbox-title=\"Wohnraum offen zu der K\u00fcche mit Schiebet\u00fcr\" data-e-action-hash=\"#elementor-action%3Aaction%3Dlightbox%26settings%3DeyJpZCI6Mjk1NSwidXJsIjoiaHR0cHM6XC9cL2ZhLWxlc2lhLmV1XC93cC1jb250ZW50XC91cGxvYWRzXC9QMjE1MjE1MC5qcGciLCJzbGlkZXNob3ciOiI3ODlmZDU1In0%3D\" href=\"https:\/\/fa-lesia.eu\/wp-content\/uploads\/P2152150.jpg\"><figure class=\"swiper-slide-inner\"><img decoding=\"async\" class=\"swiper-slide-image\" src=\"https:\/\/fa-lesia.eu\/wp-content\/uploads\/P2152150-300x225.jpg\" alt=\"Umbau einer Wohnung in einem Altbau Triest Foto des Wohnraums offen zu der K\u00fcche mit Schiebet\u00fcr\" \/><\/figure><\/a><\/div><div class=\"swiper-slide\" role=\"group\" aria-roledescription=\"slide\" aria-label=\"3 von 8\"><a data-elementor-open-lightbox=\"yes\" data-elementor-lightbox-slideshow=\"789fd55\" data-elementor-lightbox-title=\"\u00dcbergang zwischen Flur und K\u00fcche\" data-elementor-lightbox-description=\"Parkett und vergossenes Harz\" data-e-action-hash=\"#elementor-action%3Aaction%3Dlightbox%26settings%3DeyJpZCI6Mjk1NywidXJsIjoiaHR0cHM6XC9cL2ZhLWxlc2lhLmV1XC93cC1jb250ZW50XC91cGxvYWRzXC8xMDBfMDI1MC5qcGciLCJzbGlkZXNob3ciOiI3ODlmZDU1In0%3D\" href=\"https:\/\/fa-lesia.eu\/wp-content\/uploads\/100_0250.jpg\"><figure class=\"swiper-slide-inner\"><img decoding=\"async\" class=\"swiper-slide-image\" src=\"https:\/\/fa-lesia.eu\/wp-content\/uploads\/100_0250-300x225.jpg\" alt=\"Umbau einer Wohnung in einem Altbau Triest Foto des \u00dcbergangs zwischen Flur und K\u00fcche mit Detail der Boden aus Parkett und aus vergossenem Harz\" \/><\/figure><\/a><\/div><div class=\"swiper-slide\" role=\"group\" aria-roledescription=\"slide\" aria-label=\"4 von 8\"><a data-elementor-open-lightbox=\"yes\" data-elementor-lightbox-slideshow=\"789fd55\" data-elementor-lightbox-title=\"\u00dcbergang zwischen K\u00fcche und Flur mit Schiebet\u00fcr\" data-elementor-lightbox-description=\"Vergossenes Harz und Parkett \" data-e-action-hash=\"#elementor-action%3Aaction%3Dlightbox%26settings%3DeyJpZCI6Mjk1OSwidXJsIjoiaHR0cHM6XC9cL2ZhLWxlc2lhLmV1XC93cC1jb250ZW50XC91cGxvYWRzXC9QMjE1MjE3My0yLmpwZyIsInNsaWRlc2hvdyI6Ijc4OWZkNTUifQ%3D%3D\" href=\"https:\/\/fa-lesia.eu\/wp-content\/uploads\/P2152173-2.jpg\"><figure class=\"swiper-slide-inner\"><img decoding=\"async\" class=\"swiper-slide-image\" src=\"https:\/\/fa-lesia.eu\/wp-content\/uploads\/P2152173-2-300x241.jpg\" alt=\"Umbau einer Wohnung in einem Altbau Triest Foto des \u00dcbergangs zwischen K\u00fcche und Flur mit Schiebet\u00fcr und Detail der Boden aus Parkett und aus vergossenem Harz\" \/><\/figure><\/a><\/div><div class=\"swiper-slide\" role=\"group\" aria-roledescription=\"slide\" aria-label=\"5 von 8\"><a data-elementor-open-lightbox=\"yes\" data-elementor-lightbox-slideshow=\"789fd55\" data-elementor-lightbox-title=\"\u00dcberschneidung Fensterrahmen - Dekorationsleiste der Decke\" data-e-action-hash=\"#elementor-action%3Aaction%3Dlightbox%26settings%3DeyJpZCI6Mjk2MCwidXJsIjoiaHR0cHM6XC9cL2ZhLWxlc2lhLmV1XC93cC1jb250ZW50XC91cGxvYWRzXC8xMjNfMjM4My5qcGciLCJzbGlkZXNob3ciOiI3ODlmZDU1In0%3D\" href=\"https:\/\/fa-lesia.eu\/wp-content\/uploads\/123_2383.jpg\"><figure class=\"swiper-slide-inner\"><img decoding=\"async\" class=\"swiper-slide-image\" src=\"https:\/\/fa-lesia.eu\/wp-content\/uploads\/123_2383-300x225.jpg\" alt=\"Umbau einer Wohnung in einem Altbau Triest Foto der \u00dcberschneidung zwischen Fensterrahmen der Umkleidekabine und Dekorationsleiste der Decke\" \/><\/figure><\/a><\/div><div class=\"swiper-slide\" role=\"group\" aria-roledescription=\"slide\" aria-label=\"6 von 8\"><a data-elementor-open-lightbox=\"yes\" data-elementor-lightbox-slideshow=\"789fd55\" data-elementor-lightbox-title=\"Detail der \u00dcberschneidung Umkleidekabine und Schlafzimmer - Dekorationsleiste der Decke\" data-e-action-hash=\"#elementor-action%3Aaction%3Dlightbox%26settings%3DeyJpZCI6Mjk2MSwidXJsIjoiaHR0cHM6XC9cL2ZhLWxlc2lhLmV1XC93cC1jb250ZW50XC91cGxvYWRzXC9QMjE1MjE3MS5qcGciLCJzbGlkZXNob3ciOiI3ODlmZDU1In0%3D\" href=\"https:\/\/fa-lesia.eu\/wp-content\/uploads\/P2152171.jpg\"><figure class=\"swiper-slide-inner\"><img decoding=\"async\" class=\"swiper-slide-image\" src=\"https:\/\/fa-lesia.eu\/wp-content\/uploads\/P2152171-300x225.jpg\" alt=\"Umbau einer Wohnung in einem Altbau Triest Foto der \u00dcberschneidung zwischen Fensterrahmen der Umkleidekabine und Dekorationsleiste der Decke\" \/><\/figure><\/a><\/div><div class=\"swiper-slide\" role=\"group\" aria-roledescription=\"slide\" aria-label=\"7 von 8\"><a data-elementor-open-lightbox=\"yes\" data-elementor-lightbox-slideshow=\"789fd55\" data-elementor-lightbox-title=\"Detail der Umkleidekabine - Dekorationsleiste der Decke\" data-e-action-hash=\"#elementor-action%3Aaction%3Dlightbox%26settings%3DeyJpZCI6Mjk2MiwidXJsIjoiaHR0cHM6XC9cL2ZhLWxlc2lhLmV1XC93cC1jb250ZW50XC91cGxvYWRzXC9QMjE1MjE3MC5qcGciLCJzbGlkZXNob3ciOiI3ODlmZDU1In0%3D\" href=\"https:\/\/fa-lesia.eu\/wp-content\/uploads\/P2152170.jpg\"><figure class=\"swiper-slide-inner\"><img decoding=\"async\" class=\"swiper-slide-image\" src=\"https:\/\/fa-lesia.eu\/wp-content\/uploads\/P2152170-300x109.jpg\" alt=\"Umbau einer Wohnung in einem Altbau Triest Foto der \u00dcberschneidung zwischen Fensterrahmen der Umkleidekabine und Dekorationsleiste der Decke\" \/><\/figure><\/a><\/div><div class=\"swiper-slide\" role=\"group\" aria-roledescription=\"slide\" aria-label=\"8 von 8\"><a data-elementor-open-lightbox=\"yes\" data-elementor-lightbox-slideshow=\"789fd55\" data-elementor-lightbox-title=\"Flur in Richtung zum Schlafbereich\" data-e-action-hash=\"#elementor-action%3Aaction%3Dlightbox%26settings%3DeyJpZCI6MzgzNywidXJsIjoiaHR0cHM6XC9cL2ZhLWxlc2lhLmV1XC93cC1jb250ZW50XC91cGxvYWRzXC9QMjE1MjE0MV9yZWQuanBnIiwic2xpZGVzaG93IjoiNzg5ZmQ1NSJ9\" href=\"https:\/\/fa-lesia.eu\/wp-content\/uploads\/P2152141_red.jpg\"><figure class=\"swiper-slide-inner\"><img decoding=\"async\" class=\"swiper-slide-image\" src=\"https:\/\/fa-lesia.eu\/wp-content\/uploads\/P2152141_red-225x300.jpg\" alt=\"Umbau einer Wohnung in einem Altbau Triest Foto des Flurs in Richtung den Schlafbereich\" \/><\/figure><\/a><\/div>\t\t\t<\/div>\n\t\t\t\t\t\t\t\n\t\t\t\t\t\t\t\t\t<div class=\"swiper-pagination\"><\/div>\n\t\t\t\t\t\t\t\t\t<\/div>\n\t\t\t\t\t\t<\/div>\n\t\t\t\t<\/div>\n\t\t\t\t\t<\/div>\n\t\t<\/div>\n\t\t\t\t<div class=\"elementor-column elementor-col-50 elementor-inner-column elementor-element elementor-element-c95f4e9\" data-id=\"c95f4e9\" data-element_type=\"column\">\n\t\t\t<div class=\"elementor-widget-wrap elementor-element-populated\">\n\t\t\t\t\t\t<div class=\"elementor-element elementor-element-2f5a473 elementor-widget elementor-widget-text-editor\" data-id=\"2f5a473\" data-element_type=\"widget\" data-widget_type=\"text-editor.default\">\n\t\t\t\t<div class=\"elementor-widget-container\">\n\t\t\t\t\t\t\t\t\t<h1><b>SA&amp;FE Flat<\/b><\/h1><h2 class=\" translation-block\"><b>Progetto<\/b>: Ristrutturazione di un appartamento in un edificio d'epoca<br><b>Committente:<\/b> Privato<br><b>Anno:<\/b> 2008<br><b> Localit\u00e0:<\/b> Trieste, Italia<br><b>Progetto:<\/b> C. Farina<br><b>Attivit\u00e0 e servizi:<\/b> Architetto LPH 1-8<\/h2>\t\t\t\t\t\t\t\t<\/div>\n\t\t\t\t<\/div>\n\t\t\t\t\t<\/div>\n\t\t<\/div>\n\t\t\t\t\t<\/div>\n\t\t<\/section>\n\t\t\t\t<section class=\"elementor-section elementor-inner-section elementor-element elementor-element-2fbecb4 elementor-section-boxed elementor-section-height-default elementor-section-height-default\" data-id=\"2fbecb4\" data-element_type=\"section\">\n\t\t\t\t\t\t<div class=\"elementor-container elementor-column-gap-default\">\n\t\t\t\t\t<div class=\"elementor-column elementor-col-50 elementor-inner-column elementor-element elementor-element-8d8dab7\" data-id=\"8d8dab7\" data-element_type=\"column\">\n\t\t\t<div class=\"elementor-widget-wrap elementor-element-populated\">\n\t\t\t\t\t\t<div class=\"elementor-element elementor-element-6d0e779 elementor-pagination-position-outside elementor-widget elementor-widget-image-carousel\" data-id=\"6d0e779\" data-element_type=\"widget\" data-settings=\"{&quot;slides_to_show&quot;:&quot;1&quot;,&quot;autoplay&quot;:&quot;no&quot;,&quot;navigation&quot;:&quot;dots&quot;,&quot;infinite&quot;:&quot;yes&quot;,&quot;effect&quot;:&quot;slide&quot;,&quot;speed&quot;:500}\" data-widget_type=\"image-carousel.default\">\n\t\t\t\t<div class=\"elementor-widget-container\">\n\t\t\t\t\t\t\t<div class=\"elementor-image-carousel-wrapper swiper\" role=\"region\" aria-roledescription=\"carousel\" aria-label=\"Bild Karussell\" dir=\"ltr\">\n\t\t\t<div class=\"elementor-image-carousel swiper-wrapper\" aria-live=\"polite\">\n\t\t\t\t\t\t\t\t<div class=\"swiper-slide\" role=\"group\" aria-roledescription=\"slide\" aria-label=\"1 von 8\"><a data-elementor-open-lightbox=\"yes\" data-elementor-lightbox-slideshow=\"6d0e779\" data-elementor-lightbox-title=\"Gliederung der verschiedenen Ausstellungskonfigurationen\" data-e-action-hash=\"#elementor-action%3Aaction%3Dlightbox%26settings%3DeyJpZCI6MjkyOSwidXJsIjoiaHR0cHM6XC9cL2ZhLWxlc2lhLmV1XC93cC1jb250ZW50XC91cGxvYWRzXC8wNV9NdU11X2QucG5nIiwic2xpZGVzaG93IjoiNmQwZTc3OSJ9\" href=\"https:\/\/fa-lesia.eu\/wp-content\/uploads\/05_MuMu_d.png\"><figure class=\"swiper-slide-inner\"><img decoding=\"async\" class=\"swiper-slide-image\" src=\"https:\/\/fa-lesia.eu\/wp-content\/uploads\/05_MuMu_d-300x250.png\" alt=\"Neugestaltung der Galerien f\u00fcr moderne und zeitgen\u00f6ssische Kunst im Museo Ugo Car\u00e0 Muggia Triest Plan f\u00fcr die Gliederung der verschiedenen Ausstellungskonfigurationen\" \/><\/figure><\/a><\/div><div class=\"swiper-slide\" role=\"group\" aria-roledescription=\"slide\" aria-label=\"2 von 8\"><a data-elementor-open-lightbox=\"yes\" data-elementor-lightbox-slideshow=\"6d0e779\" data-elementor-lightbox-title=\"Veranstaltungsraum mit Blick auf die Stadtmauer\" data-elementor-lightbox-description=\"ph: \u00a9 Marco Covi \" data-e-action-hash=\"#elementor-action%3Aaction%3Dlightbox%26settings%3DeyJpZCI6MjkzMCwidXJsIjoiaHR0cHM6XC9cL2ZhLWxlc2lhLmV1XC93cC1jb250ZW50XC91cGxvYWRzXC9JTUdfNTE3OC0xLmpwZyIsInNsaWRlc2hvdyI6IjZkMGU3NzkifQ%3D%3D\" href=\"https:\/\/fa-lesia.eu\/wp-content\/uploads\/IMG_5178-1.jpg\"><figure class=\"swiper-slide-inner\"><img decoding=\"async\" class=\"swiper-slide-image\" src=\"https:\/\/fa-lesia.eu\/wp-content\/uploads\/IMG_5178-1-300x225.jpg\" alt=\"Neugestaltung der Galerie f\u00fcr moderne und zeitgen\u00f6ssische Kunst im Museo Ugo Car\u00e0 Muggia Triest Fotos des Veranstaltungsraums mit Blick auf der alten Stadtmauer und auf der Treppe zur Terrasse der Skulpturen\" \/><\/figure><\/a><\/div><div class=\"swiper-slide\" role=\"group\" aria-roledescription=\"slide\" aria-label=\"3 von 8\"><a data-elementor-open-lightbox=\"yes\" data-elementor-lightbox-slideshow=\"6d0e779\" data-elementor-lightbox-title=\"Pivot-Raumtrennw\u00e4nde zwischen Veranstaltungsraum und Galerie der zeitgen\u00f6ssischen Kunst\" data-elementor-lightbox-description=\"ph: \u00a9 Marco Covi \" data-e-action-hash=\"#elementor-action%3Aaction%3Dlightbox%26settings%3DeyJpZCI6MjkzMSwidXJsIjoiaHR0cHM6XC9cL2ZhLWxlc2lhLmV1XC93cC1jb250ZW50XC91cGxvYWRzXC9JTUdfNTE4Ni0xLmpwZyIsInNsaWRlc2hvdyI6IjZkMGU3NzkifQ%3D%3D\" href=\"https:\/\/fa-lesia.eu\/wp-content\/uploads\/IMG_5186-1.jpg\"><figure class=\"swiper-slide-inner\"><img decoding=\"async\" class=\"swiper-slide-image\" src=\"https:\/\/fa-lesia.eu\/wp-content\/uploads\/IMG_5186-1-225x300.jpg\" alt=\"Neugestaltung der Galerien f\u00fcr moderne und zeitgen\u00f6ssische Kunst im Museo Ugo Car\u00e0 Muggia Triest Foto der Pivot-Raumtrennw\u00e4nde zwischen Veranstaltungsraum und Galerie der zeitgen\u00f6ssischen Kunst\" \/><\/figure><\/a><\/div><div class=\"swiper-slide\" role=\"group\" aria-roledescription=\"slide\" aria-label=\"4 von 8\"><a data-elementor-open-lightbox=\"yes\" data-elementor-lightbox-slideshow=\"6d0e779\" data-elementor-lightbox-title=\"Lineares Fenster im Boden-Wand Bereich\" data-elementor-lightbox-description=\"ph: \u00a9 Marco Covi \" data-e-action-hash=\"#elementor-action%3Aaction%3Dlightbox%26settings%3DeyJpZCI6MjkzMiwidXJsIjoiaHR0cHM6XC9cL2ZhLWxlc2lhLmV1XC93cC1jb250ZW50XC91cGxvYWRzXC9JTUdfNTE5MC0xLmpwZyIsInNsaWRlc2hvdyI6IjZkMGU3NzkifQ%3D%3D\" href=\"https:\/\/fa-lesia.eu\/wp-content\/uploads\/IMG_5190-1.jpg\"><figure class=\"swiper-slide-inner\"><img decoding=\"async\" class=\"swiper-slide-image\" src=\"https:\/\/fa-lesia.eu\/wp-content\/uploads\/IMG_5190-1-300x225.jpg\" alt=\"Neugestaltung der Galerien f\u00fcr moderne und zeitgen\u00f6ssische Kunst im Museo Ugo Car\u00e0 Muggia Triest Foto des linearen Fenster im Boden-Wand Bereich\" \/><\/figure><\/a><\/div><div class=\"swiper-slide\" role=\"group\" aria-roledescription=\"slide\" aria-label=\"5 von 8\"><a data-elementor-open-lightbox=\"yes\" data-elementor-lightbox-slideshow=\"6d0e779\" data-elementor-lightbox-title=\"Eingangsbereich: Rezeption mit Tisch aus Stahl und m\u00f6blierte Wand aus Birkenholz\" data-elementor-lightbox-description=\"ph: \u00a9 Marco Covi \" data-e-action-hash=\"#elementor-action%3Aaction%3Dlightbox%26settings%3DeyJpZCI6MjkzMywidXJsIjoiaHR0cHM6XC9cL2ZhLWxlc2lhLmV1XC93cC1jb250ZW50XC91cGxvYWRzXC9NVU1VXzEyLTEuanBnIiwic2xpZGVzaG93IjoiNmQwZTc3OSJ9\" href=\"https:\/\/fa-lesia.eu\/wp-content\/uploads\/MUMU_12-1.jpg\"><figure class=\"swiper-slide-inner\"><img decoding=\"async\" class=\"swiper-slide-image\" src=\"https:\/\/fa-lesia.eu\/wp-content\/uploads\/MUMU_12-1-300x225.jpg\" alt=\"Neugestaltung der Galerien f\u00fcr moderne und zeitgen\u00f6ssische Kunst im Museo Ugo Car\u00e0 Muggia Triest Foto des Eingangsbereich mit linearem Fenster im Boden-Wand Bereich der Galeriewand an der rechten Seite die Reception mit Tisch aus Stahl und m\u00f6blierte Wand aus Birkenholz\" \/><\/figure><\/a><\/div><div class=\"swiper-slide\" role=\"group\" aria-roledescription=\"slide\" aria-label=\"6 von 8\"><a data-elementor-open-lightbox=\"yes\" data-elementor-lightbox-slideshow=\"6d0e779\" data-elementor-lightbox-title=\"Veranstaltungsraum von der Galerie der zeitgen\u00f6ssischen Kunst\" data-elementor-lightbox-description=\"ph: \u00a9 Marco Covi \" data-e-action-hash=\"#elementor-action%3Aaction%3Dlightbox%26settings%3DeyJpZCI6MjkzNCwidXJsIjoiaHR0cHM6XC9cL2ZhLWxlc2lhLmV1XC93cC1jb250ZW50XC91cGxvYWRzXC9NVU1VXzE4LTEuanBnIiwic2xpZGVzaG93IjoiNmQwZTc3OSJ9\" href=\"https:\/\/fa-lesia.eu\/wp-content\/uploads\/MUMU_18-1.jpg\"><figure class=\"swiper-slide-inner\"><img decoding=\"async\" class=\"swiper-slide-image\" src=\"https:\/\/fa-lesia.eu\/wp-content\/uploads\/MUMU_18-1-300x225.jpg\" alt=\"Neugestaltung der Galerien f\u00fcr moderne und zeitgen\u00f6ssische Kunst im Museo Ugo Car\u00e0 Muggia Triest Foto des Veranstaltungsraums von der Galerie der zeitgen\u00f6ssischen Kunst - Beratungs- und Planungsleistungen in Architektur\" \/><\/figure><\/a><\/div><div class=\"swiper-slide\" role=\"group\" aria-roledescription=\"slide\" aria-label=\"7 von 8\"><a data-elementor-open-lightbox=\"yes\" data-elementor-lightbox-slideshow=\"6d0e779\" data-elementor-lightbox-title=\"3D Darstellung der Ausstellungskonfigurationen\" data-e-action-hash=\"#elementor-action%3Aaction%3Dlightbox%26settings%3DeyJpZCI6MjkzNSwidXJsIjoiaHR0cHM6XC9cL2ZhLWxlc2lhLmV1XC93cC1jb250ZW50XC91cGxvYWRzXC9wbGFuXzAxLWNvcHktMS5wbmciLCJzbGlkZXNob3ciOiI2ZDBlNzc5In0%3D\" href=\"https:\/\/fa-lesia.eu\/wp-content\/uploads\/plan_01-copy-1.png\"><figure class=\"swiper-slide-inner\"><img decoding=\"async\" class=\"swiper-slide-image\" src=\"https:\/\/fa-lesia.eu\/wp-content\/uploads\/plan_01-copy-1-300x200.png\" alt=\"Neugestaltung der Galerien f\u00fcr moderne und zeitgen\u00f6ssische Kunst im Museo Ugo Car\u00e0 Muggia Triest 3D Darstellung der Ausstellungskonfigurationen\" \/><\/figure><\/a><\/div><div class=\"swiper-slide\" role=\"group\" aria-roledescription=\"slide\" aria-label=\"8 von 8\"><a data-elementor-open-lightbox=\"yes\" data-elementor-lightbox-slideshow=\"6d0e779\" data-elementor-lightbox-title=\"Gestaltung des Inneren mit ma\u00dfgeschneiderten Ausstattung aus Birkenholz\" data-elementor-lightbox-description=\"ph: \u00a9 Marco Covi \" data-e-action-hash=\"#elementor-action%3Aaction%3Dlightbox%26settings%3DeyJpZCI6MjkzNiwidXJsIjoiaHR0cHM6XC9cL2ZhLWxlc2lhLmV1XC93cC1jb250ZW50XC91cGxvYWRzXC9Qb3J0Zm9saW9fQ0ZfMjAwMF8yMDIxXzAxLXBhZ2luYS0yMi0xLmpwZyIsInNsaWRlc2hvdyI6IjZkMGU3NzkifQ%3D%3D\" href=\"https:\/\/fa-lesia.eu\/wp-content\/uploads\/Portfolio_CF_2000_2021_01-pagina-22-1.jpg\"><figure class=\"swiper-slide-inner\"><img decoding=\"async\" class=\"swiper-slide-image\" src=\"https:\/\/fa-lesia.eu\/wp-content\/uploads\/Portfolio_CF_2000_2021_01-pagina-22-1-300x224.jpg\" alt=\"Neugestaltung der Galerien f\u00fcr moderne und zeitgen\u00f6ssische Kunst im Museo Ugo Car\u00e0 Muggia Triest Fotos der Gestaltung des Inneren mit ma\u00dfgeschneiderten Ausstattung. Wandbekleidung und M\u00f6bel aus Birkenholz\" \/><\/figure><\/a><\/div>\t\t\t<\/div>\n\t\t\t\t\t\t\t\n\t\t\t\t\t\t\t\t\t<div class=\"swiper-pagination\"><\/div>\n\t\t\t\t\t\t\t\t\t<\/div>\n\t\t\t\t\t\t<\/div>\n\t\t\t\t<\/div>\n\t\t\t\t\t<\/div>\n\t\t<\/div>\n\t\t\t\t<div class=\"elementor-column elementor-col-50 elementor-inner-column elementor-element elementor-element-d148b46\" data-id=\"d148b46\" data-element_type=\"column\">\n\t\t\t<div class=\"elementor-widget-wrap elementor-element-populated\">\n\t\t\t\t\t\t<div class=\"elementor-element elementor-element-7446ef9 elementor-widget elementor-widget-text-editor\" data-id=\"7446ef9\" data-element_type=\"widget\" data-widget_type=\"text-editor.default\">\n\t\t\t\t<div class=\"elementor-widget-container\">\n\t\t\t\t\t\t\t\t\t<h1><b>Museo Ugo Car\u00e0<\/b><\/h1><h2 class=\" translation-block\"><b>Progetto<\/b>: Allestimento delle Gallerie d'arte moderna e contemporanea<br><b>Committente:<\/b> Comune di Muggia<br><b>Anno:<\/b> 2006<br><b> Luogo:<\/b>\u00a0Muggia (Trieste), Italia<br><b>Progetto:<\/b>\u00a0Starassociati Studio di Architettura (R. Dambrosi, G.P. Bartoli, C. Farina, M. Martinelli, V. Markezi\u010d) \u2013 Trieste<br><b>Attivit\u00e0 e prestazioni svolte:<\/b> Architetto, progettista e direttore dei lavori LPH 1-8<\/h2>\t\t\t\t\t\t\t\t<\/div>\n\t\t\t\t<\/div>\n\t\t\t\t\t<\/div>\n\t\t<\/div>\n\t\t\t\t\t<\/div>\n\t\t<\/section>\n\t\t\t\t<section class=\"elementor-section elementor-inner-section elementor-element elementor-element-f18edd7 elementor-section-boxed elementor-section-height-default elementor-section-height-default\" data-id=\"f18edd7\" data-element_type=\"section\">\n\t\t\t\t\t\t<div class=\"elementor-container elementor-column-gap-default\">\n\t\t\t\t\t<div class=\"elementor-column elementor-col-50 elementor-inner-column elementor-element elementor-element-30e1125\" data-id=\"30e1125\" data-element_type=\"column\">\n\t\t\t<div class=\"elementor-widget-wrap elementor-element-populated\">\n\t\t\t\t\t\t<div class=\"elementor-element elementor-element-0dc19b9 elementor-pagination-position-outside elementor-widget elementor-widget-image-carousel\" data-id=\"0dc19b9\" data-element_type=\"widget\" data-settings=\"{&quot;slides_to_show&quot;:&quot;1&quot;,&quot;autoplay&quot;:&quot;no&quot;,&quot;navigation&quot;:&quot;dots&quot;,&quot;infinite&quot;:&quot;yes&quot;,&quot;effect&quot;:&quot;slide&quot;,&quot;speed&quot;:500}\" data-widget_type=\"image-carousel.default\">\n\t\t\t\t<div class=\"elementor-widget-container\">\n\t\t\t\t\t\t\t<div class=\"elementor-image-carousel-wrapper swiper\" role=\"region\" aria-roledescription=\"carousel\" aria-label=\"Bild Karussell\" dir=\"ltr\">\n\t\t\t<div class=\"elementor-image-carousel swiper-wrapper\" aria-live=\"polite\">\n\t\t\t\t\t\t\t\t<div class=\"swiper-slide\" role=\"group\" aria-roledescription=\"slide\" aria-label=\"1 von 5\"><a data-elementor-open-lightbox=\"yes\" data-elementor-lightbox-slideshow=\"0dc19b9\" data-elementor-lightbox-title=\"Schaufenster und Eingangst\u00fcr vor der Renovierung\" data-e-action-hash=\"#elementor-action%3Aaction%3Dlightbox%26settings%3DeyJpZCI6Mjk1MSwidXJsIjoiaHR0cHM6XC9cL2ZhLWxlc2lhLmV1XC93cC1jb250ZW50XC91cGxvYWRzXC8xMzFfMzE2OS0yLmpwZyIsInNsaWRlc2hvdyI6IjBkYzE5YjkifQ%3D%3D\" href=\"https:\/\/fa-lesia.eu\/wp-content\/uploads\/131_3169-2.jpg\"><figure class=\"swiper-slide-inner\"><img decoding=\"async\" class=\"swiper-slide-image\" src=\"https:\/\/fa-lesia.eu\/wp-content\/uploads\/131_3169-2-225x300.jpg\" alt=\"Neugestaltung und Umbau eines Friseursalons in eine Werkstatt f\u00fcr Architektur-, Design- und Kunstprojekte in Triest. Foto des Schaufensters vor der Renovierung\" \/><\/figure><\/a><\/div><div class=\"swiper-slide\" role=\"group\" aria-roledescription=\"slide\" aria-label=\"2 von 5\"><a data-elementor-open-lightbox=\"yes\" data-elementor-lightbox-slideshow=\"0dc19b9\" data-elementor-lightbox-title=\"Plan f\u00fcr die Renovierung des Schaufensters und der Eingangst\u00fcr\" data-e-action-hash=\"#elementor-action%3Aaction%3Dlightbox%26settings%3DeyJpZCI6Mjk0MCwidXJsIjoiaHR0cHM6XC9cL2ZhLWxlc2lhLmV1XC93cC1jb250ZW50XC91cGxvYWRzXC8wMS1wcm9zcC0wMS1Lb3BpZS5qcGciLCJzbGlkZXNob3ciOiIwZGMxOWI5In0%3D\" href=\"https:\/\/fa-lesia.eu\/wp-content\/uploads\/01-prosp-01-Kopie.jpg\"><figure class=\"swiper-slide-inner\"><img decoding=\"async\" class=\"swiper-slide-image\" src=\"https:\/\/fa-lesia.eu\/wp-content\/uploads\/01-prosp-01-Kopie-300x166.jpg\" alt=\"Neugestaltung und Umbau eines Friseursalons in eine Werkstatt f\u00fcr Architektur-, Design- und Kunstprojekte in Triest. Plan f\u00fcr die Renovierung des Schaufensters und der Eingangst\u00fcr\" \/><\/figure><\/a><\/div><div class=\"swiper-slide\" role=\"group\" aria-roledescription=\"slide\" aria-label=\"3 von 5\"><a data-elementor-open-lightbox=\"yes\" data-elementor-lightbox-slideshow=\"0dc19b9\" data-elementor-lightbox-title=\"Plan f\u00fcr die innere Gestaltung\" data-e-action-hash=\"#elementor-action%3Aaction%3Dlightbox%26settings%3DeyJpZCI6Mjk0MiwidXJsIjoiaHR0cHM6XC9cL2ZhLWxlc2lhLmV1XC93cC1jb250ZW50XC91cGxvYWRzXC8wMi1MYXlvdXQuanBnIiwic2xpZGVzaG93IjoiMGRjMTliOSJ9\" href=\"https:\/\/fa-lesia.eu\/wp-content\/uploads\/02-Layout.jpg\"><figure class=\"swiper-slide-inner\"><img decoding=\"async\" class=\"swiper-slide-image\" src=\"https:\/\/fa-lesia.eu\/wp-content\/uploads\/02-Layout-300x266.jpg\" alt=\"Neugestaltung und Umbau eines Friseursalons in eine Werkstatt f\u00fcr Architektur-, Design- und Kunstprojekte in Triest. Plan f\u00fcr die innere Gestaltung\" \/><\/figure><\/a><\/div><div class=\"swiper-slide\" role=\"group\" aria-roledescription=\"slide\" aria-label=\"4 von 5\"><a data-elementor-open-lightbox=\"yes\" data-elementor-lightbox-slideshow=\"0dc19b9\" data-elementor-lightbox-title=\"Restaurierung der alten Farbschichten\" data-e-action-hash=\"#elementor-action%3Aaction%3Dlightbox%26settings%3DeyJpZCI6Mjk0NCwidXJsIjoiaHR0cHM6XC9cL2ZhLWxlc2lhLmV1XC93cC1jb250ZW50XC91cGxvYWRzXC8xMDBfMDA4MC5qcGciLCJzbGlkZXNob3ciOiIwZGMxOWI5In0%3D\" href=\"https:\/\/fa-lesia.eu\/wp-content\/uploads\/100_0080.jpg\"><figure class=\"swiper-slide-inner\"><img decoding=\"async\" class=\"swiper-slide-image\" src=\"https:\/\/fa-lesia.eu\/wp-content\/uploads\/100_0080-225x300.jpg\" alt=\"Neugestaltung und Umbau eines Friseursalons in eine Werkstatt f\u00fcr Architektur-, Design- und Kunstprojekte in Triest. Restaurierung der alten Farbschichten\" \/><\/figure><\/a><\/div><div class=\"swiper-slide\" role=\"group\" aria-roledescription=\"slide\" aria-label=\"5 von 5\"><a data-elementor-open-lightbox=\"yes\" data-elementor-lightbox-slideshow=\"0dc19b9\" data-elementor-lightbox-title=\"Montage des neuen Schaufensters mit Eingangst\u00fcr\" data-e-action-hash=\"#elementor-action%3Aaction%3Dlightbox%26settings%3DeyJpZCI6Mjk0NSwidXJsIjoiaHR0cHM6XC9cL2ZhLWxlc2lhLmV1XC93cC1jb250ZW50XC91cGxvYWRzXC8xMDlfMDk0Ny5qcGciLCJzbGlkZXNob3ciOiIwZGMxOWI5In0%3D\" href=\"https:\/\/fa-lesia.eu\/wp-content\/uploads\/109_0947.jpg\"><figure class=\"swiper-slide-inner\"><img decoding=\"async\" class=\"swiper-slide-image\" src=\"https:\/\/fa-lesia.eu\/wp-content\/uploads\/109_0947-225x300.jpg\" alt=\"Neugestaltung und Umbau eines Friseursalons in eine Werkstatt f\u00fcr Architektur-, Design- und Kunstprojekte in Triest. Foto der Montage des neuen Schaufensters mit Eingangst\u00fcr\" \/><\/figure><\/a><\/div>\t\t\t<\/div>\n\t\t\t\t\t\t\t\n\t\t\t\t\t\t\t\t\t<div class=\"swiper-pagination\"><\/div>\n\t\t\t\t\t\t\t\t\t<\/div>\n\t\t\t\t\t\t<\/div>\n\t\t\t\t<\/div>\n\t\t\t\t\t<\/div>\n\t\t<\/div>\n\t\t\t\t<div class=\"elementor-column elementor-col-50 elementor-inner-column elementor-element elementor-element-c67ffbf\" data-id=\"c67ffbf\" data-element_type=\"column\">\n\t\t\t<div class=\"elementor-widget-wrap elementor-element-populated\">\n\t\t\t\t\t\t<div class=\"elementor-element elementor-element-cd9c020 elementor-widget elementor-widget-text-editor\" data-id=\"cd9c020\" data-element_type=\"widget\" data-widget_type=\"text-editor.default\">\n\t\t\t\t<div class=\"elementor-widget-container\">\n\t\t\t\t\t\t\t\t\t<h1><b>Salone Gemma<\/b><\/h1><h2 class=\" translation-block\"><b>Progetto<\/b>: Riprogettazione e riconversione di un salone per acconciature in un laboratorio per progetti di architettura, design e arte.<br><b>Committente:<\/b> Privato<br><b>Anno:<\/b> 2005<br><b>Localit\u00e0:<\/b>Trieste, Italia<br><b>Progetto:<\/b>\u00a0C. Farina, K. Villwock<br><b>Attivit\u00e0 e servizi:<\/b> b&gt; Architetto, progettista e direttore dei lavori LPH 1-8<\/h2>\t\t\t\t\t\t\t\t<\/div>\n\t\t\t\t<\/div>\n\t\t\t\t\t<\/div>\n\t\t<\/div>\n\t\t\t\t\t<\/div>\n\t\t<\/section>\n\t\t\t\t<section class=\"elementor-section elementor-inner-section elementor-element elementor-element-7f66a4f elementor-section-boxed elementor-section-height-default elementor-section-height-default\" data-id=\"7f66a4f\" data-element_type=\"section\">\n\t\t\t\t\t\t<div class=\"elementor-container elementor-column-gap-default\">\n\t\t\t\t\t<div class=\"elementor-column elementor-col-50 elementor-inner-column elementor-element elementor-element-23bd24d\" data-id=\"23bd24d\" data-element_type=\"column\">\n\t\t\t<div class=\"elementor-widget-wrap elementor-element-populated\">\n\t\t\t\t\t\t<div class=\"elementor-element elementor-element-19e7068 elementor-pagination-position-outside elementor-widget elementor-widget-image-carousel\" data-id=\"19e7068\" data-element_type=\"widget\" data-settings=\"{&quot;slides_to_show&quot;:&quot;1&quot;,&quot;autoplay&quot;:&quot;no&quot;,&quot;navigation&quot;:&quot;dots&quot;,&quot;infinite&quot;:&quot;yes&quot;,&quot;effect&quot;:&quot;slide&quot;,&quot;speed&quot;:500}\" data-widget_type=\"image-carousel.default\">\n\t\t\t\t<div class=\"elementor-widget-container\">\n\t\t\t\t\t\t\t<div class=\"elementor-image-carousel-wrapper swiper\" role=\"region\" aria-roledescription=\"carousel\" aria-label=\"Bild Karussell\" dir=\"ltr\">\n\t\t\t<div class=\"elementor-image-carousel swiper-wrapper\" aria-live=\"polite\">\n\t\t\t\t\t\t\t\t<div class=\"swiper-slide\" role=\"group\" aria-roledescription=\"slide\" aria-label=\"1 von 7\"><a data-elementor-open-lightbox=\"yes\" data-elementor-lightbox-slideshow=\"19e7068\" data-elementor-lightbox-title=\"Montage des Baukastensystems der Ausstellungsst\u00e4nder\" data-e-action-hash=\"#elementor-action%3Aaction%3Dlightbox%26settings%3DeyJpZCI6Mjk2NCwidXJsIjoiaHR0cHM6XC9cL2ZhLWxlc2lhLmV1XC93cC1jb250ZW50XC91cGxvYWRzXC8xMThfMTgyMi5qcGciLCJzbGlkZXNob3ciOiIxOWU3MDY4In0%3D\" href=\"https:\/\/fa-lesia.eu\/wp-content\/uploads\/118_1822.jpg\"><figure class=\"swiper-slide-inner\"><img decoding=\"async\" class=\"swiper-slide-image\" src=\"https:\/\/fa-lesia.eu\/wp-content\/uploads\/118_1822-300x225.jpg\" alt=\"Neue Ausstattung und innere Gestaltung eines Reiseb\u00fcros in Triest Foto der Montage des Baukastensystems der Ausstellungsst\u00e4nder\" \/><\/figure><\/a><\/div><div class=\"swiper-slide\" role=\"group\" aria-roledescription=\"slide\" aria-label=\"2 von 7\"><a data-elementor-open-lightbox=\"yes\" data-elementor-lightbox-slideshow=\"19e7068\" data-elementor-lightbox-title=\"Baukastensystem der Ausstellungsst\u00e4nder\" data-e-action-hash=\"#elementor-action%3Aaction%3Dlightbox%26settings%3DeyJpZCI6Mjk2NSwidXJsIjoiaHR0cHM6XC9cL2ZhLWxlc2lhLmV1XC93cC1jb250ZW50XC91cGxvYWRzXC8xMjBfMjAyMS5qcGciLCJzbGlkZXNob3ciOiIxOWU3MDY4In0%3D\" href=\"https:\/\/fa-lesia.eu\/wp-content\/uploads\/120_2021.jpg\"><figure class=\"swiper-slide-inner\"><img decoding=\"async\" class=\"swiper-slide-image\" src=\"https:\/\/fa-lesia.eu\/wp-content\/uploads\/120_2021-300x225.jpg\" alt=\"Neue Ausstattung und innere Gestaltung eines Reiseb\u00fcros in Triest Detailfoto des Baukastensystems der Ausstellungsst\u00e4nder\" \/><\/figure><\/a><\/div><div class=\"swiper-slide\" role=\"group\" aria-roledescription=\"slide\" aria-label=\"3 von 7\"><a data-elementor-open-lightbox=\"yes\" data-elementor-lightbox-slideshow=\"19e7068\" data-elementor-lightbox-title=\"Werk- und Montageplans des Baukastensystems\" data-e-action-hash=\"#elementor-action%3Aaction%3Dlightbox%26settings%3DeyJpZCI6Mjk2NiwidXJsIjoiaHR0cHM6XC9cL2ZhLWxlc2lhLmV1XC93cC1jb250ZW50XC91cGxvYWRzXC8xMThfMTgxNi5qcGciLCJzbGlkZXNob3ciOiIxOWU3MDY4In0%3D\" href=\"https:\/\/fa-lesia.eu\/wp-content\/uploads\/118_1816.jpg\"><figure class=\"swiper-slide-inner\"><img decoding=\"async\" class=\"swiper-slide-image\" src=\"https:\/\/fa-lesia.eu\/wp-content\/uploads\/118_1816-225x300.jpg\" alt=\"Neue Ausstattung und innere Gestaltung eines Reiseb\u00fcros in Triest Foto des Werk- und Montageplans des Baukastensystems der Ausstellungsst\u00e4nder\" \/><\/figure><\/a><\/div><div class=\"swiper-slide\" role=\"group\" aria-roledescription=\"slide\" aria-label=\"4 von 7\"><a data-elementor-open-lightbox=\"yes\" data-elementor-lightbox-slideshow=\"19e7068\" data-elementor-lightbox-title=\"Skizze f\u00fcr den Werk- und Montageplan des Totems\" data-e-action-hash=\"#elementor-action%3Aaction%3Dlightbox%26settings%3DeyJpZCI6Mjk2NywidXJsIjoiaHR0cHM6XC9cL2ZhLWxlc2lhLmV1XC93cC1jb250ZW50XC91cGxvYWRzXC9za2V0Y2hUb3RlbS5qcGciLCJzbGlkZXNob3ciOiIxOWU3MDY4In0%3D\" href=\"https:\/\/fa-lesia.eu\/wp-content\/uploads\/sketchTotem.jpg\"><figure class=\"swiper-slide-inner\"><img decoding=\"async\" class=\"swiper-slide-image\" src=\"https:\/\/fa-lesia.eu\/wp-content\/uploads\/sketchTotem-240x300.jpg\" alt=\"Neue Ausstattung und innere Gestaltung eines Reiseb\u00fcros in Triest Skizze f\u00fcr den Werk- und Montageplan des Totems\" \/><\/figure><\/a><\/div><div class=\"swiper-slide\" role=\"group\" aria-roledescription=\"slide\" aria-label=\"5 von 7\"><a data-elementor-open-lightbox=\"yes\" data-elementor-lightbox-slideshow=\"19e7068\" data-elementor-lightbox-title=\"Baukastensystem der Ausstellungsst\u00e4nder\" data-e-action-hash=\"#elementor-action%3Aaction%3Dlightbox%26settings%3DeyJpZCI6Mjk2OSwidXJsIjoiaHR0cHM6XC9cL2ZhLWxlc2lhLmV1XC93cC1jb250ZW50XC91cGxvYWRzXC8xMjBfMjAyMy5qcGciLCJzbGlkZXNob3ciOiIxOWU3MDY4In0%3D\" href=\"https:\/\/fa-lesia.eu\/wp-content\/uploads\/120_2023.jpg\"><figure class=\"swiper-slide-inner\"><img decoding=\"async\" class=\"swiper-slide-image\" src=\"https:\/\/fa-lesia.eu\/wp-content\/uploads\/120_2023-241x300.jpg\" alt=\"Neue Ausstattung und innere Gestaltung eines Reiseb\u00fcros in Triest Detailfoto des Baukastensystems der Ausstellungsst\u00e4nder\" \/><\/figure><\/a><\/div><div class=\"swiper-slide\" role=\"group\" aria-roledescription=\"slide\" aria-label=\"6 von 7\"><a data-elementor-open-lightbox=\"yes\" data-elementor-lightbox-slideshow=\"19e7068\" data-elementor-lightbox-title=\"Das Besprechungsraums im 1.OG\" data-e-action-hash=\"#elementor-action%3Aaction%3Dlightbox%26settings%3DeyJpZCI6Mjk3MCwidXJsIjoiaHR0cHM6XC9cL2ZhLWxlc2lhLmV1XC93cC1jb250ZW50XC91cGxvYWRzXC8xMjBfMjAyNC5qcGciLCJzbGlkZXNob3ciOiIxOWU3MDY4In0%3D\" href=\"https:\/\/fa-lesia.eu\/wp-content\/uploads\/120_2024.jpg\"><figure class=\"swiper-slide-inner\"><img decoding=\"async\" class=\"swiper-slide-image\" src=\"https:\/\/fa-lesia.eu\/wp-content\/uploads\/120_2024-300x225.jpg\" alt=\"Neue Ausstattung und innere Gestaltung eines Reiseb\u00fcros in Triest Foto des Besprechungsraums im 1.OG\" \/><\/figure><\/a><\/div><div class=\"swiper-slide\" role=\"group\" aria-roledescription=\"slide\" aria-label=\"7 von 7\"><a data-elementor-open-lightbox=\"yes\" data-elementor-lightbox-slideshow=\"19e7068\" data-elementor-lightbox-title=\"Blick auf der Ausstattung von der Stra\u00dfe\" data-e-action-hash=\"#elementor-action%3Aaction%3Dlightbox%26settings%3DeyJpZCI6Mjk3MSwidXJsIjoiaHR0cHM6XC9cL2ZhLWxlc2lhLmV1XC93cC1jb250ZW50XC91cGxvYWRzXC8xMjBfMjAyNS5qcGciLCJzbGlkZXNob3ciOiIxOWU3MDY4In0%3D\" href=\"https:\/\/fa-lesia.eu\/wp-content\/uploads\/120_2025.jpg\"><figure class=\"swiper-slide-inner\"><img decoding=\"async\" class=\"swiper-slide-image\" src=\"https:\/\/fa-lesia.eu\/wp-content\/uploads\/120_2025-300x225.jpg\" alt=\"Neue Ausstattung und innere Gestaltung eines Reiseb\u00fcros in Triest Foto von Aussen\" \/><\/figure><\/a><\/div>\t\t\t<\/div>\n\t\t\t\t\t\t\t\n\t\t\t\t\t\t\t\t\t<div class=\"swiper-pagination\"><\/div>\n\t\t\t\t\t\t\t\t\t<\/div>\n\t\t\t\t\t\t<\/div>\n\t\t\t\t<\/div>\n\t\t\t\t\t<\/div>\n\t\t<\/div>\n\t\t\t\t<div class=\"elementor-column elementor-col-50 elementor-inner-column elementor-element elementor-element-6ed1e6a\" data-id=\"6ed1e6a\" data-element_type=\"column\">\n\t\t\t<div class=\"elementor-widget-wrap elementor-element-populated\">\n\t\t\t\t\t\t<div class=\"elementor-element elementor-element-30f2fe8 elementor-widget elementor-widget-text-editor\" data-id=\"30f2fe8\" data-element_type=\"widget\" data-widget_type=\"text-editor.default\">\n\t\t\t\t<div class=\"elementor-widget-container\">\n\t\t\t\t\t\t\t\t\t<h1><b>Before Minecraft<\/b><\/h1><h2 class=\" translation-block\"><b>Progetto<\/b>: Nuovo allestimento degli interni di un'agenzia di viaggi<br><b>Cliente:<\/b> Privato<br><b>Anno:<\/b> 2004<br><b>Localit\u00e0 :<\/b> Trieste, Italia<br><b>Progetto:<\/b> C. Farina, L. Medici, P. Ongaro \u2013 Trieste<br><b>Attivit\u00e0 e servizi:<\/b> Architetto, progetto definitivo, esecutivo e di cantiere LPH 1-8<\/h2>\t\t\t\t\t\t\t\t<\/div>\n\t\t\t\t<\/div>\n\t\t\t\t\t<\/div>\n\t\t<\/div>\n\t\t\t\t\t<\/div>\n\t\t<\/section>\n\t\t\t\t<section class=\"elementor-section elementor-inner-section elementor-element elementor-element-089fb80 elementor-section-boxed elementor-section-height-default elementor-section-height-default\" data-id=\"089fb80\" data-element_type=\"section\">\n\t\t\t\t\t\t<div class=\"elementor-container elementor-column-gap-default\">\n\t\t\t\t\t<div class=\"elementor-column elementor-col-50 elementor-inner-column elementor-element elementor-element-1e339a4\" data-id=\"1e339a4\" data-element_type=\"column\">\n\t\t\t<div class=\"elementor-widget-wrap elementor-element-populated\">\n\t\t\t\t\t\t<div class=\"elementor-element elementor-element-df61519 elementor-pagination-position-outside elementor-widget elementor-widget-image-carousel\" data-id=\"df61519\" data-element_type=\"widget\" data-settings=\"{&quot;slides_to_show&quot;:&quot;1&quot;,&quot;autoplay&quot;:&quot;no&quot;,&quot;navigation&quot;:&quot;dots&quot;,&quot;infinite&quot;:&quot;yes&quot;,&quot;effect&quot;:&quot;slide&quot;,&quot;speed&quot;:500}\" data-widget_type=\"image-carousel.default\">\n\t\t\t\t<div class=\"elementor-widget-container\">\n\t\t\t\t\t\t\t<div class=\"elementor-image-carousel-wrapper swiper\" role=\"region\" aria-roledescription=\"carousel\" aria-label=\"Bild Karussell\" dir=\"ltr\">\n\t\t\t<div class=\"elementor-image-carousel swiper-wrapper\" aria-live=\"polite\">\n\t\t\t\t\t\t\t\t<div class=\"swiper-slide\" role=\"group\" aria-roledescription=\"slide\" aria-label=\"1 von 15\"><a data-elementor-open-lightbox=\"yes\" data-elementor-lightbox-slideshow=\"df61519\" data-elementor-lightbox-title=\"3D Darstellung des Ausstellungssystem\" data-elementor-lightbox-description=\"3d Modell: P. Ongaro\" data-e-action-hash=\"#elementor-action%3Aaction%3Dlightbox%26settings%3DeyJpZCI6Mjg2NSwidXJsIjoiaHR0cHM6XC9cL2ZhLWxlc2lhLmV1XC93cC1jb250ZW50XC91cGxvYWRzXC92ZXJfdGlyYW50aV8wMi5qcGciLCJzbGlkZXNob3ciOiJkZjYxNTE5In0%3D\" href=\"https:\/\/fa-lesia.eu\/wp-content\/uploads\/ver_tiranti_02.jpg\"><figure class=\"swiper-slide-inner\"><img decoding=\"async\" class=\"swiper-slide-image\" src=\"https:\/\/fa-lesia.eu\/wp-content\/uploads\/ver_tiranti_02-300x225.jpg\" alt=\"Neugestaltung des Italesse Showrooms, eine Handelsfirma f\u00fcr Gl\u00e4ser und Weinzubeh\u00f6r\u00a03D Darstellung des Ausstellungssystem\" \/><\/figure><\/a><\/div><div class=\"swiper-slide\" role=\"group\" aria-roledescription=\"slide\" aria-label=\"2 von 15\"><a data-elementor-open-lightbox=\"yes\" data-elementor-lightbox-slideshow=\"df61519\" data-elementor-lightbox-title=\"3D Darstellung des Ausstellungssystem\" data-elementor-lightbox-description=\"3d Modell: P. Ongaro\" data-e-action-hash=\"#elementor-action%3Aaction%3Dlightbox%26settings%3DeyJpZCI6Mjg2NiwidXJsIjoiaHR0cHM6XC9cL2ZhLWxlc2lhLmV1XC93cC1jb250ZW50XC91cGxvYWRzXC92ZXJfdGlyYW50aV8wMy5qcGciLCJzbGlkZXNob3ciOiJkZjYxNTE5In0%3D\" href=\"https:\/\/fa-lesia.eu\/wp-content\/uploads\/ver_tiranti_03.jpg\"><figure class=\"swiper-slide-inner\"><img decoding=\"async\" class=\"swiper-slide-image\" src=\"https:\/\/fa-lesia.eu\/wp-content\/uploads\/ver_tiranti_03-300x225.jpg\" alt=\"Neugestaltung des Italesse Showrooms, eine Handelsfirma f\u00fcr Gl\u00e4ser und Weinzubeh\u00f6r\u00a03D Darstellung des Ausstellungssystem\" \/><\/figure><\/a><\/div><div class=\"swiper-slide\" role=\"group\" aria-roledescription=\"slide\" aria-label=\"3 von 15\"><a data-elementor-open-lightbox=\"yes\" data-elementor-lightbox-slideshow=\"df61519\" data-elementor-lightbox-title=\"3D Darstellung der beleuchtende Regale\" data-elementor-lightbox-description=\"3d Modell: P. Ongaro\" data-e-action-hash=\"#elementor-action%3Aaction%3Dlightbox%26settings%3DeyJpZCI6Mjg2NywidXJsIjoiaHR0cHM6XC9cL2ZhLWxlc2lhLmV1XC93cC1jb250ZW50XC91cGxvYWRzXC8wMS0xLmpwZyIsInNsaWRlc2hvdyI6ImRmNjE1MTkifQ%3D%3D\" href=\"https:\/\/fa-lesia.eu\/wp-content\/uploads\/01-1.jpg\"><figure class=\"swiper-slide-inner\"><img decoding=\"async\" class=\"swiper-slide-image\" src=\"https:\/\/fa-lesia.eu\/wp-content\/uploads\/01-1-300x249.jpg\" alt=\"Neugestaltung des Italesse Showrooms, eine Handelsfirma f\u00fcr Gl\u00e4ser und Weinzubeh\u00f6r\u00a03D Darstellung des Ausstellungssystem: beleuchtende Regale\" \/><\/figure><\/a><\/div><div class=\"swiper-slide\" role=\"group\" aria-roledescription=\"slide\" aria-label=\"4 von 15\"><a data-elementor-open-lightbox=\"yes\" data-elementor-lightbox-slideshow=\"df61519\" data-elementor-lightbox-title=\"3D Modell der beleuchtenden Regalen\" data-elementor-lightbox-description=\"3d Modell: P. Ongaro\" data-e-action-hash=\"#elementor-action%3Aaction%3Dlightbox%26settings%3DeyJpZCI6Mjg2OCwidXJsIjoiaHR0cHM6XC9cL2ZhLWxlc2lhLmV1XC93cC1jb250ZW50XC91cGxvYWRzXC8wMDIuanBnIiwic2xpZGVzaG93IjoiZGY2MTUxOSJ9\" href=\"https:\/\/fa-lesia.eu\/wp-content\/uploads\/002.jpg\"><figure class=\"swiper-slide-inner\"><img decoding=\"async\" class=\"swiper-slide-image\" src=\"https:\/\/fa-lesia.eu\/wp-content\/uploads\/002-300x225.jpg\" alt=\"Neugestaltung des Italesse Showrooms, eine Handelsfirma f\u00fcr Gl\u00e4ser und Weinzubeh\u00f6r\u00a03D Darstellung des Ausstellungssystem: 3D Modell der beleuchtenden Regalen\" \/><\/figure><\/a><\/div><div class=\"swiper-slide\" role=\"group\" aria-roledescription=\"slide\" aria-label=\"5 von 15\"><a data-elementor-open-lightbox=\"yes\" data-elementor-lightbox-slideshow=\"df61519\" data-elementor-lightbox-title=\"3D Detail der beleuchtenden Regalen\" data-elementor-lightbox-description=\"3d Modell: P. Ongaro\" data-e-action-hash=\"#elementor-action%3Aaction%3Dlightbox%26settings%3DeyJpZCI6Mjg2OSwidXJsIjoiaHR0cHM6XC9cL2ZhLWxlc2lhLmV1XC93cC1jb250ZW50XC91cGxvYWRzXC8wMDMtMi5qcGciLCJzbGlkZXNob3ciOiJkZjYxNTE5In0%3D\" href=\"https:\/\/fa-lesia.eu\/wp-content\/uploads\/003-2.jpg\"><figure class=\"swiper-slide-inner\"><img decoding=\"async\" class=\"swiper-slide-image\" src=\"https:\/\/fa-lesia.eu\/wp-content\/uploads\/003-2-225x300.jpg\" alt=\"Neugestaltung des Italesse Showrooms, eine Handelsfirma f\u00fcr Gl\u00e4ser und Weinzubeh\u00f6r\u00a03D Darstellung des Ausstellungssystem: 3D Detail der beleuchtenden Regalen\" \/><\/figure><\/a><\/div><div class=\"swiper-slide\" role=\"group\" aria-roledescription=\"slide\" aria-label=\"6 von 15\"><a data-elementor-open-lightbox=\"yes\" data-elementor-lightbox-slideshow=\"df61519\" data-elementor-lightbox-title=\"3D Modell des Ausstellungssystems\" data-elementor-lightbox-description=\"3d Modell: P. Ongaro\" data-e-action-hash=\"#elementor-action%3Aaction%3Dlightbox%26settings%3DeyJpZCI6Mjg3MCwidXJsIjoiaHR0cHM6XC9cL2ZhLWxlc2lhLmV1XC93cC1jb250ZW50XC91cGxvYWRzXC9lc3Bsb3NvNy5qcGciLCJzbGlkZXNob3ciOiJkZjYxNTE5In0%3D\" href=\"https:\/\/fa-lesia.eu\/wp-content\/uploads\/esploso7.jpg\"><figure class=\"swiper-slide-inner\"><img decoding=\"async\" class=\"swiper-slide-image\" src=\"https:\/\/fa-lesia.eu\/wp-content\/uploads\/esploso7-300x225.jpg\" alt=\"Neugestaltung des Italesse Showrooms, eine Handelsfirma f\u00fcr Gl\u00e4ser und Weinzubeh\u00f6r\u00a03D Darstellung des Ausstellungssystems: beleuchtende Regale, Tische, Schubf\u00e4cher\" \/><\/figure><\/a><\/div><div class=\"swiper-slide\" role=\"group\" aria-roledescription=\"slide\" aria-label=\"7 von 15\"><a data-elementor-open-lightbox=\"yes\" data-elementor-lightbox-slideshow=\"df61519\" data-elementor-lightbox-title=\"Mockup des Ausstellungssystems\" data-e-action-hash=\"#elementor-action%3Aaction%3Dlightbox%26settings%3DeyJpZCI6Mjg3MiwidXJsIjoiaHR0cHM6XC9cL2ZhLWxlc2lhLmV1XC93cC1jb250ZW50XC91cGxvYWRzXC9mb3RvXzA2X2ltbWFnaW5lLmpwZyIsInNsaWRlc2hvdyI6ImRmNjE1MTkifQ%3D%3D\" href=\"https:\/\/fa-lesia.eu\/wp-content\/uploads\/foto_06_immagine.jpg\"><figure class=\"swiper-slide-inner\"><img decoding=\"async\" class=\"swiper-slide-image\" src=\"https:\/\/fa-lesia.eu\/wp-content\/uploads\/foto_06_immagine-300x224.jpg\" alt=\"Neugestaltung des Italesse Showrooms, eine Handelsfirma f\u00fcr Gl\u00e4ser und Weinzubeh\u00f6r\u00a0Foto des Mockups des Ausstellungssystems\" \/><\/figure><\/a><\/div><div class=\"swiper-slide\" role=\"group\" aria-roledescription=\"slide\" aria-label=\"8 von 15\"><a data-elementor-open-lightbox=\"yes\" data-elementor-lightbox-slideshow=\"df61519\" data-elementor-lightbox-title=\"Ausstellungssystems - die Schubf\u00e4cher\" data-e-action-hash=\"#elementor-action%3Aaction%3Dlightbox%26settings%3DeyJpZCI6Mjg3NywidXJsIjoiaHR0cHM6XC9cL2ZhLWxlc2lhLmV1XC93cC1jb250ZW50XC91cGxvYWRzXC9mb3RvXzE0X2ltbWFnaW5lLmpwZyIsInNsaWRlc2hvdyI6ImRmNjE1MTkifQ%3D%3D\" href=\"https:\/\/fa-lesia.eu\/wp-content\/uploads\/foto_14_immagine.jpg\"><figure class=\"swiper-slide-inner\"><img decoding=\"async\" class=\"swiper-slide-image\" src=\"https:\/\/fa-lesia.eu\/wp-content\/uploads\/foto_14_immagine-300x224.jpg\" alt=\"Neugestaltung des Italesse Showrooms, eine Handelsfirma f\u00fcr Gl\u00e4ser und Weinzubeh\u00f6r\u00a0Foto des Ausstellungssystems: die Schubf\u00e4cher\" \/><\/figure><\/a><\/div><div class=\"swiper-slide\" role=\"group\" aria-roledescription=\"slide\" aria-label=\"9 von 15\"><a data-elementor-open-lightbox=\"yes\" data-elementor-lightbox-slideshow=\"df61519\" data-elementor-lightbox-title=\"Ausstellungssystem: beleuchtende Regale mit  Schubf\u00e4cher\" data-e-action-hash=\"#elementor-action%3Aaction%3Dlightbox%26settings%3DeyJpZCI6Mjg3OSwidXJsIjoiaHR0cHM6XC9cL2ZhLWxlc2lhLmV1XC93cC1jb250ZW50XC91cGxvYWRzXC9mb3RvXzE3X2ltbWFnaW5lLmpwZyIsInNsaWRlc2hvdyI6ImRmNjE1MTkifQ%3D%3D\" href=\"https:\/\/fa-lesia.eu\/wp-content\/uploads\/foto_17_immagine.jpg\"><figure class=\"swiper-slide-inner\"><img decoding=\"async\" class=\"swiper-slide-image\" src=\"https:\/\/fa-lesia.eu\/wp-content\/uploads\/foto_17_immagine-300x224.jpg\" alt=\"Neugestaltung des Italesse Showrooms, eine Handelsfirma f\u00fcr Gl\u00e4ser und Weinzubeh\u00f6r\u00a0Foto des Ausstellungssystems: beleuchtende Regale mit Schubf\u00e4cher\" \/><\/figure><\/a><\/div><div class=\"swiper-slide\" role=\"group\" aria-roledescription=\"slide\" aria-label=\"10 von 15\"><a data-elementor-open-lightbox=\"yes\" data-elementor-lightbox-slideshow=\"df61519\" data-elementor-lightbox-title=\"Ausstellungssystem: beleuchtende Regale mit  Schubf\u00e4cher\" data-e-action-hash=\"#elementor-action%3Aaction%3Dlightbox%26settings%3DeyJpZCI6Mjg4MCwidXJsIjoiaHR0cHM6XC9cL2ZhLWxlc2lhLmV1XC93cC1jb250ZW50XC91cGxvYWRzXC9mb3RvXzIxX2ltbWFnaW5lLmpwZyIsInNsaWRlc2hvdyI6ImRmNjE1MTkifQ%3D%3D\" href=\"https:\/\/fa-lesia.eu\/wp-content\/uploads\/foto_21_immagine.jpg\"><figure class=\"swiper-slide-inner\"><img decoding=\"async\" class=\"swiper-slide-image\" src=\"https:\/\/fa-lesia.eu\/wp-content\/uploads\/foto_21_immagine-300x224.jpg\" alt=\"Neugestaltung des Italesse Showrooms, eine Handelsfirma f\u00fcr Gl\u00e4ser und Weinzubeh\u00f6r\u00a0Foto des Ausstellungssystems: beleuchtende Regale mit Schubf\u00e4cher\" \/><\/figure><\/a><\/div><div class=\"swiper-slide\" role=\"group\" aria-roledescription=\"slide\" aria-label=\"11 von 15\"><a data-elementor-open-lightbox=\"yes\" data-elementor-lightbox-slideshow=\"df61519\" data-elementor-lightbox-title=\"Ausstellungssystem: beleuchtende Regale mit  Schubf\u00e4cher\" data-e-action-hash=\"#elementor-action%3Aaction%3Dlightbox%26settings%3DeyJpZCI6Mjg4MSwidXJsIjoiaHR0cHM6XC9cL2ZhLWxlc2lhLmV1XC93cC1jb250ZW50XC91cGxvYWRzXC9mb3RvXzIyX2ltbWFnaW5lLmpwZyIsInNsaWRlc2hvdyI6ImRmNjE1MTkifQ%3D%3D\" href=\"https:\/\/fa-lesia.eu\/wp-content\/uploads\/foto_22_immagine.jpg\"><figure class=\"swiper-slide-inner\"><img decoding=\"async\" class=\"swiper-slide-image\" src=\"https:\/\/fa-lesia.eu\/wp-content\/uploads\/foto_22_immagine-300x224.jpg\" alt=\"Neugestaltung des Italesse Showrooms, eine Handelsfirma f\u00fcr Gl\u00e4ser und Weinzubeh\u00f6r\u00a0Foto des Ausstellungssystems: beleuchtende Regale mit Schubf\u00e4cher\" \/><\/figure><\/a><\/div><div class=\"swiper-slide\" role=\"group\" aria-roledescription=\"slide\" aria-label=\"12 von 15\"><a data-elementor-open-lightbox=\"yes\" data-elementor-lightbox-slideshow=\"df61519\" data-elementor-lightbox-title=\"Ausstellungssystem: beleuchtende Regale mit  Schubf\u00e4cher\" data-e-action-hash=\"#elementor-action%3Aaction%3Dlightbox%26settings%3DeyJpZCI6Mjg4MiwidXJsIjoiaHR0cHM6XC9cL2ZhLWxlc2lhLmV1XC93cC1jb250ZW50XC91cGxvYWRzXC9mb3RvXzIzX2ltbWFnaW5lLmpwZyIsInNsaWRlc2hvdyI6ImRmNjE1MTkifQ%3D%3D\" href=\"https:\/\/fa-lesia.eu\/wp-content\/uploads\/foto_23_immagine.jpg\"><figure class=\"swiper-slide-inner\"><img decoding=\"async\" class=\"swiper-slide-image\" src=\"https:\/\/fa-lesia.eu\/wp-content\/uploads\/foto_23_immagine-300x224.jpg\" alt=\"Neugestaltung des Italesse Showrooms, eine Handelsfirma f\u00fcr Gl\u00e4ser und Weinzubeh\u00f6r\u00a0Foto des Ausstellungssystems: beleuchtende Regale mit Schubf\u00e4cher\" \/><\/figure><\/a><\/div><div class=\"swiper-slide\" role=\"group\" aria-roledescription=\"slide\" aria-label=\"13 von 15\"><a data-elementor-open-lightbox=\"yes\" data-elementor-lightbox-slideshow=\"df61519\" data-elementor-lightbox-title=\"Ausstellungssystem: beleuchtende Regale mit  Schubf\u00e4cher\" data-e-action-hash=\"#elementor-action%3Aaction%3Dlightbox%26settings%3DeyJpZCI6Mjg4MywidXJsIjoiaHR0cHM6XC9cL2ZhLWxlc2lhLmV1XC93cC1jb250ZW50XC91cGxvYWRzXC9mb3RvXzI3X2ltbWFnaW5lLmpwZyIsInNsaWRlc2hvdyI6ImRmNjE1MTkifQ%3D%3D\" href=\"https:\/\/fa-lesia.eu\/wp-content\/uploads\/foto_27_immagine.jpg\"><figure class=\"swiper-slide-inner\"><img decoding=\"async\" class=\"swiper-slide-image\" src=\"https:\/\/fa-lesia.eu\/wp-content\/uploads\/foto_27_immagine-300x224.jpg\" alt=\"Neugestaltung des Italesse Showrooms, eine Handelsfirma f\u00fcr Gl\u00e4ser und Weinzubeh\u00f6r\u00a0Foto des Ausstellungssystems: beleuchtende Regale mit Schubf\u00e4cher\" \/><\/figure><\/a><\/div><div class=\"swiper-slide\" role=\"group\" aria-roledescription=\"slide\" aria-label=\"14 von 15\"><a data-elementor-open-lightbox=\"yes\" data-elementor-lightbox-slideshow=\"df61519\" data-elementor-lightbox-title=\"Ausstellungssystem: beleuchtende Regale mit  Schubf\u00e4cher\" data-e-action-hash=\"#elementor-action%3Aaction%3Dlightbox%26settings%3DeyJpZCI6Mjg4NCwidXJsIjoiaHR0cHM6XC9cL2ZhLWxlc2lhLmV1XC93cC1jb250ZW50XC91cGxvYWRzXC9mb3RvXzI4X2ltbWFnaW5lLmpwZyIsInNsaWRlc2hvdyI6ImRmNjE1MTkifQ%3D%3D\" href=\"https:\/\/fa-lesia.eu\/wp-content\/uploads\/foto_28_immagine.jpg\"><figure class=\"swiper-slide-inner\"><img decoding=\"async\" class=\"swiper-slide-image\" src=\"https:\/\/fa-lesia.eu\/wp-content\/uploads\/foto_28_immagine-300x224.jpg\" alt=\"Neugestaltung des Italesse Showrooms, eine Handelsfirma f\u00fcr Gl\u00e4ser und Weinzubeh\u00f6r\u00a0Foto des Ausstellungssystems: beleuchtende Regale mit Schubf\u00e4cher\" \/><\/figure><\/a><\/div><div class=\"swiper-slide\" role=\"group\" aria-roledescription=\"slide\" aria-label=\"15 von 15\"><a data-elementor-open-lightbox=\"yes\" data-elementor-lightbox-slideshow=\"df61519\" data-elementor-lightbox-title=\"Ausstellungssystem: beleuchtende Regale mit  Schubf\u00e4cher\" data-e-action-hash=\"#elementor-action%3Aaction%3Dlightbox%26settings%3DeyJpZCI6Mjg4NSwidXJsIjoiaHR0cHM6XC9cL2ZhLWxlc2lhLmV1XC93cC1jb250ZW50XC91cGxvYWRzXC9mb3RvXzI5X2ltbWFnaW5lLmpwZyIsInNsaWRlc2hvdyI6ImRmNjE1MTkifQ%3D%3D\" href=\"https:\/\/fa-lesia.eu\/wp-content\/uploads\/foto_29_immagine.jpg\"><figure class=\"swiper-slide-inner\"><img decoding=\"async\" class=\"swiper-slide-image\" src=\"https:\/\/fa-lesia.eu\/wp-content\/uploads\/foto_29_immagine-300x224.jpg\" alt=\"Neugestaltung des Italesse Showrooms, eine Handelsfirma f\u00fcr Gl\u00e4ser und Weinzubeh\u00f6r\u00a0Foto des Ausstellungssystems: beleuchtende Regale mit Schubf\u00e4cher\" \/><\/figure><\/a><\/div>\t\t\t<\/div>\n\t\t\t\t\t\t\t\n\t\t\t\t\t\t\t\t\t<div class=\"swiper-pagination\"><\/div>\n\t\t\t\t\t\t\t\t\t<\/div>\n\t\t\t\t\t\t<\/div>\n\t\t\t\t<\/div>\n\t\t\t\t\t<\/div>\n\t\t<\/div>\n\t\t\t\t<div class=\"elementor-column elementor-col-50 elementor-inner-column elementor-element elementor-element-34aa61e\" data-id=\"34aa61e\" data-element_type=\"column\">\n\t\t\t<div class=\"elementor-widget-wrap elementor-element-populated\">\n\t\t\t\t\t\t<div class=\"elementor-element elementor-element-30321fb elementor-widget elementor-widget-text-editor\" data-id=\"30321fb\" data-element_type=\"widget\" data-widget_type=\"text-editor.default\">\n\t\t\t\t<div class=\"elementor-widget-container\">\n\t\t\t\t\t\t\t\t\t<h1><b>House of Glasses<\/b><\/h1><h2 class=\" translation-block\"><b>Progetto di costruzione<\/b>: Redesign dello showroom Italesse, societ\u00e0 commerciale di bicchieri e accessori per il vino.<br><b>Committente:<\/b> Privato<br><b>Anno:<\/b> 2003<br><b>Localit\u00e0:<\/b> Muggia (Trieste), Italia<br><b>Progetto:<\/b> R. Dambrosi, C. Farina - Trieste <br><strong>Attivit\u00e0 e prestazioni svolte: Architetto, progetto definitivo, esecutivo e di cantiere LPH 1-6<\/strong><\/h2>\t\t\t\t\t\t\t\t<\/div>\n\t\t\t\t<\/div>\n\t\t\t\t\t<\/div>\n\t\t<\/div>\n\t\t\t\t\t<\/div>\n\t\t<\/section>\n\t\t\t\t<section class=\"elementor-section elementor-inner-section elementor-element elementor-element-690a7ed elementor-section-boxed elementor-section-height-default elementor-section-height-default\" data-id=\"690a7ed\" data-element_type=\"section\">\n\t\t\t\t\t\t<div class=\"elementor-container elementor-column-gap-default\">\n\t\t\t\t\t<div class=\"elementor-column elementor-col-50 elementor-inner-column elementor-element elementor-element-0ecc562\" data-id=\"0ecc562\" data-element_type=\"column\">\n\t\t\t<div class=\"elementor-widget-wrap elementor-element-populated\">\n\t\t\t\t\t\t<div class=\"elementor-element elementor-element-533c0e6 elementor-pagination-position-outside elementor-widget elementor-widget-image-carousel\" data-id=\"533c0e6\" data-element_type=\"widget\" data-settings=\"{&quot;slides_to_show&quot;:&quot;1&quot;,&quot;autoplay&quot;:&quot;no&quot;,&quot;navigation&quot;:&quot;dots&quot;,&quot;infinite&quot;:&quot;yes&quot;,&quot;effect&quot;:&quot;slide&quot;,&quot;speed&quot;:500}\" data-widget_type=\"image-carousel.default\">\n\t\t\t\t<div class=\"elementor-widget-container\">\n\t\t\t\t\t\t\t<div class=\"elementor-image-carousel-wrapper swiper\" role=\"region\" aria-roledescription=\"carousel\" aria-label=\"Bild Karussell\" dir=\"ltr\">\n\t\t\t<div class=\"elementor-image-carousel swiper-wrapper\" aria-live=\"polite\">\n\t\t\t\t\t\t\t\t<div class=\"swiper-slide\" role=\"group\" aria-roledescription=\"slide\" aria-label=\"1 von 4\"><a data-elementor-open-lightbox=\"yes\" data-elementor-lightbox-slideshow=\"533c0e6\" data-elementor-lightbox-title=\"Auditorium: Details der Akustik und des Aufnahmestudios\" data-elementor-lightbox-description=\"ph: \u00a9 Stefano Graziani\" data-e-action-hash=\"#elementor-action%3Aaction%3Dlightbox%26settings%3DeyJpZCI6Mjg5MCwidXJsIjoiaHR0cHM6XC9cL2ZhLWxlc2lhLmV1XC93cC1jb250ZW50XC91cGxvYWRzXC9QUF9jZG1fZ3J6XzAyLTEuanBnIiwic2xpZGVzaG93IjoiNTMzYzBlNiJ9\" href=\"https:\/\/fa-lesia.eu\/wp-content\/uploads\/PP_cdm_grz_02-1.jpg\"><figure class=\"swiper-slide-inner\"><img decoding=\"async\" class=\"swiper-slide-image\" src=\"https:\/\/fa-lesia.eu\/wp-content\/uploads\/PP_cdm_grz_02-1-300x231.jpg\" alt=\"Neugestaltung der Innenr\u00e4ume f\u00fcr das Haus der Musik\u00a0in Triest Foto des Auditoriums im Dachgeschoss der Casa della Musica mit Details der Akustik des Daches und der W\u00e4nde, an der rechten Seite das Schaufenster des hinterliegenden Aufnahmestudio\" \/><\/figure><\/a><\/div><div class=\"swiper-slide\" role=\"group\" aria-roledescription=\"slide\" aria-label=\"2 von 4\"><a data-elementor-open-lightbox=\"yes\" data-elementor-lightbox-slideshow=\"533c0e6\" data-elementor-lightbox-title=\"Eingangsbereich: Aufzug und Treppe\" data-elementor-lightbox-description=\"ph: \u00a9 Stefano Graziani\" data-e-action-hash=\"#elementor-action%3Aaction%3Dlightbox%26settings%3DeyJpZCI6Mjg4OSwidXJsIjoiaHR0cHM6XC9cL2ZhLWxlc2lhLmV1XC93cC1jb250ZW50XC91cGxvYWRzXC8wNi5qcGciLCJzbGlkZXNob3ciOiI1MzNjMGU2In0%3D\" href=\"https:\/\/fa-lesia.eu\/wp-content\/uploads\/06.jpg\"><figure class=\"swiper-slide-inner\"><img decoding=\"async\" class=\"swiper-slide-image\" src=\"https:\/\/fa-lesia.eu\/wp-content\/uploads\/06-300x240.jpg\" alt=\"Neugestaltung der Innenr\u00e4ume f\u00fcr das Haus der Musik\u00a0in Triest Foto des Eingangsbereichs mit Detail der Aufzugsverblendung\" \/><\/figure><\/a><\/div><div class=\"swiper-slide\" role=\"group\" aria-roledescription=\"slide\" aria-label=\"3 von 4\"><a data-elementor-open-lightbox=\"yes\" data-elementor-lightbox-slideshow=\"533c0e6\" data-elementor-lightbox-title=\"Die Bar im EG\" data-elementor-lightbox-description=\"ph: \u00a9 Stefano Graziani\" data-e-action-hash=\"#elementor-action%3Aaction%3Dlightbox%26settings%3DeyJpZCI6Mjg5MSwidXJsIjoiaHR0cHM6XC9cL2ZhLWxlc2lhLmV1XC93cC1jb250ZW50XC91cGxvYWRzXC9QUF9jZG1fZ3J6XzAzLmpwZyIsInNsaWRlc2hvdyI6IjUzM2MwZTYifQ%3D%3D\" href=\"https:\/\/fa-lesia.eu\/wp-content\/uploads\/PP_cdm_grz_03.jpg\"><figure class=\"swiper-slide-inner\"><img decoding=\"async\" class=\"swiper-slide-image\" src=\"https:\/\/fa-lesia.eu\/wp-content\/uploads\/PP_cdm_grz_03-300x231.jpg\" alt=\"Neugestaltung der Innenr\u00e4ume f\u00fcr das Haus der Musik\u00a0in Triest Foto der Bar im EG\" \/><\/figure><\/a><\/div><div class=\"swiper-slide\" role=\"group\" aria-roledescription=\"slide\" aria-label=\"4 von 4\"><a data-elementor-open-lightbox=\"yes\" data-elementor-lightbox-slideshow=\"533c0e6\" data-elementor-lightbox-title=\"Schnitt durch das Auditorium: Abakus der Akustik\" data-e-action-hash=\"#elementor-action%3Aaction%3Dlightbox%26settings%3DeyJpZCI6Mjg5MiwidXJsIjoiaHR0cHM6XC9cL2ZhLWxlc2lhLmV1XC93cC1jb250ZW50XC91cGxvYWRzXC9TZXpfMDEucG5nIiwic2xpZGVzaG93IjoiNTMzYzBlNiJ9\" href=\"https:\/\/fa-lesia.eu\/wp-content\/uploads\/Sez_01.png\"><figure class=\"swiper-slide-inner\"><img decoding=\"async\" class=\"swiper-slide-image\" src=\"https:\/\/fa-lesia.eu\/wp-content\/uploads\/Sez_01-300x264.png\" alt=\"Neugestaltung der Innenr\u00e4ume f\u00fcr das Haus der Musik\u00a0in Triest Schnitt durch das Auditorium und die Prober\u00e4ume\" \/><\/figure><\/a><\/div>\t\t\t<\/div>\n\t\t\t\t\t\t\t\n\t\t\t\t\t\t\t\t\t<div class=\"swiper-pagination\"><\/div>\n\t\t\t\t\t\t\t\t\t<\/div>\n\t\t\t\t\t\t<\/div>\n\t\t\t\t<\/div>\n\t\t\t\t\t<\/div>\n\t\t<\/div>\n\t\t\t\t<div class=\"elementor-column elementor-col-50 elementor-inner-column elementor-element elementor-element-7caf464\" data-id=\"7caf464\" data-element_type=\"column\">\n\t\t\t<div class=\"elementor-widget-wrap elementor-element-populated\">\n\t\t\t\t\t\t<div class=\"elementor-element elementor-element-c0a7add elementor-widget elementor-widget-text-editor\" data-id=\"c0a7add\" data-element_type=\"widget\" data-widget_type=\"text-editor.default\">\n\t\t\t\t<div class=\"elementor-widget-container\">\n\t\t\t\t\t\t\t\t\t<h1><b>Casa della Musica<\/b><\/h1><h2 class=\" translation-block\"><b>Progetto<\/b>: Allestimento degli interni della Casa della Musica<br><b>Committente:<\/b> Comune di Trieste<br><b>Anno:<\/b> 2000<br> <b> Luogo:<\/b>\u00a0Trieste, Italia<br><b>Progetto:<\/b>\u00a0R. Dambrosi, C. Farina, M. Martinelli \u2013 Trieste<br><b>Attivit\u00e0 e servizi:<\/b> Architetto, progetto definitivo, esecutivo e direzione dei lavori LPH 1-8<\/h2>\t\t\t\t\t\t\t\t<\/div>\n\t\t\t\t<\/div>\n\t\t\t\t\t<\/div>\n\t\t<\/div>\n\t\t\t\t\t<\/div>\n\t\t<\/section>\n\t\t\t\t\t<\/div>\n\t\t<\/div>\n\t\t\t\t\t<\/div>\n\t\t<\/section>\n\t\t\t\t<section class=\"elementor-section elementor-top-section elementor-element elementor-element-795583d elementor-section-boxed elementor-section-height-default elementor-section-height-default\" data-id=\"795583d\" data-element_type=\"section\" data-settings=\"{&quot;background_background&quot;:&quot;classic&quot;}\">\n\t\t\t\t\t\t<div class=\"elementor-container elementor-column-gap-default\">\n\t\t\t\t\t<div class=\"elementor-column elementor-col-33 elementor-top-column elementor-element elementor-element-6b86191\" data-id=\"6b86191\" data-element_type=\"column\">\n\t\t\t<div class=\"elementor-widget-wrap elementor-element-populated\">\n\t\t\t\t\t\t<div class=\"elementor-element elementor-element-63efeae elementor-widget elementor-widget-text-editor\" data-id=\"63efeae\" data-element_type=\"widget\" data-widget_type=\"text-editor.default\">\n\t\t\t\t<div class=\"elementor-widget-container\">\n\t\t\t\t\t\t\t\t\t<h1><a href=\"https:\/\/fa-lesia.eu\/\"><b>FA<\/b>Le<b>S<\/b>i<b>A<\/b><\/a><\/h1>\t\t\t\t\t\t\t\t<\/div>\n\t\t\t\t<\/div>\n\t\t\t\t<div class=\"elementor-element elementor-element-3213ea7 elementor-widget elementor-widget-text-editor\" data-id=\"3213ea7\" data-element_type=\"widget\" data-widget_type=\"text-editor.default\">\n\t\t\t\t<div class=\"elementor-widget-container\">\n\t\t\t\t\t\t\t\t\t<p>prestazioni e servizi professionali in architettura<\/p>\t\t\t\t\t\t\t\t<\/div>\n\t\t\t\t<\/div>\n\t\t\t\t<div class=\"elementor-element elementor-element-3b77e8d elementor-widget elementor-widget-image\" data-id=\"3b77e8d\" data-element_type=\"widget\" data-widget_type=\"image.default\">\n\t\t\t\t<div class=\"elementor-widget-container\">\n\t\t\t\t\t\t\t\t\t\t\t\t\t\t\t\t<a href=\"https:\/\/fa-lesia.eu\/\">\n\t\t\t\t\t\t\t<img decoding=\"async\" width=\"150\" height=\"150\" src=\"https:\/\/fa-lesia.eu\/wp-content\/uploads\/falesia_new_3.svg\" class=\"attachment-thumbnail size-thumbnail wp-image-5438\" alt=\"Falesia- Beratungs- und Planungsleistungen in Architektur\" \/>\t\t\t\t\t\t\t\t<\/a>\n\t\t\t\t\t\t\t\t\t\t\t\t\t\t\t<\/div>\n\t\t\t\t<\/div>\n\t\t\t\t\t<\/div>\n\t\t<\/div>\n\t\t\t\t<div class=\"elementor-column elementor-col-33 elementor-top-column elementor-element elementor-element-a4b3215\" data-id=\"a4b3215\" data-element_type=\"column\">\n\t\t\t<div class=\"elementor-widget-wrap elementor-element-populated\">\n\t\t\t\t\t\t<div class=\"elementor-element elementor-element-e99d94e elementor-widget elementor-widget-text-editor\" data-id=\"e99d94e\" data-element_type=\"widget\" data-widget_type=\"text-editor.default\">\n\t\t\t\t<div class=\"elementor-widget-container\">\n\t\t\t\t\t\t\t\t\t<p style=\"font-variant-ligatures: normal; font-variant-caps: normal; font-family: Weblysleek, sans-serif; font-size: 18px; font-style: normal; font-weight: 100; color: #ffae4b;\"><a style=\"font-size: 18px;\" href=\"https:\/\/fa-lesia.eu\/\"><span style=\"font-size: 18px; font-weight: bold;\">Home<br \/><\/span><\/a><\/p><p style=\"font-variant-ligatures: normal; font-variant-caps: normal; font-family: Weblysleek, sans-serif; font-size: 18px; font-style: normal; font-weight: 100; color: #ffae4b;\"><a style=\"font-size: 18px;\" href=\"https:\/\/fa-lesia.eu\/fachliche-planungsleistungen-in-architektur\/\" target=\"_blank\" rel=\"noopener\"><span style=\"font-size: 18px; font-weight: bold;\">&gt; Progetti<br \/><\/span><\/a><a style=\"font-size: 18px;\" href=\"https:\/\/fa-lesia.eu\/wer\"><span style=\"font-size: 18px; font-weight: bold;\">&gt; Chi<br \/><\/span><\/a><span style=\"font-size: 18px; font-weight: 600;\"><a style=\"font-size: 18px;\" href=\"https:\/\/fa-lesia.eu\/aktuelles\">&gt; Attualit\u00e0<\/a><\/span><\/p><div style=\"font-variant-ligatures: normal; font-variant-caps: normal; font-family: Weblysleek, sans-serif; font-size: 18px; font-style: normal; font-weight: 100; color: #ffae4b;\">\u00a0<\/div><div style=\"font-variant-ligatures: normal; font-variant-caps: normal; font-family: Weblysleek, sans-serif; font-size: 18px; font-style: normal; font-weight: 100; color: #ffae4b;\"><a style=\"font-size: 18px; font-weight: 100;\" href=\"https:\/\/fa-lesia.eu\/kontakt\"><span style=\"font-size: 18px; font-weight: bold;\">&gt; Contatti &amp; Impressum<br \/><\/span><\/a><span style=\"font-size: 18px; font-weight: 600;\">&gt; Archivio<\/span><\/div>\t\t\t\t\t\t\t\t<\/div>\n\t\t\t\t<\/div>\n\t\t\t\t\t<\/div>\n\t\t<\/div>\n\t\t\t\t<div class=\"elementor-column elementor-col-33 elementor-top-column elementor-element elementor-element-3f5712e\" data-id=\"3f5712e\" data-element_type=\"column\">\n\t\t\t<div class=\"elementor-widget-wrap elementor-element-populated\">\n\t\t\t\t\t\t<div class=\"elementor-element elementor-element-be6c44d elementor-widget elementor-widget-image\" data-id=\"be6c44d\" data-element_type=\"widget\" data-widget_type=\"image.default\">\n\t\t\t\t<div class=\"elementor-widget-container\">\n\t\t\t\t\t\t\t\t\t\t\t\t\t\t\t\t<a href=\"https:\/\/www.instagram.com\/claudio_fa\/\" target=\"_blank\">\n\t\t\t\t\t\t\t<img decoding=\"async\" src=\"https:\/\/fa-lesia.eu\/wp-content\/uploads\/instagram-square-brands-1.svg\" title=\"instagram-square-brands\" alt=\"instagram-square-brands\" loading=\"lazy\" \/>\t\t\t\t\t\t\t\t<\/a>\n\t\t\t\t\t\t\t\t\t\t\t\t\t\t\t<\/div>\n\t\t\t\t<\/div>\n\t\t\t\t<div class=\"elementor-element elementor-element-5c8fd7b elementor-widget elementor-widget-image\" data-id=\"5c8fd7b\" data-element_type=\"widget\" data-widget_type=\"image.default\">\n\t\t\t\t<div class=\"elementor-widget-container\">\n\t\t\t\t\t\t\t\t\t\t\t\t\t\t\t\t<a href=\"https:\/\/de.linkedin.com\/in\/clfarina\" target=\"_blank\">\n\t\t\t\t\t\t\t<img fetchpriority=\"high\" decoding=\"async\" width=\"448\" height=\"512\" src=\"https:\/\/fa-lesia.eu\/wp-content\/uploads\/Font_Awesome_5_brands_linkedin.svg\" class=\"attachment-full size-full wp-image-4229\" alt=\"Falesia Linkedin\" \/>\t\t\t\t\t\t\t\t<\/a>\n\t\t\t\t\t\t\t\t\t\t\t\t\t\t\t<\/div>\n\t\t\t\t<\/div>\n\t\t\t\t<div class=\"elementor-element elementor-element-465e734 elementor-widget elementor-widget-image\" data-id=\"465e734\" data-element_type=\"widget\" data-widget_type=\"image.default\">\n\t\t\t\t<div class=\"elementor-widget-container\">\n\t\t\t\t\t\t\t\t\t\t\t\t\t\t\t\t<a href=\"https:\/\/twitter.com\/claudio_fa\" target=\"_blank\">\n\t\t\t\t\t\t\t<img decoding=\"async\" width=\"448\" height=\"512\" src=\"https:\/\/fa-lesia.eu\/wp-content\/uploads\/twitter-square-brands-1.svg\" class=\"attachment-full size-full wp-image-2585\" alt=\"\" \/>\t\t\t\t\t\t\t\t<\/a>\n\t\t\t\t\t\t\t\t\t\t\t\t\t\t\t<\/div>\n\t\t\t\t<\/div>\n\t\t\t\t<div class=\"elementor-element elementor-element-bd74954 elementor-widget elementor-widget-image\" data-id=\"bd74954\" data-element_type=\"widget\" data-widget_type=\"image.default\">\n\t\t\t\t<div class=\"elementor-widget-container\">\n\t\t\t\t\t\t\t\t\t\t\t\t\t\t\t\t<a href=\"https:\/\/www.xing.com\/profile\/Claudio_Farina2\/cv\" target=\"_blank\">\n\t\t\t\t\t\t\t<img loading=\"lazy\" decoding=\"async\" width=\"448\" height=\"512\" src=\"https:\/\/fa-lesia.eu\/wp-content\/uploads\/xing-square-brands-1.svg\" class=\"attachment-full size-full wp-image-2586\" alt=\"\" \/>\t\t\t\t\t\t\t\t<\/a>\n\t\t\t\t\t\t\t\t\t\t\t\t\t\t\t<\/div>\n\t\t\t\t<\/div>\n\t\t\t\t\t<\/div>\n\t\t<\/div>\n\t\t\t\t\t<\/div>\n\t\t<\/section>\n\t\t\t\t<section class=\"elementor-section elementor-top-section elementor-element elementor-element-7473e0e elementor-section-boxed elementor-section-height-default elementor-section-height-default\" data-id=\"7473e0e\" data-element_type=\"section\" data-settings=\"{&quot;background_background&quot;:&quot;classic&quot;}\">\n\t\t\t\t\t\t<div class=\"elementor-container elementor-column-gap-default\">\n\t\t\t\t\t<div class=\"elementor-column elementor-col-33 elementor-top-column elementor-element elementor-element-63b3a205\" data-id=\"63b3a205\" data-element_type=\"column\">\n\t\t\t<div class=\"elementor-widget-wrap elementor-element-populated\">\n\t\t\t\t\t\t<div class=\"elementor-element elementor-element-432c8507 elementor-widget elementor-widget-text-editor\" data-id=\"432c8507\" data-element_type=\"widget\" data-widget_type=\"text-editor.default\">\n\t\t\t\t<div class=\"elementor-widget-container\">\n\t\t\t\t\t\t\t\t\t<p>\u00a9 2022, Falesia\u00a0 \u2013 Claudio Farina \u2022 Architekt\u00a0 \u00a0<\/p>\t\t\t\t\t\t\t\t<\/div>\n\t\t\t\t<\/div>\n\t\t\t\t\t<\/div>\n\t\t<\/div>\n\t\t\t\t<div class=\"elementor-column elementor-col-33 elementor-top-column elementor-element elementor-element-5d464e3e\" data-id=\"5d464e3e\" data-element_type=\"column\">\n\t\t\t<div class=\"elementor-widget-wrap\">\n\t\t\t\t\t\t\t<\/div>\n\t\t<\/div>\n\t\t\t\t<div class=\"elementor-column elementor-col-33 elementor-top-column elementor-element elementor-element-772b6fde\" data-id=\"772b6fde\" data-element_type=\"column\" data-settings=\"{&quot;background_background&quot;:&quot;classic&quot;}\">\n\t\t\t<div class=\"elementor-widget-wrap elementor-element-populated\">\n\t\t\t\t\t\t<div class=\"elementor-element elementor-element-564fd838 elementor-icon-list--layout-inline elementor-align-end elementor-mobile-align-center elementor-list-item-link-full_width elementor-invisible elementor-widget elementor-widget-icon-list\" data-id=\"564fd838\" data-element_type=\"widget\" data-settings=\"{&quot;_animation&quot;:&quot;fadeIn&quot;,&quot;_animation_delay&quot;:300}\" data-widget_type=\"icon-list.default\">\n\t\t\t\t<div class=\"elementor-widget-container\">\n\t\t\t\t\t\t\t<ul class=\"elementor-icon-list-items elementor-inline-items\">\n\t\t\t\t\t\t\t<li class=\"elementor-icon-list-item elementor-inline-item\">\n\t\t\t\t\t\t\t\t\t\t\t<a href=\"https:\/\/fa-lesia.eu\/datenschutz\/\" target=\"_blank\">\n\n\t\t\t\t\t\t\t\t\t\t\t<span class=\"elementor-icon-list-text\">Datenschutz<\/span>\n\t\t\t\t\t\t\t\t\t\t\t<\/a>\n\t\t\t\t\t\t\t\t\t<\/li>\n\t\t\t\t\t\t<\/ul>\n\t\t\t\t\t\t<\/div>\n\t\t\t\t<\/div>\n\t\t\t\t\t<\/div>\n\t\t<\/div>\n\t\t\t\t\t<\/div>\n\t\t<\/section>\n\t\t\t\t<\/div>","protected":false},"excerpt":{"rendered":"<p>Innenarchitektur SA&amp;FE Flat Bauvorhaben: Umbau einer Wohnung in einem AltbauBauherr: PrivatJahr: 2008Ort: Triest, ItalienProjekt: C. Farina\u00a0T\u00e4tigkeit und Leistungen: Architekt LPH 1-8 Museo Ugo Car\u00e0 Bauvorhaben: Neugestaltung der Galerien f\u00fcr moderne und zeitgen\u00f6ssische KunstBauherr: Stadt MuggiaJahr: 2006Ort:\u00a0Muggia (Triest), ItalienProjekt:\u00a0Architektengemeinschaft Starassociati (R. Dambrosi, G.P. Bartoli, C. Farina, M. Martinelli, V. Markezi\u010d) &#8211; TriestT\u00e4tigkeit und Leistungen: Architekt, Projekt- [&hellip;]<\/p>","protected":false},"author":1,"featured_media":0,"parent":0,"menu_order":0,"comment_status":"closed","ping_status":"closed","template":"","meta":{"ocean_post_layout":"full-screen","ocean_both_sidebars_style":"","ocean_both_sidebars_content_width":0,"ocean_both_sidebars_sidebars_width":0,"ocean_sidebar":"0","ocean_second_sidebar":"0","ocean_disable_margins":"on","ocean_add_body_class":"","ocean_shortcode_before_top_bar":"","ocean_shortcode_after_top_bar":"","ocean_shortcode_before_header":"","ocean_shortcode_after_header":"","ocean_has_shortcode":"","ocean_shortcode_after_title":"","ocean_shortcode_before_footer_widgets":"","ocean_shortcode_after_footer_widgets":"","ocean_shortcode_before_footer_bottom":"","ocean_shortcode_after_footer_bottom":"","ocean_display_top_bar":"default","ocean_display_header":"default","ocean_header_style":"","ocean_center_header_left_menu":"0","ocean_custom_header_template":"0","ocean_custom_logo":0,"ocean_custom_retina_logo":0,"ocean_custom_logo_max_width":0,"ocean_custom_logo_tablet_max_width":0,"ocean_custom_logo_mobile_max_width":0,"ocean_custom_logo_max_height":0,"ocean_custom_logo_tablet_max_height":0,"ocean_custom_logo_mobile_max_height":0,"ocean_header_custom_menu":"0","ocean_menu_typo_font_family":"0","ocean_menu_typo_font_subset":"","ocean_menu_typo_font_size":0,"ocean_menu_typo_font_size_tablet":0,"ocean_menu_typo_font_size_mobile":0,"ocean_menu_typo_font_size_unit":"px","ocean_menu_typo_font_weight":"","ocean_menu_typo_font_weight_tablet":"","ocean_menu_typo_font_weight_mobile":"","ocean_menu_typo_transform":"","ocean_menu_typo_transform_tablet":"","ocean_menu_typo_transform_mobile":"","ocean_menu_typo_line_height":0,"ocean_menu_typo_line_height_tablet":0,"ocean_menu_typo_line_height_mobile":0,"ocean_menu_typo_line_height_unit":"","ocean_menu_typo_spacing":0,"ocean_menu_typo_spacing_tablet":0,"ocean_menu_typo_spacing_mobile":0,"ocean_menu_typo_spacing_unit":"","ocean_menu_link_color":"","ocean_menu_link_color_hover":"","ocean_menu_link_color_active":"","ocean_menu_link_background":"","ocean_menu_link_hover_background":"","ocean_menu_link_active_background":"","ocean_menu_social_links_bg":"","ocean_menu_social_hover_links_bg":"","ocean_menu_social_links_color":"","ocean_menu_social_hover_links_color":"","ocean_disable_title":"on","ocean_disable_heading":"default","ocean_post_title":"","ocean_post_subheading":"","ocean_post_title_style":"","ocean_post_title_background_color":"","ocean_post_title_background":0,"ocean_post_title_bg_image_position":"","ocean_post_title_bg_image_attachment":"","ocean_post_title_bg_image_repeat":"","ocean_post_title_bg_image_size":"","ocean_post_title_height":0,"ocean_post_title_bg_overlay":0.5,"ocean_post_title_bg_overlay_color":"","ocean_disable_breadcrumbs":"off","ocean_breadcrumbs_color":"","ocean_breadcrumbs_separator_color":"","ocean_breadcrumbs_links_color":"","ocean_breadcrumbs_links_hover_color":"","ocean_display_footer_widgets":"off","ocean_display_footer_bottom":"off","ocean_custom_footer_template":"0","footnotes":""},"class_list":["post-963","page","type-page","status-publish","hentry","entry"],"yoast_head":"<!-- This site is optimized with the Yoast SEO plugin v27.5 - https:\/\/yoast.com\/product\/yoast-seo-wordpress\/ -->\n<title>Innenarchitektur - FALeSiA - Claudio Farina Architekt - Fachliche Leistungen und Services in Architektur<\/title>\n<meta name=\"robots\" content=\"index, follow, max-snippet:-1, max-image-preview:large, max-video-preview:-1\" \/>\n<link rel=\"canonical\" href=\"https:\/\/fa-lesia.eu\/it\/innenarchitektur-2\/\" \/>\n<meta property=\"og:locale\" content=\"it_IT\" \/>\n<meta property=\"og:type\" content=\"article\" \/>\n<meta property=\"og:title\" content=\"Innenarchitektur - FALeSiA - Claudio Farina Architekt - Fachliche Leistungen und Services in Architektur\" \/>\n<meta property=\"og:description\" content=\"Innenarchitektur SA&amp;FE Flat Bauvorhaben: Umbau einer Wohnung in einem AltbauBauherr: PrivatJahr: 2008Ort: Triest, ItalienProjekt: C. Farina\u00a0T\u00e4tigkeit und Leistungen: Architekt LPH 1-8 Museo Ugo Car\u00e0 Bauvorhaben: Neugestaltung der Galerien f\u00fcr moderne und zeitgen\u00f6ssische KunstBauherr: Stadt MuggiaJahr: 2006Ort:\u00a0Muggia (Triest), ItalienProjekt:\u00a0Architektengemeinschaft Starassociati (R. Dambrosi, G.P. Bartoli, C. Farina, M. Martinelli, V. Markezi\u010d) &#8211; TriestT\u00e4tigkeit und Leistungen: Architekt, Projekt- [&hellip;]\" \/>\n<meta property=\"og:url\" content=\"https:\/\/fa-lesia.eu\/it\/innenarchitektur-2\/\" \/>\n<meta property=\"og:site_name\" content=\"FALeSiA - Claudio Farina Architekt - Fachliche Leistungen und Services in Architektur\" \/>\n<meta property=\"article:modified_time\" content=\"2022-10-27T12:20:42+00:00\" \/>\n<meta property=\"og:image\" content=\"https:\/\/fa-lesia.eu\/wp-content\/uploads\/p2152152-2-298x300.jpg\" \/>\n<meta name=\"twitter:card\" content=\"summary_large_image\" \/>\n<meta name=\"twitter:site\" content=\"@claudio_fa\" \/>\n<meta name=\"twitter:label1\" content=\"Tempo di lettura stimato\" \/>\n\t<meta name=\"twitter:data1\" content=\"15 minuti\" \/>\n<script type=\"application\/ld+json\" class=\"yoast-schema-graph\">{\"@context\":\"https:\\\/\\\/schema.org\",\"@graph\":[{\"@type\":\"WebPage\",\"@id\":\"https:\\\/\\\/fa-lesia.eu\\\/innenarchitektur-2\\\/\",\"url\":\"https:\\\/\\\/fa-lesia.eu\\\/innenarchitektur-2\\\/\",\"name\":\"Innenarchitektur - FALeSiA - Claudio Farina Architekt - Fachliche Leistungen und Services in Architektur\",\"isPartOf\":{\"@id\":\"https:\\\/\\\/fa-lesia.eu\\\/#website\"},\"primaryImageOfPage\":{\"@id\":\"https:\\\/\\\/fa-lesia.eu\\\/innenarchitektur-2\\\/#primaryimage\"},\"image\":{\"@id\":\"https:\\\/\\\/fa-lesia.eu\\\/innenarchitektur-2\\\/#primaryimage\"},\"thumbnailUrl\":\"https:\\\/\\\/fa-lesia.eu\\\/wp-content\\\/uploads\\\/p2152152-2-298x300.jpg\",\"datePublished\":\"2022-01-07T14:47:54+00:00\",\"dateModified\":\"2022-10-27T12:20:42+00:00\",\"breadcrumb\":{\"@id\":\"https:\\\/\\\/fa-lesia.eu\\\/innenarchitektur-2\\\/#breadcrumb\"},\"inLanguage\":\"it-IT\",\"potentialAction\":[{\"@type\":\"ReadAction\",\"target\":[\"https:\\\/\\\/fa-lesia.eu\\\/innenarchitektur-2\\\/\"]}]},{\"@type\":\"ImageObject\",\"inLanguage\":\"it-IT\",\"@id\":\"https:\\\/\\\/fa-lesia.eu\\\/innenarchitektur-2\\\/#primaryimage\",\"url\":\"https:\\\/\\\/fa-lesia.eu\\\/wp-content\\\/uploads\\\/p2152152-2-298x300.jpg\",\"contentUrl\":\"https:\\\/\\\/fa-lesia.eu\\\/wp-content\\\/uploads\\\/p2152152-2-298x300.jpg\"},{\"@type\":\"BreadcrumbList\",\"@id\":\"https:\\\/\\\/fa-lesia.eu\\\/innenarchitektur-2\\\/#breadcrumb\",\"itemListElement\":[{\"@type\":\"ListItem\",\"position\":1,\"name\":\"Startseite\",\"item\":\"https:\\\/\\\/fa-lesia.eu\\\/\"},{\"@type\":\"ListItem\",\"position\":2,\"name\":\"Innenarchitektur\"}]},{\"@type\":\"WebSite\",\"@id\":\"https:\\\/\\\/fa-lesia.eu\\\/#website\",\"url\":\"https:\\\/\\\/fa-lesia.eu\\\/\",\"name\":\"FALeSiA - Claudio Farina Architekt - Fachliche Leistungen und Services in Architektur\",\"description\":\"Architekt Bayern - Italien. Falesia bietet koordinierte Beratungs- und Planungsleistungen f\u00fcr ein umweltvertr\u00e4gliches Architekturprojekt an.\",\"publisher\":{\"@id\":\"https:\\\/\\\/fa-lesia.eu\\\/#organization\"},\"potentialAction\":[{\"@type\":\"SearchAction\",\"target\":{\"@type\":\"EntryPoint\",\"urlTemplate\":\"https:\\\/\\\/fa-lesia.eu\\\/?s={search_term_string}\"},\"query-input\":{\"@type\":\"PropertyValueSpecification\",\"valueRequired\":true,\"valueName\":\"search_term_string\"}}],\"inLanguage\":\"it-IT\"},{\"@type\":\"Organization\",\"@id\":\"https:\\\/\\\/fa-lesia.eu\\\/#organization\",\"name\":\"Claudio Farina Architekt - FALeSiA\",\"url\":\"https:\\\/\\\/fa-lesia.eu\\\/\",\"logo\":{\"@type\":\"ImageObject\",\"inLanguage\":\"it-IT\",\"@id\":\"https:\\\/\\\/fa-lesia.eu\\\/#\\\/schema\\\/logo\\\/image\\\/\",\"url\":\"https:\\\/\\\/fa-lesia.eu\\\/wp-content\\\/uploads\\\/falesia_new_3.svg\",\"contentUrl\":\"https:\\\/\\\/fa-lesia.eu\\\/wp-content\\\/uploads\\\/falesia_new_3.svg\",\"width\":850,\"height\":850,\"caption\":\"Claudio Farina Architekt - FALeSiA\"},\"image\":{\"@id\":\"https:\\\/\\\/fa-lesia.eu\\\/#\\\/schema\\\/logo\\\/image\\\/\"},\"sameAs\":[\"https:\\\/\\\/x.com\\\/claudio_fa\",\"https:\\\/\\\/www.instagram.com\\\/claudio_fa\\\/\",\"https:\\\/\\\/www.linkedin.com\\\/in\\\/clfarina\\\/\"]}]}<\/script>\n<!-- \/ Yoast SEO plugin. -->","yoast_head_json":{"title":"Innenarchitektur - FALeSiA - Claudio Farina Architekt - Fachliche Leistungen und Services in Architektur","robots":{"index":"index","follow":"follow","max-snippet":"max-snippet:-1","max-image-preview":"max-image-preview:large","max-video-preview":"max-video-preview:-1"},"canonical":"https:\/\/fa-lesia.eu\/it\/innenarchitektur-2\/","og_locale":"it_IT","og_type":"article","og_title":"Innenarchitektur - FALeSiA - Claudio Farina Architekt - Fachliche Leistungen und Services in Architektur","og_description":"Innenarchitektur SA&amp;FE Flat Bauvorhaben: Umbau einer Wohnung in einem AltbauBauherr: PrivatJahr: 2008Ort: Triest, ItalienProjekt: C. Farina\u00a0T\u00e4tigkeit und Leistungen: Architekt LPH 1-8 Museo Ugo Car\u00e0 Bauvorhaben: Neugestaltung der Galerien f\u00fcr moderne und zeitgen\u00f6ssische KunstBauherr: Stadt MuggiaJahr: 2006Ort:\u00a0Muggia (Triest), ItalienProjekt:\u00a0Architektengemeinschaft Starassociati (R. Dambrosi, G.P. Bartoli, C. Farina, M. Martinelli, V. Markezi\u010d) &#8211; TriestT\u00e4tigkeit und Leistungen: Architekt, Projekt- [&hellip;]","og_url":"https:\/\/fa-lesia.eu\/it\/innenarchitektur-2\/","og_site_name":"FALeSiA - Claudio Farina Architekt - Fachliche Leistungen und Services in Architektur","article_modified_time":"2022-10-27T12:20:42+00:00","og_image":[{"url":"https:\/\/fa-lesia.eu\/wp-content\/uploads\/p2152152-2-298x300.jpg","type":"","width":"","height":""}],"twitter_card":"summary_large_image","twitter_site":"@claudio_fa","twitter_misc":{"Tempo di lettura stimato":"15 minuti"},"schema":{"@context":"https:\/\/schema.org","@graph":[{"@type":"WebPage","@id":"https:\/\/fa-lesia.eu\/innenarchitektur-2\/","url":"https:\/\/fa-lesia.eu\/innenarchitektur-2\/","name":"Innenarchitektur - FALeSiA - Claudio Farina Architekt - Fachliche Leistungen und Services in Architektur","isPartOf":{"@id":"https:\/\/fa-lesia.eu\/#website"},"primaryImageOfPage":{"@id":"https:\/\/fa-lesia.eu\/innenarchitektur-2\/#primaryimage"},"image":{"@id":"https:\/\/fa-lesia.eu\/innenarchitektur-2\/#primaryimage"},"thumbnailUrl":"https:\/\/fa-lesia.eu\/wp-content\/uploads\/p2152152-2-298x300.jpg","datePublished":"2022-01-07T14:47:54+00:00","dateModified":"2022-10-27T12:20:42+00:00","breadcrumb":{"@id":"https:\/\/fa-lesia.eu\/innenarchitektur-2\/#breadcrumb"},"inLanguage":"it-IT","potentialAction":[{"@type":"ReadAction","target":["https:\/\/fa-lesia.eu\/innenarchitektur-2\/"]}]},{"@type":"ImageObject","inLanguage":"it-IT","@id":"https:\/\/fa-lesia.eu\/innenarchitektur-2\/#primaryimage","url":"https:\/\/fa-lesia.eu\/wp-content\/uploads\/p2152152-2-298x300.jpg","contentUrl":"https:\/\/fa-lesia.eu\/wp-content\/uploads\/p2152152-2-298x300.jpg"},{"@type":"BreadcrumbList","@id":"https:\/\/fa-lesia.eu\/innenarchitektur-2\/#breadcrumb","itemListElement":[{"@type":"ListItem","position":1,"name":"Startseite","item":"https:\/\/fa-lesia.eu\/"},{"@type":"ListItem","position":2,"name":"Innenarchitektur"}]},{"@type":"WebSite","@id":"https:\/\/fa-lesia.eu\/#website","url":"https:\/\/fa-lesia.eu\/","name":"FALeSiA - Claudio Farina Architekt - Fachliche Leistungen und Services in Architektur","description":"Architekt Bayern - Italien. Falesia bietet koordinierte Beratungs- und Planungsleistungen f\u00fcr ein umweltvertr\u00e4gliches Architekturprojekt an.","publisher":{"@id":"https:\/\/fa-lesia.eu\/#organization"},"potentialAction":[{"@type":"SearchAction","target":{"@type":"EntryPoint","urlTemplate":"https:\/\/fa-lesia.eu\/?s={search_term_string}"},"query-input":{"@type":"PropertyValueSpecification","valueRequired":true,"valueName":"search_term_string"}}],"inLanguage":"it-IT"},{"@type":"Organization","@id":"https:\/\/fa-lesia.eu\/#organization","name":"Claudio Farina Architekt - FALeSiA","url":"https:\/\/fa-lesia.eu\/","logo":{"@type":"ImageObject","inLanguage":"it-IT","@id":"https:\/\/fa-lesia.eu\/#\/schema\/logo\/image\/","url":"https:\/\/fa-lesia.eu\/wp-content\/uploads\/falesia_new_3.svg","contentUrl":"https:\/\/fa-lesia.eu\/wp-content\/uploads\/falesia_new_3.svg","width":850,"height":850,"caption":"Claudio Farina Architekt - FALeSiA"},"image":{"@id":"https:\/\/fa-lesia.eu\/#\/schema\/logo\/image\/"},"sameAs":["https:\/\/x.com\/claudio_fa","https:\/\/www.instagram.com\/claudio_fa\/","https:\/\/www.linkedin.com\/in\/clfarina\/"]}]}},"_links":{"self":[{"href":"https:\/\/fa-lesia.eu\/it\/wp-json\/wp\/v2\/pages\/963","targetHints":{"allow":["GET"]}}],"collection":[{"href":"https:\/\/fa-lesia.eu\/it\/wp-json\/wp\/v2\/pages"}],"about":[{"href":"https:\/\/fa-lesia.eu\/it\/wp-json\/wp\/v2\/types\/page"}],"author":[{"embeddable":true,"href":"https:\/\/fa-lesia.eu\/it\/wp-json\/wp\/v2\/users\/1"}],"replies":[{"embeddable":true,"href":"https:\/\/fa-lesia.eu\/it\/wp-json\/wp\/v2\/comments?post=963"}],"version-history":[{"count":175,"href":"https:\/\/fa-lesia.eu\/it\/wp-json\/wp\/v2\/pages\/963\/revisions"}],"predecessor-version":[{"id":6632,"href":"https:\/\/fa-lesia.eu\/it\/wp-json\/wp\/v2\/pages\/963\/revisions\/6632"}],"wp:attachment":[{"href":"https:\/\/fa-lesia.eu\/it\/wp-json\/wp\/v2\/media?parent=963"}],"curies":[{"name":"wp","href":"https:\/\/api.w.org\/{rel}","templated":true}]}}