{"id":854,"date":"2022-01-03T15:09:54","date_gmt":"2022-01-03T14:09:54","guid":{"rendered":"https:\/\/fa-lesia.eu\/?page_id=854"},"modified":"2024-11-05T12:08:42","modified_gmt":"2024-11-05T11:08:42","slug":"events","status":"publish","type":"page","link":"https:\/\/fa-lesia.eu\/it\/events\/","title":{"rendered":"Eventi"},"content":{"rendered":"<div data-elementor-type=\"wp-page\" data-elementor-id=\"854\" class=\"elementor elementor-854\" data-elementor-post-type=\"page\">\n\t\t\t\t\t\t<section class=\"elementor-section elementor-top-section elementor-element elementor-element-70d4525c elementor-section-boxed elementor-section-height-default elementor-section-height-default\" data-id=\"70d4525c\" data-element_type=\"section\">\n\t\t\t\t\t\t<div class=\"elementor-container elementor-column-gap-default\">\n\t\t\t\t\t<div class=\"elementor-column elementor-col-50 elementor-top-column elementor-element elementor-element-4631b458\" data-id=\"4631b458\" data-element_type=\"column\">\n\t\t\t<div class=\"elementor-widget-wrap elementor-element-populated\">\n\t\t\t\t\t\t<div class=\"elementor-element elementor-element-2bc7aca1 elementor-button-info elementor-widget elementor-widget-button\" data-id=\"2bc7aca1\" data-element_type=\"widget\" data-widget_type=\"button.default\">\n\t\t\t\t<div class=\"elementor-widget-container\">\n\t\t\t\t\t\t\t\t\t<div class=\"elementor-button-wrapper\">\n\t\t\t\t\t<a class=\"elementor-button elementor-button-link elementor-size-xs\" href=\"https:\/\/fa-lesia.eu\/fachliche-planungsleistungen-in-architektur\/\" id=\"Back\">\n\t\t\t\t\t\t<span class=\"elementor-button-content-wrapper\">\n\t\t\t\t\t\t<span class=\"elementor-button-icon\">\n\t\t\t\t<svg xmlns=\"http:\/\/www.w3.org\/2000\/svg\" aria-hidden=\"true\" data-prefix=\"far\" data-icon=\"arrow-alt-circle-left\" class=\"svg-inline--fa fa-arrow-alt-circle-left fa-w-16\" viewbox=\"0 0 512 512\"><path fill=\"currentColor\" d=\"M8 256c0 137 111 248 248 248s248-111 248-248S393 8 256 8 8 119 8 256zm448 0c0 110.5-89.5 200-200 200S56 366.5 56 256 145.5 56 256 56s200 89.5 200 200zm-72-20v40c0 6.6-5.4 12-12 12H256v67c0 10.7-12.9 16-20.5 8.5l-99-99c-4.7-4.7-4.7-12.3 0-17l99-99c7.6-7.6 20.5-2.2 20.5 8.5v67h116c6.6 0 12 5.4 12 12z\"><\/path><\/svg>\t\t\t<\/span>\n\t\t\t\t\t\t\t\t<\/span>\n\t\t\t\t\t<\/a>\n\t\t\t\t<\/div>\n\t\t\t\t\t\t\t\t<\/div>\n\t\t\t\t<\/div>\n\t\t\t\t\t<\/div>\n\t\t<\/div>\n\t\t\t\t<div class=\"elementor-column elementor-col-50 elementor-top-column elementor-element elementor-element-23933b92\" data-id=\"23933b92\" data-element_type=\"column\">\n\t\t\t<div class=\"elementor-widget-wrap elementor-element-populated\">\n\t\t\t\t\t\t<div class=\"elementor-element elementor-element-2b9bc45e elementor-widget elementor-widget-heading\" data-id=\"2b9bc45e\" data-element_type=\"widget\" data-widget_type=\"heading.default\">\n\t\t\t\t<div class=\"elementor-widget-container\">\n\t\t\t\t\t<h1 class=\"elementor-heading-title elementor-size-xl\">Eventi<\/h1>\t\t\t\t<\/div>\n\t\t\t\t<\/div>\n\t\t\t\t\t<\/div>\n\t\t<\/div>\n\t\t\t\t\t<\/div>\n\t\t<\/section>\n\t\t\t\t<section class=\"elementor-section elementor-top-section elementor-element elementor-element-1dfff520 elementor-section-boxed elementor-section-height-default elementor-section-height-default\" data-id=\"1dfff520\" data-element_type=\"section\" data-settings=\"{&quot;background_background&quot;:&quot;classic&quot;}\">\n\t\t\t\t\t\t<div class=\"elementor-container elementor-column-gap-default\">\n\t\t\t\t\t<div class=\"elementor-column elementor-col-50 elementor-top-column elementor-element elementor-element-560dc800\" data-id=\"560dc800\" data-element_type=\"column\">\n\t\t\t<div class=\"elementor-widget-wrap elementor-element-populated\">\n\t\t\t\t\t\t<div class=\"elementor-element elementor-element-4d466d1c elementor-nav-menu__text-align-aside elementor-widget elementor-widget-nav-menu\" data-id=\"4d466d1c\" data-element_type=\"widget\" data-settings=\"{&quot;layout&quot;:&quot;dropdown&quot;,&quot;submenu_icon&quot;:{&quot;value&quot;:&quot;&lt;i class=\\&quot;\\&quot; aria-hidden=\\&quot;true\\&quot;&gt;&lt;\\\/i&gt;&quot;,&quot;library&quot;:&quot;&quot;}}\" data-widget_type=\"nav-menu.default\">\n\t\t\t\t<div class=\"elementor-widget-container\">\n\t\t\t\t\t\t\t\t<nav class=\"elementor-nav-menu--dropdown elementor-nav-menu__container\" aria-hidden=\"true\">\n\t\t\t\t<ul id=\"menu-2-4d466d1c\" class=\"elementor-nav-menu\"><li class=\"menu-item menu-item-type-custom menu-item-object-custom menu-item-3987\"><a href=\"#\" class=\"elementor-item elementor-item-anchor\" tabindex=\"-1\">Situazioni<\/a><\/li>\n<li class=\"menu-item menu-item-type-post_type menu-item-object-page menu-item-3984\"><a href=\"https:\/\/fa-lesia.eu\/it\/innenarchitektur-2\/\" class=\"elementor-item\" tabindex=\"-1\">Architettura di interni<\/a><\/li>\n<li class=\"menu-item menu-item-type-post_type menu-item-object-page menu-item-3985\"><a href=\"https:\/\/fa-lesia.eu\/it\/workshops\/\" class=\"elementor-item\" tabindex=\"-1\">Workshops<\/a><\/li>\n<li class=\"menu-item menu-item-type-post_type menu-item-object-page menu-item-3986\"><a href=\"https:\/\/fa-lesia.eu\/it\/events\/\" class=\"elementor-item\" tabindex=\"-1\">Eventi<\/a><\/li>\n<\/ul>\t\t\t<\/nav>\n\t\t\t\t\t\t<\/div>\n\t\t\t\t<\/div>\n\t\t\t\t\t<\/div>\n\t\t<\/div>\n\t\t\t\t<div class=\"elementor-column elementor-col-50 elementor-top-column elementor-element elementor-element-1500f9c9\" data-id=\"1500f9c9\" data-element_type=\"column\">\n\t\t\t<div class=\"elementor-widget-wrap elementor-element-populated\">\n\t\t\t\t\t\t<section class=\"elementor-section elementor-inner-section elementor-element elementor-element-46cc700 elementor-section-boxed elementor-section-height-default elementor-section-height-default\" data-id=\"46cc700\" data-element_type=\"section\">\n\t\t\t\t\t\t<div class=\"elementor-container elementor-column-gap-default\">\n\t\t\t\t\t<div class=\"elementor-column elementor-col-50 elementor-inner-column elementor-element elementor-element-8fe18d9\" data-id=\"8fe18d9\" data-element_type=\"column\">\n\t\t\t<div class=\"elementor-widget-wrap elementor-element-populated\">\n\t\t\t\t\t\t<div class=\"elementor-element elementor-element-98960ea elementor-pagination-position-outside elementor-widget elementor-widget-image-carousel\" data-id=\"98960ea\" data-element_type=\"widget\" data-settings=\"{&quot;slides_to_show&quot;:&quot;1&quot;,&quot;autoplay&quot;:&quot;no&quot;,&quot;navigation&quot;:&quot;dots&quot;,&quot;infinite&quot;:&quot;yes&quot;,&quot;effect&quot;:&quot;slide&quot;,&quot;speed&quot;:500}\" data-widget_type=\"image-carousel.default\">\n\t\t\t\t<div class=\"elementor-widget-container\">\n\t\t\t\t\t\t\t<div class=\"elementor-image-carousel-wrapper swiper\" role=\"region\" aria-roledescription=\"carousel\" aria-label=\"Bild Karussell\" dir=\"ltr\">\n\t\t\t<div class=\"elementor-image-carousel swiper-wrapper\" aria-live=\"polite\">\n\t\t\t\t\t\t\t\t<div class=\"swiper-slide\" role=\"group\" aria-roledescription=\"slide\" aria-label=\"1 von 4\"><a data-elementor-open-lightbox=\"yes\" data-elementor-lightbox-slideshow=\"98960ea\" data-elementor-lightbox-title=\"Flyer mit Wegbeschreibung\" data-elementor-lightbox-description=\"Historische Route, zeitgen\u00f6ssische Route, Verkostung-Route, DIY-Route\" data-e-action-hash=\"#elementor-action%3Aaction%3Dlightbox%26settings%3DeyJpZCI6Mjk3NSwidXJsIjoiaHR0cHM6XC9cL2ZhLWxlc2lhLmV1XC93cC1jb250ZW50XC91cGxvYWRzXC9NQVBQQXRyaWVzdGUtMS5wbmciLCJzbGlkZXNob3ciOiI5ODk2MGVhIn0%3D\" href=\"https:\/\/fa-lesia.eu\/wp-content\/uploads\/MAPPAtrieste-1.png\"><figure class=\"swiper-slide-inner\"><img decoding=\"async\" class=\"swiper-slide-image\" src=\"https:\/\/fa-lesia.eu\/wp-content\/uploads\/MAPPAtrieste-1-300x212.png\" alt=\"Workshop und Umsetzung eines Prototyps f\u00fcr ein verbreitetes interaktives multimediales Museum des Kaffees sogenannte Museo Espresso in Triest. Flyer mit Beschreibung der Routen: historische Route, zeitgen\u00f6ssische Route, Verkostung-Route, DIY-Route\" \/><\/figure><\/a><\/div><div class=\"swiper-slide\" role=\"group\" aria-roledescription=\"slide\" aria-label=\"2 von 4\"><a data-elementor-open-lightbox=\"yes\" data-elementor-lightbox-slideshow=\"98960ea\" data-elementor-lightbox-title=\"Bericht \u00fcber den Workshop\" data-e-action-hash=\"#elementor-action%3Aaction%3Dlightbox%26settings%3DeyJpZCI6Mjk3NiwidXJsIjoiaHR0cHM6XC9cL2ZhLWxlc2lhLmV1XC93cC1jb250ZW50XC91cGxvYWRzXC9jYzQ4X3dvcmtzaG9wX3JldjItcGFnaW5hLVNlYzEtMS5qcGciLCJzbGlkZXNob3ciOiI5ODk2MGVhIn0%3D\" href=\"https:\/\/fa-lesia.eu\/wp-content\/uploads\/cc48_workshop_rev2-pagina-Sec1-1.jpg\"><figure class=\"swiper-slide-inner\"><img decoding=\"async\" class=\"swiper-slide-image\" src=\"https:\/\/fa-lesia.eu\/wp-content\/uploads\/cc48_workshop_rev2-pagina-Sec1-1-300x194.jpg\" alt=\"Workshop und Umsetzung eines Prototyps f\u00fcr ein verbreitetes interaktives multimediales Museum des Kaffees sogenannte Museo Espresso in Triest. Der Bericht \u00fcber den Workshop mit Beschreibung des Inhaltes und der Teilnehmer 1\" \/><\/figure><\/a><\/div><div class=\"swiper-slide\" role=\"group\" aria-roledescription=\"slide\" aria-label=\"3 von 4\"><a data-elementor-open-lightbox=\"yes\" data-elementor-lightbox-slideshow=\"98960ea\" data-elementor-lightbox-title=\"Bericht \u00fcber den Workshop\" data-e-action-hash=\"#elementor-action%3Aaction%3Dlightbox%26settings%3DeyJpZCI6Mjk3NywidXJsIjoiaHR0cHM6XC9cL2ZhLWxlc2lhLmV1XC93cC1jb250ZW50XC91cGxvYWRzXC9jYzQ4X3dvcmtzaG9wX3JldjItcGFnaW5hLVNlYzEtMy5qcGciLCJzbGlkZXNob3ciOiI5ODk2MGVhIn0%3D\" href=\"https:\/\/fa-lesia.eu\/wp-content\/uploads\/cc48_workshop_rev2-pagina-Sec1-3.jpg\"><figure class=\"swiper-slide-inner\"><img decoding=\"async\" class=\"swiper-slide-image\" src=\"https:\/\/fa-lesia.eu\/wp-content\/uploads\/cc48_workshop_rev2-pagina-Sec1-3-300x194.jpg\" alt=\"Workshop und Umsetzung eines Prototyps f\u00fcr ein verbreitetes interaktives multimediales Museum des Kaffees sogenannte Museo Espresso in Triest. Der Bericht \u00fcber den Workshop mit Beschreibung des Inhaltes und der Teilnehmer 2\" \/><\/figure><\/a><\/div><div class=\"swiper-slide\" role=\"group\" aria-roledescription=\"slide\" aria-label=\"4 von 4\"><a data-elementor-open-lightbox=\"yes\" data-elementor-lightbox-slideshow=\"98960ea\" data-elementor-lightbox-title=\"Point of Interest mit interaktiven Inhalten\" data-e-action-hash=\"#elementor-action%3Aaction%3Dlightbox%26settings%3DeyJpZCI6Mjk3OCwidXJsIjoiaHR0cHM6XC9cL2ZhLWxlc2lhLmV1XC93cC1jb250ZW50XC91cGxvYWRzXC9kaXNwbGF5MC5wbmciLCJzbGlkZXNob3ciOiI5ODk2MGVhIn0%3D\" href=\"https:\/\/fa-lesia.eu\/wp-content\/uploads\/display0.png\"><figure class=\"swiper-slide-inner\"><img decoding=\"async\" class=\"swiper-slide-image\" src=\"https:\/\/fa-lesia.eu\/wp-content\/uploads\/display0-300x200.png\" alt=\"Workshop und Umsetzung eines Prototyps f\u00fcr ein verbreitetes interaktives multimediales Museum des Kaffees sogenannte Museo Espresso in Triest. Darstellung eines POI - Ort von Interesse mit interaktiven Inhalte\" \/><\/figure><\/a><\/div>\t\t\t<\/div>\n\t\t\t\t\t\t\t\n\t\t\t\t\t\t\t\t\t<div class=\"swiper-pagination\"><\/div>\n\t\t\t\t\t\t\t\t\t<\/div>\n\t\t\t\t\t\t<\/div>\n\t\t\t\t<\/div>\n\t\t\t\t<div class=\"elementor-element elementor-element-e281507 elementor-hidden-desktop elementor-hidden-tablet elementor-widget elementor-widget-button\" data-id=\"e281507\" data-element_type=\"widget\" data-widget_type=\"button.default\">\n\t\t\t\t<div class=\"elementor-widget-container\">\n\t\t\t\t\t\t\t\t\t<div class=\"elementor-button-wrapper\">\n\t\t\t\t\t<a class=\"elementor-button elementor-button-link elementor-size-xs\" href=\"https:\/\/www.youtube.com\/watch?v=pK5MM9d0EPY\">\n\t\t\t\t\t\t<span class=\"elementor-button-content-wrapper\">\n\t\t\t\t\t\t<span class=\"elementor-button-icon\">\n\t\t\t\t<i aria-hidden=\"true\" class=\"far fa-arrow-alt-circle-right\"><\/i>\t\t\t<\/span>\n\t\t\t\t\t\t\t\t<\/span>\n\t\t\t\t\t<\/a>\n\t\t\t\t<\/div>\n\t\t\t\t\t\t\t\t<\/div>\n\t\t\t\t<\/div>\n\t\t\t\t\t<\/div>\n\t\t<\/div>\n\t\t\t\t<div class=\"elementor-column elementor-col-50 elementor-inner-column elementor-element elementor-element-78a204d\" data-id=\"78a204d\" data-element_type=\"column\">\n\t\t\t<div class=\"elementor-widget-wrap elementor-element-populated\">\n\t\t\t\t\t\t<div class=\"elementor-element elementor-element-776b3f2 elementor-widget elementor-widget-text-editor\" data-id=\"776b3f2\" data-element_type=\"widget\" data-widget_type=\"text-editor.default\">\n\t\t\t\t<div class=\"elementor-widget-container\">\n\t\t\t\t\t\t\t\t\t<h1><b>Museo Espresso<\/b><\/h1><h2 class=\" translation-block\"><b>Oggetto<\/b>: Workshop e realizzazione di un prototipo per un museo del caff\u00e8 multimediale interattivo diffuso<br><b>Ente banditore:<\/b> Trieste Coffee Cluster<br><b>Organizzazione:<\/b>\u00a0Interaction Design Lab (Milano)<br><b>Partner:<\/b>\u00a0 Istituto Culturale per l'Economia Marittima, Coffee Colours, NABA<br><b>Anno:<\/b> 2010<br><b>Localit\u00e0:<\/b> Trieste, Italia<br><b>Team di progetto:<\/b> I. Bojte, E. Bonini, G. Carbone, L. Guarnieri, A. Luglio, W. Raffredi, M. Sangalli, E. Zorzi (Designers NABA ) F. Abbiati, M. Aquila, C. Farina, G. Lupi, C Matranga, S. Mirti, D. Pellicani (Interaction Design Lab)<\/h2>\t\t\t\t\t\t\t\t<\/div>\n\t\t\t\t<\/div>\n\t\t\t\t\t<\/div>\n\t\t<\/div>\n\t\t\t\t\t<\/div>\n\t\t<\/section>\n\t\t\t\t<section class=\"elementor-section elementor-inner-section elementor-element elementor-element-d2602a8 elementor-section-boxed elementor-section-height-default elementor-section-height-default\" data-id=\"d2602a8\" data-element_type=\"section\">\n\t\t\t\t\t\t<div class=\"elementor-container elementor-column-gap-default\">\n\t\t\t\t\t<div class=\"elementor-column elementor-col-50 elementor-inner-column elementor-element elementor-element-6374a22\" data-id=\"6374a22\" data-element_type=\"column\">\n\t\t\t<div class=\"elementor-widget-wrap elementor-element-populated\">\n\t\t\t\t\t\t<div class=\"elementor-element elementor-element-9738b04 elementor-pagination-position-outside elementor-widget elementor-widget-image-carousel\" data-id=\"9738b04\" data-element_type=\"widget\" data-settings=\"{&quot;slides_to_show&quot;:&quot;1&quot;,&quot;autoplay&quot;:&quot;no&quot;,&quot;navigation&quot;:&quot;dots&quot;,&quot;infinite&quot;:&quot;yes&quot;,&quot;effect&quot;:&quot;slide&quot;,&quot;speed&quot;:500}\" data-widget_type=\"image-carousel.default\">\n\t\t\t\t<div class=\"elementor-widget-container\">\n\t\t\t\t\t\t\t<div class=\"elementor-image-carousel-wrapper swiper\" role=\"region\" aria-roledescription=\"carousel\" aria-label=\"Bild Karussell\" dir=\"ltr\">\n\t\t\t<div class=\"elementor-image-carousel swiper-wrapper\" aria-live=\"polite\">\n\t\t\t\t\t\t\t\t<div class=\"swiper-slide\" role=\"group\" aria-roledescription=\"slide\" aria-label=\"1 von 7\"><a data-elementor-open-lightbox=\"yes\" data-elementor-lightbox-slideshow=\"9738b04\" data-elementor-lightbox-title=\"Die Ausstattung nach der Montage\" data-e-action-hash=\"#elementor-action%3Aaction%3Dlightbox%26settings%3DeyJpZCI6NDc3NSwidXJsIjoiaHR0cHM6XC9cL2ZhLWxlc2lhLmV1XC93cC1jb250ZW50XC91cGxvYWRzXC9SMTA0NTA4MS5qcGVnLnNjYWxlZC4xMDAwXzIuanBnIiwic2xpZGVzaG93IjoiOTczOGIwNCJ9\" href=\"https:\/\/fa-lesia.eu\/wp-content\/uploads\/R1045081.jpeg.scaled.1000_2.jpg\"><figure class=\"swiper-slide-inner\"><img decoding=\"async\" class=\"swiper-slide-image\" src=\"https:\/\/fa-lesia.eu\/wp-content\/uploads\/R1045081.jpeg.scaled.1000_2-300x225.jpg\" alt=\"Ausstellungskonzept und Umsetzung eines Festivals der Architektur in Triest: acht Ausstellungen auf zwei Ausstellungsfl\u00e4chen, Symposien mit internationalen Architekten, Workshops und Werkst\u00e4tte, offene Studios. Foto der Ausstattung nach der Montage\" \/><\/figure><\/a><\/div><div class=\"swiper-slide\" role=\"group\" aria-roledescription=\"slide\" aria-label=\"2 von 7\"><a data-elementor-open-lightbox=\"yes\" data-elementor-lightbox-slideshow=\"9738b04\" data-elementor-lightbox-title=\"Ausstellungsplan der Designstudierenden der NABA\" data-e-action-hash=\"#elementor-action%3Aaction%3Dlightbox%26settings%3DeyJpZCI6Mjk4OSwidXJsIjoiaHR0cHM6XC9cL2ZhLWxlc2lhLmV1XC93cC1jb250ZW50XC91cGxvYWRzXC9kd2dwaWFudGEtTW9kZWwtMS0xLnBuZyIsInNsaWRlc2hvdyI6Ijk3MzhiMDQifQ%3D%3D\" href=\"https:\/\/fa-lesia.eu\/wp-content\/uploads\/dwgpianta-Model-1-1.png\"><figure class=\"swiper-slide-inner\"><img decoding=\"async\" class=\"swiper-slide-image\" src=\"https:\/\/fa-lesia.eu\/wp-content\/uploads\/dwgpianta-Model-1-1-300x200.png\" alt=\"Ausstellungskonzept und Umsetzung eines Festivals der Architektur in Triest: acht Ausstellungen auf zwei Ausstellungsfl\u00e4chen, Symposien mit internationalen Architekten, Workshops und Werkst\u00e4tte, offene Studios. Ausstellungsplan\" \/><\/figure><\/a><\/div><div class=\"swiper-slide\" role=\"group\" aria-roledescription=\"slide\" aria-label=\"3 von 7\"><a data-elementor-open-lightbox=\"yes\" data-elementor-lightbox-slideshow=\"9738b04\" data-elementor-lightbox-title=\"Werbungsplakat des Festivals\" data-e-action-hash=\"#elementor-action%3Aaction%3Dlightbox%26settings%3DeyJpZCI6Mjk5MCwidXJsIjoiaHR0cHM6XC9cL2ZhLWxlc2lhLmV1XC93cC1jb250ZW50XC91cGxvYWRzXC9JTUdfMjY0MS5qcGciLCJzbGlkZXNob3ciOiI5NzM4YjA0In0%3D\" href=\"https:\/\/fa-lesia.eu\/wp-content\/uploads\/IMG_2641.jpg\"><figure class=\"swiper-slide-inner\"><img decoding=\"async\" class=\"swiper-slide-image\" src=\"https:\/\/fa-lesia.eu\/wp-content\/uploads\/IMG_2641-238x300.jpg\" alt=\"Ausstellungskonzept und Umsetzung eines Festivals der Architektur in Triest: acht Ausstellungen auf zwei Ausstellungsfl\u00e4chen, Symposien mit internationalen Architekten, Workshops und Werkst\u00e4tte, offene Studios. Das Werbungsplakat\" \/><\/figure><\/a><\/div><div class=\"swiper-slide\" role=\"group\" aria-roledescription=\"slide\" aria-label=\"4 von 7\"><a data-elementor-open-lightbox=\"yes\" data-elementor-lightbox-slideshow=\"9738b04\" data-elementor-lightbox-title=\"Montage der Ausstellungen\" data-e-action-hash=\"#elementor-action%3Aaction%3Dlightbox%26settings%3DeyJpZCI6Mjk4NywidXJsIjoiaHR0cHM6XC9cL2ZhLWxlc2lhLmV1XC93cC1jb250ZW50XC91cGxvYWRzXC8yMV8wN18yMDEwLTEuanBnIiwic2xpZGVzaG93IjoiOTczOGIwNCJ9\" href=\"https:\/\/fa-lesia.eu\/wp-content\/uploads\/21_07_2010-1.jpg\"><figure class=\"swiper-slide-inner\"><img decoding=\"async\" class=\"swiper-slide-image\" src=\"https:\/\/fa-lesia.eu\/wp-content\/uploads\/21_07_2010-1-300x225.jpg\" alt=\"Ausstellungskonzept und Umsetzung eines Festivals der Architektur in Triest: acht Ausstellungen auf zwei Ausstellungsfl\u00e4chen, Symposien mit internationalen Architekten, Workshops und Werkst\u00e4tte, offene Studios. Foto der Montage der Ausstellungen\" \/><\/figure><\/a><\/div><div class=\"swiper-slide\" role=\"group\" aria-roledescription=\"slide\" aria-label=\"5 von 7\"><a data-elementor-open-lightbox=\"yes\" data-elementor-lightbox-slideshow=\"9738b04\" data-elementor-lightbox-title=\"Die Ausstattung nach der Montage\" data-e-action-hash=\"#elementor-action%3Aaction%3Dlightbox%26settings%3DeyJpZCI6Mjk5MiwidXJsIjoiaHR0cHM6XC9cL2ZhLWxlc2lhLmV1XC93cC1jb250ZW50XC91cGxvYWRzXC9SMTA0NTA3NS5qcGVnLnNjYWxlZC4xMDAwLmpwZyIsInNsaWRlc2hvdyI6Ijk3MzhiMDQifQ%3D%3D\" href=\"https:\/\/fa-lesia.eu\/wp-content\/uploads\/R1045075.jpeg.scaled.1000.jpg\"><figure class=\"swiper-slide-inner\"><img decoding=\"async\" class=\"swiper-slide-image\" src=\"https:\/\/fa-lesia.eu\/wp-content\/uploads\/R1045075.jpeg.scaled.1000-300x225.jpg\" alt=\"Ausstellungskonzept und Umsetzung eines Festivals der Architektur in Triest: acht Ausstellungen auf zwei Ausstellungsfl\u00e4chen, Symposien mit internationalen Architekten, Workshops und Werkst\u00e4tte, offene Studios. Foto der Ausstattung nach der Montage\" \/><\/figure><\/a><\/div><div class=\"swiper-slide\" role=\"group\" aria-roledescription=\"slide\" aria-label=\"6 von 7\"><a data-elementor-open-lightbox=\"yes\" data-elementor-lightbox-slideshow=\"9738b04\" data-elementor-lightbox-title=\"Tag der Vernissage\" data-e-action-hash=\"#elementor-action%3Aaction%3Dlightbox%26settings%3DeyJpZCI6Mjk5NSwidXJsIjoiaHR0cHM6XC9cL2ZhLWxlc2lhLmV1XC93cC1jb250ZW50XC91cGxvYWRzXC9SMTA0NTA5OC5qcGVnLnNjYWxlZC4xMDAwLmpwZyIsInNsaWRlc2hvdyI6Ijk3MzhiMDQifQ%3D%3D\" href=\"https:\/\/fa-lesia.eu\/wp-content\/uploads\/R1045098.jpeg.scaled.1000.jpg\"><figure class=\"swiper-slide-inner\"><img decoding=\"async\" class=\"swiper-slide-image\" src=\"https:\/\/fa-lesia.eu\/wp-content\/uploads\/R1045098.jpeg.scaled.1000-300x225.jpg\" alt=\"Ausstellungskonzept und Umsetzung eines Festivals der Architektur in Triest: acht Ausstellungen auf zwei Ausstellungsfl\u00e4chen, Symposien mit internationalen Architekten, Workshops und Werkst\u00e4tte, offene Studios. Foto der Vernissage\" \/><\/figure><\/a><\/div><div class=\"swiper-slide\" role=\"group\" aria-roledescription=\"slide\" aria-label=\"7 von 7\"><a data-elementor-open-lightbox=\"yes\" data-elementor-lightbox-slideshow=\"9738b04\" data-elementor-lightbox-title=\"Tag der Vernissage\" data-e-action-hash=\"#elementor-action%3Aaction%3Dlightbox%26settings%3DeyJpZCI6Mjk5NCwidXJsIjoiaHR0cHM6XC9cL2ZhLWxlc2lhLmV1XC93cC1jb250ZW50XC91cGxvYWRzXC9SMTA0NTA5My5qcGVnLnNjYWxlZC4xMDAwLmpwZyIsInNsaWRlc2hvdyI6Ijk3MzhiMDQifQ%3D%3D\" href=\"https:\/\/fa-lesia.eu\/wp-content\/uploads\/R1045093.jpeg.scaled.1000.jpg\"><figure class=\"swiper-slide-inner\"><img decoding=\"async\" class=\"swiper-slide-image\" src=\"https:\/\/fa-lesia.eu\/wp-content\/uploads\/R1045093.jpeg.scaled.1000-300x225.jpg\" alt=\"Ausstellungskonzept und Umsetzung eines Festivals der Architektur in Triest: acht Ausstellungen auf zwei Ausstellungsfl\u00e4chen, Symposien mit internationalen Architekten, Workshops und Werkst\u00e4tte, offene Studios. Foto der Vernissage\" \/><\/figure><\/a><\/div>\t\t\t<\/div>\n\t\t\t\t\t\t\t\n\t\t\t\t\t\t\t\t\t<div class=\"swiper-pagination\"><\/div>\n\t\t\t\t\t\t\t\t\t<\/div>\n\t\t\t\t\t\t<\/div>\n\t\t\t\t<\/div>\n\t\t\t\t<div class=\"elementor-element elementor-element-3f8c926 elementor-hidden-desktop elementor-hidden-tablet elementor-widget elementor-widget-button\" data-id=\"3f8c926\" data-element_type=\"widget\" data-widget_type=\"button.default\">\n\t\t\t\t<div class=\"elementor-widget-container\">\n\t\t\t\t\t\t\t\t\t<div class=\"elementor-button-wrapper\">\n\t\t\t\t\t<a class=\"elementor-button elementor-button-link elementor-size-xs\" href=\"https:\/\/www.archiportale.com\/news\/2010\/07\/eventi\/trieste-si-prepara-ad-accogliere-piazza-dell-architettura_19547_32.html\">\n\t\t\t\t\t\t<span class=\"elementor-button-content-wrapper\">\n\t\t\t\t\t\t<span class=\"elementor-button-icon\">\n\t\t\t\t<i aria-hidden=\"true\" class=\"far fa-arrow-alt-circle-right\"><\/i>\t\t\t<\/span>\n\t\t\t\t\t\t\t\t<\/span>\n\t\t\t\t\t<\/a>\n\t\t\t\t<\/div>\n\t\t\t\t\t\t\t\t<\/div>\n\t\t\t\t<\/div>\n\t\t\t\t\t<\/div>\n\t\t<\/div>\n\t\t\t\t<div class=\"elementor-column elementor-col-50 elementor-inner-column elementor-element elementor-element-9b5b3cd\" data-id=\"9b5b3cd\" data-element_type=\"column\">\n\t\t\t<div class=\"elementor-widget-wrap elementor-element-populated\">\n\t\t\t\t\t\t<div class=\"elementor-element elementor-element-bd6015f elementor-widget elementor-widget-text-editor\" data-id=\"bd6015f\" data-element_type=\"widget\" data-widget_type=\"text-editor.default\">\n\t\t\t\t<div class=\"elementor-widget-container\">\n\t\t\t\t\t\t\t\t\t<h1><strong>Piazza dell&#8217;Architettura\u00a0<\/strong><\/h1><h2 class=\" translation-block\"><strong>Oggetto:<\/strong> Ideazione e realizzazione di un festival di architettura.<br>Otto mostre su due aree espositive, simposi con architetti internazionali, workshop e laboratori, studi aperti<br><strong>Organizzatore:<\/strong> Ordine degli Architetti, Assessorato alla Cultura della Citt\u00e0 di Trieste<br><strong>Anno:<\/strong> 2010<br><strong>Localit\u00e0:<\/strong> Trieste, Italia<br><strong>Concetto e organizzazione:<\/strong> Ordine degli Architetti di Trieste,  A. Dapretto, C. Farina, P. Ongaro.<br><strong>Progettazione e realizzazione allestimenti:<\/strong> Studenti della NABA Design School (Milano), studenti della Scuola Edile Edilmaster (Trieste) .<br><strong>Responsabili workshop:<\/strong> C. Farina, S. Mirti<\/h2>\t\t\t\t\t\t\t\t<\/div>\n\t\t\t\t<\/div>\n\t\t\t\t\t<\/div>\n\t\t<\/div>\n\t\t\t\t\t<\/div>\n\t\t<\/section>\n\t\t\t\t<section class=\"elementor-section elementor-inner-section elementor-element elementor-element-9a939ea elementor-section-boxed elementor-section-height-default elementor-section-height-default\" data-id=\"9a939ea\" data-element_type=\"section\">\n\t\t\t\t\t\t<div class=\"elementor-container elementor-column-gap-default\">\n\t\t\t\t\t<div class=\"elementor-column elementor-col-50 elementor-inner-column elementor-element elementor-element-605e691\" data-id=\"605e691\" data-element_type=\"column\">\n\t\t\t<div class=\"elementor-widget-wrap elementor-element-populated\">\n\t\t\t\t\t\t<div class=\"elementor-element elementor-element-99cce4c elementor-pagination-position-outside elementor-widget elementor-widget-image-carousel\" data-id=\"99cce4c\" data-element_type=\"widget\" data-settings=\"{&quot;slides_to_show&quot;:&quot;1&quot;,&quot;autoplay&quot;:&quot;no&quot;,&quot;navigation&quot;:&quot;dots&quot;,&quot;infinite&quot;:&quot;yes&quot;,&quot;effect&quot;:&quot;slide&quot;,&quot;speed&quot;:500}\" data-widget_type=\"image-carousel.default\">\n\t\t\t\t<div class=\"elementor-widget-container\">\n\t\t\t\t\t\t\t<div class=\"elementor-image-carousel-wrapper swiper\" role=\"region\" aria-roledescription=\"carousel\" aria-label=\"Bild Karussell\" dir=\"ltr\">\n\t\t\t<div class=\"elementor-image-carousel swiper-wrapper\" aria-live=\"polite\">\n\t\t\t\t\t\t\t\t<div class=\"swiper-slide\" role=\"group\" aria-roledescription=\"slide\" aria-label=\"1 von 2\"><a data-elementor-open-lightbox=\"yes\" data-elementor-lightbox-slideshow=\"99cce4c\" data-elementor-lightbox-title=\"Baukastensystem des Hauses der Zukunft\" data-elementor-lightbox-description=\"Hausanbau mit Hydrolultur \" data-e-action-hash=\"#elementor-action%3Aaction%3Dlightbox%26settings%3DeyJpZCI6MzAwMywidXJsIjoiaHR0cHM6XC9cL2ZhLWxlc2lhLmV1XC93cC1jb250ZW50XC91cGxvYWRzXC9DbGF1ZGlvLXBhZ2luYS0xNS5wbmciLCJzbGlkZXNob3ciOiI5OWNjZTRjIn0%3D\" href=\"https:\/\/fa-lesia.eu\/wp-content\/uploads\/Claudio-pagina-15.png\"><figure class=\"swiper-slide-inner\"><img decoding=\"async\" class=\"swiper-slide-image\" src=\"https:\/\/fa-lesia.eu\/wp-content\/uploads\/Claudio-pagina-15-300x206.png\" alt=\"Konzepte f\u00fcr die Installation &quot;das Haus der Zukunft&quot; im Rahmen der &quot;Festival della Scienza&quot; Festival der Wissenschaft in Genua Italien. 3D Darstellung des Konzepts und des Baukastensystem des Hauses der Zukunft: hydroponischer Hausanbau von Obst und Gem\u00fcse mit Hydrokultur\" \/><\/figure><\/a><\/div><div class=\"swiper-slide\" role=\"group\" aria-roledescription=\"slide\" aria-label=\"2 von 2\"><a data-elementor-open-lightbox=\"yes\" data-elementor-lightbox-slideshow=\"99cce4c\" data-elementor-lightbox-title=\"Fotos des Prototyps des Baukastensystems\" data-e-action-hash=\"#elementor-action%3Aaction%3Dlightbox%26settings%3DeyJpZCI6MzAwMiwidXJsIjoiaHR0cHM6XC9cL2ZhLWxlc2lhLmV1XC93cC1jb250ZW50XC91cGxvYWRzXC9DbGF1ZGlvLXBhZ2luYS0xNC5qcGciLCJzbGlkZXNob3ciOiI5OWNjZTRjIn0%3D\" href=\"https:\/\/fa-lesia.eu\/wp-content\/uploads\/Claudio-pagina-14.jpg\"><figure class=\"swiper-slide-inner\"><img decoding=\"async\" class=\"swiper-slide-image\" src=\"https:\/\/fa-lesia.eu\/wp-content\/uploads\/Claudio-pagina-14-300x212.jpg\" alt=\"Konzepte f\u00fcr die Installation &quot;das Haus der Zukunft&quot; im Rahmen der &quot;Festival della Scienza&quot; Festival der Wissenschaft in Genua Italien. Foto des Prototyps des Baukastensystems f\u00fcr das Haus der Zukunft: hydroponischer Hausanbau von Obst und Gem\u00fcse mit Hydrokultur\" \/><\/figure><\/a><\/div>\t\t\t<\/div>\n\t\t\t\t\t\t\t\n\t\t\t\t\t\t\t\t\t<div class=\"swiper-pagination\"><\/div>\n\t\t\t\t\t\t\t\t\t<\/div>\n\t\t\t\t\t\t<\/div>\n\t\t\t\t<\/div>\n\t\t\t\t\t<\/div>\n\t\t<\/div>\n\t\t\t\t<div class=\"elementor-column elementor-col-50 elementor-inner-column elementor-element elementor-element-585dd34\" data-id=\"585dd34\" data-element_type=\"column\">\n\t\t\t<div class=\"elementor-widget-wrap elementor-element-populated\">\n\t\t\t\t\t\t<div class=\"elementor-element elementor-element-0165778 elementor-widget elementor-widget-text-editor\" data-id=\"0165778\" data-element_type=\"widget\" data-widget_type=\"text-editor.default\">\n\t\t\t\t<div class=\"elementor-widget-container\">\n\t\t\t\t\t\t\t\t\t<h1><b>House of the Future &#8211; Farmville at Home<\/b><\/h1><h2 class=\" translation-block\"><b>Oggetto<\/b>: Concetti per l'installazione \"La casa del futuro\" nell'ambito del \"Festival della Scienza\"<br><b>Ente banditore:<\/b>\u00a0Fiera di Genova - Festival della Scienza <br><b>Anno:<\/b> 2009<br><b>Localit\u00e0:<\/b> Genova, Italia<br><b>Progetto:<\/b> Interaction Design Lab, C. Farina , C. Kruml.<br><b>Attivit\u00e0 e servizi<\/b>: architetto, project manager LP 1-5<\/h2>\t\t\t\t\t\t\t\t<\/div>\n\t\t\t\t<\/div>\n\t\t\t\t\t<\/div>\n\t\t<\/div>\n\t\t\t\t\t<\/div>\n\t\t<\/section>\n\t\t\t\t<section class=\"elementor-section elementor-inner-section elementor-element elementor-element-ffa5a3d elementor-section-boxed elementor-section-height-default elementor-section-height-default\" data-id=\"ffa5a3d\" data-element_type=\"section\">\n\t\t\t\t\t\t<div class=\"elementor-container elementor-column-gap-default\">\n\t\t\t\t\t<div class=\"elementor-column elementor-col-50 elementor-inner-column elementor-element elementor-element-1dfae36\" data-id=\"1dfae36\" data-element_type=\"column\">\n\t\t\t<div class=\"elementor-widget-wrap elementor-element-populated\">\n\t\t\t\t\t\t<div class=\"elementor-element elementor-element-6b6b351 elementor-pagination-position-outside elementor-widget elementor-widget-image-carousel\" data-id=\"6b6b351\" data-element_type=\"widget\" data-settings=\"{&quot;slides_to_show&quot;:&quot;1&quot;,&quot;autoplay&quot;:&quot;no&quot;,&quot;navigation&quot;:&quot;dots&quot;,&quot;infinite&quot;:&quot;yes&quot;,&quot;effect&quot;:&quot;slide&quot;,&quot;speed&quot;:500}\" data-widget_type=\"image-carousel.default\">\n\t\t\t\t<div class=\"elementor-widget-container\">\n\t\t\t\t\t\t\t<div class=\"elementor-image-carousel-wrapper swiper\" role=\"region\" aria-roledescription=\"carousel\" aria-label=\"Bild Karussell\" dir=\"ltr\">\n\t\t\t<div class=\"elementor-image-carousel swiper-wrapper\" aria-live=\"polite\">\n\t\t\t\t\t\t\t\t<div class=\"swiper-slide\" role=\"group\" aria-roledescription=\"slide\" aria-label=\"1 von 6\"><a data-elementor-open-lightbox=\"yes\" data-elementor-lightbox-slideshow=\"6b6b351\" data-elementor-lightbox-title=\"Prototyp der Lampe mit Videoinstallation\" data-elementor-lightbox-description=\"ph \u00a9 Belinda De Vito\" data-e-action-hash=\"#elementor-action%3Aaction%3Dlightbox%26settings%3DeyJpZCI6MzAxMCwidXJsIjoiaHR0cHM6XC9cL2ZhLWxlc2lhLmV1XC93cC1jb250ZW50XC91cGxvYWRzXC8yMi5qcGciLCJzbGlkZXNob3ciOiI2YjZiMzUxIn0%3D\" href=\"https:\/\/fa-lesia.eu\/wp-content\/uploads\/22.jpg\"><figure class=\"swiper-slide-inner\"><img decoding=\"async\" class=\"swiper-slide-image\" src=\"https:\/\/fa-lesia.eu\/wp-content\/uploads\/22-300x205.jpg\" alt=\"Ausstellung des Projekts \u00b4LapLamp\u00b4 eine neue Beleuchtungssystem f\u00fcr Piazza Madama Cristina in Turin, einer der 48 ausgew\u00e4hlten Projekte f\u00fcr Torino Geodesign. Foto des Prototyps der Lampe mit Videoinstallation in der Studio Tommaseo Triest\" \/><\/figure><\/a><\/div><div class=\"swiper-slide\" role=\"group\" aria-roledescription=\"slide\" aria-label=\"2 von 6\"><a data-elementor-open-lightbox=\"yes\" data-elementor-lightbox-slideshow=\"6b6b351\" data-elementor-lightbox-title=\"Studio Tommaseo Trieste - Montage der Ausstellung\" data-elementor-lightbox-description=\"ph \u00a9 Belinda De Vito\" data-e-action-hash=\"#elementor-action%3Aaction%3Dlightbox%26settings%3DeyJpZCI6MzAxMywidXJsIjoiaHR0cHM6XC9cL2ZhLWxlc2lhLmV1XC93cC1jb250ZW50XC91cGxvYWRzXC9QMTAxMDAwMS0yLmpwZyIsInNsaWRlc2hvdyI6IjZiNmIzNTEifQ%3D%3D\" href=\"https:\/\/fa-lesia.eu\/wp-content\/uploads\/P1010001-2.jpg\"><figure class=\"swiper-slide-inner\"><img decoding=\"async\" class=\"swiper-slide-image\" src=\"https:\/\/fa-lesia.eu\/wp-content\/uploads\/P1010001-2-300x225.jpg\" alt=\"Ausstellung des Projekts \u00b4LapLamp\u00b4 eine neue Beleuchtungssystem f\u00fcr Piazza Madama Cristina in Turin, einer der 48 ausgew\u00e4hlten Projekte f\u00fcr Torino Geodesign. Foto der Montage der Ausstellung in der Studio Tommaseo Triest\" \/><\/figure><\/a><\/div><div class=\"swiper-slide\" role=\"group\" aria-roledescription=\"slide\" aria-label=\"3 von 6\"><a data-elementor-open-lightbox=\"yes\" data-elementor-lightbox-slideshow=\"6b6b351\" data-elementor-lightbox-title=\"Die Leiterin von Trieste Contemporanea Giuliana Carbi mit dem Prototyp der LapLamp\" data-elementor-lightbox-description=\"ph \u00a9 Belinda De Vito\" data-e-action-hash=\"#elementor-action%3Aaction%3Dlightbox%26settings%3DeyJpZCI6MzAwNywidXJsIjoiaHR0cHM6XC9cL2ZhLWxlc2lhLmV1XC93cC1jb250ZW50XC91cGxvYWRzXC8wNS5qcGciLCJzbGlkZXNob3ciOiI2YjZiMzUxIn0%3D\" href=\"https:\/\/fa-lesia.eu\/wp-content\/uploads\/05.jpg\"><figure class=\"swiper-slide-inner\"><img decoding=\"async\" class=\"swiper-slide-image\" src=\"https:\/\/fa-lesia.eu\/wp-content\/uploads\/05-300x200.jpg\" alt=\"Ausstellung des Projekts \u00b4LapLamp\u00b4 eine neue Beleuchtungssystem f\u00fcr Piazza Madama Cristina in Turin, einer der 48 ausgew\u00e4hlten Projekte f\u00fcr Torino Geodesign. Foto der Leiterin von Triestecontenporanea mit dem Prototyp der Lampe und Videoinstallation in der Studio Tommaseo Triest\" \/><\/figure><\/a><\/div><div class=\"swiper-slide\" role=\"group\" aria-roledescription=\"slide\" aria-label=\"4 von 6\"><a data-elementor-open-lightbox=\"yes\" data-elementor-lightbox-slideshow=\"6b6b351\" data-elementor-lightbox-title=\"Das Prototyp mit Videoinstallation\" data-elementor-lightbox-description=\"ph \u00a9 Belinda De Vito\" data-e-action-hash=\"#elementor-action%3Aaction%3Dlightbox%26settings%3DeyJpZCI6MzAwOSwidXJsIjoiaHR0cHM6XC9cL2ZhLWxlc2lhLmV1XC93cC1jb250ZW50XC91cGxvYWRzXC8wNy5qcGciLCJzbGlkZXNob3ciOiI2YjZiMzUxIn0%3D\" href=\"https:\/\/fa-lesia.eu\/wp-content\/uploads\/07.jpg\"><figure class=\"swiper-slide-inner\"><img decoding=\"async\" class=\"swiper-slide-image\" src=\"https:\/\/fa-lesia.eu\/wp-content\/uploads\/07-300x214.jpg\" alt=\"Ausstellung des Projekts \u00b4LapLamp\u00b4 eine neue Beleuchtungssystem f\u00fcr Piazza Madama Cristina in Turin, einer der 48 ausgew\u00e4hlten Projekte f\u00fcr Torino Geodesign. Foto des Prototyps der Lampe mit Videoinstallation in der Studio Tommaseo Triest\" \/><\/figure><\/a><\/div><div class=\"swiper-slide\" role=\"group\" aria-roledescription=\"slide\" aria-label=\"5 von 6\"><a data-elementor-open-lightbox=\"yes\" data-elementor-lightbox-slideshow=\"6b6b351\" data-elementor-lightbox-title=\"Das Prototyp mit Videoinstallation\" data-elementor-lightbox-description=\"ph \u00a9 Belinda De Vito\" data-e-action-hash=\"#elementor-action%3Aaction%3Dlightbox%26settings%3DeyJpZCI6MzAxMSwidXJsIjoiaHR0cHM6XC9cL2ZhLWxlc2lhLmV1XC93cC1jb250ZW50XC91cGxvYWRzXC81MS5qcGciLCJzbGlkZXNob3ciOiI2YjZiMzUxIn0%3D\" href=\"https:\/\/fa-lesia.eu\/wp-content\/uploads\/51.jpg\"><figure class=\"swiper-slide-inner\"><img decoding=\"async\" class=\"swiper-slide-image\" src=\"https:\/\/fa-lesia.eu\/wp-content\/uploads\/51-300x200.jpg\" alt=\"Ausstellung des Projekts \u00b4LapLamp\u00b4 eine neue Beleuchtungssystem f\u00fcr Piazza Madama Cristina in Turin, einer der 48 ausgew\u00e4hlten Projekte f\u00fcr Torino Geodesign. Foto des Prototyps der Lampe mit Videoinstallation in der Studio Tommaseo Triest\" \/><\/figure><\/a><\/div><div class=\"swiper-slide\" role=\"group\" aria-roledescription=\"slide\" aria-label=\"6 von 6\"><a data-elementor-open-lightbox=\"yes\" data-elementor-lightbox-slideshow=\"6b6b351\" data-elementor-lightbox-description=\"ph \u00a9 Belinda De Vito\" data-e-action-hash=\"#elementor-action%3Aaction%3Dlightbox%26settings%3DeyJpZCI6MzAxMiwidXJsIjoiaHR0cHM6XC9cL2ZhLWxlc2lhLmV1XC93cC1jb250ZW50XC91cGxvYWRzXC85OS5qcGciLCJzbGlkZXNob3ciOiI2YjZiMzUxIn0%3D\" href=\"https:\/\/fa-lesia.eu\/wp-content\/uploads\/99.jpg\"><figure class=\"swiper-slide-inner\"><img decoding=\"async\" class=\"swiper-slide-image\" src=\"https:\/\/fa-lesia.eu\/wp-content\/uploads\/99-300x200.jpg\" alt=\"Ausstellung in der Galleria Tommaseo Triest des Projekts \u00b4Lap Lamp - eine neue Beleuchtungssystem f\u00fcr Piazza Madama Cristina - Turin\u00b4 Foto des Prototyps der Lampe mit fr\u00f6hlichen Spielen\" \/><\/figure><\/a><\/div>\t\t\t<\/div>\n\t\t\t\t\t\t\t\n\t\t\t\t\t\t\t\t\t<div class=\"swiper-pagination\"><\/div>\n\t\t\t\t\t\t\t\t\t<\/div>\n\t\t\t\t\t\t<\/div>\n\t\t\t\t<\/div>\n\t\t\t\t<div class=\"elementor-element elementor-element-2c5c436 elementor-hidden-desktop elementor-hidden-tablet elementor-widget elementor-widget-button\" data-id=\"2c5c436\" data-element_type=\"widget\" data-widget_type=\"button.default\">\n\t\t\t\t<div class=\"elementor-widget-container\">\n\t\t\t\t\t\t\t\t\t<div class=\"elementor-button-wrapper\">\n\t\t\t\t\t<a class=\"elementor-button elementor-button-link elementor-size-xs\" href=\"https:\/\/www.triestecontemporanea.it\/2008\/10\/30\/salone-gemma-prod\/\">\n\t\t\t\t\t\t<span class=\"elementor-button-content-wrapper\">\n\t\t\t\t\t\t<span class=\"elementor-button-icon\">\n\t\t\t\t<i aria-hidden=\"true\" class=\"far fa-arrow-alt-circle-right\"><\/i>\t\t\t<\/span>\n\t\t\t\t\t\t\t\t<\/span>\n\t\t\t\t\t<\/a>\n\t\t\t\t<\/div>\n\t\t\t\t\t\t\t\t<\/div>\n\t\t\t\t<\/div>\n\t\t\t\t\t<\/div>\n\t\t<\/div>\n\t\t\t\t<div class=\"elementor-column elementor-col-50 elementor-inner-column elementor-element elementor-element-77b6620\" data-id=\"77b6620\" data-element_type=\"column\">\n\t\t\t<div class=\"elementor-widget-wrap elementor-element-populated\">\n\t\t\t\t\t\t<div class=\"elementor-element elementor-element-3255191 elementor-widget elementor-widget-text-editor\" data-id=\"3255191\" data-element_type=\"widget\" data-widget_type=\"text-editor.default\">\n\t\t\t\t<div class=\"elementor-widget-container\">\n\t\t\t\t\t\t\t\t\t<h1><strong>Lap Lamp goes to Tommaseo<\/strong><\/h1><h2 class=\" translation-block\"><b>Oggetto<\/b>: Esposizione del progetto 'LapLamp', un nuovo sistema di illuminazione per Piazza Madama Cristina a Torino, uno dei 48 progetti selezionati per Torino Geodesign.<br><b>Organizzatore:<\/b> Studio Tommaseo, Trieste Contemporanea<br><b>Anno:<\/b> 2008<br><b>Localit\u00e0:<\/b> Trieste, Italia<br><b>Progetto:<\/b>\u00a0Salone Gemma Prod.<br><b>Allestimento:<\/b> B.Devito, C.Farina, D.Redavid, P.Ongaro, G.Polita, K.Villwock<\/h2><h2><span style=\"font-family: Arial, Helvetica, sans-serif; font-size: 16px; font-weight: 200; letter-spacing: 0px;\">\u00a0 \u00a0 \u00a0 \u00a0 \u00a0\u00a0<\/span><\/h2>\t\t\t\t\t\t\t\t<\/div>\n\t\t\t\t<\/div>\n\t\t\t\t\t<\/div>\n\t\t<\/div>\n\t\t\t\t\t<\/div>\n\t\t<\/section>\n\t\t\t\t<section class=\"elementor-section elementor-inner-section elementor-element elementor-element-f29f047 elementor-section-boxed elementor-section-height-default elementor-section-height-default\" data-id=\"f29f047\" data-element_type=\"section\">\n\t\t\t\t\t\t<div class=\"elementor-container elementor-column-gap-default\">\n\t\t\t\t\t<div class=\"elementor-column elementor-col-50 elementor-inner-column elementor-element elementor-element-bee7192\" data-id=\"bee7192\" data-element_type=\"column\">\n\t\t\t<div class=\"elementor-widget-wrap elementor-element-populated\">\n\t\t\t\t\t\t<div class=\"elementor-element elementor-element-28dfeac elementor-pagination-position-outside elementor-widget elementor-widget-image-carousel\" data-id=\"28dfeac\" data-element_type=\"widget\" data-settings=\"{&quot;slides_to_show&quot;:&quot;1&quot;,&quot;autoplay&quot;:&quot;no&quot;,&quot;navigation&quot;:&quot;dots&quot;,&quot;infinite&quot;:&quot;yes&quot;,&quot;effect&quot;:&quot;slide&quot;,&quot;speed&quot;:500}\" data-widget_type=\"image-carousel.default\">\n\t\t\t\t<div class=\"elementor-widget-container\">\n\t\t\t\t\t\t\t<div class=\"elementor-image-carousel-wrapper swiper\" role=\"region\" aria-roledescription=\"carousel\" aria-label=\"Bild Karussell\" dir=\"ltr\">\n\t\t\t<div class=\"elementor-image-carousel swiper-wrapper\" aria-live=\"polite\">\n\t\t\t\t\t\t\t\t<div class=\"swiper-slide\" role=\"group\" aria-roledescription=\"slide\" aria-label=\"1 von 6\"><a data-elementor-open-lightbox=\"yes\" data-elementor-lightbox-slideshow=\"28dfeac\" data-elementor-lightbox-title=\"3D Darstellung des Messestands\" data-e-action-hash=\"#elementor-action%3Aaction%3Dlightbox%26settings%3DeyJpZCI6MzAyMSwidXJsIjoiaHR0cHM6XC9cL2ZhLWxlc2lhLmV1XC93cC1jb250ZW50XC91cGxvYWRzXC9zdGFuZC5qcGciLCJzbGlkZXNob3ciOiIyOGRmZWFjIn0%3D\" href=\"https:\/\/fa-lesia.eu\/wp-content\/uploads\/stand.jpg\"><figure class=\"swiper-slide-inner\"><img decoding=\"async\" class=\"swiper-slide-image\" src=\"https:\/\/fa-lesia.eu\/wp-content\/uploads\/stand-300x190.jpg\" alt=\"Konzept f\u00fcr die Umsetzung des Messestands der A.N.M.C.O. Bund der Kardiologen + Medarchiver bei der Messe von Florenz. Werkplan mit 3D Darstellung\" \/><\/figure><\/a><\/div><div class=\"swiper-slide\" role=\"group\" aria-roledescription=\"slide\" aria-label=\"2 von 6\"><a data-elementor-open-lightbox=\"yes\" data-elementor-lightbox-slideshow=\"28dfeac\" data-elementor-lightbox-title=\"3D Modell des Messestandes\" data-e-action-hash=\"#elementor-action%3Aaction%3Dlightbox%26settings%3DeyJpZCI6MzAyMiwidXJsIjoiaHR0cHM6XC9cL2ZhLWxlc2lhLmV1XC93cC1jb250ZW50XC91cGxvYWRzXC9zdGFuZDAxLmpwZyIsInNsaWRlc2hvdyI6IjI4ZGZlYWMifQ%3D%3D\" href=\"https:\/\/fa-lesia.eu\/wp-content\/uploads\/stand01.jpg\"><figure class=\"swiper-slide-inner\"><img decoding=\"async\" class=\"swiper-slide-image\" src=\"https:\/\/fa-lesia.eu\/wp-content\/uploads\/stand01-300x200.jpg\" alt=\"Konzept f\u00fcr die Umsetzung des Messestands der A.N.M.C.O. Bund der Kardiologen + Medarchiver bei der Messe von Florenz. 3D Modell 1\" \/><\/figure><\/a><\/div><div class=\"swiper-slide\" role=\"group\" aria-roledescription=\"slide\" aria-label=\"3 von 6\"><a data-elementor-open-lightbox=\"yes\" data-elementor-lightbox-slideshow=\"28dfeac\" data-elementor-lightbox-title=\"3D Modell des Messestandes\" data-e-action-hash=\"#elementor-action%3Aaction%3Dlightbox%26settings%3DeyJpZCI6MzAyMywidXJsIjoiaHR0cHM6XC9cL2ZhLWxlc2lhLmV1XC93cC1jb250ZW50XC91cGxvYWRzXC9zdGFuZDAyLmpwZyIsInNsaWRlc2hvdyI6IjI4ZGZlYWMifQ%3D%3D\" href=\"https:\/\/fa-lesia.eu\/wp-content\/uploads\/stand02.jpg\"><figure class=\"swiper-slide-inner\"><img decoding=\"async\" class=\"swiper-slide-image\" src=\"https:\/\/fa-lesia.eu\/wp-content\/uploads\/stand02-300x200.jpg\" alt=\"Konzept f\u00fcr die Umsetzung des Messestands der A.N.M.C.O. Bund der Kardiologen + Medarchiver bei der Messe von Florenz. 3D Modell 2\" \/><\/figure><\/a><\/div><div class=\"swiper-slide\" role=\"group\" aria-roledescription=\"slide\" aria-label=\"4 von 6\"><a data-elementor-open-lightbox=\"yes\" data-elementor-lightbox-slideshow=\"28dfeac\" data-elementor-lightbox-title=\"3D Modell des Messestandes\" data-e-action-hash=\"#elementor-action%3Aaction%3Dlightbox%26settings%3DeyJpZCI6MzAyNCwidXJsIjoiaHR0cHM6XC9cL2ZhLWxlc2lhLmV1XC93cC1jb250ZW50XC91cGxvYWRzXC9zdGFuZDAzLmpwZyIsInNsaWRlc2hvdyI6IjI4ZGZlYWMifQ%3D%3D\" href=\"https:\/\/fa-lesia.eu\/wp-content\/uploads\/stand03.jpg\"><figure class=\"swiper-slide-inner\"><img decoding=\"async\" class=\"swiper-slide-image\" src=\"https:\/\/fa-lesia.eu\/wp-content\/uploads\/stand03-300x200.jpg\" alt=\"Konzept f\u00fcr die Umsetzung des Messestands der A.N.M.C.O. Bund der Kardiologen + Medarchiver bei der Messe von Florenz. 3D Modell 3\" \/><\/figure><\/a><\/div><div class=\"swiper-slide\" role=\"group\" aria-roledescription=\"slide\" aria-label=\"5 von 6\"><a data-elementor-open-lightbox=\"yes\" data-elementor-lightbox-slideshow=\"28dfeac\" data-elementor-lightbox-title=\"3D Modell des Messestandes\" data-e-action-hash=\"#elementor-action%3Aaction%3Dlightbox%26settings%3DeyJpZCI6MzAyNSwidXJsIjoiaHR0cHM6XC9cL2ZhLWxlc2lhLmV1XC93cC1jb250ZW50XC91cGxvYWRzXC9zdGFuZDA0LmpwZyIsInNsaWRlc2hvdyI6IjI4ZGZlYWMifQ%3D%3D\" href=\"https:\/\/fa-lesia.eu\/wp-content\/uploads\/stand04.jpg\"><figure class=\"swiper-slide-inner\"><img decoding=\"async\" class=\"swiper-slide-image\" src=\"https:\/\/fa-lesia.eu\/wp-content\/uploads\/stand04-300x200.jpg\" alt=\"Konzept f\u00fcr die Umsetzung des Messestands der A.N.M.C.O. Bund der Kardiologen + Medarchiver bei der Messe von Florenz. 3D Modell 4\" \/><\/figure><\/a><\/div><div class=\"swiper-slide\" role=\"group\" aria-roledescription=\"slide\" aria-label=\"6 von 6\"><a data-elementor-open-lightbox=\"yes\" data-elementor-lightbox-slideshow=\"28dfeac\" data-elementor-lightbox-title=\"3D Modell des Messestandes\" data-e-action-hash=\"#elementor-action%3Aaction%3Dlightbox%26settings%3DeyJpZCI6MzAyNiwidXJsIjoiaHR0cHM6XC9cL2ZhLWxlc2lhLmV1XC93cC1jb250ZW50XC91cGxvYWRzXC9zdGFuZDA1LmpwZyIsInNsaWRlc2hvdyI6IjI4ZGZlYWMifQ%3D%3D\" href=\"https:\/\/fa-lesia.eu\/wp-content\/uploads\/stand05.jpg\"><figure class=\"swiper-slide-inner\"><img decoding=\"async\" class=\"swiper-slide-image\" src=\"https:\/\/fa-lesia.eu\/wp-content\/uploads\/stand05-300x200.jpg\" alt=\"Konzept f\u00fcr die Umsetzung des Messestands der A.N.M.C.O. Bund der Kardiologen + Medarchiver bei der Messe von Florenz. 3D Modell 5\" \/><\/figure><\/a><\/div>\t\t\t<\/div>\n\t\t\t\t\t\t\t\n\t\t\t\t\t\t\t\t\t<div class=\"swiper-pagination\"><\/div>\n\t\t\t\t\t\t\t\t\t<\/div>\n\t\t\t\t\t\t<\/div>\n\t\t\t\t<\/div>\n\t\t\t\t\t<\/div>\n\t\t<\/div>\n\t\t\t\t<div class=\"elementor-column elementor-col-50 elementor-inner-column elementor-element elementor-element-a9c3847\" data-id=\"a9c3847\" data-element_type=\"column\">\n\t\t\t<div class=\"elementor-widget-wrap elementor-element-populated\">\n\t\t\t\t\t\t<div class=\"elementor-element elementor-element-124f772 elementor-widget elementor-widget-text-editor\" data-id=\"124f772\" data-element_type=\"widget\" data-widget_type=\"text-editor.default\">\n\t\t\t\t<div class=\"elementor-widget-container\">\n\t\t\t\t\t\t\t\t\t<h1><b>Heart of Plastic<\/b><\/h1><h2 class=\" translation-block\"><b>Oggetto<\/b>: Concept per la realizzazione dello Stand dell'A.N.M.C.O. (Associazione Nazionale Medici Coronarici) + Medarchiver<br><b>Committenti:<\/b>\u00a0Fiera di Firenze \u2013 Medarchiver Srl<br><b>Anno:<\/b> 2005<br><b>Localit\u00e0:<\/b> Firenze , Italia<br><b>Progetto:<\/b> MEDarchiver, C. Farina, K. Villwock.<br><b>Attivit\u00e0 e servizi<\/b>: Architetto, project manager LP 1-5<\/h2>\t\t\t\t\t\t\t\t<\/div>\n\t\t\t\t<\/div>\n\t\t\t\t\t<\/div>\n\t\t<\/div>\n\t\t\t\t\t<\/div>\n\t\t<\/section>\n\t\t\t\t<section class=\"elementor-section elementor-inner-section elementor-element elementor-element-2c1b7ff elementor-section-boxed elementor-section-height-default elementor-section-height-default\" data-id=\"2c1b7ff\" data-element_type=\"section\">\n\t\t\t\t\t\t<div class=\"elementor-container elementor-column-gap-default\">\n\t\t\t\t\t<div class=\"elementor-column elementor-col-50 elementor-inner-column elementor-element elementor-element-28aa87c\" data-id=\"28aa87c\" data-element_type=\"column\">\n\t\t\t<div class=\"elementor-widget-wrap elementor-element-populated\">\n\t\t\t\t\t\t<div class=\"elementor-element elementor-element-4fb64a9 elementor-pagination-position-outside elementor-widget elementor-widget-image-carousel\" data-id=\"4fb64a9\" data-element_type=\"widget\" data-settings=\"{&quot;slides_to_show&quot;:&quot;1&quot;,&quot;autoplay&quot;:&quot;no&quot;,&quot;navigation&quot;:&quot;dots&quot;,&quot;infinite&quot;:&quot;yes&quot;,&quot;effect&quot;:&quot;slide&quot;,&quot;speed&quot;:500}\" data-widget_type=\"image-carousel.default\">\n\t\t\t\t<div class=\"elementor-widget-container\">\n\t\t\t\t\t\t\t<div class=\"elementor-image-carousel-wrapper swiper\" role=\"region\" aria-roledescription=\"carousel\" aria-label=\"Bild Karussell\" dir=\"ltr\">\n\t\t\t<div class=\"elementor-image-carousel swiper-wrapper\" aria-live=\"polite\">\n\t\t\t\t\t\t\t\t<div class=\"swiper-slide\" role=\"group\" aria-roledescription=\"slide\" aria-label=\"1 von 13\"><a data-elementor-open-lightbox=\"yes\" data-elementor-lightbox-slideshow=\"4fb64a9\" data-elementor-lightbox-title=\"404 On Tour - Internationales Festival der elektronischen Art 2007\" data-e-action-hash=\"#elementor-action%3Aaction%3Dlightbox%26settings%3DeyJpZCI6MzA1MCwidXJsIjoiaHR0cHM6XC9cL2ZhLWxlc2lhLmV1XC93cC1jb250ZW50XC91cGxvYWRzXC8xMjVfMjU5MS5qcGciLCJzbGlkZXNob3ciOiI0ZmI2NGE5In0%3D\" href=\"https:\/\/fa-lesia.eu\/wp-content\/uploads\/125_2591.jpg\"><figure class=\"swiper-slide-inner\"><img decoding=\"async\" class=\"swiper-slide-image\" src=\"https:\/\/fa-lesia.eu\/wp-content\/uploads\/125_2591-300x225.jpg\" alt=\"Werkstatt f\u00fcr die Entwicklung, Produktion und Verbreitung von Architektur-, Design- und Kunst- Projekten, Ideen und Konzepten in Triest 2005-2011 Foto von aussen der Veranstaltung f\u00fcr die Er\u00f6ffnung des Festivals 404 On tour - internationales Festival der elektronischen Kunst.\" \/><\/figure><\/a><\/div><div class=\"swiper-slide\" role=\"group\" aria-roledescription=\"slide\" aria-label=\"2 von 13\"><a data-elementor-open-lightbox=\"yes\" data-elementor-lightbox-slideshow=\"4fb64a9\" data-elementor-lightbox-title=\"404 Festival On Tour - Videoinstallation 2007\" data-e-action-hash=\"#elementor-action%3Aaction%3Dlightbox%26settings%3DeyJpZCI6MzA2MSwidXJsIjoiaHR0cHM6XC9cL2ZhLWxlc2lhLmV1XC93cC1jb250ZW50XC91cGxvYWRzXC9TYWxvbmVHZW1tYTIwMDcwOC5qcGciLCJzbGlkZXNob3ciOiI0ZmI2NGE5In0%3D\" href=\"https:\/\/fa-lesia.eu\/wp-content\/uploads\/SaloneGemma200708.jpg\"><figure class=\"swiper-slide-inner\"><img decoding=\"async\" class=\"swiper-slide-image\" src=\"https:\/\/fa-lesia.eu\/wp-content\/uploads\/SaloneGemma200708-300x229.jpg\" alt=\"Werkstatt f\u00fcr die Entwicklung, Produktion und Verbreitung von Architektur-, Design- und Kunst- Projekten, Ideen und Konzepten in Triest 2005-2011 Foto von innen der Videoinstallation f\u00fcr die Er\u00f6ffnung des Festivals 404 On tour - internationales Festival der elektronischen Kunst.\" \/><\/figure><\/a><\/div><div class=\"swiper-slide\" role=\"group\" aria-roledescription=\"slide\" aria-label=\"3 von 13\"><a data-elementor-open-lightbox=\"yes\" data-elementor-lightbox-slideshow=\"4fb64a9\" data-elementor-lightbox-title=\"404 Festival On Tour - innere Videoinstallation 2007\" data-e-action-hash=\"#elementor-action%3Aaction%3Dlightbox%26settings%3DeyJpZCI6MzA1OSwidXJsIjoiaHR0cHM6XC9cL2ZhLWxlc2lhLmV1XC93cC1jb250ZW50XC91cGxvYWRzXC9nZW1tYTUuanBnIiwic2xpZGVzaG93IjoiNGZiNjRhOSJ9\" href=\"https:\/\/fa-lesia.eu\/wp-content\/uploads\/gemma5.jpg\"><figure class=\"swiper-slide-inner\"><img decoding=\"async\" class=\"swiper-slide-image\" src=\"https:\/\/fa-lesia.eu\/wp-content\/uploads\/gemma5-300x199.jpg\" alt=\"Werkstatt f\u00fcr die Entwicklung, Produktion und Verbreitung von Architektur-, Design- und Kunst- Projekten, Ideen und Konzepten in Triest 2005-2011 Foto von oben der Videoinstallation f\u00fcr die Er\u00f6ffnung des Festivals 404 On tour - internationales Festival der elektronischen Kunst 2007.\" \/><\/figure><\/a><\/div><div class=\"swiper-slide\" role=\"group\" aria-roledescription=\"slide\" aria-label=\"4 von 13\"><a data-elementor-open-lightbox=\"yes\" data-elementor-lightbox-slideshow=\"4fb64a9\" data-elementor-lightbox-title=\"404 Festival On Tour - innere Videoinstallation 2007\" data-e-action-hash=\"#elementor-action%3Aaction%3Dlightbox%26settings%3DeyJpZCI6MzA1NywidXJsIjoiaHR0cHM6XC9cL2ZhLWxlc2lhLmV1XC93cC1jb250ZW50XC91cGxvYWRzXC9nZW1tYTQuanBnIiwic2xpZGVzaG93IjoiNGZiNjRhOSJ9\" href=\"https:\/\/fa-lesia.eu\/wp-content\/uploads\/gemma4.jpg\"><figure class=\"swiper-slide-inner\"><img decoding=\"async\" class=\"swiper-slide-image\" src=\"https:\/\/fa-lesia.eu\/wp-content\/uploads\/gemma4-300x199.jpg\" alt=\"Werkstatt f\u00fcr die Entwicklung, Produktion und Verbreitung von Architektur-, Design- und Kunst- Projekten, Ideen und Konzepten in Triest 2005-2011 Foto der inneren Videoinstallation f\u00fcr die Er\u00f6ffnung des Festivals 404 On tour - internationales Festival der elektronischen Kunst 2007.\" \/><\/figure><\/a><\/div><div class=\"swiper-slide\" role=\"group\" aria-roledescription=\"slide\" aria-label=\"5 von 13\"><a data-elementor-open-lightbox=\"yes\" data-elementor-lightbox-slideshow=\"4fb64a9\" data-elementor-lightbox-title=\"GemmAzioni 2007 Vorstellung des Veranstaltungsprogramm 2008\" data-e-action-hash=\"#elementor-action%3Aaction%3Dlightbox%26settings%3DeyJpZCI6MzA2MCwidXJsIjoiaHR0cHM6XC9cL2ZhLWxlc2lhLmV1XC93cC1jb250ZW50XC91cGxvYWRzXC9QMTA3MDAyNC5qcGciLCJzbGlkZXNob3ciOiI0ZmI2NGE5In0%3D\" href=\"https:\/\/fa-lesia.eu\/wp-content\/uploads\/P1070024.jpg\"><figure class=\"swiper-slide-inner\"><img decoding=\"async\" class=\"swiper-slide-image\" src=\"https:\/\/fa-lesia.eu\/wp-content\/uploads\/P1070024-300x225.jpg\" alt=\"Werkstatt f\u00fcr die Entwicklung, Produktion und Verbreitung von Architektur-, Design- und Kunst- Projekten, Ideen und Konzepten in Triest 2005-2011 Foto der Installation GemmAzioni 07 f\u00fcr die Vorstellung des Veranstaltungsprogramms 2007.\" \/><\/figure><\/a><\/div><div class=\"swiper-slide\" role=\"group\" aria-roledescription=\"slide\" aria-label=\"6 von 13\"><a data-elementor-open-lightbox=\"yes\" data-elementor-lightbox-slideshow=\"4fb64a9\" data-elementor-lightbox-title=\"GemmAzioni 2007: das angeh\u00e4ngte Buffet.\" data-e-action-hash=\"#elementor-action%3Aaction%3Dlightbox%26settings%3DeyJpZCI6MzA1MSwidXJsIjoiaHR0cHM6XC9cL2ZhLWxlc2lhLmV1XC93cC1jb250ZW50XC91cGxvYWRzXC8xMzVfMzUwMi5qcGciLCJzbGlkZXNob3ciOiI0ZmI2NGE5In0%3D\" href=\"https:\/\/fa-lesia.eu\/wp-content\/uploads\/135_3502.jpg\"><figure class=\"swiper-slide-inner\"><img decoding=\"async\" class=\"swiper-slide-image\" src=\"https:\/\/fa-lesia.eu\/wp-content\/uploads\/135_3502-300x225.jpg\" alt=\"Werkstatt f\u00fcr die Entwicklung, Produktion und Verbreitung von Architektur-, Design- und Kunst- Projekten, Ideen und Konzepten in Triest 2005-2011 Foto der Installation GemmAzioni 07 f\u00fcr die Vorstellung des Veranstaltungsprogramms 2007.\" \/><\/figure><\/a><\/div><div class=\"swiper-slide\" role=\"group\" aria-roledescription=\"slide\" aria-label=\"7 von 13\"><a data-elementor-open-lightbox=\"yes\" data-elementor-lightbox-slideshow=\"4fb64a9\" data-elementor-lightbox-title=\"GemmAzioni 2007\" data-e-action-hash=\"#elementor-action%3Aaction%3Dlightbox%26settings%3DeyJpZCI6MzA0OSwidXJsIjoiaHR0cHM6XC9cL2ZhLWxlc2lhLmV1XC93cC1jb250ZW50XC91cGxvYWRzXC8xMjFfMjEyOS5qcGciLCJzbGlkZXNob3ciOiI0ZmI2NGE5In0%3D\" href=\"https:\/\/fa-lesia.eu\/wp-content\/uploads\/121_2129.jpg\"><figure class=\"swiper-slide-inner\"><img decoding=\"async\" class=\"swiper-slide-image\" src=\"https:\/\/fa-lesia.eu\/wp-content\/uploads\/121_2129-300x225.jpg\" alt=\"Werkstatt f\u00fcr die Entwicklung, Produktion und Verbreitung von Architektur-, Design- und Kunst- Projekten, Ideen und Konzepten in Triest 2005-2011 Foto der Installation GemmAzioni 07 f\u00fcr die Vorstellung des Veranstaltungsprogramms 2007 von aussen.\" \/><\/figure><\/a><\/div><div class=\"swiper-slide\" role=\"group\" aria-roledescription=\"slide\" aria-label=\"8 von 13\"><a data-elementor-open-lightbox=\"yes\" data-elementor-lightbox-slideshow=\"4fb64a9\" data-elementor-lightbox-title=\"24h: eine nonstop live Sendung des Webradios la Jazera 2008\" data-e-action-hash=\"#elementor-action%3Aaction%3Dlightbox%26settings%3DeyJpZCI6MzA0NywidXJsIjoiaHR0cHM6XC9cL2ZhLWxlc2lhLmV1XC93cC1jb250ZW50XC91cGxvYWRzXC8xMDBfMDc5Ny5qcGciLCJzbGlkZXNob3ciOiI0ZmI2NGE5In0%3D\" href=\"https:\/\/fa-lesia.eu\/wp-content\/uploads\/100_0797.jpg\"><figure class=\"swiper-slide-inner\"><img decoding=\"async\" class=\"swiper-slide-image\" src=\"https:\/\/fa-lesia.eu\/wp-content\/uploads\/100_0797-300x225.jpg\" alt=\"Werkstatt f\u00fcr die Entwicklung, Produktion und Verbreitung von Architektur-, Design- und Kunst- Projekten, Ideen und Konzepten in Triest 2005-2011 Foto der Veranstaltung 24h eine nonstop live Sendung des Webradios la Jazera 2008.\" \/><\/figure><\/a><\/div><div class=\"swiper-slide\" role=\"group\" aria-roledescription=\"slide\" aria-label=\"9 von 13\"><a data-elementor-open-lightbox=\"yes\" data-elementor-lightbox-slideshow=\"4fb64a9\" data-elementor-lightbox-title=\"Mart\u00ed Guix\u00e9: Spray Guns Tools zur Verbesserung von Spray-Graffiti 2008\" data-elementor-lightbox-description=\"ph \u00a9 Inga Kn\u00f6llke\" data-e-action-hash=\"#elementor-action%3Aaction%3Dlightbox%26settings%3DeyJpZCI6MzA1NiwidXJsIjoiaHR0cHM6XC9cL2ZhLWxlc2lhLmV1XC93cC1jb250ZW50XC91cGxvYWRzXC9jb3B5cmlnaHRfSW5nYV9Lbm9lbGxrZS5qcGciLCJzbGlkZXNob3ciOiI0ZmI2NGE5In0%3D\" href=\"https:\/\/fa-lesia.eu\/wp-content\/uploads\/copyright_Inga_Knoellke.jpg\"><figure class=\"swiper-slide-inner\"><img decoding=\"async\" class=\"swiper-slide-image\" src=\"https:\/\/fa-lesia.eu\/wp-content\/uploads\/copyright_Inga_Knoellke-300x200.jpg\" alt=\"Werkstatt f\u00fcr die Entwicklung, Produktion und Verbreitung von Architektur-, Design- und Kunst- Projekten, Ideen und Konzepten in Triest 2005-2011 Foto der Ausstellung von Mart\u00ed Guix\u00e9 Spray Guns - Tools zur Verbesserung von Spray-Graffiti 2008\" \/><\/figure><\/a><\/div><div class=\"swiper-slide\" role=\"group\" aria-roledescription=\"slide\" aria-label=\"10 von 13\"><a data-elementor-open-lightbox=\"yes\" data-elementor-lightbox-slideshow=\"4fb64a9\" data-elementor-lightbox-title=\"A Taste of Graz von M. Krammer und Julia Stangl-Tiefengraber  2008\" data-elementor-lightbox-description=\" \" data-e-action-hash=\"#elementor-action%3Aaction%3Dlightbox%26settings%3DeyJpZCI6MzA0OCwidXJsIjoiaHR0cHM6XC9cL2ZhLWxlc2lhLmV1XC93cC1jb250ZW50XC91cGxvYWRzXC8xMDBfMzI1MC5qcGciLCJzbGlkZXNob3ciOiI0ZmI2NGE5In0%3D\" href=\"https:\/\/fa-lesia.eu\/wp-content\/uploads\/100_3250.jpg\"><figure class=\"swiper-slide-inner\"><img decoding=\"async\" class=\"swiper-slide-image\" src=\"https:\/\/fa-lesia.eu\/wp-content\/uploads\/100_3250-300x225.jpg\" alt=\"Werkstatt f\u00fcr die Entwicklung, Produktion und Verbreitung von Architektur-, Design- und Kunst- Projekten, Ideen und Konzepten in Triest 2005-2011 Foto der Umsetzung der Installation aus Gelatine f\u00fcr die Ausstellung A taste of Graz von Martin Krammer und Julia Stangl-Tiefengraber 2008\" \/><\/figure><\/a><\/div><div class=\"swiper-slide\" role=\"group\" aria-roledescription=\"slide\" aria-label=\"11 von 13\"><a data-elementor-open-lightbox=\"yes\" data-elementor-lightbox-slideshow=\"4fb64a9\" data-elementor-lightbox-title=\"A Taste of Graz: Stadtraster aus Gelatine 2008\" data-e-action-hash=\"#elementor-action%3Aaction%3Dlightbox%26settings%3DeyJpZCI6MzA1NCwidXJsIjoiaHR0cHM6XC9cL2ZhLWxlc2lhLmV1XC93cC1jb250ZW50XC91cGxvYWRzXC8yMDA5MjAwODI2NzAuanBnIiwic2xpZGVzaG93IjoiNGZiNjRhOSJ9\" href=\"https:\/\/fa-lesia.eu\/wp-content\/uploads\/200920082670.jpg\"><figure class=\"swiper-slide-inner\"><img decoding=\"async\" class=\"swiper-slide-image\" src=\"https:\/\/fa-lesia.eu\/wp-content\/uploads\/200920082670-225x300.jpg\" alt=\"Werkstatt f\u00fcr die Entwicklung, Produktion und Verbreitung von Architektur-, Design- und Kunst- Projekten, Ideen und Konzepten in Triest 2005-2011 Foto der Installation aus Gelatine f\u00fcr die Ausstellung A taste of Graz von Martin Krammer und Julia Stangl-Tiefengraber 2008\" \/><\/figure><\/a><\/div><div class=\"swiper-slide\" role=\"group\" aria-roledescription=\"slide\" aria-label=\"12 von 13\"><a data-elementor-open-lightbox=\"yes\" data-elementor-lightbox-slideshow=\"4fb64a9\" data-elementor-lightbox-title=\"A taste of Graz Detail des Stadtrasters aus Gelatine 2008\" data-e-action-hash=\"#elementor-action%3Aaction%3Dlightbox%26settings%3DeyJpZCI6MzA1MiwidXJsIjoiaHR0cHM6XC9cL2ZhLWxlc2lhLmV1XC93cC1jb250ZW50XC91cGxvYWRzXC8yMDA5MjAwODI2NjYuanBnIiwic2xpZGVzaG93IjoiNGZiNjRhOSJ9\" href=\"https:\/\/fa-lesia.eu\/wp-content\/uploads\/200920082666.jpg\"><figure class=\"swiper-slide-inner\"><img decoding=\"async\" class=\"swiper-slide-image\" src=\"https:\/\/fa-lesia.eu\/wp-content\/uploads\/200920082666-300x225.jpg\" alt=\"Werkstatt f\u00fcr die Entwicklung, Produktion und Verbreitung von Architektur-, Design- und Kunst- Projekten, Ideen und Konzepten in Triest 2005-2011 Foto der Installation aus Gelatine f\u00fcr die Ausstellung A taste of Graz von Martin Krammer und Julia Stangl-Tiefengraber 2008 Detail\" \/><\/figure><\/a><\/div><div class=\"swiper-slide\" role=\"group\" aria-roledescription=\"slide\" aria-label=\"13 von 13\"><a data-elementor-open-lightbox=\"yes\" data-elementor-lightbox-slideshow=\"4fb64a9\" data-elementor-lightbox-title=\"A taste of Graz Detail des Stadtrasters aus Gelatine 2008\" data-e-action-hash=\"#elementor-action%3Aaction%3Dlightbox%26settings%3DeyJpZCI6MzA1MywidXJsIjoiaHR0cHM6XC9cL2ZhLWxlc2lhLmV1XC93cC1jb250ZW50XC91cGxvYWRzXC8yMDA5MjAwODI2NjkuanBnIiwic2xpZGVzaG93IjoiNGZiNjRhOSJ9\" href=\"https:\/\/fa-lesia.eu\/wp-content\/uploads\/200920082669.jpg\"><figure class=\"swiper-slide-inner\"><img decoding=\"async\" class=\"swiper-slide-image\" src=\"https:\/\/fa-lesia.eu\/wp-content\/uploads\/200920082669-300x225.jpg\" alt=\"Werkstatt f\u00fcr die Entwicklung, Produktion und Verbreitung von Architektur-, Design- und Kunst- Projekten, Ideen und Konzepten in Triest 2005-2011 Foto der Installation aus Gelatine f\u00fcr die Ausstellung A taste of Graz von Martin Krammer und Julia Stangl-Tiefengraber 2008 Detail\" \/><\/figure><\/a><\/div>\t\t\t<\/div>\n\t\t\t\t\t\t\t\n\t\t\t\t\t\t\t\t\t<div class=\"swiper-pagination\"><\/div>\n\t\t\t\t\t\t\t\t\t<\/div>\n\t\t\t\t\t\t<\/div>\n\t\t\t\t<\/div>\n\t\t\t\t\t<\/div>\n\t\t<\/div>\n\t\t\t\t<div class=\"elementor-column elementor-col-50 elementor-inner-column elementor-element elementor-element-5d4ba87\" data-id=\"5d4ba87\" data-element_type=\"column\">\n\t\t\t<div class=\"elementor-widget-wrap elementor-element-populated\">\n\t\t\t\t\t\t<div class=\"elementor-element elementor-element-11d8da0 elementor-widget elementor-widget-text-editor\" data-id=\"11d8da0\" data-element_type=\"widget\" data-widget_type=\"text-editor.default\">\n\t\t\t\t<div class=\"elementor-widget-container\">\n\t\t\t\t\t\t\t\t\t<h1><b>Faltwerksalon<\/b><\/h1><h2 class=\" translation-block\"><b>Oggetto<\/b>: Laboratorio per lo sviluppo, la produzione e la diffusione di progetti, idee e concetti di architettura, design e arte<br><b>Organizzatore:<\/b>\u00a0Salone Gemma \u2013 Faltwerksalon e.V.<br> <b> Anno:<\/b> 2005-2010<br><b>Localit\u00e0:<\/b> Trieste, Italia<br><b>Progetto:<\/b> C. Farina, K. Villwock, P. Coloni<br> <strong style=\"font-family: Weblysleek, sans-serif;font-size: 18px;font-style: normal;letter-spacing: 0px\">Attivit\u00e0 e prestazioni:<\/strong><span> Fondatore, Project Manager <\/span><\/h2>\t\t\t\t\t\t\t\t<\/div>\n\t\t\t\t<\/div>\n\t\t\t\t\t<\/div>\n\t\t<\/div>\n\t\t\t\t\t<\/div>\n\t\t<\/section>\n\t\t\t\t<section class=\"elementor-section elementor-inner-section elementor-element elementor-element-def7ce8 elementor-section-boxed elementor-section-height-default elementor-section-height-default\" data-id=\"def7ce8\" data-element_type=\"section\">\n\t\t\t\t\t\t<div class=\"elementor-container elementor-column-gap-default\">\n\t\t\t\t\t<div class=\"elementor-column elementor-col-50 elementor-inner-column elementor-element elementor-element-5f6a676\" data-id=\"5f6a676\" data-element_type=\"column\">\n\t\t\t<div class=\"elementor-widget-wrap elementor-element-populated\">\n\t\t\t\t\t\t<div class=\"elementor-element elementor-element-3176a16 elementor-pagination-position-outside elementor-widget elementor-widget-image-carousel\" data-id=\"3176a16\" data-element_type=\"widget\" data-settings=\"{&quot;slides_to_show&quot;:&quot;1&quot;,&quot;autoplay&quot;:&quot;no&quot;,&quot;navigation&quot;:&quot;dots&quot;,&quot;infinite&quot;:&quot;yes&quot;,&quot;effect&quot;:&quot;slide&quot;,&quot;speed&quot;:500}\" data-widget_type=\"image-carousel.default\">\n\t\t\t\t<div class=\"elementor-widget-container\">\n\t\t\t\t\t\t\t<div class=\"elementor-image-carousel-wrapper swiper\" role=\"region\" aria-roledescription=\"carousel\" aria-label=\"Bild Karussell\" dir=\"ltr\">\n\t\t\t<div class=\"elementor-image-carousel swiper-wrapper\" aria-live=\"polite\">\n\t\t\t\t\t\t\t\t<div class=\"swiper-slide\" role=\"group\" aria-roledescription=\"slide\" aria-label=\"1 von 6\"><a data-elementor-open-lightbox=\"yes\" data-elementor-lightbox-slideshow=\"3176a16\" data-elementor-lightbox-title=\"Die alte B\u00f6rse mit der Installation Colonne di Luce - Lichtkolumne\" data-e-action-hash=\"#elementor-action%3Aaction%3Dlightbox%26settings%3DeyJpZCI6MzAzMSwidXJsIjoiaHR0cHM6XC9cL2ZhLWxlc2lhLmV1XC93cC1jb250ZW50XC91cGxvYWRzXC9jb2xvbm5lMDIuanBnIiwic2xpZGVzaG93IjoiMzE3NmExNiJ9\" href=\"https:\/\/fa-lesia.eu\/wp-content\/uploads\/colonne02.jpg\"><figure class=\"swiper-slide-inner\"><img decoding=\"async\" class=\"swiper-slide-image\" src=\"https:\/\/fa-lesia.eu\/wp-content\/uploads\/colonne02-225x300.jpg\" alt=\"Open-air Installation im Rahmen des Kongresses des IETM internationalen Netzwerkes f\u00fcr zeitgen\u00f6ssische darstellende Kunst Foto der Installation Lichtkolumne 2002 an der Fassade der alten B\u00f6rse in Triest\" \/><\/figure><\/a><\/div><div class=\"swiper-slide\" role=\"group\" aria-roledescription=\"slide\" aria-label=\"2 von 6\"><a data-elementor-open-lightbox=\"yes\" data-elementor-lightbox-slideshow=\"3176a16\" data-elementor-lightbox-title=\"Detail der Installation\" data-e-action-hash=\"#elementor-action%3Aaction%3Dlightbox%26settings%3DeyJpZCI6MzAzMCwidXJsIjoiaHR0cHM6XC9cL2ZhLWxlc2lhLmV1XC93cC1jb250ZW50XC91cGxvYWRzXC9jb2xvbm5lMDEuanBnIiwic2xpZGVzaG93IjoiMzE3NmExNiJ9\" href=\"https:\/\/fa-lesia.eu\/wp-content\/uploads\/colonne01.jpg\"><figure class=\"swiper-slide-inner\"><img decoding=\"async\" class=\"swiper-slide-image\" src=\"https:\/\/fa-lesia.eu\/wp-content\/uploads\/colonne01-225x300.jpg\" alt=\"Open-air Installation im Rahmen des Kongresses des IETM internationalen Netzwerkes f\u00fcr zeitgen\u00f6ssische darstellende Kunst Foto der Installation Lichtkolumne 2002 an der Fassade der alten B\u00f6rse in Triest Detail\" \/><\/figure><\/a><\/div><div class=\"swiper-slide\" role=\"group\" aria-roledescription=\"slide\" aria-label=\"3 von 6\"><a data-elementor-open-lightbox=\"yes\" data-elementor-lightbox-slideshow=\"3176a16\" data-elementor-lightbox-title=\"Die Installation im Kontext der Stadt\" data-e-action-hash=\"#elementor-action%3Aaction%3Dlightbox%26settings%3DeyJpZCI6MzAzMiwidXJsIjoiaHR0cHM6XC9cL2ZhLWxlc2lhLmV1XC93cC1jb250ZW50XC91cGxvYWRzXC9jb2xvbm5lMDUuanBnIiwic2xpZGVzaG93IjoiMzE3NmExNiJ9\" href=\"https:\/\/fa-lesia.eu\/wp-content\/uploads\/colonne05.jpg\"><figure class=\"swiper-slide-inner\"><img decoding=\"async\" class=\"swiper-slide-image\" src=\"https:\/\/fa-lesia.eu\/wp-content\/uploads\/colonne05-238x300.jpg\" alt=\"Open-air Installation im Rahmen des Kongresses des IETM internationalen Netzwerkes f\u00fcr zeitgen\u00f6ssische darstellende Kunst Foto im Kontext der Stadt der Installation Lichtkolumne 2002 an der Fassade der alten B\u00f6rse in Triest.\" \/><\/figure><\/a><\/div><div class=\"swiper-slide\" role=\"group\" aria-roledescription=\"slide\" aria-label=\"4 von 6\"><a data-elementor-open-lightbox=\"yes\" data-elementor-lightbox-slideshow=\"3176a16\" data-elementor-lightbox-title=\"Detail\" data-e-action-hash=\"#elementor-action%3Aaction%3Dlightbox%26settings%3DeyJpZCI6MzAzNCwidXJsIjoiaHR0cHM6XC9cL2ZhLWxlc2lhLmV1XC93cC1jb250ZW50XC91cGxvYWRzXC9jb2xvbm5lMDcuanBnIiwic2xpZGVzaG93IjoiMzE3NmExNiJ9\" href=\"https:\/\/fa-lesia.eu\/wp-content\/uploads\/colonne07.jpg\"><figure class=\"swiper-slide-inner\"><img decoding=\"async\" class=\"swiper-slide-image\" src=\"https:\/\/fa-lesia.eu\/wp-content\/uploads\/colonne07-225x300.jpg\" alt=\"Open-air Installation im Rahmen des Kongresses des IETM internationalen Netzwerkes f\u00fcr zeitgen\u00f6ssische darstellende Kunst Foto im Kontext der Stadt der Installation Colonne di Luce Lichtkolumne 2002 an der Fassade der alten B\u00f6rse in Triest. Detail\" \/><\/figure><\/a><\/div><div class=\"swiper-slide\" role=\"group\" aria-roledescription=\"slide\" aria-label=\"5 von 6\"><a data-elementor-open-lightbox=\"yes\" data-elementor-lightbox-slideshow=\"3176a16\" data-elementor-lightbox-title=\"Detail\" data-e-action-hash=\"#elementor-action%3Aaction%3Dlightbox%26settings%3DeyJpZCI6MzAzNiwidXJsIjoiaHR0cHM6XC9cL2ZhLWxlc2lhLmV1XC93cC1jb250ZW50XC91cGxvYWRzXC9jb2xvbm5lMTIuanBnIiwic2xpZGVzaG93IjoiMzE3NmExNiJ9\" href=\"https:\/\/fa-lesia.eu\/wp-content\/uploads\/colonne12.jpg\"><figure class=\"swiper-slide-inner\"><img decoding=\"async\" class=\"swiper-slide-image\" src=\"https:\/\/fa-lesia.eu\/wp-content\/uploads\/colonne12-225x300.jpg\" alt=\"Open-air Installation im Rahmen des Kongresses des IETM internationalen Netzwerkes f\u00fcr zeitgen\u00f6ssische darstellende Kunst Foto der Installation Colonne di Luce Lichtkolumne 2002 an der Fassade der alten B\u00f6rse in Triest. Detail\" \/><\/figure><\/a><\/div><div class=\"swiper-slide\" role=\"group\" aria-roledescription=\"slide\" aria-label=\"6 von 6\"><a data-elementor-open-lightbox=\"yes\" data-elementor-lightbox-slideshow=\"3176a16\" data-elementor-lightbox-title=\"Die Installation im Kontext der Stadt\" data-e-action-hash=\"#elementor-action%3Aaction%3Dlightbox%26settings%3DeyJpZCI6MzAzNSwidXJsIjoiaHR0cHM6XC9cL2ZhLWxlc2lhLmV1XC93cC1jb250ZW50XC91cGxvYWRzXC9jb2xvbm5lMDguanBnIiwic2xpZGVzaG93IjoiMzE3NmExNiJ9\" href=\"https:\/\/fa-lesia.eu\/wp-content\/uploads\/colonne08.jpg\"><figure class=\"swiper-slide-inner\"><img decoding=\"async\" class=\"swiper-slide-image\" src=\"https:\/\/fa-lesia.eu\/wp-content\/uploads\/colonne08-300x252.jpg\" alt=\"Open-air Installation im Rahmen des Kongresses des IETM internationalen Netzwerkes f\u00fcr zeitgen\u00f6ssische darstellende Kunst Foto im Kontext der Stadt der Installation Colonne di Luce Lichtkolumne 2002 an der Fassade der alten B\u00f6rse in Triest.\" \/><\/figure><\/a><\/div>\t\t\t<\/div>\n\t\t\t\t\t\t\t\n\t\t\t\t\t\t\t\t\t<div class=\"swiper-pagination\"><\/div>\n\t\t\t\t\t\t\t\t\t<\/div>\n\t\t\t\t\t\t<\/div>\n\t\t\t\t<\/div>\n\t\t\t\t\t<\/div>\n\t\t<\/div>\n\t\t\t\t<div class=\"elementor-column elementor-col-50 elementor-inner-column elementor-element elementor-element-7c305c2\" data-id=\"7c305c2\" data-element_type=\"column\">\n\t\t\t<div class=\"elementor-widget-wrap elementor-element-populated\">\n\t\t\t\t\t\t<div class=\"elementor-element elementor-element-f6d88b7 elementor-widget elementor-widget-text-editor\" data-id=\"f6d88b7\" data-element_type=\"widget\" data-widget_type=\"text-editor.default\">\n\t\t\t\t<div class=\"elementor-widget-container\">\n\t\t\t\t\t\t\t\t\t<h1><b>Colonne di Luce<\/b><\/h1><h2 class=\" translation-block\"><b>Oggetto<\/b>: Installazione urbana nell'ambito del congresso del network internazionale per le arti performative contemporanee<br><b>Organizzatore:<\/b> IETM -\u00a0Rete internazionale per le arti performative contemporanee<br><b> Anno:<\/b> 2002<br><b>Localit\u00e0:<\/b>\u00a0Trieste, Italia<br><b>Progetto:<\/b>\u00a0E. Vladilo (ideazione), C. Farina (realizzazione tecnica)<br> <strong>Tecnologia di illuminazione:<\/strong> Space Cannon<\/h2>\t\t\t\t\t\t\t\t<\/div>\n\t\t\t\t<\/div>\n\t\t\t\t\t<\/div>\n\t\t<\/div>\n\t\t\t\t\t<\/div>\n\t\t<\/section>\n\t\t\t\t\t<\/div>\n\t\t<\/div>\n\t\t\t\t\t<\/div>\n\t\t<\/section>\n\t\t\t\t<section class=\"elementor-section elementor-top-section elementor-element elementor-element-17a816b elementor-section-boxed elementor-section-height-default elementor-section-height-default\" data-id=\"17a816b\" data-element_type=\"section\" data-settings=\"{&quot;background_background&quot;:&quot;classic&quot;}\">\n\t\t\t\t\t\t<div class=\"elementor-container elementor-column-gap-default\">\n\t\t\t\t\t<div class=\"elementor-column elementor-col-33 elementor-top-column elementor-element elementor-element-7531ebc\" data-id=\"7531ebc\" data-element_type=\"column\">\n\t\t\t<div class=\"elementor-widget-wrap elementor-element-populated\">\n\t\t\t\t\t\t<div class=\"elementor-element elementor-element-3ce258b elementor-widget elementor-widget-text-editor\" data-id=\"3ce258b\" data-element_type=\"widget\" data-widget_type=\"text-editor.default\">\n\t\t\t\t<div class=\"elementor-widget-container\">\n\t\t\t\t\t\t\t\t\t<h1><a href=\"https:\/\/fa-lesia.eu\/\"><b>FA<\/b>Le<b>S<\/b>i<b>A<\/b><\/a><\/h1>\t\t\t\t\t\t\t\t<\/div>\n\t\t\t\t<\/div>\n\t\t\t\t<div class=\"elementor-element elementor-element-25fa2cd elementor-widget elementor-widget-text-editor\" data-id=\"25fa2cd\" data-element_type=\"widget\" data-widget_type=\"text-editor.default\">\n\t\t\t\t<div class=\"elementor-widget-container\">\n\t\t\t\t\t\t\t\t\t<p>prestazioni e servizi professionali in architettura<\/p>\t\t\t\t\t\t\t\t<\/div>\n\t\t\t\t<\/div>\n\t\t\t\t<div class=\"elementor-element elementor-element-73066ad elementor-widget elementor-widget-image\" data-id=\"73066ad\" data-element_type=\"widget\" data-widget_type=\"image.default\">\n\t\t\t\t<div class=\"elementor-widget-container\">\n\t\t\t\t\t\t\t\t\t\t\t\t\t\t\t\t<a href=\"https:\/\/fa-lesia.eu\/\">\n\t\t\t\t\t\t\t<img decoding=\"async\" width=\"150\" height=\"150\" src=\"https:\/\/fa-lesia.eu\/wp-content\/uploads\/falesia_new_3.svg\" class=\"attachment-thumbnail size-thumbnail wp-image-5438\" alt=\"Falesia- Beratungs- und Planungsleistungen in Architektur\" \/>\t\t\t\t\t\t\t\t<\/a>\n\t\t\t\t\t\t\t\t\t\t\t\t\t\t\t<\/div>\n\t\t\t\t<\/div>\n\t\t\t\t\t<\/div>\n\t\t<\/div>\n\t\t\t\t<div class=\"elementor-column elementor-col-33 elementor-top-column elementor-element elementor-element-218452e\" data-id=\"218452e\" data-element_type=\"column\">\n\t\t\t<div class=\"elementor-widget-wrap elementor-element-populated\">\n\t\t\t\t\t\t<div class=\"elementor-element elementor-element-6bd86a7 elementor-widget elementor-widget-text-editor\" data-id=\"6bd86a7\" data-element_type=\"widget\" data-widget_type=\"text-editor.default\">\n\t\t\t\t<div class=\"elementor-widget-container\">\n\t\t\t\t\t\t\t\t\t<p style=\"font-variant-ligatures: normal; font-variant-caps: normal; font-family: Weblysleek, sans-serif; font-size: 18px; font-style: normal; font-weight: 100; color: #ffae4b;\"><a style=\"font-size: 18px;\" href=\"https:\/\/fa-lesia.eu\/\"><span style=\"font-size: 18px; font-weight: bold;\">Home<br \/><\/span><\/a><\/p><p style=\"font-variant-ligatures: normal; font-variant-caps: normal; font-family: Weblysleek, sans-serif; font-size: 18px; font-style: normal; font-weight: 100; color: #ffae4b;\"><a style=\"font-size: 18px;\" href=\"https:\/\/fa-lesia.eu\/fachliche-planungsleistungen-in-architektur\/\" target=\"_blank\" rel=\"noopener\"><span style=\"font-size: 18px; font-weight: bold;\">&gt; Progetti<br \/><\/span><\/a><a style=\"font-size: 18px;\" href=\"https:\/\/fa-lesia.eu\/wer\"><span style=\"font-size: 18px; font-weight: bold;\">&gt; Chi<br \/><\/span><\/a><span style=\"font-size: 18px; font-weight: 600;\"><a style=\"font-size: 18px;\" href=\"https:\/\/fa-lesia.eu\/aktuelles\">&gt; Attualit\u00e0<\/a><\/span><\/p><div style=\"font-variant-ligatures: normal; font-variant-caps: normal; font-family: Weblysleek, sans-serif; font-size: 18px; font-style: normal; font-weight: 100; color: #ffae4b;\">\u00a0<\/div><div style=\"font-variant-ligatures: normal; font-variant-caps: normal; font-family: Weblysleek, sans-serif; font-size: 18px; font-style: normal; font-weight: 100; color: #ffae4b;\"><a style=\"font-size: 18px; font-weight: 100;\" href=\"https:\/\/fa-lesia.eu\/kontakt\"><span style=\"font-size: 18px; font-weight: bold;\">&gt; Contatti &amp; Impressum<br \/><\/span><\/a><span style=\"font-size: 18px; font-weight: 600;\">&gt; Archivio<\/span><\/div>\t\t\t\t\t\t\t\t<\/div>\n\t\t\t\t<\/div>\n\t\t\t\t\t<\/div>\n\t\t<\/div>\n\t\t\t\t<div class=\"elementor-column elementor-col-33 elementor-top-column elementor-element elementor-element-6e1d3e4\" data-id=\"6e1d3e4\" data-element_type=\"column\">\n\t\t\t<div class=\"elementor-widget-wrap elementor-element-populated\">\n\t\t\t\t\t\t<div class=\"elementor-element elementor-element-9304592 elementor-widget elementor-widget-image\" data-id=\"9304592\" data-element_type=\"widget\" data-widget_type=\"image.default\">\n\t\t\t\t<div class=\"elementor-widget-container\">\n\t\t\t\t\t\t\t\t\t\t\t\t\t\t\t\t<a href=\"https:\/\/www.instagram.com\/claudio_fa\/\" target=\"_blank\">\n\t\t\t\t\t\t\t<img decoding=\"async\" src=\"https:\/\/fa-lesia.eu\/wp-content\/uploads\/instagram-square-brands-1.svg\" title=\"instagram-square-brands\" alt=\"instagram-square-brands\" loading=\"lazy\" \/>\t\t\t\t\t\t\t\t<\/a>\n\t\t\t\t\t\t\t\t\t\t\t\t\t\t\t<\/div>\n\t\t\t\t<\/div>\n\t\t\t\t<div class=\"elementor-element elementor-element-27818db elementor-widget elementor-widget-image\" data-id=\"27818db\" data-element_type=\"widget\" data-widget_type=\"image.default\">\n\t\t\t\t<div class=\"elementor-widget-container\">\n\t\t\t\t\t\t\t\t\t\t\t\t\t\t\t\t<a href=\"https:\/\/de.linkedin.com\/in\/clfarina\" target=\"_blank\">\n\t\t\t\t\t\t\t<img fetchpriority=\"high\" decoding=\"async\" width=\"448\" height=\"512\" src=\"https:\/\/fa-lesia.eu\/wp-content\/uploads\/Font_Awesome_5_brands_linkedin.svg\" class=\"attachment-full size-full wp-image-4229\" alt=\"Falesia Linkedin\" \/>\t\t\t\t\t\t\t\t<\/a>\n\t\t\t\t\t\t\t\t\t\t\t\t\t\t\t<\/div>\n\t\t\t\t<\/div>\n\t\t\t\t<div class=\"elementor-element elementor-element-bfe9101 elementor-widget elementor-widget-image\" data-id=\"bfe9101\" data-element_type=\"widget\" data-widget_type=\"image.default\">\n\t\t\t\t<div class=\"elementor-widget-container\">\n\t\t\t\t\t\t\t\t\t\t\t\t\t\t\t\t<a href=\"https:\/\/twitter.com\/claudio_fa\" target=\"_blank\">\n\t\t\t\t\t\t\t<img decoding=\"async\" width=\"448\" height=\"512\" src=\"https:\/\/fa-lesia.eu\/wp-content\/uploads\/twitter-square-brands-1.svg\" class=\"attachment-full size-full wp-image-2585\" alt=\"\" \/>\t\t\t\t\t\t\t\t<\/a>\n\t\t\t\t\t\t\t\t\t\t\t\t\t\t\t<\/div>\n\t\t\t\t<\/div>\n\t\t\t\t<div class=\"elementor-element elementor-element-14f1571 elementor-widget elementor-widget-image\" data-id=\"14f1571\" data-element_type=\"widget\" data-widget_type=\"image.default\">\n\t\t\t\t<div class=\"elementor-widget-container\">\n\t\t\t\t\t\t\t\t\t\t\t\t\t\t\t\t<a href=\"https:\/\/www.xing.com\/profile\/Claudio_Farina2\/cv\" target=\"_blank\">\n\t\t\t\t\t\t\t<img loading=\"lazy\" decoding=\"async\" width=\"448\" height=\"512\" src=\"https:\/\/fa-lesia.eu\/wp-content\/uploads\/xing-square-brands-1.svg\" class=\"attachment-full size-full wp-image-2586\" alt=\"\" \/>\t\t\t\t\t\t\t\t<\/a>\n\t\t\t\t\t\t\t\t\t\t\t\t\t\t\t<\/div>\n\t\t\t\t<\/div>\n\t\t\t\t\t<\/div>\n\t\t<\/div>\n\t\t\t\t\t<\/div>\n\t\t<\/section>\n\t\t\t\t<section class=\"elementor-section elementor-top-section elementor-element elementor-element-5b7ce96e elementor-section-boxed elementor-section-height-default elementor-section-height-default\" data-id=\"5b7ce96e\" data-element_type=\"section\" data-settings=\"{&quot;background_background&quot;:&quot;classic&quot;}\">\n\t\t\t\t\t\t<div class=\"elementor-container elementor-column-gap-default\">\n\t\t\t\t\t<div class=\"elementor-column elementor-col-33 elementor-top-column elementor-element elementor-element-3e7aa887\" data-id=\"3e7aa887\" data-element_type=\"column\">\n\t\t\t<div class=\"elementor-widget-wrap elementor-element-populated\">\n\t\t\t\t\t\t<div class=\"elementor-element elementor-element-397747c3 elementor-widget elementor-widget-text-editor\" data-id=\"397747c3\" data-element_type=\"widget\" data-widget_type=\"text-editor.default\">\n\t\t\t\t<div class=\"elementor-widget-container\">\n\t\t\t\t\t\t\t\t\t<p>\u00a9 2022, Falesia\u00a0 \u2013 Claudio Farina \u2022 Architekt\u00a0 \u00a0<\/p>\t\t\t\t\t\t\t\t<\/div>\n\t\t\t\t<\/div>\n\t\t\t\t\t<\/div>\n\t\t<\/div>\n\t\t\t\t<div class=\"elementor-column elementor-col-33 elementor-top-column elementor-element elementor-element-721161cc\" data-id=\"721161cc\" data-element_type=\"column\">\n\t\t\t<div class=\"elementor-widget-wrap\">\n\t\t\t\t\t\t\t<\/div>\n\t\t<\/div>\n\t\t\t\t<div class=\"elementor-column elementor-col-33 elementor-top-column elementor-element elementor-element-28fa18aa\" data-id=\"28fa18aa\" data-element_type=\"column\" data-settings=\"{&quot;background_background&quot;:&quot;classic&quot;}\">\n\t\t\t<div class=\"elementor-widget-wrap elementor-element-populated\">\n\t\t\t\t\t\t<div class=\"elementor-element elementor-element-2ae9a95b elementor-icon-list--layout-inline elementor-align-end elementor-mobile-align-center elementor-list-item-link-full_width elementor-invisible elementor-widget elementor-widget-icon-list\" data-id=\"2ae9a95b\" data-element_type=\"widget\" data-settings=\"{&quot;_animation&quot;:&quot;fadeIn&quot;,&quot;_animation_delay&quot;:300}\" data-widget_type=\"icon-list.default\">\n\t\t\t\t<div class=\"elementor-widget-container\">\n\t\t\t\t\t\t\t<ul class=\"elementor-icon-list-items elementor-inline-items\">\n\t\t\t\t\t\t\t<li class=\"elementor-icon-list-item elementor-inline-item\">\n\t\t\t\t\t\t\t\t\t\t\t<a href=\"https:\/\/fa-lesia.eu\/datenschutz\/\" target=\"_blank\">\n\n\t\t\t\t\t\t\t\t\t\t\t<span class=\"elementor-icon-list-text\">Datenschutz<\/span>\n\t\t\t\t\t\t\t\t\t\t\t<\/a>\n\t\t\t\t\t\t\t\t\t<\/li>\n\t\t\t\t\t\t<\/ul>\n\t\t\t\t\t\t<\/div>\n\t\t\t\t<\/div>\n\t\t\t\t\t<\/div>\n\t\t<\/div>\n\t\t\t\t\t<\/div>\n\t\t<\/section>\n\t\t\t\t<\/div>","protected":false},"excerpt":{"rendered":"<p>Events Museo Espresso Objekt: Workshop und Umsetzung eines Prototyps f\u00fcr ein verbreitetes interaktives multimediales Museum des Kaffees\u00a0Auslober: Trieste Coffee ClusterVeranstalter:\u00a0Interaction Design Lab (Mailand)Partners:\u00a0 Kulturinstitut f\u00fcr die Seewirtschaft, Coffee Colours, NABAJahr: 2010Ort:\u00a0Trieste, ItalienProjektteam:\u00a0I. Bojte, E. Bonini, G. Carbone, L. Guarnieri, A. Luglio, W. Raffredi, M. Sangalli, E. Zorzi (Designers NABA) F. Abbiati, M. Aquila, C. Farina, [&hellip;]<\/p>","protected":false},"author":1,"featured_media":0,"parent":0,"menu_order":0,"comment_status":"closed","ping_status":"closed","template":"","meta":{"ocean_post_layout":"full-screen","ocean_both_sidebars_style":"","ocean_both_sidebars_content_width":0,"ocean_both_sidebars_sidebars_width":0,"ocean_sidebar":"0","ocean_second_sidebar":"0","ocean_disable_margins":"on","ocean_add_body_class":"","ocean_shortcode_before_top_bar":"","ocean_shortcode_after_top_bar":"","ocean_shortcode_before_header":"","ocean_shortcode_after_header":"","ocean_has_shortcode":"","ocean_shortcode_after_title":"","ocean_shortcode_before_footer_widgets":"","ocean_shortcode_after_footer_widgets":"","ocean_shortcode_before_footer_bottom":"","ocean_shortcode_after_footer_bottom":"","ocean_display_top_bar":"default","ocean_display_header":"default","ocean_header_style":"","ocean_center_header_left_menu":"0","ocean_custom_header_template":"0","ocean_custom_logo":0,"ocean_custom_retina_logo":0,"ocean_custom_logo_max_width":0,"ocean_custom_logo_tablet_max_width":0,"ocean_custom_logo_mobile_max_width":0,"ocean_custom_logo_max_height":0,"ocean_custom_logo_tablet_max_height":0,"ocean_custom_logo_mobile_max_height":0,"ocean_header_custom_menu":"0","ocean_menu_typo_font_family":"0","ocean_menu_typo_font_subset":"","ocean_menu_typo_font_size":0,"ocean_menu_typo_font_size_tablet":0,"ocean_menu_typo_font_size_mobile":0,"ocean_menu_typo_font_size_unit":"px","ocean_menu_typo_font_weight":"","ocean_menu_typo_font_weight_tablet":"","ocean_menu_typo_font_weight_mobile":"","ocean_menu_typo_transform":"","ocean_menu_typo_transform_tablet":"","ocean_menu_typo_transform_mobile":"","ocean_menu_typo_line_height":0,"ocean_menu_typo_line_height_tablet":0,"ocean_menu_typo_line_height_mobile":0,"ocean_menu_typo_line_height_unit":"","ocean_menu_typo_spacing":0,"ocean_menu_typo_spacing_tablet":0,"ocean_menu_typo_spacing_mobile":0,"ocean_menu_typo_spacing_unit":"","ocean_menu_link_color":"","ocean_menu_link_color_hover":"#ff9800","ocean_menu_link_color_active":"","ocean_menu_link_background":"","ocean_menu_link_hover_background":"","ocean_menu_link_active_background":"","ocean_menu_social_links_bg":"","ocean_menu_social_hover_links_bg":"","ocean_menu_social_links_color":"","ocean_menu_social_hover_links_color":"","ocean_disable_title":"on","ocean_disable_heading":"default","ocean_post_title":"","ocean_post_subheading":"","ocean_post_title_style":"","ocean_post_title_background_color":"","ocean_post_title_background":0,"ocean_post_title_bg_image_position":"","ocean_post_title_bg_image_attachment":"","ocean_post_title_bg_image_repeat":"","ocean_post_title_bg_image_size":"","ocean_post_title_height":0,"ocean_post_title_bg_overlay":0.5,"ocean_post_title_bg_overlay_color":"","ocean_disable_breadcrumbs":"off","ocean_breadcrumbs_color":"","ocean_breadcrumbs_separator_color":"","ocean_breadcrumbs_links_color":"","ocean_breadcrumbs_links_hover_color":"","ocean_display_footer_widgets":"off","ocean_display_footer_bottom":"off","ocean_custom_footer_template":"0","footnotes":""},"class_list":["post-854","page","type-page","status-publish","hentry","entry"],"yoast_head":"<!-- This site is optimized with the Yoast SEO plugin v27.5 - https:\/\/yoast.com\/product\/yoast-seo-wordpress\/ -->\n<title>Events - FALeSiA - Claudio Farina Architekt - Fachliche Leistungen und Services in Architektur<\/title>\n<meta name=\"robots\" content=\"index, follow, max-snippet:-1, max-image-preview:large, max-video-preview:-1\" \/>\n<link rel=\"canonical\" href=\"https:\/\/fa-lesia.eu\/it\/events\/\" \/>\n<meta property=\"og:locale\" content=\"it_IT\" \/>\n<meta property=\"og:type\" content=\"article\" \/>\n<meta property=\"og:title\" content=\"Events - FALeSiA - Claudio Farina Architekt - Fachliche Leistungen und Services in Architektur\" \/>\n<meta property=\"og:description\" content=\"Events Museo Espresso Objekt: Workshop und Umsetzung eines Prototyps f\u00fcr ein verbreitetes interaktives multimediales Museum des Kaffees\u00a0Auslober: Trieste Coffee ClusterVeranstalter:\u00a0Interaction Design Lab (Mailand)Partners:\u00a0 Kulturinstitut f\u00fcr die Seewirtschaft, Coffee Colours, NABAJahr: 2010Ort:\u00a0Trieste, ItalienProjektteam:\u00a0I. Bojte, E. Bonini, G. Carbone, L. Guarnieri, A. Luglio, W. Raffredi, M. Sangalli, E. Zorzi (Designers NABA) F. Abbiati, M. Aquila, C. Farina, [&hellip;]\" \/>\n<meta property=\"og:url\" content=\"https:\/\/fa-lesia.eu\/it\/events\/\" \/>\n<meta property=\"og:site_name\" content=\"FALeSiA - Claudio Farina Architekt - Fachliche Leistungen und Services in Architektur\" \/>\n<meta property=\"article:modified_time\" content=\"2024-11-05T11:08:42+00:00\" \/>\n<meta property=\"og:image\" content=\"https:\/\/fa-lesia.eu\/wp-content\/uploads\/MAPPAtrieste-1-300x212.png\" \/>\n<meta name=\"twitter:card\" content=\"summary_large_image\" \/>\n<meta name=\"twitter:site\" content=\"@claudio_fa\" \/>\n<meta name=\"twitter:label1\" content=\"Tempo di lettura stimato\" \/>\n\t<meta name=\"twitter:data1\" content=\"15 minuti\" \/>\n<script type=\"application\/ld+json\" class=\"yoast-schema-graph\">{\"@context\":\"https:\\\/\\\/schema.org\",\"@graph\":[{\"@type\":\"WebPage\",\"@id\":\"https:\\\/\\\/fa-lesia.eu\\\/events\\\/\",\"url\":\"https:\\\/\\\/fa-lesia.eu\\\/events\\\/\",\"name\":\"Events - FALeSiA - Claudio Farina Architekt - Fachliche Leistungen und Services in Architektur\",\"isPartOf\":{\"@id\":\"https:\\\/\\\/fa-lesia.eu\\\/#website\"},\"primaryImageOfPage\":{\"@id\":\"https:\\\/\\\/fa-lesia.eu\\\/events\\\/#primaryimage\"},\"image\":{\"@id\":\"https:\\\/\\\/fa-lesia.eu\\\/events\\\/#primaryimage\"},\"thumbnailUrl\":\"https:\\\/\\\/fa-lesia.eu\\\/wp-content\\\/uploads\\\/MAPPAtrieste-1-300x212.png\",\"datePublished\":\"2022-01-03T14:09:54+00:00\",\"dateModified\":\"2024-11-05T11:08:42+00:00\",\"breadcrumb\":{\"@id\":\"https:\\\/\\\/fa-lesia.eu\\\/events\\\/#breadcrumb\"},\"inLanguage\":\"it-IT\",\"potentialAction\":[{\"@type\":\"ReadAction\",\"target\":[\"https:\\\/\\\/fa-lesia.eu\\\/events\\\/\"]}]},{\"@type\":\"ImageObject\",\"inLanguage\":\"it-IT\",\"@id\":\"https:\\\/\\\/fa-lesia.eu\\\/events\\\/#primaryimage\",\"url\":\"https:\\\/\\\/fa-lesia.eu\\\/wp-content\\\/uploads\\\/MAPPAtrieste-1-300x212.png\",\"contentUrl\":\"https:\\\/\\\/fa-lesia.eu\\\/wp-content\\\/uploads\\\/MAPPAtrieste-1-300x212.png\"},{\"@type\":\"BreadcrumbList\",\"@id\":\"https:\\\/\\\/fa-lesia.eu\\\/events\\\/#breadcrumb\",\"itemListElement\":[{\"@type\":\"ListItem\",\"position\":1,\"name\":\"Startseite\",\"item\":\"https:\\\/\\\/fa-lesia.eu\\\/\"},{\"@type\":\"ListItem\",\"position\":2,\"name\":\"Events\"}]},{\"@type\":\"WebSite\",\"@id\":\"https:\\\/\\\/fa-lesia.eu\\\/#website\",\"url\":\"https:\\\/\\\/fa-lesia.eu\\\/\",\"name\":\"FALeSiA - Claudio Farina Architekt - Fachliche Leistungen und Services in Architektur\",\"description\":\"Architekt Bayern - Italien. Falesia bietet koordinierte Beratungs- und Planungsleistungen f\u00fcr ein umweltvertr\u00e4gliches Architekturprojekt an.\",\"publisher\":{\"@id\":\"https:\\\/\\\/fa-lesia.eu\\\/#organization\"},\"potentialAction\":[{\"@type\":\"SearchAction\",\"target\":{\"@type\":\"EntryPoint\",\"urlTemplate\":\"https:\\\/\\\/fa-lesia.eu\\\/?s={search_term_string}\"},\"query-input\":{\"@type\":\"PropertyValueSpecification\",\"valueRequired\":true,\"valueName\":\"search_term_string\"}}],\"inLanguage\":\"it-IT\"},{\"@type\":\"Organization\",\"@id\":\"https:\\\/\\\/fa-lesia.eu\\\/#organization\",\"name\":\"Claudio Farina Architekt - FALeSiA\",\"url\":\"https:\\\/\\\/fa-lesia.eu\\\/\",\"logo\":{\"@type\":\"ImageObject\",\"inLanguage\":\"it-IT\",\"@id\":\"https:\\\/\\\/fa-lesia.eu\\\/#\\\/schema\\\/logo\\\/image\\\/\",\"url\":\"https:\\\/\\\/fa-lesia.eu\\\/wp-content\\\/uploads\\\/falesia_new_3.svg\",\"contentUrl\":\"https:\\\/\\\/fa-lesia.eu\\\/wp-content\\\/uploads\\\/falesia_new_3.svg\",\"width\":850,\"height\":850,\"caption\":\"Claudio Farina Architekt - FALeSiA\"},\"image\":{\"@id\":\"https:\\\/\\\/fa-lesia.eu\\\/#\\\/schema\\\/logo\\\/image\\\/\"},\"sameAs\":[\"https:\\\/\\\/x.com\\\/claudio_fa\",\"https:\\\/\\\/www.instagram.com\\\/claudio_fa\\\/\",\"https:\\\/\\\/www.linkedin.com\\\/in\\\/clfarina\\\/\"]}]}<\/script>\n<!-- \/ Yoast SEO plugin. -->","yoast_head_json":{"title":"Events - FALeSiA - Claudio Farina Architekt - Fachliche Leistungen und Services in Architektur","robots":{"index":"index","follow":"follow","max-snippet":"max-snippet:-1","max-image-preview":"max-image-preview:large","max-video-preview":"max-video-preview:-1"},"canonical":"https:\/\/fa-lesia.eu\/it\/events\/","og_locale":"it_IT","og_type":"article","og_title":"Events - FALeSiA - Claudio Farina Architekt - Fachliche Leistungen und Services in Architektur","og_description":"Events Museo Espresso Objekt: Workshop und Umsetzung eines Prototyps f\u00fcr ein verbreitetes interaktives multimediales Museum des Kaffees\u00a0Auslober: Trieste Coffee ClusterVeranstalter:\u00a0Interaction Design Lab (Mailand)Partners:\u00a0 Kulturinstitut f\u00fcr die Seewirtschaft, Coffee Colours, NABAJahr: 2010Ort:\u00a0Trieste, ItalienProjektteam:\u00a0I. Bojte, E. Bonini, G. Carbone, L. Guarnieri, A. Luglio, W. Raffredi, M. Sangalli, E. Zorzi (Designers NABA) F. Abbiati, M. Aquila, C. Farina, [&hellip;]","og_url":"https:\/\/fa-lesia.eu\/it\/events\/","og_site_name":"FALeSiA - Claudio Farina Architekt - Fachliche Leistungen und Services in Architektur","article_modified_time":"2024-11-05T11:08:42+00:00","og_image":[{"url":"https:\/\/fa-lesia.eu\/wp-content\/uploads\/MAPPAtrieste-1-300x212.png","type":"","width":"","height":""}],"twitter_card":"summary_large_image","twitter_site":"@claudio_fa","twitter_misc":{"Tempo di lettura stimato":"15 minuti"},"schema":{"@context":"https:\/\/schema.org","@graph":[{"@type":"WebPage","@id":"https:\/\/fa-lesia.eu\/events\/","url":"https:\/\/fa-lesia.eu\/events\/","name":"Events - FALeSiA - Claudio Farina Architekt - Fachliche Leistungen und Services in Architektur","isPartOf":{"@id":"https:\/\/fa-lesia.eu\/#website"},"primaryImageOfPage":{"@id":"https:\/\/fa-lesia.eu\/events\/#primaryimage"},"image":{"@id":"https:\/\/fa-lesia.eu\/events\/#primaryimage"},"thumbnailUrl":"https:\/\/fa-lesia.eu\/wp-content\/uploads\/MAPPAtrieste-1-300x212.png","datePublished":"2022-01-03T14:09:54+00:00","dateModified":"2024-11-05T11:08:42+00:00","breadcrumb":{"@id":"https:\/\/fa-lesia.eu\/events\/#breadcrumb"},"inLanguage":"it-IT","potentialAction":[{"@type":"ReadAction","target":["https:\/\/fa-lesia.eu\/events\/"]}]},{"@type":"ImageObject","inLanguage":"it-IT","@id":"https:\/\/fa-lesia.eu\/events\/#primaryimage","url":"https:\/\/fa-lesia.eu\/wp-content\/uploads\/MAPPAtrieste-1-300x212.png","contentUrl":"https:\/\/fa-lesia.eu\/wp-content\/uploads\/MAPPAtrieste-1-300x212.png"},{"@type":"BreadcrumbList","@id":"https:\/\/fa-lesia.eu\/events\/#breadcrumb","itemListElement":[{"@type":"ListItem","position":1,"name":"Startseite","item":"https:\/\/fa-lesia.eu\/"},{"@type":"ListItem","position":2,"name":"Events"}]},{"@type":"WebSite","@id":"https:\/\/fa-lesia.eu\/#website","url":"https:\/\/fa-lesia.eu\/","name":"FALeSiA - Claudio Farina Architekt - Fachliche Leistungen und Services in Architektur","description":"Architekt Bayern - Italien. Falesia bietet koordinierte Beratungs- und Planungsleistungen f\u00fcr ein umweltvertr\u00e4gliches Architekturprojekt an.","publisher":{"@id":"https:\/\/fa-lesia.eu\/#organization"},"potentialAction":[{"@type":"SearchAction","target":{"@type":"EntryPoint","urlTemplate":"https:\/\/fa-lesia.eu\/?s={search_term_string}"},"query-input":{"@type":"PropertyValueSpecification","valueRequired":true,"valueName":"search_term_string"}}],"inLanguage":"it-IT"},{"@type":"Organization","@id":"https:\/\/fa-lesia.eu\/#organization","name":"Claudio Farina Architekt - FALeSiA","url":"https:\/\/fa-lesia.eu\/","logo":{"@type":"ImageObject","inLanguage":"it-IT","@id":"https:\/\/fa-lesia.eu\/#\/schema\/logo\/image\/","url":"https:\/\/fa-lesia.eu\/wp-content\/uploads\/falesia_new_3.svg","contentUrl":"https:\/\/fa-lesia.eu\/wp-content\/uploads\/falesia_new_3.svg","width":850,"height":850,"caption":"Claudio Farina Architekt - FALeSiA"},"image":{"@id":"https:\/\/fa-lesia.eu\/#\/schema\/logo\/image\/"},"sameAs":["https:\/\/x.com\/claudio_fa","https:\/\/www.instagram.com\/claudio_fa\/","https:\/\/www.linkedin.com\/in\/clfarina\/"]}]}},"_links":{"self":[{"href":"https:\/\/fa-lesia.eu\/it\/wp-json\/wp\/v2\/pages\/854","targetHints":{"allow":["GET"]}}],"collection":[{"href":"https:\/\/fa-lesia.eu\/it\/wp-json\/wp\/v2\/pages"}],"about":[{"href":"https:\/\/fa-lesia.eu\/it\/wp-json\/wp\/v2\/types\/page"}],"author":[{"embeddable":true,"href":"https:\/\/fa-lesia.eu\/it\/wp-json\/wp\/v2\/users\/1"}],"replies":[{"embeddable":true,"href":"https:\/\/fa-lesia.eu\/it\/wp-json\/wp\/v2\/comments?post=854"}],"version-history":[{"count":231,"href":"https:\/\/fa-lesia.eu\/it\/wp-json\/wp\/v2\/pages\/854\/revisions"}],"predecessor-version":[{"id":7034,"href":"https:\/\/fa-lesia.eu\/it\/wp-json\/wp\/v2\/pages\/854\/revisions\/7034"}],"wp:attachment":[{"href":"https:\/\/fa-lesia.eu\/it\/wp-json\/wp\/v2\/media?parent=854"}],"curies":[{"name":"wp","href":"https:\/\/api.w.org\/{rel}","templated":true}]}}