{"id":825,"date":"2022-01-03T14:54:21","date_gmt":"2022-01-03T13:54:21","guid":{"rendered":"https:\/\/fa-lesia.eu\/?page_id=825"},"modified":"2022-10-27T14:19:42","modified_gmt":"2022-10-27T12:19:42","slug":"wettbewerbe","status":"publish","type":"page","link":"https:\/\/fa-lesia.eu\/it\/wettbewerbe\/","title":{"rendered":"Concorsi"},"content":{"rendered":"<div data-elementor-type=\"wp-page\" data-elementor-id=\"825\" class=\"elementor elementor-825\" data-elementor-post-type=\"page\">\n\t\t\t\t\t\t<section class=\"elementor-section elementor-top-section elementor-element elementor-element-32d16c elementor-section-boxed elementor-section-height-default elementor-section-height-default\" data-id=\"32d16c\" data-element_type=\"section\">\n\t\t\t\t\t\t<div class=\"elementor-container elementor-column-gap-default\">\n\t\t\t\t\t<div class=\"elementor-column elementor-col-50 elementor-top-column elementor-element elementor-element-319b2e6d\" data-id=\"319b2e6d\" data-element_type=\"column\">\n\t\t\t<div class=\"elementor-widget-wrap elementor-element-populated\">\n\t\t\t\t\t\t<div class=\"elementor-element elementor-element-304813e elementor-button-info elementor-widget elementor-widget-button\" data-id=\"304813e\" data-element_type=\"widget\" data-widget_type=\"button.default\">\n\t\t\t\t<div class=\"elementor-widget-container\">\n\t\t\t\t\t\t\t\t\t<div class=\"elementor-button-wrapper\">\n\t\t\t\t\t<a class=\"elementor-button elementor-button-link elementor-size-xs\" href=\"https:\/\/fa-lesia.eu\/fachliche-planungsleistungen-in-architektur\/\" id=\"Back\">\n\t\t\t\t\t\t<span class=\"elementor-button-content-wrapper\">\n\t\t\t\t\t\t<span class=\"elementor-button-icon\">\n\t\t\t\t<svg xmlns=\"http:\/\/www.w3.org\/2000\/svg\" aria-hidden=\"true\" data-prefix=\"far\" data-icon=\"arrow-alt-circle-left\" class=\"svg-inline--fa fa-arrow-alt-circle-left fa-w-16\" viewbox=\"0 0 512 512\"><path fill=\"currentColor\" d=\"M8 256c0 137 111 248 248 248s248-111 248-248S393 8 256 8 8 119 8 256zm448 0c0 110.5-89.5 200-200 200S56 366.5 56 256 145.5 56 256 56s200 89.5 200 200zm-72-20v40c0 6.6-5.4 12-12 12H256v67c0 10.7-12.9 16-20.5 8.5l-99-99c-4.7-4.7-4.7-12.3 0-17l99-99c7.6-7.6 20.5-2.2 20.5 8.5v67h116c6.6 0 12 5.4 12 12z\"><\/path><\/svg>\t\t\t<\/span>\n\t\t\t\t\t\t\t\t<\/span>\n\t\t\t\t\t<\/a>\n\t\t\t\t<\/div>\n\t\t\t\t\t\t\t\t<\/div>\n\t\t\t\t<\/div>\n\t\t\t\t\t<\/div>\n\t\t<\/div>\n\t\t\t\t<div class=\"elementor-column elementor-col-50 elementor-top-column elementor-element elementor-element-1e318eaf\" data-id=\"1e318eaf\" data-element_type=\"column\">\n\t\t\t<div class=\"elementor-widget-wrap elementor-element-populated\">\n\t\t\t\t\t\t<div class=\"elementor-element elementor-element-33b278a1 elementor-widget elementor-widget-heading\" data-id=\"33b278a1\" data-element_type=\"widget\" data-widget_type=\"heading.default\">\n\t\t\t\t<div class=\"elementor-widget-container\">\n\t\t\t\t\t<h1 class=\"elementor-heading-title elementor-size-xl\">Concorsi<\/h1>\t\t\t\t<\/div>\n\t\t\t\t<\/div>\n\t\t\t\t\t<\/div>\n\t\t<\/div>\n\t\t\t\t\t<\/div>\n\t\t<\/section>\n\t\t\t\t<section class=\"elementor-section elementor-top-section elementor-element elementor-element-73a4ea0e elementor-section-boxed elementor-section-height-default elementor-section-height-default\" data-id=\"73a4ea0e\" data-element_type=\"section\" data-settings=\"{&quot;background_background&quot;:&quot;classic&quot;}\">\n\t\t\t\t\t\t<div class=\"elementor-container elementor-column-gap-default\">\n\t\t\t\t\t<div class=\"elementor-column elementor-col-50 elementor-top-column elementor-element elementor-element-58072e1f\" data-id=\"58072e1f\" data-element_type=\"column\">\n\t\t\t<div class=\"elementor-widget-wrap elementor-element-populated\">\n\t\t\t\t\t\t<div class=\"elementor-element elementor-element-5c553e77 elementor-nav-menu__text-align-aside elementor-widget elementor-widget-nav-menu\" data-id=\"5c553e77\" data-element_type=\"widget\" data-settings=\"{&quot;layout&quot;:&quot;dropdown&quot;,&quot;submenu_icon&quot;:{&quot;value&quot;:&quot;&lt;i class=\\&quot;\\&quot; aria-hidden=\\&quot;true\\&quot;&gt;&lt;\\\/i&gt;&quot;,&quot;library&quot;:&quot;&quot;}}\" data-widget_type=\"nav-menu.default\">\n\t\t\t\t<div class=\"elementor-widget-container\">\n\t\t\t\t\t\t\t\t<nav class=\"elementor-nav-menu--dropdown elementor-nav-menu__container\" aria-hidden=\"true\">\n\t\t\t\t<ul id=\"menu-2-5c553e77\" class=\"elementor-nav-menu\"><li class=\"menu-item menu-item-type-custom menu-item-object-custom menu-item-4004\"><a href=\"#\" class=\"elementor-item elementor-item-anchor\" tabindex=\"-1\">Citt\u00e0<\/a><\/li>\n<li class=\"menu-item menu-item-type-post_type menu-item-object-page menu-item-4003\"><a href=\"https:\/\/fa-lesia.eu\/it\/konzepte\/\" class=\"elementor-item\" tabindex=\"-1\">Concetti<\/a><\/li>\n<li class=\"menu-item menu-item-type-post_type menu-item-object-page menu-item-4002\"><a href=\"https:\/\/fa-lesia.eu\/it\/wettbewerbe\/\" class=\"elementor-item\" tabindex=\"-1\">Concorsi<\/a><\/li>\n<\/ul>\t\t\t<\/nav>\n\t\t\t\t\t\t<\/div>\n\t\t\t\t<\/div>\n\t\t\t\t\t<\/div>\n\t\t<\/div>\n\t\t\t\t<div class=\"elementor-column elementor-col-50 elementor-top-column elementor-element elementor-element-7e28119c\" data-id=\"7e28119c\" data-element_type=\"column\">\n\t\t\t<div class=\"elementor-widget-wrap elementor-element-populated\">\n\t\t\t\t\t\t<section class=\"elementor-section elementor-inner-section elementor-element elementor-element-2c87c67c elementor-section-boxed elementor-section-height-default elementor-section-height-default\" data-id=\"2c87c67c\" data-element_type=\"section\">\n\t\t\t\t\t\t<div class=\"elementor-container elementor-column-gap-default\">\n\t\t\t\t\t<div class=\"elementor-column elementor-col-50 elementor-inner-column elementor-element elementor-element-6c0c95d6\" data-id=\"6c0c95d6\" data-element_type=\"column\">\n\t\t\t<div class=\"elementor-widget-wrap elementor-element-populated\">\n\t\t\t\t\t\t<div class=\"elementor-element elementor-element-682e4614 elementor-arrows-position-inside elementor-pagination-position-outside elementor-widget elementor-widget-image-carousel\" data-id=\"682e4614\" data-element_type=\"widget\" data-settings=\"{&quot;slides_to_show&quot;:&quot;1&quot;,&quot;autoplay&quot;:&quot;no&quot;,&quot;navigation&quot;:&quot;both&quot;,&quot;infinite&quot;:&quot;yes&quot;,&quot;effect&quot;:&quot;slide&quot;,&quot;speed&quot;:500}\" data-widget_type=\"image-carousel.default\">\n\t\t\t\t<div class=\"elementor-widget-container\">\n\t\t\t\t\t\t\t<div class=\"elementor-image-carousel-wrapper swiper\" role=\"region\" aria-roledescription=\"carousel\" aria-label=\"Bild Karussell\" dir=\"ltr\">\n\t\t\t<div class=\"elementor-image-carousel swiper-wrapper\" aria-live=\"polite\">\n\t\t\t\t\t\t\t\t<div class=\"swiper-slide\" role=\"group\" aria-roledescription=\"slide\" aria-label=\"1 von 8\"><a data-elementor-open-lightbox=\"yes\" data-elementor-lightbox-slideshow=\"682e4614\" data-elementor-lightbox-title=\"Foto des Prototyp des Beleuchtungssystem\" data-elementor-lightbox-description=\"Ausstellung Torino Geodesign 2008 Porta Palazzo Torino\" data-e-action-hash=\"#elementor-action%3Aaction%3Dlightbox%26settings%3DeyJpZCI6MjgwNCwidXJsIjoiaHR0cHM6XC9cL2ZhLWxlc2lhLmV1XC93cC1jb250ZW50XC91cGxvYWRzXC8wMDAtUDEwMTAxNzcuanBnIiwic2xpZGVzaG93IjoiNjgyZTQ2MTQifQ%3D%3D\" href=\"https:\/\/fa-lesia.eu\/wp-content\/uploads\/000-P1010177.jpg\"><figure class=\"swiper-slide-inner\"><img decoding=\"async\" class=\"swiper-slide-image\" src=\"https:\/\/fa-lesia.eu\/wp-content\/uploads\/000-P1010177-300x225.jpg\" alt=\"Beteiligungsprojekt f\u00fcr den Entwurf eines neuen Beleuchtungssystem f\u00fcr Piazza Madama Cristina in Turin Foto des Prototyps in der Ausstellung Torino Geodesign 2008 Palafuksas Porta Palazzo Torino\" \/><\/figure><\/a><\/div><div class=\"swiper-slide\" role=\"group\" aria-roledescription=\"slide\" aria-label=\"2 von 8\"><a data-elementor-open-lightbox=\"yes\" data-elementor-lightbox-slideshow=\"682e4614\" data-elementor-lightbox-title=\"Foto des Prototyp des Beleuchtungssystem\" data-elementor-lightbox-description=\"Ausstellung Torino Geodesign 2008 Porta Palazzo Torino\" data-e-action-hash=\"#elementor-action%3Aaction%3Dlightbox%26settings%3DeyJpZCI6MjgwNSwidXJsIjoiaHR0cHM6XC9cL2ZhLWxlc2lhLmV1XC93cC1jb250ZW50XC91cGxvYWRzXC8wMDEtUDEwMTAwNzkuanBnIiwic2xpZGVzaG93IjoiNjgyZTQ2MTQifQ%3D%3D\" href=\"https:\/\/fa-lesia.eu\/wp-content\/uploads\/001-P1010079.jpg\"><figure class=\"swiper-slide-inner\"><img decoding=\"async\" class=\"swiper-slide-image\" src=\"https:\/\/fa-lesia.eu\/wp-content\/uploads\/001-P1010079-300x225.jpg\" alt=\"Beteiligungsprojekt f\u00fcr den Entwurf eines neuen Beleuchtungssystem f\u00fcr Piazza Madama Cristina in Turin Foto des Prototyps in der Ausstellung Torino Geodesign 2008 Palafuksas Porta Palazzo Torino\" \/><\/figure><\/a><\/div><div class=\"swiper-slide\" role=\"group\" aria-roledescription=\"slide\" aria-label=\"3 von 8\"><a data-elementor-open-lightbox=\"yes\" data-elementor-lightbox-slideshow=\"682e4614\" data-elementor-lightbox-title=\"Foto des Prototyp des Beleuchtungssystem\" data-elementor-lightbox-description=\"Ausstellung Torino Geodesign 2008 Porta Palazzo Torino\" data-e-action-hash=\"#elementor-action%3Aaction%3Dlightbox%26settings%3DeyJpZCI6MjgwNiwidXJsIjoiaHR0cHM6XC9cL2ZhLWxlc2lhLmV1XC93cC1jb250ZW50XC91cGxvYWRzXC8wMDItUDEwMTAwODMuanBnIiwic2xpZGVzaG93IjoiNjgyZTQ2MTQifQ%3D%3D\" href=\"https:\/\/fa-lesia.eu\/wp-content\/uploads\/002-P1010083.jpg\"><figure class=\"swiper-slide-inner\"><img decoding=\"async\" class=\"swiper-slide-image\" src=\"https:\/\/fa-lesia.eu\/wp-content\/uploads\/002-P1010083-300x225.jpg\" alt=\"Beteiligungsprojekt f\u00fcr den Entwurf eines neuen Beleuchtungssystem f\u00fcr Piazza Madama Cristina in Turin Foto des Prototyps in der Ausstellung Torino Geodesign 2008 Palafuksas Porta Palazzo Torino\" \/><\/figure><\/a><\/div><div class=\"swiper-slide\" role=\"group\" aria-roledescription=\"slide\" aria-label=\"4 von 8\"><a data-elementor-open-lightbox=\"yes\" data-elementor-lightbox-slideshow=\"682e4614\" data-elementor-lightbox-title=\"3D Entwurf f\u00fcr das Beleuchtungssystem\" data-elementor-lightbox-description=\"3D Modell: P. Ongaro\" data-e-action-hash=\"#elementor-action%3Aaction%3Dlightbox%26settings%3DeyJpZCI6MjgwNywidXJsIjoiaHR0cHM6XC9cL2ZhLWxlc2lhLmV1XC93cC1jb250ZW50XC91cGxvYWRzXC8wMDMuanBnIiwic2xpZGVzaG93IjoiNjgyZTQ2MTQifQ%3D%3D\" href=\"https:\/\/fa-lesia.eu\/wp-content\/uploads\/003.jpg\"><figure class=\"swiper-slide-inner\"><img decoding=\"async\" class=\"swiper-slide-image\" src=\"https:\/\/fa-lesia.eu\/wp-content\/uploads\/003-300x205.jpg\" alt=\"Entwurf eines neuen Beleuchtungssystem f\u00fcr Piazza Madama Cristina f\u00fcr den Wettbewerb Torino Geodesign 2008\" \/><\/figure><\/a><\/div><div class=\"swiper-slide\" role=\"group\" aria-roledescription=\"slide\" aria-label=\"5 von 8\"><a data-elementor-open-lightbox=\"yes\" data-elementor-lightbox-slideshow=\"682e4614\" data-elementor-lightbox-title=\"3D Modell der Lampe\" data-elementor-lightbox-description=\"3D Modell: P. Ongaro\" data-e-action-hash=\"#elementor-action%3Aaction%3Dlightbox%26settings%3DeyJpZCI6MjgwOCwidXJsIjoiaHR0cHM6XC9cL2ZhLWxlc2lhLmV1XC93cC1jb250ZW50XC91cGxvYWRzXC9waWFudGEtMDBiLmpwZyIsInNsaWRlc2hvdyI6IjY4MmU0NjE0In0%3D\" href=\"https:\/\/fa-lesia.eu\/wp-content\/uploads\/pianta-00b.jpg\"><figure class=\"swiper-slide-inner\"><img decoding=\"async\" class=\"swiper-slide-image\" src=\"https:\/\/fa-lesia.eu\/wp-content\/uploads\/pianta-00b-300x188.jpg\" alt=\"Entwurf eines neuen Beleuchtungssystem f\u00fcr Piazza Madama Cristina f\u00fcr den Wettbewerb Torino Geodesign 2008\" \/><\/figure><\/a><\/div><div class=\"swiper-slide\" role=\"group\" aria-roledescription=\"slide\" aria-label=\"6 von 8\"><a data-elementor-open-lightbox=\"yes\" data-elementor-lightbox-slideshow=\"682e4614\" data-elementor-lightbox-title=\"Das Beleuchtungssystem im Kontext der \u00dcberdachung des Markts\" data-e-action-hash=\"#elementor-action%3Aaction%3Dlightbox%26settings%3DeyJpZCI6MjgwOSwidXJsIjoiaHR0cHM6XC9cL2ZhLWxlc2lhLmV1XC93cC1jb250ZW50XC91cGxvYWRzXC9yZW5kZXItMDBjLmpwZyIsInNsaWRlc2hvdyI6IjY4MmU0NjE0In0%3D\" href=\"https:\/\/fa-lesia.eu\/wp-content\/uploads\/render-00c.jpg\"><figure class=\"swiper-slide-inner\"><img decoding=\"async\" class=\"swiper-slide-image\" src=\"https:\/\/fa-lesia.eu\/wp-content\/uploads\/render-00c-269x300.jpg\" alt=\"Entwurf eines neuen Beleuchtungssystem f\u00fcr Piazza Madama Cristina f\u00fcr den Wettbewerb Torino Geodesign 2008\" \/><\/figure><\/a><\/div><div class=\"swiper-slide\" role=\"group\" aria-roledescription=\"slide\" aria-label=\"7 von 8\"><a data-elementor-open-lightbox=\"yes\" data-elementor-lightbox-slideshow=\"682e4614\" data-elementor-lightbox-title=\"Analyse des Kontexts und foto der Ausstellung\" data-elementor-lightbox-description=\"Ausstellung Torino Geodesign 2008 Porta Palazzo Torino\" data-e-action-hash=\"#elementor-action%3Aaction%3Dlightbox%26settings%3DeyJpZCI6MjgxMiwidXJsIjoiaHR0cHM6XC9cL2ZhLWxlc2lhLmV1XC93cC1jb250ZW50XC91cGxvYWRzXC9DbGF1ZGlvLXBhZ2luYS05LmpwZyIsInNsaWRlc2hvdyI6IjY4MmU0NjE0In0%3D\" href=\"https:\/\/fa-lesia.eu\/wp-content\/uploads\/Claudio-pagina-9.jpg\"><figure class=\"swiper-slide-inner\"><img decoding=\"async\" class=\"swiper-slide-image\" src=\"https:\/\/fa-lesia.eu\/wp-content\/uploads\/Claudio-pagina-9-300x202.jpg\" alt=\"Entwurf eines neuen Beleuchtungssystem f\u00fcr Piazza Madama Cristina f\u00fcr den Wettbewerb Torino Geodesign 2008\" \/><\/figure><\/a><\/div><div class=\"swiper-slide\" role=\"group\" aria-roledescription=\"slide\" aria-label=\"8 von 8\"><a data-elementor-open-lightbox=\"yes\" data-elementor-lightbox-slideshow=\"682e4614\" data-elementor-lightbox-title=\"Modellierung des Prototyps\" data-e-action-hash=\"#elementor-action%3Aaction%3Dlightbox%26settings%3DeyJpZCI6MjgxMywidXJsIjoiaHR0cHM6XC9cL2ZhLWxlc2lhLmV1XC93cC1jb250ZW50XC91cGxvYWRzXC8wMDQtMS5qcGciLCJzbGlkZXNob3ciOiI2ODJlNDYxNCJ9\" href=\"https:\/\/fa-lesia.eu\/wp-content\/uploads\/004-1.jpg\"><figure class=\"swiper-slide-inner\"><img decoding=\"async\" class=\"swiper-slide-image\" src=\"https:\/\/fa-lesia.eu\/wp-content\/uploads\/004-1-300x202.jpg\" alt=\"Entwurf eines neuen Beleuchtungssystem f\u00fcr Piazza Madama Cristina f\u00fcr den Wettbewerb Torino Geodesign 2008\" \/><\/figure><\/a><\/div>\t\t\t<\/div>\n\t\t\t\t\t\t\t\t\t\t\t\t<div class=\"elementor-swiper-button elementor-swiper-button-prev\" role=\"button\" tabindex=\"0\">\n\t\t\t\t\t\t<i aria-hidden=\"true\" class=\"eicon-chevron-left\"><\/i>\t\t\t\t\t<\/div>\n\t\t\t\t\t<div class=\"elementor-swiper-button elementor-swiper-button-next\" role=\"button\" tabindex=\"0\">\n\t\t\t\t\t\t<i aria-hidden=\"true\" class=\"eicon-chevron-right\"><\/i>\t\t\t\t\t<\/div>\n\t\t\t\t\n\t\t\t\t\t\t\t\t\t<div class=\"swiper-pagination\"><\/div>\n\t\t\t\t\t\t\t\t\t<\/div>\n\t\t\t\t\t\t<\/div>\n\t\t\t\t<\/div>\n\t\t\t\t<div class=\"elementor-element elementor-element-46b4fdd elementor-hidden-desktop elementor-hidden-tablet elementor-widget elementor-widget-button\" data-id=\"46b4fdd\" data-element_type=\"widget\" data-widget_type=\"button.default\">\n\t\t\t\t<div class=\"elementor-widget-container\">\n\t\t\t\t\t\t\t\t\t<div class=\"elementor-button-wrapper\">\n\t\t\t\t\t<a class=\"elementor-button elementor-button-link elementor-size-xs\" href=\"http:\/\/www.torinogeodesign.net\/lampada-parassita\/\">\n\t\t\t\t\t\t<span class=\"elementor-button-content-wrapper\">\n\t\t\t\t\t\t<span class=\"elementor-button-icon\">\n\t\t\t\t<i aria-hidden=\"true\" class=\"far fa-arrow-alt-circle-right\"><\/i>\t\t\t<\/span>\n\t\t\t\t\t\t\t\t<\/span>\n\t\t\t\t\t<\/a>\n\t\t\t\t<\/div>\n\t\t\t\t\t\t\t\t<\/div>\n\t\t\t\t<\/div>\n\t\t\t\t\t<\/div>\n\t\t<\/div>\n\t\t\t\t<div class=\"elementor-column elementor-col-50 elementor-inner-column elementor-element elementor-element-7ff61e37\" data-id=\"7ff61e37\" data-element_type=\"column\">\n\t\t\t<div class=\"elementor-widget-wrap elementor-element-populated\">\n\t\t\t\t\t\t<div class=\"elementor-element elementor-element-2339d92 elementor-widget elementor-widget-text-editor\" data-id=\"2339d92\" data-element_type=\"widget\" data-widget_type=\"text-editor.default\">\n\t\t\t\t<div class=\"elementor-widget-container\">\n\t\t\t\t\t\t\t\t\t<h1><b>Torino Geodesign<\/b><\/h1><h2 class=\" translation-block\"><strong>Oggetto:<\/strong> Progetto partecipativo per la realizzazione di un nuovo sistema di illuminazione per Piazza Madama Cristina<br><strong>Ente banditore:<\/strong> Torino 2008 World Design Capital<br><strong>Anno:<\/strong> strong&gt; 2008 <br><strong>Localit\u00e0:<\/strong> Torino, Italia<br><strong>Progetto:<\/strong> Salone Gemma <strong>Prod.:<\/strong> C. Farina (capogruppo), P. Ongaro, G. Polita, <strong>Illuminotecnica:<\/strong> J. Fuchs, B. Devito, D. Redavid<br><strong>Modello 3D:<\/strong> P. Ongaro, G. Polita<br><strong> Prototipo:<\/strong> G.Polita, Billow Board, D. Redavid<br><strong>Allestimento:<\/strong> B. Devito, C. Farina, D. Redavid, G. Polita<br><strong><br>Progetto premiato, 1. posto<\/strong><\/h2>\t\t\t\t\t\t\t\t<\/div>\n\t\t\t\t<\/div>\n\t\t\t\t\t<\/div>\n\t\t<\/div>\n\t\t\t\t\t<\/div>\n\t\t<\/section>\n\t\t\t\t<section class=\"elementor-section elementor-inner-section elementor-element elementor-element-3d36e6f elementor-section-boxed elementor-section-height-default elementor-section-height-default\" data-id=\"3d36e6f\" data-element_type=\"section\">\n\t\t\t\t\t\t<div class=\"elementor-container elementor-column-gap-default\">\n\t\t\t\t\t<div class=\"elementor-column elementor-col-50 elementor-inner-column elementor-element elementor-element-2159d38\" data-id=\"2159d38\" data-element_type=\"column\">\n\t\t\t<div class=\"elementor-widget-wrap elementor-element-populated\">\n\t\t\t\t\t\t<div class=\"elementor-element elementor-element-376cec5 elementor-arrows-position-inside elementor-pagination-position-outside elementor-widget elementor-widget-image-carousel\" data-id=\"376cec5\" data-element_type=\"widget\" data-settings=\"{&quot;slides_to_show&quot;:&quot;1&quot;,&quot;autoplay&quot;:&quot;no&quot;,&quot;navigation&quot;:&quot;both&quot;,&quot;infinite&quot;:&quot;yes&quot;,&quot;effect&quot;:&quot;slide&quot;,&quot;speed&quot;:500}\" data-widget_type=\"image-carousel.default\">\n\t\t\t\t<div class=\"elementor-widget-container\">\n\t\t\t\t\t\t\t<div class=\"elementor-image-carousel-wrapper swiper\" role=\"region\" aria-roledescription=\"carousel\" aria-label=\"Bild Karussell\" dir=\"ltr\">\n\t\t\t<div class=\"elementor-image-carousel swiper-wrapper\" aria-live=\"polite\">\n\t\t\t\t\t\t\t\t<div class=\"swiper-slide\" role=\"group\" aria-roledescription=\"slide\" aria-label=\"1 von 5\"><a data-elementor-open-lightbox=\"yes\" data-elementor-lightbox-slideshow=\"376cec5\" data-elementor-lightbox-title=\"Wettbewerbsplan\" data-e-action-hash=\"#elementor-action%3Aaction%3Dlightbox%26settings%3DeyJpZCI6MjgyMiwidXJsIjoiaHR0cHM6XC9cL2ZhLWxlc2lhLmV1XC93cC1jb250ZW50XC91cGxvYWRzXC9zZ24wMi5qcGciLCJzbGlkZXNob3ciOiIzNzZjZWM1In0%3D\" href=\"https:\/\/fa-lesia.eu\/wp-content\/uploads\/sgn02.jpg\"><figure class=\"swiper-slide-inner\"><img decoding=\"async\" class=\"swiper-slide-image\" src=\"https:\/\/fa-lesia.eu\/wp-content\/uploads\/sgn02-212x300.jpg\" alt=\"Ideenwettbewerb f\u00fcr die Erweiterung des Rathauses und die neue Gestaltung der ehemaligen Kaserne und Sportplatz in einen neuen Freizeitpark mit Openair-Kinotheater, Schwimmbad, Spielplatz und Markt. Wettbewerbsplan\" \/><\/figure><\/a><\/div><div class=\"swiper-slide\" role=\"group\" aria-roledescription=\"slide\" aria-label=\"2 von 5\"><a data-elementor-open-lightbox=\"yes\" data-elementor-lightbox-slideshow=\"376cec5\" data-elementor-lightbox-title=\"Wettbewerbsplan\" data-e-action-hash=\"#elementor-action%3Aaction%3Dlightbox%26settings%3DeyJpZCI6MjgyMSwidXJsIjoiaHR0cHM6XC9cL2ZhLWxlc2lhLmV1XC93cC1jb250ZW50XC91cGxvYWRzXC9zZ24wMS5wbmciLCJzbGlkZXNob3ciOiIzNzZjZWM1In0%3D\" href=\"https:\/\/fa-lesia.eu\/wp-content\/uploads\/sgn01.png\"><figure class=\"swiper-slide-inner\"><img decoding=\"async\" class=\"swiper-slide-image\" src=\"https:\/\/fa-lesia.eu\/wp-content\/uploads\/sgn01-300x224.png\" alt=\"Ideenwettbewerb f\u00fcr die Erweiterung des Rathauses und die neue Gestaltung der ehemaligen Kaserne und Sportplatz in einen neuen Freizeitpark mit Openair-Kinotheater, Schwimmbad, Spielplatz und Markt. Wettbewerbsplan\" \/><\/figure><\/a><\/div><div class=\"swiper-slide\" role=\"group\" aria-roledescription=\"slide\" aria-label=\"3 von 5\"><a data-elementor-open-lightbox=\"yes\" data-elementor-lightbox-slideshow=\"376cec5\" data-elementor-lightbox-title=\"Wettbewerbsplan\" data-e-action-hash=\"#elementor-action%3Aaction%3Dlightbox%26settings%3DeyJpZCI6MjgyMCwidXJsIjoiaHR0cHM6XC9cL2ZhLWxlc2lhLmV1XC93cC1jb250ZW50XC91cGxvYWRzXC9zZ24wMS0yLmpwZyIsInNsaWRlc2hvdyI6IjM3NmNlYzUifQ%3D%3D\" href=\"https:\/\/fa-lesia.eu\/wp-content\/uploads\/sgn01-2.jpg\"><figure class=\"swiper-slide-inner\"><img decoding=\"async\" class=\"swiper-slide-image\" src=\"https:\/\/fa-lesia.eu\/wp-content\/uploads\/sgn01-2-300x227.jpg\" alt=\"Ideenwettbewerb f\u00fcr die Erweiterung des Rathauses und die neue Gestaltung der ehemaligen Kaserne und Sportplatz in einen neuen Freizeitpark mit Openair-Kinotheater, Schwimmbad, Spielplatz und Markt. Wettbewerbsplan\" \/><\/figure><\/a><\/div><div class=\"swiper-slide\" role=\"group\" aria-roledescription=\"slide\" aria-label=\"4 von 5\"><a data-elementor-open-lightbox=\"yes\" data-elementor-lightbox-slideshow=\"376cec5\" data-elementor-lightbox-title=\"3D Darstellung mit Gliederung der Projektelementen\" data-e-action-hash=\"#elementor-action%3Aaction%3Dlightbox%26settings%3DeyJpZCI6MjgxOSwidXJsIjoiaHR0cHM6XC9cL2ZhLWxlc2lhLmV1XC93cC1jb250ZW50XC91cGxvYWRzXC9Qcm8uaW1hZ2UwMDEuanBnIiwic2xpZGVzaG93IjoiMzc2Y2VjNSJ9\" href=\"https:\/\/fa-lesia.eu\/wp-content\/uploads\/Pro.image001.jpg\"><figure class=\"swiper-slide-inner\"><img decoding=\"async\" class=\"swiper-slide-image\" src=\"https:\/\/fa-lesia.eu\/wp-content\/uploads\/Pro.image001-300x225.jpg\" alt=\"Ideenwettbewerb f\u00fcr die Erweiterung des Rathauses und die neue Gestaltung der ehemaligen Kaserne und Sportplatz in einen neuen Freizeitpark mit Openair-Kinotheater, Schwimmbad, Spielplatz und Markt. 3D Darstellung mit Gliederung der Projektelementen: Wege, Wasser, Licht, Boden, Bauwerke\" \/><\/figure><\/a><\/div><div class=\"swiper-slide\" role=\"group\" aria-roledescription=\"slide\" aria-label=\"5 von 5\"><a data-elementor-open-lightbox=\"yes\" data-elementor-lightbox-slideshow=\"376cec5\" data-elementor-lightbox-title=\"Lageplan mit Projektelementen: Wege, Wasser, Licht, Boden, Bauwerke\" data-e-action-hash=\"#elementor-action%3Aaction%3Dlightbox%26settings%3DeyJpZCI6MjgyMywidXJsIjoiaHR0cHM6XC9cL2ZhLWxlc2lhLmV1XC93cC1jb250ZW50XC91cGxvYWRzXC8yMDAtMS5wbmciLCJzbGlkZXNob3ciOiIzNzZjZWM1In0%3D\" href=\"https:\/\/fa-lesia.eu\/wp-content\/uploads\/200-1.png\"><figure class=\"swiper-slide-inner\"><img decoding=\"async\" class=\"swiper-slide-image\" src=\"https:\/\/fa-lesia.eu\/wp-content\/uploads\/200-1-300x211.png\" alt=\"Ideenwettbewerb f\u00fcr die Erweiterung des Rathauses und die neue Gestaltung der ehemaligen Kaserne und Sportplatz in einen neuen Freizeitpark mit Openair-Kinotheater, Schwimmbad, Spielplatz und Markt. Lageplan mit darstellung der Projektelementen\" \/><\/figure><\/a><\/div>\t\t\t<\/div>\n\t\t\t\t\t\t\t\t\t\t\t\t<div class=\"elementor-swiper-button elementor-swiper-button-prev\" role=\"button\" tabindex=\"0\">\n\t\t\t\t\t\t<i aria-hidden=\"true\" class=\"eicon-chevron-left\"><\/i>\t\t\t\t\t<\/div>\n\t\t\t\t\t<div class=\"elementor-swiper-button elementor-swiper-button-next\" role=\"button\" tabindex=\"0\">\n\t\t\t\t\t\t<i aria-hidden=\"true\" class=\"eicon-chevron-right\"><\/i>\t\t\t\t\t<\/div>\n\t\t\t\t\n\t\t\t\t\t\t\t\t\t<div class=\"swiper-pagination\"><\/div>\n\t\t\t\t\t\t\t\t\t<\/div>\n\t\t\t\t\t\t<\/div>\n\t\t\t\t<\/div>\n\t\t\t\t\t<\/div>\n\t\t<\/div>\n\t\t\t\t<div class=\"elementor-column elementor-col-50 elementor-inner-column elementor-element elementor-element-b78dbd4\" data-id=\"b78dbd4\" data-element_type=\"column\">\n\t\t\t<div class=\"elementor-widget-wrap elementor-element-populated\">\n\t\t\t\t\t\t<div class=\"elementor-element elementor-element-b9c6aa7 elementor-widget elementor-widget-text-editor\" data-id=\"b9c6aa7\" data-element_type=\"widget\" data-widget_type=\"text-editor.default\">\n\t\t\t\t<div class=\"elementor-widget-container\">\n\t\t\t\t\t\t\t\t\t<h1><b>SGN aka Karmacoma<\/b><\/h1><h2 class=\" translation-block\"><b>Oggetto<\/b>: Concorso di idee per l'ampliamento del municipio e la riprogettazione dell'ex caserma e campo sportivo in un nuovo parco con cinema all'aperto, piscina, parco giochi e mercato.<br><b>Ente banditore:<\/b> Comune di San Giorgio di Nogaro<br><b>Anno:<\/b> 2001<br><b>Localit\u00e0:<\/b>\u00a0San Giorgio di Nogaro (Udine), Italia<br><b>Progetto:<\/b> C. Farina (capogruppo), P. Ongaro, G. Polita<\/h2><h2><strong>Progetto premiato, 2. posto<\/strong><\/h2>\t\t\t\t\t\t\t\t<\/div>\n\t\t\t\t<\/div>\n\t\t\t\t\t<\/div>\n\t\t<\/div>\n\t\t\t\t\t<\/div>\n\t\t<\/section>\n\t\t\t\t<section class=\"elementor-section elementor-inner-section elementor-element elementor-element-e6edba6 elementor-section-boxed elementor-section-height-default elementor-section-height-default\" data-id=\"e6edba6\" data-element_type=\"section\">\n\t\t\t\t\t\t<div class=\"elementor-container elementor-column-gap-default\">\n\t\t\t\t\t<div class=\"elementor-column elementor-col-50 elementor-inner-column elementor-element elementor-element-fef9355\" data-id=\"fef9355\" data-element_type=\"column\">\n\t\t\t<div class=\"elementor-widget-wrap elementor-element-populated\">\n\t\t\t\t\t\t<div class=\"elementor-element elementor-element-91f2451 elementor-arrows-position-inside elementor-pagination-position-outside elementor-widget elementor-widget-image-carousel\" data-id=\"91f2451\" data-element_type=\"widget\" data-settings=\"{&quot;slides_to_show&quot;:&quot;1&quot;,&quot;autoplay&quot;:&quot;no&quot;,&quot;navigation&quot;:&quot;both&quot;,&quot;infinite&quot;:&quot;yes&quot;,&quot;effect&quot;:&quot;slide&quot;,&quot;speed&quot;:500}\" data-widget_type=\"image-carousel.default\">\n\t\t\t\t<div class=\"elementor-widget-container\">\n\t\t\t\t\t\t\t<div class=\"elementor-image-carousel-wrapper swiper\" role=\"region\" aria-roledescription=\"carousel\" aria-label=\"Bild Karussell\" dir=\"ltr\">\n\t\t\t<div class=\"elementor-image-carousel swiper-wrapper\" aria-live=\"polite\">\n\t\t\t\t\t\t\t\t<div class=\"swiper-slide\" role=\"group\" aria-roledescription=\"slide\" aria-label=\"1 von 2\"><a data-elementor-open-lightbox=\"yes\" data-elementor-lightbox-slideshow=\"91f2451\" data-elementor-lightbox-title=\"Wettbewerbsplan mit Perspektiven und 3D Darstellung der Projektelementen\" data-e-action-hash=\"#elementor-action%3Aaction%3Dlightbox%26settings%3DeyJpZCI6MjgyNywidXJsIjoiaHR0cHM6XC9cL2ZhLWxlc2lhLmV1XC93cC1jb250ZW50XC91cGxvYWRzXC9CT0FSSU8ucG5nIiwic2xpZGVzaG93IjoiOTFmMjQ1MSJ9\" href=\"https:\/\/fa-lesia.eu\/wp-content\/uploads\/BOARIO.png\"><figure class=\"swiper-slide-inner\"><img decoding=\"async\" class=\"swiper-slide-image\" src=\"https:\/\/fa-lesia.eu\/wp-content\/uploads\/BOARIO-300x212.png\" alt=\"Ideenwettbewerb f\u00fcr die Neunutzung des ehemaligen r\u00f6mischen Viehmarktes (Foro Boario) Wettbewerbsplan mit Perspektiven und Darstellung der Projektelementen\" \/><\/figure><\/a><\/div><div class=\"swiper-slide\" role=\"group\" aria-roledescription=\"slide\" aria-label=\"2 von 2\"><a data-elementor-open-lightbox=\"yes\" data-elementor-lightbox-slideshow=\"91f2451\" data-elementor-lightbox-title=\"Wettbewerbsplan mit Darstellung der Projektelementen\" data-e-action-hash=\"#elementor-action%3Aaction%3Dlightbox%26settings%3DeyJpZCI6MjgyOCwidXJsIjoiaHR0cHM6XC9cL2ZhLWxlc2lhLmV1XC93cC1jb250ZW50XC91cGxvYWRzXC9CT0FSSU8wMS5qcGciLCJzbGlkZXNob3ciOiI5MWYyNDUxIn0%3D\" href=\"https:\/\/fa-lesia.eu\/wp-content\/uploads\/BOARIO01.jpg\"><figure class=\"swiper-slide-inner\"><img decoding=\"async\" class=\"swiper-slide-image\" src=\"https:\/\/fa-lesia.eu\/wp-content\/uploads\/BOARIO01-300x212.jpg\" alt=\"Ideenwettbewerb f\u00fcr die Neunutzung des ehemaligen r\u00f6mischen Viehmarktes (Foro Boario) Wettbewerbsplan mit Darstellung der Projektelementen\" \/><\/figure><\/a><\/div>\t\t\t<\/div>\n\t\t\t\t\t\t\t\t\t\t\t\t<div class=\"elementor-swiper-button elementor-swiper-button-prev\" role=\"button\" tabindex=\"0\">\n\t\t\t\t\t\t<i aria-hidden=\"true\" class=\"eicon-chevron-left\"><\/i>\t\t\t\t\t<\/div>\n\t\t\t\t\t<div class=\"elementor-swiper-button elementor-swiper-button-next\" role=\"button\" tabindex=\"0\">\n\t\t\t\t\t\t<i aria-hidden=\"true\" class=\"eicon-chevron-right\"><\/i>\t\t\t\t\t<\/div>\n\t\t\t\t\n\t\t\t\t\t\t\t\t\t<div class=\"swiper-pagination\"><\/div>\n\t\t\t\t\t\t\t\t\t<\/div>\n\t\t\t\t\t\t<\/div>\n\t\t\t\t<\/div>\n\t\t\t\t\t<\/div>\n\t\t<\/div>\n\t\t\t\t<div class=\"elementor-column elementor-col-50 elementor-inner-column elementor-element elementor-element-31203ab\" data-id=\"31203ab\" data-element_type=\"column\">\n\t\t\t<div class=\"elementor-widget-wrap elementor-element-populated\">\n\t\t\t\t\t\t<div class=\"elementor-element elementor-element-13d5216 elementor-widget elementor-widget-text-editor\" data-id=\"13d5216\" data-element_type=\"widget\" data-widget_type=\"text-editor.default\">\n\t\t\t\t<div class=\"elementor-widget-container\">\n\t\t\t\t\t\t\t\t\t<h1><b>The Human Fountain<\/b><\/h1><h2 class=\" translation-block\"><b>Oggetto<\/b>: Concorso di idee per la nuova destinazione d'uso dell'ex Foro Boario.<br><b>Ente banditore:\u00a0<\/b>Fondazione Olivetti con l'attivista architettonico Stalker<br><b> Anno:<\/b> 2000<br><b>Localit\u00e0:<\/b> Roma, Italia<br><b>Progetto:<\/b> C. Farina (capogruppo), P. Ferluga, P. Rosati, K. Villwock<\/h2>\t\t\t\t\t\t\t\t<\/div>\n\t\t\t\t<\/div>\n\t\t\t\t\t<\/div>\n\t\t<\/div>\n\t\t\t\t\t<\/div>\n\t\t<\/section>\n\t\t\t\t<section class=\"elementor-section elementor-inner-section elementor-element elementor-element-884e786 elementor-section-boxed elementor-section-height-default elementor-section-height-default\" data-id=\"884e786\" data-element_type=\"section\">\n\t\t\t\t\t\t<div class=\"elementor-container elementor-column-gap-default\">\n\t\t\t\t\t<div class=\"elementor-column elementor-col-50 elementor-inner-column elementor-element elementor-element-dab1016\" data-id=\"dab1016\" data-element_type=\"column\">\n\t\t\t<div class=\"elementor-widget-wrap elementor-element-populated\">\n\t\t\t\t\t\t<div class=\"elementor-element elementor-element-b2882dc elementor-arrows-position-inside elementor-pagination-position-outside elementor-widget elementor-widget-image-carousel\" data-id=\"b2882dc\" data-element_type=\"widget\" data-settings=\"{&quot;slides_to_show&quot;:&quot;1&quot;,&quot;autoplay&quot;:&quot;no&quot;,&quot;navigation&quot;:&quot;both&quot;,&quot;infinite&quot;:&quot;yes&quot;,&quot;effect&quot;:&quot;slide&quot;,&quot;speed&quot;:500}\" data-widget_type=\"image-carousel.default\">\n\t\t\t\t<div class=\"elementor-widget-container\">\n\t\t\t\t\t\t\t<div class=\"elementor-image-carousel-wrapper swiper\" role=\"region\" aria-roledescription=\"carousel\" aria-label=\"Bild Karussell\" dir=\"ltr\">\n\t\t\t<div class=\"elementor-image-carousel swiper-wrapper\" aria-live=\"polite\">\n\t\t\t\t\t\t\t\t<div class=\"swiper-slide\" role=\"group\" aria-roledescription=\"slide\" aria-label=\"1 von 5\"><a data-elementor-open-lightbox=\"yes\" data-elementor-lightbox-slideshow=\"b2882dc\" data-elementor-lightbox-title=\"Skizze der neuen st\u00e4dtischen Megaelementen\" data-e-action-hash=\"#elementor-action%3Aaction%3Dlightbox%26settings%3DeyJpZCI6MjgzMiwidXJsIjoiaHR0cHM6XC9cL2ZhLWxlc2lhLmV1XC93cC1jb250ZW50XC91cGxvYWRzXC9OT01BRDAxLmpwZyIsInNsaWRlc2hvdyI6ImIyODgyZGMifQ%3D%3D\" href=\"https:\/\/fa-lesia.eu\/wp-content\/uploads\/NOMAD01.jpg\"><figure class=\"swiper-slide-inner\"><img decoding=\"async\" class=\"swiper-slide-image\" src=\"https:\/\/fa-lesia.eu\/wp-content\/uploads\/NOMAD01-267x300.jpg\" alt=\"Konzepte f\u00fcr den Ideenwettbewerb &quot;Stadt des dritten Millenniums&quot; Skizze der neuen st\u00e4dtischen Megaelementen\" \/><\/figure><\/a><\/div><div class=\"swiper-slide\" role=\"group\" aria-roledescription=\"slide\" aria-label=\"2 von 5\"><a data-elementor-open-lightbox=\"yes\" data-elementor-lightbox-slideshow=\"b2882dc\" data-elementor-lightbox-title=\"Graphische Darstellung des Rotterdams Hafens\" data-e-action-hash=\"#elementor-action%3Aaction%3Dlightbox%26settings%3DeyJpZCI6MjgzMywidXJsIjoiaHR0cHM6XC9cL2ZhLWxlc2lhLmV1XC93cC1jb250ZW50XC91cGxvYWRzXC9ub21hZDA2LmpwZyIsInNsaWRlc2hvdyI6ImIyODgyZGMifQ%3D%3D\" href=\"https:\/\/fa-lesia.eu\/wp-content\/uploads\/nomad06.jpg\"><figure class=\"swiper-slide-inner\"><img decoding=\"async\" class=\"swiper-slide-image\" src=\"https:\/\/fa-lesia.eu\/wp-content\/uploads\/nomad06-300x223.jpg\" alt=\"Konzepte f\u00fcr den Ideenwettbewerb &quot;Stadt des dritten Millenniums&quot; Graphische Darstellung des Rotterdams Hafens\" \/><\/figure><\/a><\/div><div class=\"swiper-slide\" role=\"group\" aria-roledescription=\"slide\" aria-label=\"3 von 5\"><a data-elementor-open-lightbox=\"yes\" data-elementor-lightbox-slideshow=\"b2882dc\" data-elementor-lightbox-title=\"Rotterdams Hafen mit den neuen Megaelementen\" data-e-action-hash=\"#elementor-action%3Aaction%3Dlightbox%26settings%3DeyJpZCI6MjgzNCwidXJsIjoiaHR0cHM6XC9cL2ZhLWxlc2lhLmV1XC93cC1jb250ZW50XC91cGxvYWRzXC9OT01BRDAzLmpwZyIsInNsaWRlc2hvdyI6ImIyODgyZGMifQ%3D%3D\" href=\"https:\/\/fa-lesia.eu\/wp-content\/uploads\/NOMAD03.jpg\"><figure class=\"swiper-slide-inner\"><img decoding=\"async\" class=\"swiper-slide-image\" src=\"https:\/\/fa-lesia.eu\/wp-content\/uploads\/NOMAD03-300x225.jpg\" alt=\"Konzepte f\u00fcr den Ideenwettbewerb &quot;Stadt des dritten Millenniums&quot; Graphische Darstellung des Rotterdams Hafens mit den neuen Megaelementen\" \/><\/figure><\/a><\/div><div class=\"swiper-slide\" role=\"group\" aria-roledescription=\"slide\" aria-label=\"4 von 5\"><a data-elementor-open-lightbox=\"yes\" data-elementor-lightbox-slideshow=\"b2882dc\" data-elementor-lightbox-title=\"Graphische Darstellung der Karl-Marx-Allee\" data-e-action-hash=\"#elementor-action%3Aaction%3Dlightbox%26settings%3DeyJpZCI6MjgzNSwidXJsIjoiaHR0cHM6XC9cL2ZhLWxlc2lhLmV1XC93cC1jb250ZW50XC91cGxvYWRzXC9OT01BRDA1LmpwZyIsInNsaWRlc2hvdyI6ImIyODgyZGMifQ%3D%3D\" href=\"https:\/\/fa-lesia.eu\/wp-content\/uploads\/NOMAD05.jpg\"><figure class=\"swiper-slide-inner\"><img decoding=\"async\" class=\"swiper-slide-image\" src=\"https:\/\/fa-lesia.eu\/wp-content\/uploads\/NOMAD05-300x222.jpg\" alt=\"Konzepte f\u00fcr den Ideenwettbewerb &quot;Stadt des dritten Millenniums&quot; Graphische Darstellung der Karl-Marx-Allee\" \/><\/figure><\/a><\/div><div class=\"swiper-slide\" role=\"group\" aria-roledescription=\"slide\" aria-label=\"5 von 5\"><a data-elementor-open-lightbox=\"yes\" data-elementor-lightbox-slideshow=\"b2882dc\" data-elementor-lightbox-title=\"Graphische Darstellung der Karl-Marx-Allee mit den neuen Megaelementen\" data-e-action-hash=\"#elementor-action%3Aaction%3Dlightbox%26settings%3DeyJpZCI6MjgzNiwidXJsIjoiaHR0cHM6XC9cL2ZhLWxlc2lhLmV1XC93cC1jb250ZW50XC91cGxvYWRzXC9OT01BRDA0LmpwZyIsInNsaWRlc2hvdyI6ImIyODgyZGMifQ%3D%3D\" href=\"https:\/\/fa-lesia.eu\/wp-content\/uploads\/NOMAD04.jpg\"><figure class=\"swiper-slide-inner\"><img decoding=\"async\" class=\"swiper-slide-image\" src=\"https:\/\/fa-lesia.eu\/wp-content\/uploads\/NOMAD04-300x224.jpg\" alt=\"Konzepte f\u00fcr den Ideenwettbewerb &quot;Stadt des dritten Millenniums&quot; Graphische Darstellung der Karl-Marx-Allee mit den neuen Megaelementen\" \/><\/figure><\/a><\/div>\t\t\t<\/div>\n\t\t\t\t\t\t\t\t\t\t\t\t<div class=\"elementor-swiper-button elementor-swiper-button-prev\" role=\"button\" tabindex=\"0\">\n\t\t\t\t\t\t<i aria-hidden=\"true\" class=\"eicon-chevron-left\"><\/i>\t\t\t\t\t<\/div>\n\t\t\t\t\t<div class=\"elementor-swiper-button elementor-swiper-button-next\" role=\"button\" tabindex=\"0\">\n\t\t\t\t\t\t<i aria-hidden=\"true\" class=\"eicon-chevron-right\"><\/i>\t\t\t\t\t<\/div>\n\t\t\t\t\n\t\t\t\t\t\t\t\t\t<div class=\"swiper-pagination\"><\/div>\n\t\t\t\t\t\t\t\t\t<\/div>\n\t\t\t\t\t\t<\/div>\n\t\t\t\t<\/div>\n\t\t\t\t\t<\/div>\n\t\t<\/div>\n\t\t\t\t<div class=\"elementor-column elementor-col-50 elementor-inner-column elementor-element elementor-element-d3b2cd7\" data-id=\"d3b2cd7\" data-element_type=\"column\">\n\t\t\t<div class=\"elementor-widget-wrap elementor-element-populated\">\n\t\t\t\t\t\t<div class=\"elementor-element elementor-element-47b0e64 elementor-widget elementor-widget-text-editor\" data-id=\"47b0e64\" data-element_type=\"widget\" data-widget_type=\"text-editor.default\">\n\t\t\t\t<div class=\"elementor-widget-container\">\n\t\t\t\t\t\t\t\t\t<h1><b>No Mad City? NoMAD City!<\/b><\/h1><h2 class=\" translation-block\"><b>Oggetto<\/b>: Concetti per il concorso di idee \"Citt\u00e0 del Terzo Millennio\"\u00a0\u00a0<br><b>Ente Banditore:\u00a0<\/b>Biennale di Venezia<br><b>Anno:<\/b> 2000<br><b> Ort: <\/b> Berlino, Rotterdam <br> <b> Progetto: <\/b> C. Farina con K . Villwock <b> <\/b> <Span Style=\"font-size: 16px;font-weight: 200;letter-spacing: 0px\"> <\/span><\/h2>\t\t\t\t\t\t\t\t<\/div>\n\t\t\t\t<\/div>\n\t\t\t\t\t<\/div>\n\t\t<\/div>\n\t\t\t\t\t<\/div>\n\t\t<\/section>\n\t\t\t\t<section class=\"elementor-section elementor-inner-section elementor-element elementor-element-dbeb6d3 elementor-section-boxed elementor-section-height-default elementor-section-height-default\" data-id=\"dbeb6d3\" data-element_type=\"section\">\n\t\t\t\t\t\t<div class=\"elementor-container elementor-column-gap-default\">\n\t\t\t\t\t<div class=\"elementor-column elementor-col-50 elementor-inner-column elementor-element elementor-element-1e4f330\" data-id=\"1e4f330\" data-element_type=\"column\">\n\t\t\t<div class=\"elementor-widget-wrap elementor-element-populated\">\n\t\t\t\t\t\t<div class=\"elementor-element elementor-element-aa7da6d elementor-arrows-position-inside elementor-pagination-position-outside elementor-widget elementor-widget-image-carousel\" data-id=\"aa7da6d\" data-element_type=\"widget\" data-settings=\"{&quot;slides_to_show&quot;:&quot;1&quot;,&quot;autoplay&quot;:&quot;no&quot;,&quot;navigation&quot;:&quot;both&quot;,&quot;infinite&quot;:&quot;yes&quot;,&quot;effect&quot;:&quot;slide&quot;,&quot;speed&quot;:500}\" data-widget_type=\"image-carousel.default\">\n\t\t\t\t<div class=\"elementor-widget-container\">\n\t\t\t\t\t\t\t<div class=\"elementor-image-carousel-wrapper swiper\" role=\"region\" aria-roledescription=\"carousel\" aria-label=\"Bild Karussell\" dir=\"ltr\">\n\t\t\t<div class=\"elementor-image-carousel swiper-wrapper\" aria-live=\"polite\">\n\t\t\t\t\t\t\t\t<div class=\"swiper-slide\" role=\"group\" aria-roledescription=\"slide\" aria-label=\"1 von 13\"><a data-elementor-open-lightbox=\"yes\" data-elementor-lightbox-slideshow=\"aa7da6d\" data-elementor-lightbox-title=\"Analyse des Kontexts von Piazza Brdina\" data-e-action-hash=\"#elementor-action%3Aaction%3Dlightbox%26settings%3DeyJpZCI6MjgzOCwidXJsIjoiaHR0cHM6XC9cL2ZhLWxlc2lhLmV1XC93cC1jb250ZW50XC91cGxvYWRzXC9seVJPSDAyLnBuZyIsInNsaWRlc2hvdyI6ImFhN2RhNmQifQ%3D%3D\" href=\"https:\/\/fa-lesia.eu\/wp-content\/uploads\/lyROH02.png\"><figure class=\"swiper-slide-inner\"><img decoding=\"async\" class=\"swiper-slide-image\" src=\"https:\/\/fa-lesia.eu\/wp-content\/uploads\/lyROH02-300x288.png\" alt=\"Realisierungswettbewerb f\u00fcr die neue Gestaltung der zwei Pl\u00e4tze von Opicina Triest. Analyse des Kontexts Piazza Brdina\" \/><\/figure><\/a><\/div><div class=\"swiper-slide\" role=\"group\" aria-roledescription=\"slide\" aria-label=\"2 von 13\"><a data-elementor-open-lightbox=\"yes\" data-elementor-lightbox-slideshow=\"aa7da6d\" data-elementor-lightbox-title=\"Skizze f\u00fcr die Analyse des Kontexts von Piazza Brdina\" data-elementor-lightbox-description=\"A. Bonomo\" data-e-action-hash=\"#elementor-action%3Aaction%3Dlightbox%26settings%3DeyJpZCI6Mjg0MiwidXJsIjoiaHR0cHM6XC9cL2ZhLWxlc2lhLmV1XC93cC1jb250ZW50XC91cGxvYWRzXC9TQ0gwMTEucG5nIiwic2xpZGVzaG93IjoiYWE3ZGE2ZCJ9\" href=\"https:\/\/fa-lesia.eu\/wp-content\/uploads\/SCH011.png\"><figure class=\"swiper-slide-inner\"><img decoding=\"async\" class=\"swiper-slide-image\" src=\"https:\/\/fa-lesia.eu\/wp-content\/uploads\/SCH011-286x300.png\" alt=\"Realisierungswettbewerb f\u00fcr die neue Gestaltung der zwei Pl\u00e4tze von Opicina Triest. Skizze f\u00fcr die Analyse des Kontexts von Piazza Brdina\" \/><\/figure><\/a><\/div><div class=\"swiper-slide\" role=\"group\" aria-roledescription=\"slide\" aria-label=\"3 von 13\"><a data-elementor-open-lightbox=\"yes\" data-elementor-lightbox-slideshow=\"aa7da6d\" data-elementor-lightbox-title=\"Entwurfsskizze f\u00fcr Piazza Brdina\" data-elementor-lightbox-description=\"A. Bonomo\" data-e-action-hash=\"#elementor-action%3Aaction%3Dlightbox%26settings%3DeyJpZCI6Mjg5NiwidXJsIjoiaHR0cHM6XC9cL2ZhLWxlc2lhLmV1XC93cC1jb250ZW50XC91cGxvYWRzXC9TQ0gwMDguanBnIiwic2xpZGVzaG93IjoiYWE3ZGE2ZCJ9\" href=\"https:\/\/fa-lesia.eu\/wp-content\/uploads\/SCH008.jpg\"><figure class=\"swiper-slide-inner\"><img decoding=\"async\" class=\"swiper-slide-image\" src=\"https:\/\/fa-lesia.eu\/wp-content\/uploads\/SCH008-272x300.jpg\" alt=\"Realisierungswettbewerb f\u00fcr die neue Gestaltung der zwei Pl\u00e4tze von Opicina Triest. Entwurfsskizze f\u00fcr Piazza Brdina\" \/><\/figure><\/a><\/div><div class=\"swiper-slide\" role=\"group\" aria-roledescription=\"slide\" aria-label=\"4 von 13\"><a data-elementor-open-lightbox=\"yes\" data-elementor-lightbox-slideshow=\"aa7da6d\" data-elementor-lightbox-title=\"Entwurfsskizze f\u00fcr Piazza Brdina\" data-elementor-lightbox-description=\"A. Bonomo\" data-e-action-hash=\"#elementor-action%3Aaction%3Dlightbox%26settings%3DeyJpZCI6Mjg0MSwidXJsIjoiaHR0cHM6XC9cL2ZhLWxlc2lhLmV1XC93cC1jb250ZW50XC91cGxvYWRzXC9TQ0gwMDYucG5nIiwic2xpZGVzaG93IjoiYWE3ZGE2ZCJ9\" href=\"https:\/\/fa-lesia.eu\/wp-content\/uploads\/SCH006.png\"><figure class=\"swiper-slide-inner\"><img decoding=\"async\" class=\"swiper-slide-image\" src=\"https:\/\/fa-lesia.eu\/wp-content\/uploads\/SCH006-207x300.png\" alt=\"Realisierungswettbewerb f\u00fcr die neue Gestaltung der zwei Pl\u00e4tze von Opicina Triest. Entwurfsskizze f\u00fcr Piazza Brdina\" \/><\/figure><\/a><\/div><div class=\"swiper-slide\" role=\"group\" aria-roledescription=\"slide\" aria-label=\"5 von 13\"><a data-elementor-open-lightbox=\"yes\" data-elementor-lightbox-slideshow=\"aa7da6d\" data-elementor-lightbox-title=\"Entwurfsskizze f\u00fcr Piazza Brdina\" data-elementor-lightbox-description=\"A. Bonomo\" data-e-action-hash=\"#elementor-action%3Aaction%3Dlightbox%26settings%3DeyJpZCI6MjkwMCwidXJsIjoiaHR0cHM6XC9cL2ZhLWxlc2lhLmV1XC93cC1jb250ZW50XC91cGxvYWRzXC9TQ0gwMTMuanBnIiwic2xpZGVzaG93IjoiYWE3ZGE2ZCJ9\" href=\"https:\/\/fa-lesia.eu\/wp-content\/uploads\/SCH013.jpg\"><figure class=\"swiper-slide-inner\"><img decoding=\"async\" class=\"swiper-slide-image\" src=\"https:\/\/fa-lesia.eu\/wp-content\/uploads\/SCH013-300x278.jpg\" alt=\"Realisierungswettbewerb f\u00fcr die neue Gestaltung der zwei Pl\u00e4tze von Opicina Triest. Entwurfsskizze f\u00fcr Piazza Brdina\" \/><\/figure><\/a><\/div><div class=\"swiper-slide\" role=\"group\" aria-roledescription=\"slide\" aria-label=\"6 von 13\"><a data-elementor-open-lightbox=\"yes\" data-elementor-lightbox-slideshow=\"aa7da6d\" data-elementor-lightbox-title=\"Entwurfsmodell f\u00fcr Piazza Brdina\" data-e-action-hash=\"#elementor-action%3Aaction%3Dlightbox%26settings%3DeyJpZCI6MjgzOSwidXJsIjoiaHR0cHM6XC9cL2ZhLWxlc2lhLmV1XC93cC1jb250ZW50XC91cGxvYWRzXC9NT0QwMTEuanBnIiwic2xpZGVzaG93IjoiYWE3ZGE2ZCJ9\" href=\"https:\/\/fa-lesia.eu\/wp-content\/uploads\/MOD011.jpg\"><figure class=\"swiper-slide-inner\"><img decoding=\"async\" class=\"swiper-slide-image\" src=\"https:\/\/fa-lesia.eu\/wp-content\/uploads\/MOD011-300x202.jpg\" alt=\"Realisierungswettbewerb f\u00fcr die neue Gestaltung der zwei Pl\u00e4tze von Opicina Triest. Entwurfsmodell f\u00fcr Piazza Brdina\" \/><\/figure><\/a><\/div><div class=\"swiper-slide\" role=\"group\" aria-roledescription=\"slide\" aria-label=\"7 von 13\"><a data-elementor-open-lightbox=\"yes\" data-elementor-lightbox-slideshow=\"aa7da6d\" data-elementor-lightbox-title=\"Entwurfsmodell f\u00fcr Piazza Brdina\" data-e-action-hash=\"#elementor-action%3Aaction%3Dlightbox%26settings%3DeyJpZCI6Mjg0MCwidXJsIjoiaHR0cHM6XC9cL2ZhLWxlc2lhLmV1XC93cC1jb250ZW50XC91cGxvYWRzXC9NT0QwNTEuanBnIiwic2xpZGVzaG93IjoiYWE3ZGE2ZCJ9\" href=\"https:\/\/fa-lesia.eu\/wp-content\/uploads\/MOD051.jpg\"><figure class=\"swiper-slide-inner\"><img decoding=\"async\" class=\"swiper-slide-image\" src=\"https:\/\/fa-lesia.eu\/wp-content\/uploads\/MOD051-300x300.jpg\" alt=\"Realisierungswettbewerb f\u00fcr die neue Gestaltung der zwei Pl\u00e4tze von Opicina Triest. Entwurfsmodell f\u00fcr Piazza Brdina\" \/><\/figure><\/a><\/div><div class=\"swiper-slide\" role=\"group\" aria-roledescription=\"slide\" aria-label=\"8 von 13\"><a data-elementor-open-lightbox=\"yes\" data-elementor-lightbox-slideshow=\"aa7da6d\" data-elementor-lightbox-title=\"Entwurfsskizze f\u00fcr Piazzale Monte Re\" data-elementor-lightbox-description=\"G. Polita\" data-e-action-hash=\"#elementor-action%3Aaction%3Dlightbox%26settings%3DeyJpZCI6MjkwNywidXJsIjoiaHR0cHM6XC9cL2ZhLWxlc2lhLmV1XC93cC1jb250ZW50XC91cGxvYWRzXC9zY2gwMTcuanBnIiwic2xpZGVzaG93IjoiYWE3ZGE2ZCJ9\" href=\"https:\/\/fa-lesia.eu\/wp-content\/uploads\/sch017.jpg\"><figure class=\"swiper-slide-inner\"><img decoding=\"async\" class=\"swiper-slide-image\" src=\"https:\/\/fa-lesia.eu\/wp-content\/uploads\/sch017-182x300.jpg\" alt=\"Realisierungswettbewerb f\u00fcr die neue Gestaltung der zwei Pl\u00e4tze von Opicina Triest. Entwurfsskizze f\u00fcr Piazzale Monte Re\" \/><\/figure><\/a><\/div><div class=\"swiper-slide\" role=\"group\" aria-roledescription=\"slide\" aria-label=\"9 von 13\"><a data-elementor-open-lightbox=\"yes\" data-elementor-lightbox-slideshow=\"aa7da6d\" data-elementor-lightbox-title=\"Entwurfsskizze f\u00fcr Piazzale Monte Re\" data-elementor-lightbox-description=\"G. Polita\" data-e-action-hash=\"#elementor-action%3Aaction%3Dlightbox%26settings%3DeyJpZCI6MjkwOCwidXJsIjoiaHR0cHM6XC9cL2ZhLWxlc2lhLmV1XC93cC1jb250ZW50XC91cGxvYWRzXC9zY2gwMTguanBnIiwic2xpZGVzaG93IjoiYWE3ZGE2ZCJ9\" href=\"https:\/\/fa-lesia.eu\/wp-content\/uploads\/sch018.jpg\"><figure class=\"swiper-slide-inner\"><img decoding=\"async\" class=\"swiper-slide-image\" src=\"https:\/\/fa-lesia.eu\/wp-content\/uploads\/sch018-178x300.jpg\" alt=\"Realisierungswettbewerb f\u00fcr die neue Gestaltung der zwei Pl\u00e4tze von Opicina Triest. Entwurfsskizze f\u00fcr Piazzale Monte Re\" \/><\/figure><\/a><\/div><div class=\"swiper-slide\" role=\"group\" aria-roledescription=\"slide\" aria-label=\"10 von 13\"><a data-elementor-open-lightbox=\"yes\" data-elementor-lightbox-slideshow=\"aa7da6d\" data-elementor-lightbox-title=\"Entwurfsskizze f\u00fcr Piazzale Monte Re\" data-elementor-lightbox-description=\"C. Farina\" data-e-action-hash=\"#elementor-action%3Aaction%3Dlightbox%26settings%3DeyJpZCI6MjkwOSwidXJsIjoiaHR0cHM6XC9cL2ZhLWxlc2lhLmV1XC93cC1jb250ZW50XC91cGxvYWRzXC9zY2gwMTUtZTE2NDM2MzQ3MzE1NTEuanBnIiwic2xpZGVzaG93IjoiYWE3ZGE2ZCJ9\" href=\"https:\/\/fa-lesia.eu\/wp-content\/uploads\/sch015-e1643634731551.jpg\"><figure class=\"swiper-slide-inner\"><img decoding=\"async\" class=\"swiper-slide-image\" src=\"https:\/\/fa-lesia.eu\/wp-content\/uploads\/sch015-e1643634731551-211x300.jpg\" alt=\"Realisierungswettbewerb f\u00fcr die neue Gestaltung der zwei Pl\u00e4tze von Opicina Triest. Entwurfsskizze f\u00fcr Piazzale Monte Re\" \/><\/figure><\/a><\/div><div class=\"swiper-slide\" role=\"group\" aria-roledescription=\"slide\" aria-label=\"11 von 13\"><a data-elementor-open-lightbox=\"yes\" data-elementor-lightbox-slideshow=\"aa7da6d\" data-elementor-lightbox-title=\"Entwurfsskizze f\u00fcr Piazzale Monte Re\" data-elementor-lightbox-description=\"A. Bonomo\" data-e-action-hash=\"#elementor-action%3Aaction%3Dlightbox%26settings%3DeyJpZCI6MjkxMCwidXJsIjoiaHR0cHM6XC9cL2ZhLWxlc2lhLmV1XC93cC1jb250ZW50XC91cGxvYWRzXC9zY2gwMS5qcGciLCJzbGlkZXNob3ciOiJhYTdkYTZkIn0%3D\" href=\"https:\/\/fa-lesia.eu\/wp-content\/uploads\/sch01.jpg\"><figure class=\"swiper-slide-inner\"><img decoding=\"async\" class=\"swiper-slide-image\" src=\"https:\/\/fa-lesia.eu\/wp-content\/uploads\/sch01-211x300.jpg\" alt=\"Realisierungswettbewerb f\u00fcr die neue Gestaltung der zwei Pl\u00e4tze von Opicina Triest. Entwurfsskizze f\u00fcr Piazzale Monte Re\" \/><\/figure><\/a><\/div><div class=\"swiper-slide\" role=\"group\" aria-roledescription=\"slide\" aria-label=\"12 von 13\"><a data-elementor-open-lightbox=\"yes\" data-elementor-lightbox-slideshow=\"aa7da6d\" data-elementor-lightbox-title=\"Entwurfsmodell f\u00fcr Piazzale Monte Re\" data-e-action-hash=\"#elementor-action%3Aaction%3Dlightbox%26settings%3DeyJpZCI6Mjg0MywidXJsIjoiaHR0cHM6XC9cL2ZhLWxlc2lhLmV1XC93cC1jb250ZW50XC91cGxvYWRzXC9tcmUwMTMtZTE2NDM2MzQzMDg4MzAuanBnIiwic2xpZGVzaG93IjoiYWE3ZGE2ZCJ9\" href=\"https:\/\/fa-lesia.eu\/wp-content\/uploads\/mre013-e1643634308830.jpg\"><figure class=\"swiper-slide-inner\"><img decoding=\"async\" class=\"swiper-slide-image\" src=\"https:\/\/fa-lesia.eu\/wp-content\/uploads\/mre013-e1643634308830-199x300.jpg\" alt=\"Realisierungswettbewerb f\u00fcr die neue Gestaltung der zwei Pl\u00e4tze von Opicina Triest. Entwurfsmodell f\u00fcr Piazzale Monte Re\" \/><\/figure><\/a><\/div><div class=\"swiper-slide\" role=\"group\" aria-roledescription=\"slide\" aria-label=\"13 von 13\"><a data-elementor-open-lightbox=\"yes\" data-elementor-lightbox-slideshow=\"aa7da6d\" data-elementor-lightbox-title=\"Entwurfsmodell f\u00fcr Piazzale Monte Re\" data-e-action-hash=\"#elementor-action%3Aaction%3Dlightbox%26settings%3DeyJpZCI6Mjg0NCwidXJsIjoiaHR0cHM6XC9cL2ZhLWxlc2lhLmV1XC93cC1jb250ZW50XC91cGxvYWRzXC9tcmUwMTQuanBnIiwic2xpZGVzaG93IjoiYWE3ZGE2ZCJ9\" href=\"https:\/\/fa-lesia.eu\/wp-content\/uploads\/mre014.jpg\"><figure class=\"swiper-slide-inner\"><img decoding=\"async\" class=\"swiper-slide-image\" src=\"https:\/\/fa-lesia.eu\/wp-content\/uploads\/mre014-300x199.jpg\" alt=\"Realisierungswettbewerb f\u00fcr die neue Gestaltung der zwei Pl\u00e4tze von Opicina Triest. Entwurfsmodell f\u00fcr Piazzale Monte Re\" \/><\/figure><\/a><\/div>\t\t\t<\/div>\n\t\t\t\t\t\t\t\t\t\t\t\t<div class=\"elementor-swiper-button elementor-swiper-button-prev\" role=\"button\" tabindex=\"0\">\n\t\t\t\t\t\t<i aria-hidden=\"true\" class=\"eicon-chevron-left\"><\/i>\t\t\t\t\t<\/div>\n\t\t\t\t\t<div class=\"elementor-swiper-button elementor-swiper-button-next\" role=\"button\" tabindex=\"0\">\n\t\t\t\t\t\t<i aria-hidden=\"true\" class=\"eicon-chevron-right\"><\/i>\t\t\t\t\t<\/div>\n\t\t\t\t\n\t\t\t\t\t\t\t\t\t<div class=\"swiper-pagination\"><\/div>\n\t\t\t\t\t\t\t\t\t<\/div>\n\t\t\t\t\t\t<\/div>\n\t\t\t\t<\/div>\n\t\t\t\t\t<\/div>\n\t\t<\/div>\n\t\t\t\t<div class=\"elementor-column elementor-col-50 elementor-inner-column elementor-element elementor-element-9abcea5\" data-id=\"9abcea5\" data-element_type=\"column\">\n\t\t\t<div class=\"elementor-widget-wrap elementor-element-populated\">\n\t\t\t\t\t\t<div class=\"elementor-element elementor-element-773e882 elementor-widget elementor-widget-text-editor\" data-id=\"773e882\" data-element_type=\"widget\" data-widget_type=\"text-editor.default\">\n\t\t\t\t<div class=\"elementor-widget-container\">\n\t\t\t\t\t\t\t\t\t<h1><b>Zwei Pl\u00e4tze f\u00fcr Opicina<\/b><\/h1><h2 class=\" translation-block\"><b>Oggetto<\/b>: Concorso di realizzazione per la riqualificazione di due piazze a Opicina<br><b>Progetto:<\/b> Comune di Trieste<br><b>Anno:<\/b> 1999<br><b>Localit\u00e0:<\/b> Opicina (Trieste), Italia<br><b>Progetto:<\/b> C. Farina (capogruppo), A. Bonomo, G. Polita, S. Vogt, K Villwock<\/h2><h2><strong>Progetto premiato, 2. e 3. posto<\/strong>\u00a0<\/h2>\t\t\t\t\t\t\t\t<\/div>\n\t\t\t\t<\/div>\n\t\t\t\t\t<\/div>\n\t\t<\/div>\n\t\t\t\t\t<\/div>\n\t\t<\/section>\n\t\t\t\t\t<\/div>\n\t\t<\/div>\n\t\t\t\t\t<\/div>\n\t\t<\/section>\n\t\t\t\t<section class=\"elementor-section elementor-top-section elementor-element elementor-element-b64f737 elementor-section-boxed elementor-section-height-default elementor-section-height-default\" data-id=\"b64f737\" data-element_type=\"section\" data-settings=\"{&quot;background_background&quot;:&quot;classic&quot;}\">\n\t\t\t\t\t\t<div class=\"elementor-container elementor-column-gap-default\">\n\t\t\t\t\t<div class=\"elementor-column elementor-col-33 elementor-top-column elementor-element elementor-element-1cd016d\" data-id=\"1cd016d\" data-element_type=\"column\">\n\t\t\t<div class=\"elementor-widget-wrap elementor-element-populated\">\n\t\t\t\t\t\t<div class=\"elementor-element elementor-element-f59e6eb elementor-widget elementor-widget-text-editor\" data-id=\"f59e6eb\" data-element_type=\"widget\" data-widget_type=\"text-editor.default\">\n\t\t\t\t<div class=\"elementor-widget-container\">\n\t\t\t\t\t\t\t\t\t<h1><a href=\"https:\/\/fa-lesia.eu\/\"><b>FA<\/b>Le<b>S<\/b>i<b>A<\/b><\/a><\/h1>\t\t\t\t\t\t\t\t<\/div>\n\t\t\t\t<\/div>\n\t\t\t\t<div class=\"elementor-element elementor-element-76be1d3 elementor-widget elementor-widget-text-editor\" data-id=\"76be1d3\" data-element_type=\"widget\" data-widget_type=\"text-editor.default\">\n\t\t\t\t<div class=\"elementor-widget-container\">\n\t\t\t\t\t\t\t\t\t<p>prestazioni e servizi professionali in architettura<\/p>\t\t\t\t\t\t\t\t<\/div>\n\t\t\t\t<\/div>\n\t\t\t\t<div class=\"elementor-element elementor-element-12bafd2 elementor-widget elementor-widget-image\" data-id=\"12bafd2\" data-element_type=\"widget\" data-widget_type=\"image.default\">\n\t\t\t\t<div class=\"elementor-widget-container\">\n\t\t\t\t\t\t\t\t\t\t\t\t\t\t\t\t<a href=\"https:\/\/fa-lesia.eu\/\">\n\t\t\t\t\t\t\t<img decoding=\"async\" width=\"150\" height=\"150\" src=\"https:\/\/fa-lesia.eu\/wp-content\/uploads\/falesia_new_3.svg\" class=\"attachment-thumbnail size-thumbnail wp-image-5438\" alt=\"Falesia- Beratungs- und Planungsleistungen in Architektur\" \/>\t\t\t\t\t\t\t\t<\/a>\n\t\t\t\t\t\t\t\t\t\t\t\t\t\t\t<\/div>\n\t\t\t\t<\/div>\n\t\t\t\t\t<\/div>\n\t\t<\/div>\n\t\t\t\t<div class=\"elementor-column elementor-col-33 elementor-top-column elementor-element elementor-element-8c98d5d\" data-id=\"8c98d5d\" data-element_type=\"column\">\n\t\t\t<div class=\"elementor-widget-wrap elementor-element-populated\">\n\t\t\t\t\t\t<div class=\"elementor-element elementor-element-5210859 elementor-widget elementor-widget-text-editor\" data-id=\"5210859\" data-element_type=\"widget\" data-widget_type=\"text-editor.default\">\n\t\t\t\t<div class=\"elementor-widget-container\">\n\t\t\t\t\t\t\t\t\t<p style=\"font-variant-ligatures: normal; font-variant-caps: normal; font-family: Weblysleek, sans-serif; font-size: 18px; font-style: normal; font-weight: 100; color: #ffae4b;\"><a style=\"font-size: 18px;\" href=\"https:\/\/fa-lesia.eu\/\"><span style=\"font-size: 18px; font-weight: bold;\">Home<br \/><\/span><\/a><\/p><p style=\"font-variant-ligatures: normal; font-variant-caps: normal; font-family: Weblysleek, sans-serif; font-size: 18px; font-style: normal; font-weight: 100; color: #ffae4b;\"><a style=\"font-size: 18px;\" href=\"https:\/\/fa-lesia.eu\/fachliche-planungsleistungen-in-architektur\/\" target=\"_blank\" rel=\"noopener\"><span style=\"font-size: 18px; font-weight: bold;\">&gt; Progetti<br \/><\/span><\/a><a style=\"font-size: 18px;\" href=\"https:\/\/fa-lesia.eu\/wer\"><span style=\"font-size: 18px; font-weight: bold;\">&gt; Chi<br \/><\/span><\/a><span style=\"font-size: 18px; font-weight: 600;\"><a style=\"font-size: 18px;\" href=\"https:\/\/fa-lesia.eu\/aktuelles\">&gt; Attualit\u00e0<\/a><\/span><\/p><div style=\"font-variant-ligatures: normal; font-variant-caps: normal; font-family: Weblysleek, sans-serif; font-size: 18px; font-style: normal; font-weight: 100; color: #ffae4b;\">\u00a0<\/div><div style=\"font-variant-ligatures: normal; font-variant-caps: normal; font-family: Weblysleek, sans-serif; font-size: 18px; font-style: normal; font-weight: 100; color: #ffae4b;\"><a style=\"font-size: 18px; font-weight: 100;\" href=\"https:\/\/fa-lesia.eu\/kontakt\"><span style=\"font-size: 18px; font-weight: bold;\">&gt; Contatti &amp; Impressum<br \/><\/span><\/a><span style=\"font-size: 18px; font-weight: 600;\">&gt; Archivio<\/span><\/div>\t\t\t\t\t\t\t\t<\/div>\n\t\t\t\t<\/div>\n\t\t\t\t\t<\/div>\n\t\t<\/div>\n\t\t\t\t<div class=\"elementor-column elementor-col-33 elementor-top-column elementor-element elementor-element-fa8a4c4\" data-id=\"fa8a4c4\" data-element_type=\"column\">\n\t\t\t<div class=\"elementor-widget-wrap elementor-element-populated\">\n\t\t\t\t\t\t<div class=\"elementor-element elementor-element-48afedc elementor-widget elementor-widget-image\" data-id=\"48afedc\" data-element_type=\"widget\" data-widget_type=\"image.default\">\n\t\t\t\t<div class=\"elementor-widget-container\">\n\t\t\t\t\t\t\t\t\t\t\t\t\t\t\t\t<a href=\"https:\/\/www.instagram.com\/claudio_fa\/\" target=\"_blank\">\n\t\t\t\t\t\t\t<img decoding=\"async\" src=\"https:\/\/fa-lesia.eu\/wp-content\/uploads\/instagram-square-brands-1.svg\" title=\"instagram-square-brands\" alt=\"instagram-square-brands\" loading=\"lazy\" \/>\t\t\t\t\t\t\t\t<\/a>\n\t\t\t\t\t\t\t\t\t\t\t\t\t\t\t<\/div>\n\t\t\t\t<\/div>\n\t\t\t\t<div class=\"elementor-element elementor-element-a45a242 elementor-widget elementor-widget-image\" data-id=\"a45a242\" data-element_type=\"widget\" data-widget_type=\"image.default\">\n\t\t\t\t<div class=\"elementor-widget-container\">\n\t\t\t\t\t\t\t\t\t\t\t\t\t\t\t\t<a href=\"https:\/\/de.linkedin.com\/in\/clfarina\" target=\"_blank\">\n\t\t\t\t\t\t\t<img fetchpriority=\"high\" decoding=\"async\" width=\"448\" height=\"512\" src=\"https:\/\/fa-lesia.eu\/wp-content\/uploads\/Font_Awesome_5_brands_linkedin.svg\" class=\"attachment-full size-full wp-image-4229\" alt=\"Falesia Linkedin\" \/>\t\t\t\t\t\t\t\t<\/a>\n\t\t\t\t\t\t\t\t\t\t\t\t\t\t\t<\/div>\n\t\t\t\t<\/div>\n\t\t\t\t<div class=\"elementor-element elementor-element-f9c5782 elementor-widget elementor-widget-image\" data-id=\"f9c5782\" data-element_type=\"widget\" data-widget_type=\"image.default\">\n\t\t\t\t<div class=\"elementor-widget-container\">\n\t\t\t\t\t\t\t\t\t\t\t\t\t\t\t\t<a href=\"https:\/\/twitter.com\/claudio_fa\" target=\"_blank\">\n\t\t\t\t\t\t\t<img decoding=\"async\" width=\"448\" height=\"512\" src=\"https:\/\/fa-lesia.eu\/wp-content\/uploads\/twitter-square-brands-1.svg\" class=\"attachment-full size-full wp-image-2585\" alt=\"\" \/>\t\t\t\t\t\t\t\t<\/a>\n\t\t\t\t\t\t\t\t\t\t\t\t\t\t\t<\/div>\n\t\t\t\t<\/div>\n\t\t\t\t<div class=\"elementor-element elementor-element-d6edfb1 elementor-widget elementor-widget-image\" data-id=\"d6edfb1\" data-element_type=\"widget\" data-widget_type=\"image.default\">\n\t\t\t\t<div class=\"elementor-widget-container\">\n\t\t\t\t\t\t\t\t\t\t\t\t\t\t\t\t<a href=\"https:\/\/www.xing.com\/profile\/Claudio_Farina2\/cv\" target=\"_blank\">\n\t\t\t\t\t\t\t<img loading=\"lazy\" decoding=\"async\" width=\"448\" height=\"512\" src=\"https:\/\/fa-lesia.eu\/wp-content\/uploads\/xing-square-brands-1.svg\" class=\"attachment-full size-full wp-image-2586\" alt=\"\" \/>\t\t\t\t\t\t\t\t<\/a>\n\t\t\t\t\t\t\t\t\t\t\t\t\t\t\t<\/div>\n\t\t\t\t<\/div>\n\t\t\t\t\t<\/div>\n\t\t<\/div>\n\t\t\t\t\t<\/div>\n\t\t<\/section>\n\t\t\t\t<section class=\"elementor-section elementor-top-section elementor-element elementor-element-378420b elementor-section-boxed elementor-section-height-default elementor-section-height-default\" data-id=\"378420b\" data-element_type=\"section\" data-settings=\"{&quot;background_background&quot;:&quot;classic&quot;}\">\n\t\t\t\t\t\t<div class=\"elementor-container elementor-column-gap-default\">\n\t\t\t\t\t<div class=\"elementor-column elementor-col-33 elementor-top-column elementor-element elementor-element-66a30d54\" data-id=\"66a30d54\" data-element_type=\"column\">\n\t\t\t<div class=\"elementor-widget-wrap elementor-element-populated\">\n\t\t\t\t\t\t<div class=\"elementor-element elementor-element-1b7e4c28 elementor-widget elementor-widget-text-editor\" data-id=\"1b7e4c28\" data-element_type=\"widget\" data-widget_type=\"text-editor.default\">\n\t\t\t\t<div class=\"elementor-widget-container\">\n\t\t\t\t\t\t\t\t\t<p>\u00a9 2022, Falesia\u00a0 \u2013 Claudio Farina \u2022 Architekt\u00a0 \u00a0<\/p>\t\t\t\t\t\t\t\t<\/div>\n\t\t\t\t<\/div>\n\t\t\t\t\t<\/div>\n\t\t<\/div>\n\t\t\t\t<div class=\"elementor-column elementor-col-33 elementor-top-column elementor-element elementor-element-3f8c3ae0\" data-id=\"3f8c3ae0\" data-element_type=\"column\">\n\t\t\t<div class=\"elementor-widget-wrap\">\n\t\t\t\t\t\t\t<\/div>\n\t\t<\/div>\n\t\t\t\t<div class=\"elementor-column elementor-col-33 elementor-top-column elementor-element elementor-element-865148a\" data-id=\"865148a\" data-element_type=\"column\" data-settings=\"{&quot;background_background&quot;:&quot;classic&quot;}\">\n\t\t\t<div class=\"elementor-widget-wrap elementor-element-populated\">\n\t\t\t\t\t\t<div class=\"elementor-element elementor-element-3896f19d elementor-icon-list--layout-inline elementor-align-end elementor-mobile-align-center elementor-list-item-link-full_width elementor-invisible elementor-widget elementor-widget-icon-list\" data-id=\"3896f19d\" data-element_type=\"widget\" data-settings=\"{&quot;_animation&quot;:&quot;fadeIn&quot;,&quot;_animation_delay&quot;:300}\" data-widget_type=\"icon-list.default\">\n\t\t\t\t<div class=\"elementor-widget-container\">\n\t\t\t\t\t\t\t<ul class=\"elementor-icon-list-items elementor-inline-items\">\n\t\t\t\t\t\t\t<li class=\"elementor-icon-list-item elementor-inline-item\">\n\t\t\t\t\t\t\t\t\t\t\t<a href=\"\" target=\"_blank\">\n\n\t\t\t\t\t\t\t\t\t\t\t<span class=\"elementor-icon-list-text\">Datenschutz<\/span>\n\t\t\t\t\t\t\t\t\t\t\t<\/a>\n\t\t\t\t\t\t\t\t\t<\/li>\n\t\t\t\t\t\t<\/ul>\n\t\t\t\t\t\t<\/div>\n\t\t\t\t<\/div>\n\t\t\t\t\t<\/div>\n\t\t<\/div>\n\t\t\t\t\t<\/div>\n\t\t<\/section>\n\t\t\t\t<\/div>","protected":false},"excerpt":{"rendered":"<p>Wettbewerbe Zur\u00fcck Weiter Torino Geodesign Objekt: Beteiligungsprojekt f\u00fcr den Entwurf eines neuen Beleuchtungssystem f\u00fcr Piazza Madama CristinaAuslober: Torino 2008 World Design CapitalJahr: 2008Ort: Turin, ItalienProjekt: Salone Gemma Prod.: C. Farina (Teamleiter), P. Ongaro, G. Polita, Beleuchtungstechnik: J. Fuchs, B. Devito, D. Redavid3D Modell: P. Ongaro, G. PolitaPrototyp: G.Polita, Billow Board, D. RedavidAusstattung: B. Devito, C. [&hellip;]<\/p>","protected":false},"author":1,"featured_media":0,"parent":0,"menu_order":0,"comment_status":"closed","ping_status":"closed","template":"","meta":{"ocean_post_layout":"full-screen","ocean_both_sidebars_style":"","ocean_both_sidebars_content_width":0,"ocean_both_sidebars_sidebars_width":0,"ocean_sidebar":"0","ocean_second_sidebar":"0","ocean_disable_margins":"on","ocean_add_body_class":"","ocean_shortcode_before_top_bar":"","ocean_shortcode_after_top_bar":"","ocean_shortcode_before_header":"","ocean_shortcode_after_header":"","ocean_has_shortcode":"","ocean_shortcode_after_title":"","ocean_shortcode_before_footer_widgets":"","ocean_shortcode_after_footer_widgets":"","ocean_shortcode_before_footer_bottom":"","ocean_shortcode_after_footer_bottom":"","ocean_display_top_bar":"default","ocean_display_header":"default","ocean_header_style":"","ocean_center_header_left_menu":"0","ocean_custom_header_template":"0","ocean_custom_logo":0,"ocean_custom_retina_logo":0,"ocean_custom_logo_max_width":0,"ocean_custom_logo_tablet_max_width":0,"ocean_custom_logo_mobile_max_width":0,"ocean_custom_logo_max_height":0,"ocean_custom_logo_tablet_max_height":0,"ocean_custom_logo_mobile_max_height":0,"ocean_header_custom_menu":"0","ocean_menu_typo_font_family":"0","ocean_menu_typo_font_subset":"","ocean_menu_typo_font_size":0,"ocean_menu_typo_font_size_tablet":0,"ocean_menu_typo_font_size_mobile":0,"ocean_menu_typo_font_size_unit":"px","ocean_menu_typo_font_weight":"","ocean_menu_typo_font_weight_tablet":"","ocean_menu_typo_font_weight_mobile":"","ocean_menu_typo_transform":"","ocean_menu_typo_transform_tablet":"","ocean_menu_typo_transform_mobile":"","ocean_menu_typo_line_height":0,"ocean_menu_typo_line_height_tablet":0,"ocean_menu_typo_line_height_mobile":0,"ocean_menu_typo_line_height_unit":"","ocean_menu_typo_spacing":0,"ocean_menu_typo_spacing_tablet":0,"ocean_menu_typo_spacing_mobile":0,"ocean_menu_typo_spacing_unit":"","ocean_menu_link_color":"","ocean_menu_link_color_hover":"#ff9800","ocean_menu_link_color_active":"","ocean_menu_link_background":"","ocean_menu_link_hover_background":"","ocean_menu_link_active_background":"","ocean_menu_social_links_bg":"","ocean_menu_social_hover_links_bg":"","ocean_menu_social_links_color":"","ocean_menu_social_hover_links_color":"","ocean_disable_title":"on","ocean_disable_heading":"default","ocean_post_title":"","ocean_post_subheading":"","ocean_post_title_style":"","ocean_post_title_background_color":"","ocean_post_title_background":0,"ocean_post_title_bg_image_position":"","ocean_post_title_bg_image_attachment":"","ocean_post_title_bg_image_repeat":"","ocean_post_title_bg_image_size":"","ocean_post_title_height":0,"ocean_post_title_bg_overlay":0.5,"ocean_post_title_bg_overlay_color":"","ocean_disable_breadcrumbs":"off","ocean_breadcrumbs_color":"","ocean_breadcrumbs_separator_color":"","ocean_breadcrumbs_links_color":"","ocean_breadcrumbs_links_hover_color":"","ocean_display_footer_widgets":"off","ocean_display_footer_bottom":"off","ocean_custom_footer_template":"0","footnotes":""},"class_list":["post-825","page","type-page","status-publish","hentry","entry"],"yoast_head":"<!-- This site is optimized with the Yoast SEO plugin v27.5 - https:\/\/yoast.com\/product\/yoast-seo-wordpress\/ -->\n<title>Wettbewerbe - FALeSiA - Claudio Farina Architekt - Fachliche Leistungen und Services in Architektur<\/title>\n<meta name=\"robots\" content=\"index, follow, max-snippet:-1, max-image-preview:large, max-video-preview:-1\" \/>\n<link rel=\"canonical\" href=\"https:\/\/fa-lesia.eu\/it\/wettbewerbe\/\" \/>\n<meta property=\"og:locale\" content=\"it_IT\" \/>\n<meta property=\"og:type\" content=\"article\" \/>\n<meta property=\"og:title\" content=\"Wettbewerbe - FALeSiA - Claudio Farina Architekt - Fachliche Leistungen und Services in Architektur\" \/>\n<meta property=\"og:description\" content=\"Wettbewerbe Zur\u00fcck Weiter Torino Geodesign Objekt: Beteiligungsprojekt f\u00fcr den Entwurf eines neuen Beleuchtungssystem f\u00fcr Piazza Madama CristinaAuslober: Torino 2008 World Design CapitalJahr: 2008Ort: Turin, ItalienProjekt: Salone Gemma Prod.: C. Farina (Teamleiter), P. Ongaro, G. Polita, Beleuchtungstechnik: J. Fuchs, B. Devito, D. Redavid3D Modell: P. Ongaro, G. PolitaPrototyp: G.Polita, Billow Board, D. RedavidAusstattung: B. Devito, C. [&hellip;]\" \/>\n<meta property=\"og:url\" content=\"https:\/\/fa-lesia.eu\/it\/wettbewerbe\/\" \/>\n<meta property=\"og:site_name\" content=\"FALeSiA - Claudio Farina Architekt - Fachliche Leistungen und Services in Architektur\" \/>\n<meta property=\"article:modified_time\" content=\"2022-10-27T12:19:42+00:00\" \/>\n<meta property=\"og:image\" content=\"https:\/\/fa-lesia.eu\/wp-content\/uploads\/000-P1010177-300x225.jpg\" \/>\n<meta name=\"twitter:card\" content=\"summary_large_image\" \/>\n<meta name=\"twitter:site\" content=\"@claudio_fa\" \/>\n<meta name=\"twitter:label1\" content=\"Tempo di lettura stimato\" \/>\n\t<meta name=\"twitter:data1\" content=\"12 minuti\" \/>\n<script type=\"application\/ld+json\" class=\"yoast-schema-graph\">{\"@context\":\"https:\\\/\\\/schema.org\",\"@graph\":[{\"@type\":\"WebPage\",\"@id\":\"https:\\\/\\\/fa-lesia.eu\\\/wettbewerbe\\\/\",\"url\":\"https:\\\/\\\/fa-lesia.eu\\\/wettbewerbe\\\/\",\"name\":\"Wettbewerbe - FALeSiA - Claudio Farina Architekt - Fachliche Leistungen und Services in Architektur\",\"isPartOf\":{\"@id\":\"https:\\\/\\\/fa-lesia.eu\\\/#website\"},\"primaryImageOfPage\":{\"@id\":\"https:\\\/\\\/fa-lesia.eu\\\/wettbewerbe\\\/#primaryimage\"},\"image\":{\"@id\":\"https:\\\/\\\/fa-lesia.eu\\\/wettbewerbe\\\/#primaryimage\"},\"thumbnailUrl\":\"https:\\\/\\\/fa-lesia.eu\\\/wp-content\\\/uploads\\\/000-P1010177-300x225.jpg\",\"datePublished\":\"2022-01-03T13:54:21+00:00\",\"dateModified\":\"2022-10-27T12:19:42+00:00\",\"breadcrumb\":{\"@id\":\"https:\\\/\\\/fa-lesia.eu\\\/wettbewerbe\\\/#breadcrumb\"},\"inLanguage\":\"it-IT\",\"potentialAction\":[{\"@type\":\"ReadAction\",\"target\":[\"https:\\\/\\\/fa-lesia.eu\\\/wettbewerbe\\\/\"]}]},{\"@type\":\"ImageObject\",\"inLanguage\":\"it-IT\",\"@id\":\"https:\\\/\\\/fa-lesia.eu\\\/wettbewerbe\\\/#primaryimage\",\"url\":\"https:\\\/\\\/fa-lesia.eu\\\/wp-content\\\/uploads\\\/000-P1010177-300x225.jpg\",\"contentUrl\":\"https:\\\/\\\/fa-lesia.eu\\\/wp-content\\\/uploads\\\/000-P1010177-300x225.jpg\"},{\"@type\":\"BreadcrumbList\",\"@id\":\"https:\\\/\\\/fa-lesia.eu\\\/wettbewerbe\\\/#breadcrumb\",\"itemListElement\":[{\"@type\":\"ListItem\",\"position\":1,\"name\":\"Startseite\",\"item\":\"https:\\\/\\\/fa-lesia.eu\\\/\"},{\"@type\":\"ListItem\",\"position\":2,\"name\":\"Wettbewerbe\"}]},{\"@type\":\"WebSite\",\"@id\":\"https:\\\/\\\/fa-lesia.eu\\\/#website\",\"url\":\"https:\\\/\\\/fa-lesia.eu\\\/\",\"name\":\"FALeSiA - Claudio Farina Architekt - Fachliche Leistungen und Services in Architektur\",\"description\":\"Architekt Bayern - Italien. Falesia bietet koordinierte Beratungs- und Planungsleistungen f\u00fcr ein umweltvertr\u00e4gliches Architekturprojekt an.\",\"publisher\":{\"@id\":\"https:\\\/\\\/fa-lesia.eu\\\/#organization\"},\"potentialAction\":[{\"@type\":\"SearchAction\",\"target\":{\"@type\":\"EntryPoint\",\"urlTemplate\":\"https:\\\/\\\/fa-lesia.eu\\\/?s={search_term_string}\"},\"query-input\":{\"@type\":\"PropertyValueSpecification\",\"valueRequired\":true,\"valueName\":\"search_term_string\"}}],\"inLanguage\":\"it-IT\"},{\"@type\":\"Organization\",\"@id\":\"https:\\\/\\\/fa-lesia.eu\\\/#organization\",\"name\":\"Claudio Farina Architekt - FALeSiA\",\"url\":\"https:\\\/\\\/fa-lesia.eu\\\/\",\"logo\":{\"@type\":\"ImageObject\",\"inLanguage\":\"it-IT\",\"@id\":\"https:\\\/\\\/fa-lesia.eu\\\/#\\\/schema\\\/logo\\\/image\\\/\",\"url\":\"https:\\\/\\\/fa-lesia.eu\\\/wp-content\\\/uploads\\\/falesia_new_3.svg\",\"contentUrl\":\"https:\\\/\\\/fa-lesia.eu\\\/wp-content\\\/uploads\\\/falesia_new_3.svg\",\"width\":850,\"height\":850,\"caption\":\"Claudio Farina Architekt - FALeSiA\"},\"image\":{\"@id\":\"https:\\\/\\\/fa-lesia.eu\\\/#\\\/schema\\\/logo\\\/image\\\/\"},\"sameAs\":[\"https:\\\/\\\/x.com\\\/claudio_fa\",\"https:\\\/\\\/www.instagram.com\\\/claudio_fa\\\/\",\"https:\\\/\\\/www.linkedin.com\\\/in\\\/clfarina\\\/\"]}]}<\/script>\n<!-- \/ Yoast SEO plugin. -->","yoast_head_json":{"title":"Wettbewerbe - FALeSiA - Claudio Farina Architekt - Fachliche Leistungen und Services in Architektur","robots":{"index":"index","follow":"follow","max-snippet":"max-snippet:-1","max-image-preview":"max-image-preview:large","max-video-preview":"max-video-preview:-1"},"canonical":"https:\/\/fa-lesia.eu\/it\/wettbewerbe\/","og_locale":"it_IT","og_type":"article","og_title":"Wettbewerbe - FALeSiA - Claudio Farina Architekt - Fachliche Leistungen und Services in Architektur","og_description":"Wettbewerbe Zur\u00fcck Weiter Torino Geodesign Objekt: Beteiligungsprojekt f\u00fcr den Entwurf eines neuen Beleuchtungssystem f\u00fcr Piazza Madama CristinaAuslober: Torino 2008 World Design CapitalJahr: 2008Ort: Turin, ItalienProjekt: Salone Gemma Prod.: C. Farina (Teamleiter), P. Ongaro, G. Polita, Beleuchtungstechnik: J. Fuchs, B. Devito, D. Redavid3D Modell: P. Ongaro, G. PolitaPrototyp: G.Polita, Billow Board, D. RedavidAusstattung: B. Devito, C. [&hellip;]","og_url":"https:\/\/fa-lesia.eu\/it\/wettbewerbe\/","og_site_name":"FALeSiA - Claudio Farina Architekt - Fachliche Leistungen und Services in Architektur","article_modified_time":"2022-10-27T12:19:42+00:00","og_image":[{"url":"https:\/\/fa-lesia.eu\/wp-content\/uploads\/000-P1010177-300x225.jpg","type":"","width":"","height":""}],"twitter_card":"summary_large_image","twitter_site":"@claudio_fa","twitter_misc":{"Tempo di lettura stimato":"12 minuti"},"schema":{"@context":"https:\/\/schema.org","@graph":[{"@type":"WebPage","@id":"https:\/\/fa-lesia.eu\/wettbewerbe\/","url":"https:\/\/fa-lesia.eu\/wettbewerbe\/","name":"Wettbewerbe - FALeSiA - Claudio Farina Architekt - Fachliche Leistungen und Services in Architektur","isPartOf":{"@id":"https:\/\/fa-lesia.eu\/#website"},"primaryImageOfPage":{"@id":"https:\/\/fa-lesia.eu\/wettbewerbe\/#primaryimage"},"image":{"@id":"https:\/\/fa-lesia.eu\/wettbewerbe\/#primaryimage"},"thumbnailUrl":"https:\/\/fa-lesia.eu\/wp-content\/uploads\/000-P1010177-300x225.jpg","datePublished":"2022-01-03T13:54:21+00:00","dateModified":"2022-10-27T12:19:42+00:00","breadcrumb":{"@id":"https:\/\/fa-lesia.eu\/wettbewerbe\/#breadcrumb"},"inLanguage":"it-IT","potentialAction":[{"@type":"ReadAction","target":["https:\/\/fa-lesia.eu\/wettbewerbe\/"]}]},{"@type":"ImageObject","inLanguage":"it-IT","@id":"https:\/\/fa-lesia.eu\/wettbewerbe\/#primaryimage","url":"https:\/\/fa-lesia.eu\/wp-content\/uploads\/000-P1010177-300x225.jpg","contentUrl":"https:\/\/fa-lesia.eu\/wp-content\/uploads\/000-P1010177-300x225.jpg"},{"@type":"BreadcrumbList","@id":"https:\/\/fa-lesia.eu\/wettbewerbe\/#breadcrumb","itemListElement":[{"@type":"ListItem","position":1,"name":"Startseite","item":"https:\/\/fa-lesia.eu\/"},{"@type":"ListItem","position":2,"name":"Wettbewerbe"}]},{"@type":"WebSite","@id":"https:\/\/fa-lesia.eu\/#website","url":"https:\/\/fa-lesia.eu\/","name":"FALeSiA - Claudio Farina Architekt - Fachliche Leistungen und Services in Architektur","description":"Architekt Bayern - Italien. Falesia bietet koordinierte Beratungs- und Planungsleistungen f\u00fcr ein umweltvertr\u00e4gliches Architekturprojekt an.","publisher":{"@id":"https:\/\/fa-lesia.eu\/#organization"},"potentialAction":[{"@type":"SearchAction","target":{"@type":"EntryPoint","urlTemplate":"https:\/\/fa-lesia.eu\/?s={search_term_string}"},"query-input":{"@type":"PropertyValueSpecification","valueRequired":true,"valueName":"search_term_string"}}],"inLanguage":"it-IT"},{"@type":"Organization","@id":"https:\/\/fa-lesia.eu\/#organization","name":"Claudio Farina Architekt - FALeSiA","url":"https:\/\/fa-lesia.eu\/","logo":{"@type":"ImageObject","inLanguage":"it-IT","@id":"https:\/\/fa-lesia.eu\/#\/schema\/logo\/image\/","url":"https:\/\/fa-lesia.eu\/wp-content\/uploads\/falesia_new_3.svg","contentUrl":"https:\/\/fa-lesia.eu\/wp-content\/uploads\/falesia_new_3.svg","width":850,"height":850,"caption":"Claudio Farina Architekt - FALeSiA"},"image":{"@id":"https:\/\/fa-lesia.eu\/#\/schema\/logo\/image\/"},"sameAs":["https:\/\/x.com\/claudio_fa","https:\/\/www.instagram.com\/claudio_fa\/","https:\/\/www.linkedin.com\/in\/clfarina\/"]}]}},"_links":{"self":[{"href":"https:\/\/fa-lesia.eu\/it\/wp-json\/wp\/v2\/pages\/825","targetHints":{"allow":["GET"]}}],"collection":[{"href":"https:\/\/fa-lesia.eu\/it\/wp-json\/wp\/v2\/pages"}],"about":[{"href":"https:\/\/fa-lesia.eu\/it\/wp-json\/wp\/v2\/types\/page"}],"author":[{"embeddable":true,"href":"https:\/\/fa-lesia.eu\/it\/wp-json\/wp\/v2\/users\/1"}],"replies":[{"embeddable":true,"href":"https:\/\/fa-lesia.eu\/it\/wp-json\/wp\/v2\/comments?post=825"}],"version-history":[{"count":170,"href":"https:\/\/fa-lesia.eu\/it\/wp-json\/wp\/v2\/pages\/825\/revisions"}],"predecessor-version":[{"id":6626,"href":"https:\/\/fa-lesia.eu\/it\/wp-json\/wp\/v2\/pages\/825\/revisions\/6626"}],"wp:attachment":[{"href":"https:\/\/fa-lesia.eu\/it\/wp-json\/wp\/v2\/media?parent=825"}],"curies":[{"name":"wp","href":"https:\/\/api.w.org\/{rel}","templated":true}]}}