{"id":824,"date":"2022-01-03T14:54:21","date_gmt":"2022-01-03T13:54:21","guid":{"rendered":"https:\/\/fa-lesia.eu\/?page_id=824"},"modified":"2022-10-27T14:19:03","modified_gmt":"2022-10-27T12:19:03","slug":"konzepte","status":"publish","type":"page","link":"https:\/\/fa-lesia.eu\/it\/konzepte\/","title":{"rendered":"Concetti"},"content":{"rendered":"<div data-elementor-type=\"wp-page\" data-elementor-id=\"824\" class=\"elementor elementor-824\" data-elementor-post-type=\"page\">\n\t\t\t\t\t\t<section class=\"elementor-section elementor-top-section elementor-element elementor-element-6e1ad797 elementor-section-boxed elementor-section-height-default elementor-section-height-default\" data-id=\"6e1ad797\" data-element_type=\"section\">\n\t\t\t\t\t\t<div class=\"elementor-container elementor-column-gap-default\">\n\t\t\t\t\t<div class=\"elementor-column elementor-col-50 elementor-top-column elementor-element elementor-element-5c1346a0\" data-id=\"5c1346a0\" data-element_type=\"column\">\n\t\t\t<div class=\"elementor-widget-wrap elementor-element-populated\">\n\t\t\t\t\t\t<div class=\"elementor-element elementor-element-7c81f613 elementor-button-info elementor-widget elementor-widget-button\" data-id=\"7c81f613\" data-element_type=\"widget\" data-widget_type=\"button.default\">\n\t\t\t\t<div class=\"elementor-widget-container\">\n\t\t\t\t\t\t\t\t\t<div class=\"elementor-button-wrapper\">\n\t\t\t\t\t<a class=\"elementor-button elementor-button-link elementor-size-xs\" href=\"https:\/\/fa-lesia.eu\/fachliche-planungsleistungen-in-architektur\/\" id=\"Back\">\n\t\t\t\t\t\t<span class=\"elementor-button-content-wrapper\">\n\t\t\t\t\t\t<span class=\"elementor-button-icon\">\n\t\t\t\t<svg xmlns=\"http:\/\/www.w3.org\/2000\/svg\" aria-hidden=\"true\" data-prefix=\"far\" data-icon=\"arrow-alt-circle-left\" class=\"svg-inline--fa fa-arrow-alt-circle-left fa-w-16\" viewbox=\"0 0 512 512\"><path fill=\"currentColor\" d=\"M8 256c0 137 111 248 248 248s248-111 248-248S393 8 256 8 8 119 8 256zm448 0c0 110.5-89.5 200-200 200S56 366.5 56 256 145.5 56 256 56s200 89.5 200 200zm-72-20v40c0 6.6-5.4 12-12 12H256v67c0 10.7-12.9 16-20.5 8.5l-99-99c-4.7-4.7-4.7-12.3 0-17l99-99c7.6-7.6 20.5-2.2 20.5 8.5v67h116c6.6 0 12 5.4 12 12z\"><\/path><\/svg>\t\t\t<\/span>\n\t\t\t\t\t\t\t\t<\/span>\n\t\t\t\t\t<\/a>\n\t\t\t\t<\/div>\n\t\t\t\t\t\t\t\t<\/div>\n\t\t\t\t<\/div>\n\t\t\t\t\t<\/div>\n\t\t<\/div>\n\t\t\t\t<div class=\"elementor-column elementor-col-50 elementor-top-column elementor-element elementor-element-bfade3d\" data-id=\"bfade3d\" data-element_type=\"column\">\n\t\t\t<div class=\"elementor-widget-wrap elementor-element-populated\">\n\t\t\t\t\t\t<div class=\"elementor-element elementor-element-7cd704be elementor-widget elementor-widget-heading\" data-id=\"7cd704be\" data-element_type=\"widget\" data-widget_type=\"heading.default\">\n\t\t\t\t<div class=\"elementor-widget-container\">\n\t\t\t\t\t<h1 class=\"elementor-heading-title elementor-size-xl\">Concetti<\/h1>\t\t\t\t<\/div>\n\t\t\t\t<\/div>\n\t\t\t\t\t<\/div>\n\t\t<\/div>\n\t\t\t\t\t<\/div>\n\t\t<\/section>\n\t\t\t\t<section class=\"elementor-section elementor-top-section elementor-element elementor-element-499c11f3 elementor-section-boxed elementor-section-height-default elementor-section-height-default\" data-id=\"499c11f3\" data-element_type=\"section\" data-settings=\"{&quot;background_background&quot;:&quot;classic&quot;}\">\n\t\t\t\t\t\t<div class=\"elementor-container elementor-column-gap-default\">\n\t\t\t\t\t<div class=\"elementor-column elementor-col-50 elementor-top-column elementor-element elementor-element-42cc7c52\" data-id=\"42cc7c52\" data-element_type=\"column\">\n\t\t\t<div class=\"elementor-widget-wrap elementor-element-populated\">\n\t\t\t\t\t\t<div class=\"elementor-element elementor-element-64952b59 elementor-nav-menu__text-align-aside elementor-widget elementor-widget-nav-menu\" data-id=\"64952b59\" data-element_type=\"widget\" data-settings=\"{&quot;layout&quot;:&quot;dropdown&quot;,&quot;submenu_icon&quot;:{&quot;value&quot;:&quot;&lt;i class=\\&quot;\\&quot; aria-hidden=\\&quot;true\\&quot;&gt;&lt;\\\/i&gt;&quot;,&quot;library&quot;:&quot;&quot;}}\" data-widget_type=\"nav-menu.default\">\n\t\t\t\t<div class=\"elementor-widget-container\">\n\t\t\t\t\t\t\t\t<nav class=\"elementor-nav-menu--dropdown elementor-nav-menu__container\" aria-hidden=\"true\">\n\t\t\t\t<ul id=\"menu-2-64952b59\" class=\"elementor-nav-menu\"><li class=\"menu-item menu-item-type-custom menu-item-object-custom menu-item-4004\"><a href=\"#\" class=\"elementor-item elementor-item-anchor\" tabindex=\"-1\">Citt\u00e0<\/a><\/li>\n<li class=\"menu-item menu-item-type-post_type menu-item-object-page menu-item-4003\"><a href=\"https:\/\/fa-lesia.eu\/it\/konzepte\/\" class=\"elementor-item\" tabindex=\"-1\">Concetti<\/a><\/li>\n<li class=\"menu-item menu-item-type-post_type menu-item-object-page menu-item-4002\"><a href=\"https:\/\/fa-lesia.eu\/it\/wettbewerbe\/\" class=\"elementor-item\" tabindex=\"-1\">Concorsi<\/a><\/li>\n<\/ul>\t\t\t<\/nav>\n\t\t\t\t\t\t<\/div>\n\t\t\t\t<\/div>\n\t\t\t\t\t<\/div>\n\t\t<\/div>\n\t\t\t\t<div class=\"elementor-column elementor-col-50 elementor-top-column elementor-element elementor-element-5217a40b\" data-id=\"5217a40b\" data-element_type=\"column\">\n\t\t\t<div class=\"elementor-widget-wrap elementor-element-populated\">\n\t\t\t\t\t\t<section class=\"elementor-section elementor-inner-section elementor-element elementor-element-169b9384 elementor-section-boxed elementor-section-height-default elementor-section-height-default\" data-id=\"169b9384\" data-element_type=\"section\">\n\t\t\t\t\t\t<div class=\"elementor-container elementor-column-gap-default\">\n\t\t\t\t\t<div class=\"elementor-column elementor-col-50 elementor-inner-column elementor-element elementor-element-630ddeb4\" data-id=\"630ddeb4\" data-element_type=\"column\">\n\t\t\t<div class=\"elementor-widget-wrap elementor-element-populated\">\n\t\t\t\t\t\t<div class=\"elementor-element elementor-element-402c2d08 elementor-arrows-position-inside elementor-pagination-position-outside elementor-widget elementor-widget-image-carousel\" data-id=\"402c2d08\" data-element_type=\"widget\" data-settings=\"{&quot;slides_to_show&quot;:&quot;1&quot;,&quot;autoplay&quot;:&quot;no&quot;,&quot;navigation&quot;:&quot;both&quot;,&quot;infinite&quot;:&quot;yes&quot;,&quot;effect&quot;:&quot;slide&quot;,&quot;speed&quot;:500}\" data-widget_type=\"image-carousel.default\">\n\t\t\t\t<div class=\"elementor-widget-container\">\n\t\t\t\t\t\t\t<div class=\"elementor-image-carousel-wrapper swiper\" role=\"region\" aria-roledescription=\"carousel\" aria-label=\"Bild Karussell\" dir=\"ltr\">\n\t\t\t<div class=\"elementor-image-carousel swiper-wrapper\" aria-live=\"polite\">\n\t\t\t\t\t\t\t\t<div class=\"swiper-slide\" role=\"group\" aria-roledescription=\"slide\" aria-label=\"1 von 5\"><a data-elementor-open-lightbox=\"yes\" data-elementor-lightbox-slideshow=\"402c2d08\" data-elementor-lightbox-title=\"Gliederung der drei Phasen des Beteiligungsprojekts PSO Progetto Spazi Opportunit\u00e0\" data-e-action-hash=\"#elementor-action%3Aaction%3Dlightbox%26settings%3DeyJpZCI6Mjc1MywidXJsIjoiaHR0cHM6XC9cL2ZhLWxlc2lhLmV1XC93cC1jb250ZW50XC91cGxvYWRzXC83MzUxNzhfNDM1MDI5MDczMjM0ODI2XzEzNDc2MzU1MDJfbi5qcGciLCJzbGlkZXNob3ciOiI0MDJjMmQwOCJ9\" href=\"https:\/\/fa-lesia.eu\/wp-content\/uploads\/735178_435029073234826_1347635502_n.jpg\"><figure class=\"swiper-slide-inner\"><img decoding=\"async\" class=\"swiper-slide-image\" src=\"https:\/\/fa-lesia.eu\/wp-content\/uploads\/735178_435029073234826_1347635502_n-300x225.jpg\" alt=\"PSO Progetto Spazi Opportunit\u00e0 ist ein Beteiligungsprojekt das eine breite Stadterneuerung fordert. Ein Prozess der zu einer nachhaltigen Wiederherstellung und Sanierung der ungenutzten R\u00e4ume und Bauwerke der Kreisstadt Triest f\u00fchrt.\" \/><\/figure><\/a><\/div><div class=\"swiper-slide\" role=\"group\" aria-roledescription=\"slide\" aria-label=\"2 von 5\"><a data-elementor-open-lightbox=\"yes\" data-elementor-lightbox-slideshow=\"402c2d08\" data-elementor-lightbox-title=\"Gliederung der drei Phasen des Beteiligungsprojekts PSO Progetto Spazi Opportunit\u00e0\" data-elementor-lightbox-description=\"Vorschau der Beta-Version\" data-e-action-hash=\"#elementor-action%3Aaction%3Dlightbox%26settings%3DeyJpZCI6Mjc1NCwidXJsIjoiaHR0cHM6XC9cL2ZhLWxlc2lhLmV1XC93cC1jb250ZW50XC91cGxvYWRzXC9Qb3J0Zm9saW9fQ0ZfMjAwMF8yMDIxXzAxLXBhZ2luYS01LTMuanBnIiwic2xpZGVzaG93IjoiNDAyYzJkMDgifQ%3D%3D\" href=\"https:\/\/fa-lesia.eu\/wp-content\/uploads\/Portfolio_CF_2000_2021_01-pagina-5-3.jpg\"><figure class=\"swiper-slide-inner\"><img decoding=\"async\" class=\"swiper-slide-image\" src=\"https:\/\/fa-lesia.eu\/wp-content\/uploads\/Portfolio_CF_2000_2021_01-pagina-5-3-300x206.jpg\" alt=\"PSO Progetto Spazi Opportunit\u00e0 ist ein Beteiligungsprojekt das eine breite Stadterneuerung fordert. Ein Prozess der zu einer nachhaltigen Wiederherstellung und Sanierung der ungenutzten R\u00e4ume und Bauwerke der Kreisstadt Triest f\u00fchrt - Beratungs- und Planungsleistungen in Architektur\" \/><\/figure><\/a><\/div><div class=\"swiper-slide\" role=\"group\" aria-roledescription=\"slide\" aria-label=\"3 von 5\"><a data-elementor-open-lightbox=\"yes\" data-elementor-lightbox-slideshow=\"402c2d08\" data-elementor-lightbox-title=\"Vorschau der Beta-Version\" data-e-action-hash=\"#elementor-action%3Aaction%3Dlightbox%26settings%3DeyJpZCI6Mjc1NSwidXJsIjoiaHR0cHM6XC9cL2ZhLWxlc2lhLmV1XC93cC1jb250ZW50XC91cGxvYWRzXC9TY2hlcm1hdGEtMjAxMy0xMC0wMi1hLTE0LjQyLjE5LmpwZyIsInNsaWRlc2hvdyI6IjQwMmMyZDA4In0%3D\" href=\"https:\/\/fa-lesia.eu\/wp-content\/uploads\/Schermata-2013-10-02-a-14.42.19.jpg\"><figure class=\"swiper-slide-inner\"><img decoding=\"async\" class=\"swiper-slide-image\" src=\"https:\/\/fa-lesia.eu\/wp-content\/uploads\/Schermata-2013-10-02-a-14.42.19-300x191.jpg\" alt=\"PSO Progetto Spazi Opportunit\u00e0 ist ein Beteiligungsprojekt das eine breite Stadterneuerung fordert. Ein Prozess der zu einer nachhaltigen Wiederherstellung und Sanierung der ungenutzten R\u00e4ume und Bauwerke der Kreisstadt Triest f\u00fchrt.\" \/><\/figure><\/a><\/div><div class=\"swiper-slide\" role=\"group\" aria-roledescription=\"slide\" aria-label=\"4 von 5\"><a data-elementor-open-lightbox=\"yes\" data-elementor-lightbox-slideshow=\"402c2d08\" data-elementor-lightbox-title=\"Vorschau der Beta-Version\" data-e-action-hash=\"#elementor-action%3Aaction%3Dlightbox%26settings%3DeyJpZCI6Mjc1NiwidXJsIjoiaHR0cHM6XC9cL2ZhLWxlc2lhLmV1XC93cC1jb250ZW50XC91cGxvYWRzXC9TY2hlcm1hdGEtMjAxMy0xMC0wMi1hLTE1LjEwLjQ0LmpwZyIsInNsaWRlc2hvdyI6IjQwMmMyZDA4In0%3D\" href=\"https:\/\/fa-lesia.eu\/wp-content\/uploads\/Schermata-2013-10-02-a-15.10.44.jpg\"><figure class=\"swiper-slide-inner\"><img decoding=\"async\" class=\"swiper-slide-image\" src=\"https:\/\/fa-lesia.eu\/wp-content\/uploads\/Schermata-2013-10-02-a-15.10.44-300x191.jpg\" alt=\"PSO Progetto Spazi Opportunit\u00e0 ist ein Beteiligungsprojekt das eine breite Stadterneuerung fordert. Ein Prozess der zu einer nachhaltigen Wiederherstellung und Sanierung der ungenutzten R\u00e4ume und Bauwerke der Kreisstadt Triest f\u00fchrt.\" \/><\/figure><\/a><\/div><div class=\"swiper-slide\" role=\"group\" aria-roledescription=\"slide\" aria-label=\"5 von 5\"><a data-elementor-open-lightbox=\"yes\" data-elementor-lightbox-slideshow=\"402c2d08\" data-elementor-lightbox-title=\"Vorschau der Beta-Version\" data-e-action-hash=\"#elementor-action%3Aaction%3Dlightbox%26settings%3DeyJpZCI6Mjc1NywidXJsIjoiaHR0cHM6XC9cL2ZhLWxlc2lhLmV1XC93cC1jb250ZW50XC91cGxvYWRzXC9TY2hlcm1hdGEtMjAxMy0xMC0wMi1hLTE1LjEzLjMwLmpwZyIsInNsaWRlc2hvdyI6IjQwMmMyZDA4In0%3D\" href=\"https:\/\/fa-lesia.eu\/wp-content\/uploads\/Schermata-2013-10-02-a-15.13.30.jpg\"><figure class=\"swiper-slide-inner\"><img decoding=\"async\" class=\"swiper-slide-image\" src=\"https:\/\/fa-lesia.eu\/wp-content\/uploads\/Schermata-2013-10-02-a-15.13.30-300x191.jpg\" alt=\"PSO Progetto Spazi Opportunit\u00e0 ist ein Beteiligungsprojekt das eine breite Stadterneuerung fordert. Ein Prozess der zu einer nachhaltigen Wiederherstellung und Sanierung der ungenutzten R\u00e4ume und Bauwerke der Kreisstadt Triest f\u00fchrt.\" \/><\/figure><\/a><\/div>\t\t\t<\/div>\n\t\t\t\t\t\t\t\t\t\t\t\t<div class=\"elementor-swiper-button elementor-swiper-button-prev\" role=\"button\" tabindex=\"0\">\n\t\t\t\t\t\t<i aria-hidden=\"true\" class=\"eicon-chevron-left\"><\/i>\t\t\t\t\t<\/div>\n\t\t\t\t\t<div class=\"elementor-swiper-button elementor-swiper-button-next\" role=\"button\" tabindex=\"0\">\n\t\t\t\t\t\t<i aria-hidden=\"true\" class=\"eicon-chevron-right\"><\/i>\t\t\t\t\t<\/div>\n\t\t\t\t\n\t\t\t\t\t\t\t\t\t<div class=\"swiper-pagination\"><\/div>\n\t\t\t\t\t\t\t\t\t<\/div>\n\t\t\t\t\t\t<\/div>\n\t\t\t\t<\/div>\n\t\t\t\t\t<\/div>\n\t\t<\/div>\n\t\t\t\t<div class=\"elementor-column elementor-col-50 elementor-inner-column elementor-element elementor-element-52fd0e80\" data-id=\"52fd0e80\" data-element_type=\"column\">\n\t\t\t<div class=\"elementor-widget-wrap elementor-element-populated\">\n\t\t\t\t\t\t<div class=\"elementor-element elementor-element-b963171 elementor-widget elementor-widget-text-editor\" data-id=\"b963171\" data-element_type=\"widget\" data-widget_type=\"text-editor.default\">\n\t\t\t\t<div class=\"elementor-widget-container\">\n\t\t\t\t\t\t\t\t\t<h1><b>PSO<\/b><\/h1><h2 class=\" translation-block\"><b>Concetto<\/b>: Progetto partecipativo che prevede un ampio rinnovamento urbano. Un processo che porta a un risanamento e ad una ristrutturazione sostenibili di ambienti ed edifici inutilizzati.<br><b>Finanziamento:<\/b> Fondazione CrT Trieste<br><b>Anno:<\/b> 2012<br><b>Localit\u00e0:<\/b>\u00a0Trieste<br><b>Progetto:<\/b> C. Farina, M. Barbariol, M. Svara<br><b>Attivit\u00e0:<\/b> Architetto, direttore scientifico<\/h2>\t\t\t\t\t\t\t\t<\/div>\n\t\t\t\t<\/div>\n\t\t\t\t\t<\/div>\n\t\t<\/div>\n\t\t\t\t\t<\/div>\n\t\t<\/section>\n\t\t\t\t<section class=\"elementor-section elementor-inner-section elementor-element elementor-element-ea208f5 elementor-section-boxed elementor-section-height-default elementor-section-height-default\" data-id=\"ea208f5\" data-element_type=\"section\">\n\t\t\t\t\t\t<div class=\"elementor-container elementor-column-gap-default\">\n\t\t\t\t\t<div class=\"elementor-column elementor-col-50 elementor-inner-column elementor-element elementor-element-bafc96a\" data-id=\"bafc96a\" data-element_type=\"column\">\n\t\t\t<div class=\"elementor-widget-wrap elementor-element-populated\">\n\t\t\t\t\t\t<div class=\"elementor-element elementor-element-2d6f3ef elementor-arrows-position-inside elementor-pagination-position-outside elementor-widget elementor-widget-image-carousel\" data-id=\"2d6f3ef\" data-element_type=\"widget\" data-settings=\"{&quot;slides_to_show&quot;:&quot;1&quot;,&quot;autoplay&quot;:&quot;no&quot;,&quot;navigation&quot;:&quot;both&quot;,&quot;infinite&quot;:&quot;yes&quot;,&quot;effect&quot;:&quot;slide&quot;,&quot;speed&quot;:500}\" data-widget_type=\"image-carousel.default\">\n\t\t\t\t<div class=\"elementor-widget-container\">\n\t\t\t\t\t\t\t<div class=\"elementor-image-carousel-wrapper swiper\" role=\"region\" aria-roledescription=\"carousel\" aria-label=\"Bild Karussell\" dir=\"ltr\">\n\t\t\t<div class=\"elementor-image-carousel swiper-wrapper\" aria-live=\"polite\">\n\t\t\t\t\t\t\t\t<div class=\"swiper-slide\" role=\"group\" aria-roledescription=\"slide\" aria-label=\"1 von 9\"><a data-elementor-open-lightbox=\"yes\" data-elementor-lightbox-slideshow=\"2d6f3ef\" data-elementor-lightbox-title=\"Luftaufnahme mit Einf\u00fcgung im st\u00e4dtischen Kontext\" data-elementor-lightbox-description=\"3d Modell P. Ongaro\" data-e-action-hash=\"#elementor-action%3Aaction%3Dlightbox%26settings%3DeyJpZCI6Mjc1OSwidXJsIjoiaHR0cHM6XC9cL2ZhLWxlc2lhLmV1XC93cC1jb250ZW50XC91cGxvYWRzXC8zZF8wM19vcnRvZm90by5qcGciLCJzbGlkZXNob3ciOiIyZDZmM2VmIn0%3D\" href=\"https:\/\/fa-lesia.eu\/wp-content\/uploads\/3d_03_ortofoto.jpg\"><figure class=\"swiper-slide-inner\"><img decoding=\"async\" class=\"swiper-slide-image\" src=\"https:\/\/fa-lesia.eu\/wp-content\/uploads\/3d_03_ortofoto-300x171.jpg\" alt=\"Entwurf eines innovativen energieeffizienten Einkaufszentrum mit\u00a0 Kita und Wellness in Budapest Region Luftaufnahme mit Einf\u00fcgung im st\u00e4dtischen Kontext\" \/><\/figure><\/a><\/div><div class=\"swiper-slide\" role=\"group\" aria-roledescription=\"slide\" aria-label=\"2 von 9\"><a data-elementor-open-lightbox=\"yes\" data-elementor-lightbox-slideshow=\"2d6f3ef\" data-elementor-lightbox-title=\"Luftaufnahme mit Einf\u00fcgung im st\u00e4dtischen Kontext - Plan und 3D Modell\" data-e-action-hash=\"#elementor-action%3Aaction%3Dlightbox%26settings%3DeyJpZCI6Mjc2MCwidXJsIjoiaHR0cHM6XC9cL2ZhLWxlc2lhLmV1XC93cC1jb250ZW50XC91cGxvYWRzXC8wMS5qcGciLCJzbGlkZXNob3ciOiIyZDZmM2VmIn0%3D\" href=\"https:\/\/fa-lesia.eu\/wp-content\/uploads\/01.jpg\"><figure class=\"swiper-slide-inner\"><img decoding=\"async\" class=\"swiper-slide-image\" src=\"https:\/\/fa-lesia.eu\/wp-content\/uploads\/01-300x225.jpg\" alt=\"Entwurf eines innovativen energieeffizienten Einkaufszentrum mit\u00a0 Kita und Wellness in Budapest Region Luftaufnahme mit Einf\u00fcgung im st\u00e4dtischen Kontext Plan und 3D Modell\" \/><\/figure><\/a><\/div><div class=\"swiper-slide\" role=\"group\" aria-roledescription=\"slide\" aria-label=\"3 von 9\"><a data-elementor-open-lightbox=\"yes\" data-elementor-lightbox-slideshow=\"2d6f3ef\" data-elementor-lightbox-title=\"Lageplan mit 3D Modell\" data-e-action-hash=\"#elementor-action%3Aaction%3Dlightbox%26settings%3DeyJpZCI6Mjc2MSwidXJsIjoiaHR0cHM6XC9cL2ZhLWxlc2lhLmV1XC93cC1jb250ZW50XC91cGxvYWRzXC8zZF9wbGFuaXZvbHVtZXRyaWNvLTIuanBnIiwic2xpZGVzaG93IjoiMmQ2ZjNlZiJ9\" href=\"https:\/\/fa-lesia.eu\/wp-content\/uploads\/3d_planivolumetrico-2.jpg\"><figure class=\"swiper-slide-inner\"><img decoding=\"async\" class=\"swiper-slide-image\" src=\"https:\/\/fa-lesia.eu\/wp-content\/uploads\/3d_planivolumetrico-2-300x225.jpg\" alt=\"Entwurf eines innovativen energieeffizienten Einkaufszentrum mit\u00a0 Kita und Wellness in Budapest Region Lageplan mit 3D Modell - Beratungs- und Planungsleistungen in Architektur\" \/><\/figure><\/a><\/div><div class=\"swiper-slide\" role=\"group\" aria-roledescription=\"slide\" aria-label=\"4 von 9\"><a data-elementor-open-lightbox=\"yes\" data-elementor-lightbox-slideshow=\"2d6f3ef\" data-elementor-lightbox-title=\"Schnitt durch den Parkplatz und die Schwimmbecken\" data-e-action-hash=\"#elementor-action%3Aaction%3Dlightbox%26settings%3DeyJpZCI6Mjc2MiwidXJsIjoiaHR0cHM6XC9cL2ZhLWxlc2lhLmV1XC93cC1jb250ZW50XC91cGxvYWRzXC8zZF9zZXppb25lLTAyLnBuZyIsInNsaWRlc2hvdyI6IjJkNmYzZWYifQ%3D%3D\" href=\"https:\/\/fa-lesia.eu\/wp-content\/uploads\/3d_sezione-02.png\"><figure class=\"swiper-slide-inner\"><img decoding=\"async\" class=\"swiper-slide-image\" src=\"https:\/\/fa-lesia.eu\/wp-content\/uploads\/3d_sezione-02-300x225.png\" alt=\"Entwurf eines innovativen energieeffizienten Einkaufszentrum mit\u00a0 Kita und Wellness in Budapest Region - Schnitt durch den Parkplatz und die Schwimmbecken\" \/><\/figure><\/a><\/div><div class=\"swiper-slide\" role=\"group\" aria-roledescription=\"slide\" aria-label=\"5 von 9\"><a data-elementor-open-lightbox=\"yes\" data-elementor-lightbox-slideshow=\"2d6f3ef\" data-elementor-lightbox-title=\"3D Modell - Blick von S\u00fcden und Photovoltaikanlage\" data-e-action-hash=\"#elementor-action%3Aaction%3Dlightbox%26settings%3DeyJpZCI6Mjc2MywidXJsIjoiaHR0cHM6XC9cL2ZhLWxlc2lhLmV1XC93cC1jb250ZW50XC91cGxvYWRzXC8zZF92aXN0YS0wNS5wbmciLCJzbGlkZXNob3ciOiIyZDZmM2VmIn0%3D\" href=\"https:\/\/fa-lesia.eu\/wp-content\/uploads\/3d_vista-05.png\"><figure class=\"swiper-slide-inner\"><img decoding=\"async\" class=\"swiper-slide-image\" src=\"https:\/\/fa-lesia.eu\/wp-content\/uploads\/3d_vista-05-300x187.png\" alt=\"Entwurf eines innovativen energieeffizienten Einkaufszentrum mit\u00a0 Kita und Wellness in Budapest Region - 3D Modell mit Blick von S\u00fcden und Photovoltaikanlage\" \/><\/figure><\/a><\/div><div class=\"swiper-slide\" role=\"group\" aria-roledescription=\"slide\" aria-label=\"6 von 9\"><a data-elementor-open-lightbox=\"yes\" data-elementor-lightbox-slideshow=\"2d6f3ef\" data-elementor-lightbox-title=\"3D Modell - Blick von Norden  Schwimmbecken und Wellness\" data-e-action-hash=\"#elementor-action%3Aaction%3Dlightbox%26settings%3DeyJpZCI6Mjc2NCwidXJsIjoiaHR0cHM6XC9cL2ZhLWxlc2lhLmV1XC93cC1jb250ZW50XC91cGxvYWRzXC92b2xvLXVjY2VsbG9WZXJzb0VzdC5qcGciLCJzbGlkZXNob3ciOiIyZDZmM2VmIn0%3D\" href=\"https:\/\/fa-lesia.eu\/wp-content\/uploads\/volo-uccelloVersoEst.jpg\"><figure class=\"swiper-slide-inner\"><img decoding=\"async\" class=\"swiper-slide-image\" src=\"https:\/\/fa-lesia.eu\/wp-content\/uploads\/volo-uccelloVersoEst-300x171.jpg\" alt=\"Entwurf eines innovativen energieeffizienten Einkaufszentrum mit\u00a0 Kita und Wellness in Budapest Region - 3D Modell mit Blick von Norden Schwimmbecken und Wellnesszentrum\" \/><\/figure><\/a><\/div><div class=\"swiper-slide\" role=\"group\" aria-roledescription=\"slide\" aria-label=\"7 von 9\"><a data-elementor-open-lightbox=\"yes\" data-elementor-lightbox-slideshow=\"2d6f3ef\" data-elementor-lightbox-title=\"3D Modell - Blick von S\u00fcden im Kontext\" data-e-action-hash=\"#elementor-action%3Aaction%3Dlightbox%26settings%3DeyJpZCI6Mjc2NSwidXJsIjoiaHR0cHM6XC9cL2ZhLWxlc2lhLmV1XC93cC1jb250ZW50XC91cGxvYWRzXC92b2xvLXVjY2VsbG9WZXJzb05vcmQuanBnIiwic2xpZGVzaG93IjoiMmQ2ZjNlZiJ9\" href=\"https:\/\/fa-lesia.eu\/wp-content\/uploads\/volo-uccelloVersoNord.jpg\"><figure class=\"swiper-slide-inner\"><img decoding=\"async\" class=\"swiper-slide-image\" src=\"https:\/\/fa-lesia.eu\/wp-content\/uploads\/volo-uccelloVersoNord-300x171.jpg\" alt=\"Entwurf eines innovativen energieeffizienten Einkaufszentrum mit\u00a0 Kita und Wellness in Budapest Region - 3D Modell mit Blick von S\u00fcden im Kontext mit Photovoltaikanlage\" \/><\/figure><\/a><\/div><div class=\"swiper-slide\" role=\"group\" aria-roledescription=\"slide\" aria-label=\"8 von 9\"><a data-elementor-open-lightbox=\"yes\" data-elementor-lightbox-slideshow=\"2d6f3ef\" data-elementor-lightbox-title=\"3D Modell - Blick von Osten im Kontext\" data-e-action-hash=\"#elementor-action%3Aaction%3Dlightbox%26settings%3DeyJpZCI6Mjc2NiwidXJsIjoiaHR0cHM6XC9cL2ZhLWxlc2lhLmV1XC93cC1jb250ZW50XC91cGxvYWRzXC92b2xvLXVjY2VsbG9WZXJzb092ZXN0LmpwZyIsInNsaWRlc2hvdyI6IjJkNmYzZWYifQ%3D%3D\" href=\"https:\/\/fa-lesia.eu\/wp-content\/uploads\/volo-uccelloVersoOvest.jpg\"><figure class=\"swiper-slide-inner\"><img decoding=\"async\" class=\"swiper-slide-image\" src=\"https:\/\/fa-lesia.eu\/wp-content\/uploads\/volo-uccelloVersoOvest-300x171.jpg\" alt=\"Entwurf eines innovativen energieeffizienten Einkaufszentrum mit\u00a0 Kita und Wellness in Budapest Region - 3D Modell mit Blick von Osten im Kontext mit Photovoltaikanlage\" \/><\/figure><\/a><\/div><div class=\"swiper-slide\" role=\"group\" aria-roledescription=\"slide\" aria-label=\"9 von 9\"><a data-elementor-open-lightbox=\"yes\" data-elementor-lightbox-slideshow=\"2d6f3ef\" data-elementor-lightbox-title=\"3D Modell - Blick von Westen im Kontext\" data-e-action-hash=\"#elementor-action%3Aaction%3Dlightbox%26settings%3DeyJpZCI6Mjc2NywidXJsIjoiaHR0cHM6XC9cL2ZhLWxlc2lhLmV1XC93cC1jb250ZW50XC91cGxvYWRzXC92b2xvLXVjY2VsbG9WZXJzb1N1ZC5qcGciLCJzbGlkZXNob3ciOiIyZDZmM2VmIn0%3D\" href=\"https:\/\/fa-lesia.eu\/wp-content\/uploads\/volo-uccelloVersoSud.jpg\"><figure class=\"swiper-slide-inner\"><img decoding=\"async\" class=\"swiper-slide-image\" src=\"https:\/\/fa-lesia.eu\/wp-content\/uploads\/volo-uccelloVersoSud-300x171.jpg\" alt=\"Entwurf eines innovativen energieeffizienten Einkaufszentrum mit\u00a0 Kita und Wellness in Budapest Region - 3D Modell mit Blick von Westen im Kontext mit Wellness und Schwimmbecken\" \/><\/figure><\/a><\/div>\t\t\t<\/div>\n\t\t\t\t\t\t\t\t\t\t\t\t<div class=\"elementor-swiper-button elementor-swiper-button-prev\" role=\"button\" tabindex=\"0\">\n\t\t\t\t\t\t<i aria-hidden=\"true\" class=\"eicon-chevron-left\"><\/i>\t\t\t\t\t<\/div>\n\t\t\t\t\t<div class=\"elementor-swiper-button elementor-swiper-button-next\" role=\"button\" tabindex=\"0\">\n\t\t\t\t\t\t<i aria-hidden=\"true\" class=\"eicon-chevron-right\"><\/i>\t\t\t\t\t<\/div>\n\t\t\t\t\n\t\t\t\t\t\t\t\t\t<div class=\"swiper-pagination\"><\/div>\n\t\t\t\t\t\t\t\t\t<\/div>\n\t\t\t\t\t\t<\/div>\n\t\t\t\t<\/div>\n\t\t\t\t\t<\/div>\n\t\t<\/div>\n\t\t\t\t<div class=\"elementor-column elementor-col-50 elementor-inner-column elementor-element elementor-element-1457f30\" data-id=\"1457f30\" data-element_type=\"column\">\n\t\t\t<div class=\"elementor-widget-wrap elementor-element-populated\">\n\t\t\t\t\t\t<div class=\"elementor-element elementor-element-e67ce9b elementor-widget elementor-widget-text-editor\" data-id=\"e67ce9b\" data-element_type=\"widget\" data-widget_type=\"text-editor.default\">\n\t\t\t\t<div class=\"elementor-widget-container\">\n\t\t\t\t\t\t\t\t\t<h1><b>Shopping Mall<\/b><\/h1><h2 class=\" translation-block\"><b>Concetto<\/b>: Centro commerciale innovativo ed efficiente dal punto di vista energetico con asilo nido e benessere. <br><b>Cliente:<\/b> Privato<br><b>Anno:<\/b> 2009<br><b>Localit\u00e0:<\/b>\u00a0Budapest, Ungheria<br><b>Progetto:<\/b>\u00a0C. Farina (capogruppo), C. Kruml, P. Ongaro<br><b>Attivit\u00e0 e servizi: <\/b> Architetto, Project manager, LP 1-3<\/h2>\t\t\t\t\t\t\t\t<\/div>\n\t\t\t\t<\/div>\n\t\t\t\t\t<\/div>\n\t\t<\/div>\n\t\t\t\t\t<\/div>\n\t\t<\/section>\n\t\t\t\t<section class=\"elementor-section elementor-inner-section elementor-element elementor-element-20ff6be elementor-section-boxed elementor-section-height-default elementor-section-height-default\" data-id=\"20ff6be\" data-element_type=\"section\">\n\t\t\t\t\t\t<div class=\"elementor-container elementor-column-gap-default\">\n\t\t\t\t\t<div class=\"elementor-column elementor-col-50 elementor-inner-column elementor-element elementor-element-eea8a92\" data-id=\"eea8a92\" data-element_type=\"column\">\n\t\t\t<div class=\"elementor-widget-wrap elementor-element-populated\">\n\t\t\t\t\t\t<div class=\"elementor-element elementor-element-2f9505c elementor-arrows-position-inside elementor-pagination-position-outside elementor-widget elementor-widget-image-carousel\" data-id=\"2f9505c\" data-element_type=\"widget\" data-settings=\"{&quot;slides_to_show&quot;:&quot;1&quot;,&quot;autoplay&quot;:&quot;no&quot;,&quot;navigation&quot;:&quot;both&quot;,&quot;infinite&quot;:&quot;yes&quot;,&quot;effect&quot;:&quot;slide&quot;,&quot;speed&quot;:500}\" data-widget_type=\"image-carousel.default\">\n\t\t\t\t<div class=\"elementor-widget-container\">\n\t\t\t\t\t\t\t<div class=\"elementor-image-carousel-wrapper swiper\" role=\"region\" aria-roledescription=\"carousel\" aria-label=\"Bild Karussell\" dir=\"ltr\">\n\t\t\t<div class=\"elementor-image-carousel swiper-wrapper\" aria-live=\"polite\">\n\t\t\t\t\t\t\t\t<div class=\"swiper-slide\" role=\"group\" aria-roledescription=\"slide\" aria-label=\"1 von 2\"><a data-elementor-open-lightbox=\"yes\" data-elementor-lightbox-slideshow=\"2f9505c\" data-elementor-lightbox-title=\"Masterplan Capofonte - Analyse der st\u00e4dtebaulichen Grundlagen\" data-e-action-hash=\"#elementor-action%3Aaction%3Dlightbox%26settings%3DeyJpZCI6Mjc3MSwidXJsIjoiaHR0cHM6XC9cL2ZhLWxlc2lhLmV1XC93cC1jb250ZW50XC91cGxvYWRzXC9jYXBvZm9udGVfbWFzdGVycGxhbi1Nb2RlbC0xLnBuZyIsInNsaWRlc2hvdyI6IjJmOTUwNWMifQ%3D%3D\" href=\"https:\/\/fa-lesia.eu\/wp-content\/uploads\/capofonte_masterplan-Model-1.png\"><figure class=\"swiper-slide-inner\"><img decoding=\"async\" class=\"swiper-slide-image\" src=\"https:\/\/fa-lesia.eu\/wp-content\/uploads\/capofonte_masterplan-Model-1-300x211.png\" alt=\"Analyse der st\u00e4dtebauliche Grundlagen f\u00fcr den Masterplan der Sanierung zur Neutzung einer Gr\u00fcn- und Wohnanlage im Bereich Capofonte - Hauptbrunnen des historischen \u00f6sterreichischen Aqu\u00e4dukt Triest\" \/><\/figure><\/a><\/div><div class=\"swiper-slide\" role=\"group\" aria-roledescription=\"slide\" aria-label=\"2 von 2\"><a data-elementor-open-lightbox=\"yes\" data-elementor-lightbox-slideshow=\"2f9505c\" data-elementor-lightbox-title=\"Masterplan Capofonte - Vorschl\u00e4ge f\u00fcr die Sanierung und Neunutzung der Anlage\" data-e-action-hash=\"#elementor-action%3Aaction%3Dlightbox%26settings%3DeyJpZCI6Mjc3MiwidXJsIjoiaHR0cHM6XC9cL2ZhLWxlc2lhLmV1XC93cC1jb250ZW50XC91cGxvYWRzXC9UQVYtMi1ERUZJTklUSVZBLmpwZyIsInNsaWRlc2hvdyI6IjJmOTUwNWMifQ%3D%3D\" href=\"https:\/\/fa-lesia.eu\/wp-content\/uploads\/TAV-2-DEFINITIVA.jpg\"><figure class=\"swiper-slide-inner\"><img decoding=\"async\" class=\"swiper-slide-image\" src=\"https:\/\/fa-lesia.eu\/wp-content\/uploads\/TAV-2-DEFINITIVA-300x213.jpg\" alt=\"Masterplan f\u00fcr die Sanierung zur Neutzung einer Gr\u00fcn- und Wohnanlage im Bereich Capofonte - Hauptbrunnen des historischen \u00f6sterreichischen Aqu\u00e4dukt Triest\" \/><\/figure><\/a><\/div>\t\t\t<\/div>\n\t\t\t\t\t\t\t\t\t\t\t\t<div class=\"elementor-swiper-button elementor-swiper-button-prev\" role=\"button\" tabindex=\"0\">\n\t\t\t\t\t\t<i aria-hidden=\"true\" class=\"eicon-chevron-left\"><\/i>\t\t\t\t\t<\/div>\n\t\t\t\t\t<div class=\"elementor-swiper-button elementor-swiper-button-next\" role=\"button\" tabindex=\"0\">\n\t\t\t\t\t\t<i aria-hidden=\"true\" class=\"eicon-chevron-right\"><\/i>\t\t\t\t\t<\/div>\n\t\t\t\t\n\t\t\t\t\t\t\t\t\t<div class=\"swiper-pagination\"><\/div>\n\t\t\t\t\t\t\t\t\t<\/div>\n\t\t\t\t\t\t<\/div>\n\t\t\t\t<\/div>\n\t\t\t\t\t<\/div>\n\t\t<\/div>\n\t\t\t\t<div class=\"elementor-column elementor-col-50 elementor-inner-column elementor-element elementor-element-873c6a8\" data-id=\"873c6a8\" data-element_type=\"column\">\n\t\t\t<div class=\"elementor-widget-wrap elementor-element-populated\">\n\t\t\t\t\t\t<div class=\"elementor-element elementor-element-b2cf7e3 elementor-widget elementor-widget-text-editor\" data-id=\"b2cf7e3\" data-element_type=\"widget\" data-widget_type=\"text-editor.default\">\n\t\t\t\t<div class=\"elementor-widget-container\">\n\t\t\t\t\t\t\t\t\t<h1><b>Capofonte<\/b><\/h1><h2 class=\" translation-block\"><b>Concetto<\/b>: Masterplan per la riqualificazione ad uso pubblico di un'area verde nell'area di Capofonte - fonte principale dello storico acquedotto austriaco \u00a0 \u00a0<br><b>Organizzatore:<\/b> Seminario di alta formazione - Area Science Park<br><b> Anno:<\/b> 2006<br><b>Localit\u00e0:<\/b> Trieste, Italia<br><b>Team di progetto:<\/b> M. Crevatin, C. Farina , J. Fuchs, M. Martinelli. <br><\/h2>\t\t\t\t\t\t\t\t<\/div>\n\t\t\t\t<\/div>\n\t\t\t\t\t<\/div>\n\t\t<\/div>\n\t\t\t\t\t<\/div>\n\t\t<\/section>\n\t\t\t\t<section class=\"elementor-section elementor-inner-section elementor-element elementor-element-173ff62 elementor-section-boxed elementor-section-height-default elementor-section-height-default\" data-id=\"173ff62\" data-element_type=\"section\">\n\t\t\t\t\t\t<div class=\"elementor-container elementor-column-gap-default\">\n\t\t\t\t\t<div class=\"elementor-column elementor-col-50 elementor-inner-column elementor-element elementor-element-4c9674a\" data-id=\"4c9674a\" data-element_type=\"column\">\n\t\t\t<div class=\"elementor-widget-wrap elementor-element-populated\">\n\t\t\t\t\t\t<div class=\"elementor-element elementor-element-c255553 elementor-arrows-position-inside elementor-pagination-position-outside elementor-widget elementor-widget-image-carousel\" data-id=\"c255553\" data-element_type=\"widget\" data-settings=\"{&quot;slides_to_show&quot;:&quot;1&quot;,&quot;autoplay&quot;:&quot;no&quot;,&quot;navigation&quot;:&quot;both&quot;,&quot;infinite&quot;:&quot;yes&quot;,&quot;effect&quot;:&quot;slide&quot;,&quot;speed&quot;:500}\" data-widget_type=\"image-carousel.default\">\n\t\t\t\t<div class=\"elementor-widget-container\">\n\t\t\t\t\t\t\t<div class=\"elementor-image-carousel-wrapper swiper\" role=\"region\" aria-roledescription=\"carousel\" aria-label=\"Bild Karussell\" dir=\"ltr\">\n\t\t\t<div class=\"elementor-image-carousel swiper-wrapper\" aria-live=\"polite\">\n\t\t\t\t\t\t\t\t<div class=\"swiper-slide\" role=\"group\" aria-roledescription=\"slide\" aria-label=\"1 von 6\"><a data-elementor-open-lightbox=\"yes\" data-elementor-lightbox-slideshow=\"c255553\" data-elementor-lightbox-title=\"Logo des Vespabar - Variante 1\" data-elementor-lightbox-description=\"Graphische Gestaltung: G. Polita\" data-e-action-hash=\"#elementor-action%3Aaction%3Dlightbox%26settings%3DeyJpZCI6Mjc4NSwidXJsIjoiaHR0cHM6XC9cL2ZhLWxlc2lhLmV1XC93cC1jb250ZW50XC91cGxvYWRzXC92ZXNwYUMtMS5wbmciLCJzbGlkZXNob3ciOiJjMjU1NTUzIn0%3D\" href=\"https:\/\/fa-lesia.eu\/wp-content\/uploads\/vespaC-1.png\"><figure class=\"swiper-slide-inner\"><img decoding=\"async\" class=\"swiper-slide-image\" src=\"https:\/\/fa-lesia.eu\/wp-content\/uploads\/vespaC-1-300x300.png\" alt=\"Logo des Vespabar ein Entwurf f\u00fcr die nachhaltige Wiederherstellung der ungenutzten Tankstelle im Stadtzentrum Triest mittels neuer kulturellen unterhaltsamen Nutzungen\" \/><\/figure><\/a><\/div><div class=\"swiper-slide\" role=\"group\" aria-roledescription=\"slide\" aria-label=\"2 von 6\"><a data-elementor-open-lightbox=\"yes\" data-elementor-lightbox-slideshow=\"c255553\" data-elementor-lightbox-title=\"Eine ungenutzte Tankstelle vor dem Abbruch\" data-e-action-hash=\"#elementor-action%3Aaction%3Dlightbox%26settings%3DeyJpZCI6Mjc4NiwidXJsIjoiaHR0cHM6XC9cL2ZhLWxlc2lhLmV1XC93cC1jb250ZW50XC91cGxvYWRzXC90YW1haWwwMGEtMS5qcGciLCJzbGlkZXNob3ciOiJjMjU1NTUzIn0%3D\" href=\"https:\/\/fa-lesia.eu\/wp-content\/uploads\/tamail00a-1.jpg\"><figure class=\"swiper-slide-inner\"><img decoding=\"async\" class=\"swiper-slide-image\" src=\"https:\/\/fa-lesia.eu\/wp-content\/uploads\/tamail00a-1-300x220.jpg\" alt=\"Ungenutzte Tankstelle am Rand der Gr\u00fcnanlage Giardino Pubblico Muzio de Tommasini in Triest die mittels der Einbringung neuen kulturellen und unterhaltsamen Nutzungen wiederhergestellt werden sollte\" \/><\/figure><\/a><\/div><div class=\"swiper-slide\" role=\"group\" aria-roledescription=\"slide\" aria-label=\"3 von 6\"><a data-elementor-open-lightbox=\"yes\" data-elementor-lightbox-slideshow=\"c255553\" data-elementor-lightbox-title=\"Vorschlag f\u00fcr die Werbekampagne f\u00fcr die Wiederherstellung als Kulturtankstelle\" data-elementor-lightbox-description=\"Graphische Gestaltung: G. Polita\" data-e-action-hash=\"#elementor-action%3Aaction%3Dlightbox%26settings%3DeyJpZCI6Mjc4NywidXJsIjoiaHR0cHM6XC9cL2ZhLWxlc2lhLmV1XC93cC1jb250ZW50XC91cGxvYWRzXC9jb3Zlcl8wMV9zbWFsbC0xLmpwZyIsInNsaWRlc2hvdyI6ImMyNTU1NTMifQ%3D%3D\" href=\"https:\/\/fa-lesia.eu\/wp-content\/uploads\/cover_01_small-1.jpg\"><figure class=\"swiper-slide-inner\"><img decoding=\"async\" class=\"swiper-slide-image\" src=\"https:\/\/fa-lesia.eu\/wp-content\/uploads\/cover_01_small-1-300x206.jpg\" alt=\"Ungenutzte Tankstelle am Rand der Gr\u00fcnanlage Giardino Pubblico Muzio de Tommasini in Triest die mittels der Einbringung neuen kulturellen und unterhaltsamen Nutzungen wiederhergestellt werden sollte\" \/><\/figure><\/a><\/div><div class=\"swiper-slide\" role=\"group\" aria-roledescription=\"slide\" aria-label=\"4 von 6\"><a data-elementor-open-lightbox=\"yes\" data-elementor-lightbox-slideshow=\"c255553\" data-elementor-lightbox-title=\"Die ungenutzte Tankstelle vor dem Abbruch\" data-e-action-hash=\"#elementor-action%3Aaction%3Dlightbox%26settings%3DeyJpZCI6Mjc4OCwidXJsIjoiaHR0cHM6XC9cL2ZhLWxlc2lhLmV1XC93cC1jb250ZW50XC91cGxvYWRzXC90YW1haWwwMGItMS5qcGciLCJzbGlkZXNob3ciOiJjMjU1NTUzIn0%3D\" href=\"https:\/\/fa-lesia.eu\/wp-content\/uploads\/tamail00b-1.jpg\"><figure class=\"swiper-slide-inner\"><img decoding=\"async\" class=\"swiper-slide-image\" src=\"https:\/\/fa-lesia.eu\/wp-content\/uploads\/tamail00b-1-300x224.jpg\" alt=\"Ungenutzte Tankstelle am Rand der Gr\u00fcnanlage Giardino Pubblico Muzio de Tommasini in Triest die mittels der Einbringung neuen kulturellen und unterhaltsamen Nutzungen wiederhergestellt werden sollte\" \/><\/figure><\/a><\/div><div class=\"swiper-slide\" role=\"group\" aria-roledescription=\"slide\" aria-label=\"5 von 6\"><a data-elementor-open-lightbox=\"yes\" data-elementor-lightbox-slideshow=\"c255553\" data-elementor-lightbox-title=\"Vorschlag f\u00fcr die neue Gestaltung als Kulturtankstelle\" data-elementor-lightbox-description=\"Graphische Gestaltung: G. Polita\" data-e-action-hash=\"#elementor-action%3Aaction%3Dlightbox%26settings%3DeyJpZCI6Mjc4OSwidXJsIjoiaHR0cHM6XC9cL2ZhLWxlc2lhLmV1XC93cC1jb250ZW50XC91cGxvYWRzXC90YW1fMDEtY29weS0xLmpwZyIsInNsaWRlc2hvdyI6ImMyNTU1NTMifQ%3D%3D\" href=\"https:\/\/fa-lesia.eu\/wp-content\/uploads\/tam_01-copy-1.jpg\"><figure class=\"swiper-slide-inner\"><img decoding=\"async\" class=\"swiper-slide-image\" src=\"https:\/\/fa-lesia.eu\/wp-content\/uploads\/tam_01-copy-1-300x222.jpg\" alt=\"Ungenutzte Tankstelle am Rand der Gr\u00fcnanlage Giardino Pubblico Muzio de Tommasini in Triest die mittels der Einbringung neuen kulturellen und unterhaltsamen Nutzungen wiederhergestellt werden sollte\" \/><\/figure><\/a><\/div><div class=\"swiper-slide\" role=\"group\" aria-roledescription=\"slide\" aria-label=\"6 von 6\"><a data-elementor-open-lightbox=\"yes\" data-elementor-lightbox-slideshow=\"c255553\" data-elementor-lightbox-title=\"Logo des Vespabar - Variante 2\" data-elementor-lightbox-description=\"Graphische Gestaltung: G. Polita\" data-e-action-hash=\"#elementor-action%3Aaction%3Dlightbox%26settings%3DeyJpZCI6Mjc5MCwidXJsIjoiaHR0cHM6XC9cL2ZhLWxlc2lhLmV1XC93cC1jb250ZW50XC91cGxvYWRzXC92ZXNwYS0xLnBuZyIsInNsaWRlc2hvdyI6ImMyNTU1NTMifQ%3D%3D\" href=\"https:\/\/fa-lesia.eu\/wp-content\/uploads\/vespa-1.png\"><figure class=\"swiper-slide-inner\"><img decoding=\"async\" class=\"swiper-slide-image\" src=\"https:\/\/fa-lesia.eu\/wp-content\/uploads\/vespa-1-300x294.png\" alt=\"Logo des Vespabar ein Entwurf f\u00fcr die nachhaltige Wiederherstellung der ungenutzten Tankstelle im Stadtzentrum Triest mittels neuer kulturellen unterhaltsamen Nutzungen\" \/><\/figure><\/a><\/div>\t\t\t<\/div>\n\t\t\t\t\t\t\t\t\t\t\t\t<div class=\"elementor-swiper-button elementor-swiper-button-prev\" role=\"button\" tabindex=\"0\">\n\t\t\t\t\t\t<i aria-hidden=\"true\" class=\"eicon-chevron-left\"><\/i>\t\t\t\t\t<\/div>\n\t\t\t\t\t<div class=\"elementor-swiper-button elementor-swiper-button-next\" role=\"button\" tabindex=\"0\">\n\t\t\t\t\t\t<i aria-hidden=\"true\" class=\"eicon-chevron-right\"><\/i>\t\t\t\t\t<\/div>\n\t\t\t\t\n\t\t\t\t\t\t\t\t\t<div class=\"swiper-pagination\"><\/div>\n\t\t\t\t\t\t\t\t\t<\/div>\n\t\t\t\t\t\t<\/div>\n\t\t\t\t<\/div>\n\t\t\t\t\t<\/div>\n\t\t<\/div>\n\t\t\t\t<div class=\"elementor-column elementor-col-50 elementor-inner-column elementor-element elementor-element-25e1255\" data-id=\"25e1255\" data-element_type=\"column\">\n\t\t\t<div class=\"elementor-widget-wrap elementor-element-populated\">\n\t\t\t\t\t\t<div class=\"elementor-element elementor-element-43ab734 elementor-widget elementor-widget-text-editor\" data-id=\"43ab734\" data-element_type=\"widget\" data-widget_type=\"text-editor.default\">\n\t\t\t\t<div class=\"elementor-widget-container\">\n\t\t\t\t\t\t\t\t\t<h1><b>Vespabar<\/b><\/h1><h2 class=\" translation-block\"><b>Concetto<\/b>: Progetto pilota per il recupero sostenibile dei distributori di benzina inutilizzati nel centro di Trieste con nuovi usi culturali e di intrattenimento<br><b>Finanziamento:<\/b> Faltwerksalon \u2013 Salone Gemma e. V.<br><b>Anno:<\/b> 2004<br><b>Localit\u00e0:<\/b>\u00a0Trieste<br><b>Progetto:<\/b> C. Farina, G. Polita<br> <b>Attivit\u00e0 e servizi:<\/b> Architetto, project manager<\/h2>\t\t\t\t\t\t\t\t<\/div>\n\t\t\t\t<\/div>\n\t\t\t\t\t<\/div>\n\t\t<\/div>\n\t\t\t\t\t<\/div>\n\t\t<\/section>\n\t\t\t\t<section class=\"elementor-section elementor-inner-section elementor-element elementor-element-2e282dd elementor-section-boxed elementor-section-height-default elementor-section-height-default\" data-id=\"2e282dd\" data-element_type=\"section\">\n\t\t\t\t\t\t<div class=\"elementor-container elementor-column-gap-default\">\n\t\t\t\t\t<div class=\"elementor-column elementor-col-50 elementor-inner-column elementor-element elementor-element-58fa8e7\" data-id=\"58fa8e7\" data-element_type=\"column\">\n\t\t\t<div class=\"elementor-widget-wrap elementor-element-populated\">\n\t\t\t\t\t\t<div class=\"elementor-element elementor-element-86e4a5e elementor-arrows-position-inside elementor-pagination-position-outside elementor-widget elementor-widget-image-carousel\" data-id=\"86e4a5e\" data-element_type=\"widget\" data-settings=\"{&quot;slides_to_show&quot;:&quot;1&quot;,&quot;autoplay&quot;:&quot;no&quot;,&quot;navigation&quot;:&quot;both&quot;,&quot;infinite&quot;:&quot;yes&quot;,&quot;effect&quot;:&quot;slide&quot;,&quot;speed&quot;:500}\" data-widget_type=\"image-carousel.default\">\n\t\t\t\t<div class=\"elementor-widget-container\">\n\t\t\t\t\t\t\t<div class=\"elementor-image-carousel-wrapper swiper\" role=\"region\" aria-roledescription=\"carousel\" aria-label=\"Bild Karussell\" dir=\"ltr\">\n\t\t\t<div class=\"elementor-image-carousel swiper-wrapper\" aria-live=\"polite\">\n\t\t\t\t\t\t\t\t<div class=\"swiper-slide\" role=\"group\" aria-roledescription=\"slide\" aria-label=\"1 von 4\"><a data-elementor-open-lightbox=\"yes\" data-elementor-lightbox-slideshow=\"86e4a5e\" data-elementor-lightbox-title=\"Skizze der Gliederung der unterschiedlichen Bauma\u00dfnahmen  f\u00fcr die Sanierung\" data-e-action-hash=\"#elementor-action%3Aaction%3Dlightbox%26settings%3DeyJpZCI6Mjc5NCwidXJsIjoiaHR0cHM6XC9cL2ZhLWxlc2lhLmV1XC93cC1jb250ZW50XC91cGxvYWRzXC9zY2hlbWkucG5nIiwic2xpZGVzaG93IjoiODZlNGE1ZSJ9\" href=\"https:\/\/fa-lesia.eu\/wp-content\/uploads\/schemi.png\"><figure class=\"swiper-slide-inner\"><img decoding=\"async\" class=\"swiper-slide-image\" src=\"https:\/\/fa-lesia.eu\/wp-content\/uploads\/schemi-300x211.png\" alt=\"Analyse und Entwurf f\u00fcr die Sanierung der Plattenbauten in Marzahn und Hellersdorf: Skizze f\u00fcr die Gliederung der unterschiedlichen Bauma\u00dfnahmen: Sanierung der Fassaden mit W\u00e4rmed\u00e4mmung und neuen Farben, neue Eingangsbereiche, neue Balkone, Sanierung der Sanit\u00e4rkerne im bewohnten Zustand\" \/><\/figure><\/a><\/div><div class=\"swiper-slide\" role=\"group\" aria-roledescription=\"slide\" aria-label=\"2 von 4\"><a data-elementor-open-lightbox=\"yes\" data-elementor-lightbox-slideshow=\"86e4a5e\" data-elementor-lightbox-title=\"Gliederung der unterschiedlichen Bauma\u00dfnahmen  f\u00fcr die Sanierung\" data-e-action-hash=\"#elementor-action%3Aaction%3Dlightbox%26settings%3DeyJpZCI6Mjc5NSwidXJsIjoiaHR0cHM6XC9cL2ZhLWxlc2lhLmV1XC93cC1jb250ZW50XC91cGxvYWRzXC9wbGF0dGVuMDEucG5nIiwic2xpZGVzaG93IjoiODZlNGE1ZSJ9\" href=\"https:\/\/fa-lesia.eu\/wp-content\/uploads\/platten01.png\"><figure class=\"swiper-slide-inner\"><img decoding=\"async\" class=\"swiper-slide-image\" src=\"https:\/\/fa-lesia.eu\/wp-content\/uploads\/platten01-300x196.png\" alt=\"Analyse und Entwurf f\u00fcr die Sanierung der Plattenbauten in Marzahn und Hellersdorf: Gliederung der unterschiedlichen Bauma\u00dfnahmen: Sanierung der Fassaden mit W\u00e4rmed\u00e4mmung und neuen Farben, neue Eingangsbereiche, neue Balkone, Sanierung der Sanit\u00e4rkerne im bewohnten Zustand\" \/><\/figure><\/a><\/div><div class=\"swiper-slide\" role=\"group\" aria-roledescription=\"slide\" aria-label=\"3 von 4\"><a data-elementor-open-lightbox=\"yes\" data-elementor-lightbox-slideshow=\"86e4a5e\" data-elementor-lightbox-title=\"Gliederung der Sanierung der Aussenanlagen\" data-e-action-hash=\"#elementor-action%3Aaction%3Dlightbox%26settings%3DeyJpZCI6Mjc5NiwidXJsIjoiaHR0cHM6XC9cL2ZhLWxlc2lhLmV1XC93cC1jb250ZW50XC91cGxvYWRzXC9wbGF0dGVuMDIucG5nIiwic2xpZGVzaG93IjoiODZlNGE1ZSJ9\" href=\"https:\/\/fa-lesia.eu\/wp-content\/uploads\/platten02.png\"><figure class=\"swiper-slide-inner\"><img decoding=\"async\" class=\"swiper-slide-image\" src=\"https:\/\/fa-lesia.eu\/wp-content\/uploads\/platten02-300x220.png\" alt=\"Analyse und Entwurf f\u00fcr die Sanierung der Plattenbauten in Marzahn und Hellersdorf: Gliederung der unterschiedlichen Bauma\u00dfnahmen: Sanierung der Aussenanlagen\" \/><\/figure><\/a><\/div><div class=\"swiper-slide\" role=\"group\" aria-roledescription=\"slide\" aria-label=\"4 von 4\"><a data-elementor-open-lightbox=\"yes\" data-elementor-lightbox-slideshow=\"86e4a5e\" data-elementor-lightbox-title=\"Ein Plattenbau in Berlin nach der Sanierung\" data-e-action-hash=\"#elementor-action%3Aaction%3Dlightbox%26settings%3DeyJpZCI6Mjc5NywidXJsIjoiaHR0cHM6XC9cL2ZhLWxlc2lhLmV1XC93cC1jb250ZW50XC91cGxvYWRzXC9wbGF0dGVuYmF1dGVuLmpwZyIsInNsaWRlc2hvdyI6Ijg2ZTRhNWUifQ%3D%3D\" href=\"https:\/\/fa-lesia.eu\/wp-content\/uploads\/plattenbauten.jpg\"><figure class=\"swiper-slide-inner\"><img decoding=\"async\" class=\"swiper-slide-image\" src=\"https:\/\/fa-lesia.eu\/wp-content\/uploads\/plattenbauten-300x200.jpg\" alt=\"Foto eines Plattenbaus nach der Sanierung in Berlin\" \/><\/figure><\/a><\/div>\t\t\t<\/div>\n\t\t\t\t\t\t\t\t\t\t\t\t<div class=\"elementor-swiper-button elementor-swiper-button-prev\" role=\"button\" tabindex=\"0\">\n\t\t\t\t\t\t<i aria-hidden=\"true\" class=\"eicon-chevron-left\"><\/i>\t\t\t\t\t<\/div>\n\t\t\t\t\t<div class=\"elementor-swiper-button elementor-swiper-button-next\" role=\"button\" tabindex=\"0\">\n\t\t\t\t\t\t<i aria-hidden=\"true\" class=\"eicon-chevron-right\"><\/i>\t\t\t\t\t<\/div>\n\t\t\t\t\n\t\t\t\t\t\t\t\t\t<div class=\"swiper-pagination\"><\/div>\n\t\t\t\t\t\t\t\t\t<\/div>\n\t\t\t\t\t\t<\/div>\n\t\t\t\t<\/div>\n\t\t\t\t\t<\/div>\n\t\t<\/div>\n\t\t\t\t<div class=\"elementor-column elementor-col-50 elementor-inner-column elementor-element elementor-element-5fac430\" data-id=\"5fac430\" data-element_type=\"column\">\n\t\t\t<div class=\"elementor-widget-wrap elementor-element-populated\">\n\t\t\t\t\t\t<div class=\"elementor-element elementor-element-903cec9 elementor-widget elementor-widget-text-editor\" data-id=\"903cec9\" data-element_type=\"widget\" data-widget_type=\"text-editor.default\">\n\t\t\t\t<div class=\"elementor-widget-container\">\n\t\t\t\t\t\t\t\t\t<h1><b>Berlin<\/b><\/h1><h2 class=\" translation-block\"><b>Concetto<\/b>: Analisi e progetto per il risanamento degli edifici prefabbricati a Marzahn e Hellersdorf: nuove aree di ingresso, facciate, balconi, nuclei sanitari<br><b>Committente:<\/b>\u00a0Housing Society Marzahn e Hellersdorf<br><b>Anno:<\/b> 1996<br><b>Localit\u00e0:<\/b> Marzahn, Hellersdorf \u2013 Berlino<br><b>Progetto:<\/b> A.+ E. Carlini Architects, C. Farina<br><b>Attivit\u00e0 e servizi:<\/b> Architetto, progettazione esecutiva LP 1-8<\/h2>\t\t\t\t\t\t\t\t<\/div>\n\t\t\t\t<\/div>\n\t\t\t\t\t<\/div>\n\t\t<\/div>\n\t\t\t\t\t<\/div>\n\t\t<\/section>\n\t\t\t\t\t<\/div>\n\t\t<\/div>\n\t\t\t\t\t<\/div>\n\t\t<\/section>\n\t\t\t\t<section class=\"elementor-section elementor-top-section elementor-element elementor-element-993dade elementor-section-boxed elementor-section-height-default elementor-section-height-default\" data-id=\"993dade\" data-element_type=\"section\" data-settings=\"{&quot;background_background&quot;:&quot;classic&quot;}\">\n\t\t\t\t\t\t<div class=\"elementor-container elementor-column-gap-default\">\n\t\t\t\t\t<div class=\"elementor-column elementor-col-33 elementor-top-column elementor-element elementor-element-9d8a293\" data-id=\"9d8a293\" data-element_type=\"column\">\n\t\t\t<div class=\"elementor-widget-wrap elementor-element-populated\">\n\t\t\t\t\t\t<div class=\"elementor-element elementor-element-4a635a9 elementor-widget elementor-widget-text-editor\" data-id=\"4a635a9\" data-element_type=\"widget\" data-widget_type=\"text-editor.default\">\n\t\t\t\t<div class=\"elementor-widget-container\">\n\t\t\t\t\t\t\t\t\t<h1><a href=\"https:\/\/fa-lesia.eu\/\"><b>FA<\/b>Le<b>S<\/b>i<b>A<\/b><\/a><\/h1>\t\t\t\t\t\t\t\t<\/div>\n\t\t\t\t<\/div>\n\t\t\t\t<div class=\"elementor-element elementor-element-022027a elementor-widget elementor-widget-text-editor\" data-id=\"022027a\" data-element_type=\"widget\" data-widget_type=\"text-editor.default\">\n\t\t\t\t<div class=\"elementor-widget-container\">\n\t\t\t\t\t\t\t\t\t<p>prestazioni e servizi professionali in architettura<\/p>\t\t\t\t\t\t\t\t<\/div>\n\t\t\t\t<\/div>\n\t\t\t\t<div class=\"elementor-element elementor-element-b0fcfbf elementor-widget elementor-widget-image\" data-id=\"b0fcfbf\" data-element_type=\"widget\" data-widget_type=\"image.default\">\n\t\t\t\t<div class=\"elementor-widget-container\">\n\t\t\t\t\t\t\t\t\t\t\t\t\t\t\t\t<a href=\"https:\/\/fa-lesia.eu\/\">\n\t\t\t\t\t\t\t<img decoding=\"async\" width=\"150\" height=\"150\" src=\"https:\/\/fa-lesia.eu\/wp-content\/uploads\/falesia_new_3.svg\" class=\"attachment-thumbnail size-thumbnail wp-image-5438\" alt=\"Falesia- Beratungs- und Planungsleistungen in Architektur\" \/>\t\t\t\t\t\t\t\t<\/a>\n\t\t\t\t\t\t\t\t\t\t\t\t\t\t\t<\/div>\n\t\t\t\t<\/div>\n\t\t\t\t\t<\/div>\n\t\t<\/div>\n\t\t\t\t<div class=\"elementor-column elementor-col-33 elementor-top-column elementor-element elementor-element-1218414\" data-id=\"1218414\" data-element_type=\"column\">\n\t\t\t<div class=\"elementor-widget-wrap elementor-element-populated\">\n\t\t\t\t\t\t<div class=\"elementor-element elementor-element-cae5b4d elementor-widget elementor-widget-text-editor\" data-id=\"cae5b4d\" data-element_type=\"widget\" data-widget_type=\"text-editor.default\">\n\t\t\t\t<div class=\"elementor-widget-container\">\n\t\t\t\t\t\t\t\t\t<p style=\"font-variant-ligatures: normal; font-variant-caps: normal; font-family: Weblysleek, sans-serif; font-size: 18px; font-style: normal; font-weight: 100; color: #ffae4b;\"><a style=\"font-size: 18px;\" href=\"https:\/\/fa-lesia.eu\/\"><span style=\"font-size: 18px; font-weight: bold;\">Home<br \/><\/span><\/a><\/p><p style=\"font-variant-ligatures: normal; font-variant-caps: normal; font-family: Weblysleek, sans-serif; font-size: 18px; font-style: normal; font-weight: 100; color: #ffae4b;\"><a style=\"font-size: 18px;\" href=\"https:\/\/fa-lesia.eu\/fachliche-planungsleistungen-in-architektur\/\" target=\"_blank\" rel=\"noopener\"><span style=\"font-size: 18px; font-weight: bold;\">&gt; Progetti<br \/><\/span><\/a><a style=\"font-size: 18px;\" href=\"https:\/\/fa-lesia.eu\/wer\"><span style=\"font-size: 18px; font-weight: bold;\">&gt; Chi<br \/><\/span><\/a><span style=\"font-size: 18px; font-weight: 600;\"><a style=\"font-size: 18px;\" href=\"https:\/\/fa-lesia.eu\/aktuelles\">&gt; Attualit\u00e0<\/a><\/span><\/p><div style=\"font-variant-ligatures: normal; font-variant-caps: normal; font-family: Weblysleek, sans-serif; font-size: 18px; font-style: normal; font-weight: 100; color: #ffae4b;\">\u00a0<\/div><div style=\"font-variant-ligatures: normal; font-variant-caps: normal; font-family: Weblysleek, sans-serif; font-size: 18px; font-style: normal; font-weight: 100; color: #ffae4b;\"><a style=\"font-size: 18px; font-weight: 100;\" href=\"https:\/\/fa-lesia.eu\/kontakt\"><span style=\"font-size: 18px; font-weight: bold;\">&gt; Contatti &amp; Impressum<br \/><\/span><\/a><span style=\"font-size: 18px; font-weight: 600;\">&gt; Archivio<\/span><\/div>\t\t\t\t\t\t\t\t<\/div>\n\t\t\t\t<\/div>\n\t\t\t\t\t<\/div>\n\t\t<\/div>\n\t\t\t\t<div class=\"elementor-column elementor-col-33 elementor-top-column elementor-element elementor-element-635b037\" data-id=\"635b037\" data-element_type=\"column\">\n\t\t\t<div class=\"elementor-widget-wrap elementor-element-populated\">\n\t\t\t\t\t\t<div class=\"elementor-element elementor-element-edfb1e8 elementor-widget elementor-widget-image\" data-id=\"edfb1e8\" data-element_type=\"widget\" data-widget_type=\"image.default\">\n\t\t\t\t<div class=\"elementor-widget-container\">\n\t\t\t\t\t\t\t\t\t\t\t\t\t\t\t\t<a href=\"https:\/\/www.instagram.com\/claudio_fa\/\" target=\"_blank\">\n\t\t\t\t\t\t\t<img decoding=\"async\" src=\"https:\/\/fa-lesia.eu\/wp-content\/uploads\/instagram-square-brands-1.svg\" title=\"instagram-square-brands\" alt=\"instagram-square-brands\" loading=\"lazy\" \/>\t\t\t\t\t\t\t\t<\/a>\n\t\t\t\t\t\t\t\t\t\t\t\t\t\t\t<\/div>\n\t\t\t\t<\/div>\n\t\t\t\t<div class=\"elementor-element elementor-element-1fa27b2 elementor-widget elementor-widget-image\" data-id=\"1fa27b2\" data-element_type=\"widget\" data-widget_type=\"image.default\">\n\t\t\t\t<div class=\"elementor-widget-container\">\n\t\t\t\t\t\t\t\t\t\t\t\t\t\t\t\t<a href=\"https:\/\/de.linkedin.com\/in\/clfarina\" target=\"_blank\">\n\t\t\t\t\t\t\t<img fetchpriority=\"high\" decoding=\"async\" width=\"448\" height=\"512\" src=\"https:\/\/fa-lesia.eu\/wp-content\/uploads\/Font_Awesome_5_brands_linkedin.svg\" class=\"attachment-full size-full wp-image-4229\" alt=\"Falesia Linkedin\" \/>\t\t\t\t\t\t\t\t<\/a>\n\t\t\t\t\t\t\t\t\t\t\t\t\t\t\t<\/div>\n\t\t\t\t<\/div>\n\t\t\t\t<div class=\"elementor-element elementor-element-12d82fc elementor-widget elementor-widget-image\" data-id=\"12d82fc\" data-element_type=\"widget\" data-widget_type=\"image.default\">\n\t\t\t\t<div class=\"elementor-widget-container\">\n\t\t\t\t\t\t\t\t\t\t\t\t\t\t\t\t<a href=\"https:\/\/twitter.com\/claudio_fa\" target=\"_blank\">\n\t\t\t\t\t\t\t<img decoding=\"async\" width=\"448\" height=\"512\" src=\"https:\/\/fa-lesia.eu\/wp-content\/uploads\/twitter-square-brands-1.svg\" class=\"attachment-full size-full wp-image-2585\" alt=\"\" \/>\t\t\t\t\t\t\t\t<\/a>\n\t\t\t\t\t\t\t\t\t\t\t\t\t\t\t<\/div>\n\t\t\t\t<\/div>\n\t\t\t\t<div class=\"elementor-element elementor-element-f43b93f elementor-widget elementor-widget-image\" data-id=\"f43b93f\" data-element_type=\"widget\" data-widget_type=\"image.default\">\n\t\t\t\t<div class=\"elementor-widget-container\">\n\t\t\t\t\t\t\t\t\t\t\t\t\t\t\t\t<a href=\"https:\/\/www.xing.com\/profile\/Claudio_Farina2\/cv\" target=\"_blank\">\n\t\t\t\t\t\t\t<img loading=\"lazy\" decoding=\"async\" width=\"448\" height=\"512\" src=\"https:\/\/fa-lesia.eu\/wp-content\/uploads\/xing-square-brands-1.svg\" class=\"attachment-full size-full wp-image-2586\" alt=\"\" \/>\t\t\t\t\t\t\t\t<\/a>\n\t\t\t\t\t\t\t\t\t\t\t\t\t\t\t<\/div>\n\t\t\t\t<\/div>\n\t\t\t\t\t<\/div>\n\t\t<\/div>\n\t\t\t\t\t<\/div>\n\t\t<\/section>\n\t\t\t\t<section class=\"elementor-section elementor-top-section elementor-element elementor-element-6b53a63 elementor-section-boxed elementor-section-height-default elementor-section-height-default\" data-id=\"6b53a63\" data-element_type=\"section\" data-settings=\"{&quot;background_background&quot;:&quot;classic&quot;}\">\n\t\t\t\t\t\t<div class=\"elementor-container elementor-column-gap-default\">\n\t\t\t\t\t<div class=\"elementor-column elementor-col-33 elementor-top-column elementor-element elementor-element-6601bd3d\" data-id=\"6601bd3d\" data-element_type=\"column\">\n\t\t\t<div class=\"elementor-widget-wrap elementor-element-populated\">\n\t\t\t\t\t\t<div class=\"elementor-element elementor-element-2ce2b7e4 elementor-widget elementor-widget-text-editor\" data-id=\"2ce2b7e4\" data-element_type=\"widget\" data-widget_type=\"text-editor.default\">\n\t\t\t\t<div class=\"elementor-widget-container\">\n\t\t\t\t\t\t\t\t\t<p>\u00a9 2022, Falesia\u00a0 \u2013 Claudio Farina \u2022 Architekt\u00a0 \u00a0<\/p>\t\t\t\t\t\t\t\t<\/div>\n\t\t\t\t<\/div>\n\t\t\t\t\t<\/div>\n\t\t<\/div>\n\t\t\t\t<div class=\"elementor-column elementor-col-33 elementor-top-column elementor-element elementor-element-34baef4f\" data-id=\"34baef4f\" data-element_type=\"column\">\n\t\t\t<div class=\"elementor-widget-wrap\">\n\t\t\t\t\t\t\t<\/div>\n\t\t<\/div>\n\t\t\t\t<div class=\"elementor-column elementor-col-33 elementor-top-column elementor-element elementor-element-50e2e08d\" data-id=\"50e2e08d\" data-element_type=\"column\" data-settings=\"{&quot;background_background&quot;:&quot;classic&quot;}\">\n\t\t\t<div class=\"elementor-widget-wrap elementor-element-populated\">\n\t\t\t\t\t\t<div class=\"elementor-element elementor-element-21b7b303 elementor-icon-list--layout-inline elementor-align-end elementor-mobile-align-center elementor-list-item-link-full_width elementor-invisible elementor-widget elementor-widget-icon-list\" data-id=\"21b7b303\" data-element_type=\"widget\" data-settings=\"{&quot;_animation&quot;:&quot;fadeIn&quot;,&quot;_animation_delay&quot;:300}\" data-widget_type=\"icon-list.default\">\n\t\t\t\t<div class=\"elementor-widget-container\">\n\t\t\t\t\t\t\t<ul class=\"elementor-icon-list-items elementor-inline-items\">\n\t\t\t\t\t\t\t<li class=\"elementor-icon-list-item elementor-inline-item\">\n\t\t\t\t\t\t\t\t\t\t\t<a href=\"https:\/\/fa-lesia.eu\/datenschutz\/\" target=\"_blank\">\n\n\t\t\t\t\t\t\t\t\t\t\t<span class=\"elementor-icon-list-text\">Datenschutz<\/span>\n\t\t\t\t\t\t\t\t\t\t\t<\/a>\n\t\t\t\t\t\t\t\t\t<\/li>\n\t\t\t\t\t\t<\/ul>\n\t\t\t\t\t\t<\/div>\n\t\t\t\t<\/div>\n\t\t\t\t\t<\/div>\n\t\t<\/div>\n\t\t\t\t\t<\/div>\n\t\t<\/section>\n\t\t\t\t<\/div>","protected":false},"excerpt":{"rendered":"<p>Konzepte Zur\u00fcck Weiter PSO Konzept: Beteiligungsprojekt das eine breite Stadterneuerung fordert. Ein Prozess der zu einer nachhaltigen Wiederherstellung und Sanierung der ungenutzten R\u00e4ume und Bauwerke f\u00fchrt.F\u00f6rderung: Landkreis Triest, Stiftung der Sparkasse TriestJahr: 2012Ort:\u00a0TriestProjekt: C. Farina, M. Barbariol, M. SvaraT\u00e4tigkeit: Architekt, wissenschaftliche Beratung Zur\u00fcck Weiter Shopping Mall Konzept: Ein innovatives energieeffizientes Einkaufszentrum mit\u00a0 Kita und Wellness\u00a0\u00a0Bauherr: [&hellip;]<\/p>","protected":false},"author":1,"featured_media":0,"parent":0,"menu_order":0,"comment_status":"closed","ping_status":"closed","template":"","meta":{"ocean_post_layout":"full-screen","ocean_both_sidebars_style":"","ocean_both_sidebars_content_width":0,"ocean_both_sidebars_sidebars_width":0,"ocean_sidebar":"0","ocean_second_sidebar":"0","ocean_disable_margins":"on","ocean_add_body_class":"","ocean_shortcode_before_top_bar":"","ocean_shortcode_after_top_bar":"","ocean_shortcode_before_header":"","ocean_shortcode_after_header":"","ocean_has_shortcode":"","ocean_shortcode_after_title":"","ocean_shortcode_before_footer_widgets":"","ocean_shortcode_after_footer_widgets":"","ocean_shortcode_before_footer_bottom":"","ocean_shortcode_after_footer_bottom":"","ocean_display_top_bar":"default","ocean_display_header":"default","ocean_header_style":"","ocean_center_header_left_menu":"0","ocean_custom_header_template":"0","ocean_custom_logo":0,"ocean_custom_retina_logo":0,"ocean_custom_logo_max_width":0,"ocean_custom_logo_tablet_max_width":0,"ocean_custom_logo_mobile_max_width":0,"ocean_custom_logo_max_height":0,"ocean_custom_logo_tablet_max_height":0,"ocean_custom_logo_mobile_max_height":0,"ocean_header_custom_menu":"0","ocean_menu_typo_font_family":"0","ocean_menu_typo_font_subset":"","ocean_menu_typo_font_size":0,"ocean_menu_typo_font_size_tablet":0,"ocean_menu_typo_font_size_mobile":0,"ocean_menu_typo_font_size_unit":"px","ocean_menu_typo_font_weight":"","ocean_menu_typo_font_weight_tablet":"","ocean_menu_typo_font_weight_mobile":"","ocean_menu_typo_transform":"","ocean_menu_typo_transform_tablet":"","ocean_menu_typo_transform_mobile":"","ocean_menu_typo_line_height":0,"ocean_menu_typo_line_height_tablet":0,"ocean_menu_typo_line_height_mobile":0,"ocean_menu_typo_line_height_unit":"","ocean_menu_typo_spacing":0,"ocean_menu_typo_spacing_tablet":0,"ocean_menu_typo_spacing_mobile":0,"ocean_menu_typo_spacing_unit":"","ocean_menu_link_color":"","ocean_menu_link_color_hover":"","ocean_menu_link_color_active":"","ocean_menu_link_background":"","ocean_menu_link_hover_background":"","ocean_menu_link_active_background":"","ocean_menu_social_links_bg":"","ocean_menu_social_hover_links_bg":"","ocean_menu_social_links_color":"","ocean_menu_social_hover_links_color":"","ocean_disable_title":"default","ocean_disable_heading":"default","ocean_post_title":"","ocean_post_subheading":"","ocean_post_title_style":"","ocean_post_title_background_color":"","ocean_post_title_background":0,"ocean_post_title_bg_image_position":"","ocean_post_title_bg_image_attachment":"","ocean_post_title_bg_image_repeat":"","ocean_post_title_bg_image_size":"","ocean_post_title_height":0,"ocean_post_title_bg_overlay":0.5,"ocean_post_title_bg_overlay_color":"","ocean_disable_breadcrumbs":"off","ocean_breadcrumbs_color":"","ocean_breadcrumbs_separator_color":"","ocean_breadcrumbs_links_color":"","ocean_breadcrumbs_links_hover_color":"","ocean_display_footer_widgets":"off","ocean_display_footer_bottom":"off","ocean_custom_footer_template":"0","footnotes":""},"class_list":["post-824","page","type-page","status-publish","hentry","entry"],"yoast_head":"<!-- This site is optimized with the Yoast SEO plugin v27.5 - https:\/\/yoast.com\/product\/yoast-seo-wordpress\/ -->\n<title>Konzepte - FALeSiA - Claudio Farina Architekt - Fachliche Leistungen und Services in Architektur<\/title>\n<meta name=\"robots\" content=\"index, follow, max-snippet:-1, max-image-preview:large, max-video-preview:-1\" \/>\n<link rel=\"canonical\" href=\"https:\/\/fa-lesia.eu\/it\/konzepte\/\" \/>\n<meta property=\"og:locale\" content=\"it_IT\" \/>\n<meta property=\"og:type\" content=\"article\" \/>\n<meta property=\"og:title\" content=\"Konzepte - FALeSiA - Claudio Farina Architekt - Fachliche Leistungen und Services in Architektur\" \/>\n<meta property=\"og:description\" content=\"Konzepte Zur\u00fcck Weiter PSO Konzept: Beteiligungsprojekt das eine breite Stadterneuerung fordert. Ein Prozess der zu einer nachhaltigen Wiederherstellung und Sanierung der ungenutzten R\u00e4ume und Bauwerke f\u00fchrt.F\u00f6rderung: Landkreis Triest, Stiftung der Sparkasse TriestJahr: 2012Ort:\u00a0TriestProjekt: C. Farina, M. Barbariol, M. SvaraT\u00e4tigkeit: Architekt, wissenschaftliche Beratung Zur\u00fcck Weiter Shopping Mall Konzept: Ein innovatives energieeffizientes Einkaufszentrum mit\u00a0 Kita und Wellness\u00a0\u00a0Bauherr: [&hellip;]\" \/>\n<meta property=\"og:url\" content=\"https:\/\/fa-lesia.eu\/it\/konzepte\/\" \/>\n<meta property=\"og:site_name\" content=\"FALeSiA - Claudio Farina Architekt - Fachliche Leistungen und Services in Architektur\" \/>\n<meta property=\"article:modified_time\" content=\"2022-10-27T12:19:03+00:00\" \/>\n<meta property=\"og:image\" content=\"https:\/\/fa-lesia.eu\/wp-content\/uploads\/735178_435029073234826_1347635502_n-300x225.jpg\" \/>\n<meta name=\"twitter:card\" content=\"summary_large_image\" \/>\n<meta name=\"twitter:site\" content=\"@claudio_fa\" \/>\n<meta name=\"twitter:label1\" content=\"Tempo di lettura stimato\" \/>\n\t<meta name=\"twitter:data1\" content=\"10 minuti\" \/>\n<script type=\"application\/ld+json\" class=\"yoast-schema-graph\">{\"@context\":\"https:\\\/\\\/schema.org\",\"@graph\":[{\"@type\":\"WebPage\",\"@id\":\"https:\\\/\\\/fa-lesia.eu\\\/konzepte\\\/\",\"url\":\"https:\\\/\\\/fa-lesia.eu\\\/konzepte\\\/\",\"name\":\"Konzepte - FALeSiA - Claudio Farina Architekt - Fachliche Leistungen und Services in Architektur\",\"isPartOf\":{\"@id\":\"https:\\\/\\\/fa-lesia.eu\\\/#website\"},\"primaryImageOfPage\":{\"@id\":\"https:\\\/\\\/fa-lesia.eu\\\/konzepte\\\/#primaryimage\"},\"image\":{\"@id\":\"https:\\\/\\\/fa-lesia.eu\\\/konzepte\\\/#primaryimage\"},\"thumbnailUrl\":\"https:\\\/\\\/fa-lesia.eu\\\/wp-content\\\/uploads\\\/735178_435029073234826_1347635502_n-300x225.jpg\",\"datePublished\":\"2022-01-03T13:54:21+00:00\",\"dateModified\":\"2022-10-27T12:19:03+00:00\",\"breadcrumb\":{\"@id\":\"https:\\\/\\\/fa-lesia.eu\\\/konzepte\\\/#breadcrumb\"},\"inLanguage\":\"it-IT\",\"potentialAction\":[{\"@type\":\"ReadAction\",\"target\":[\"https:\\\/\\\/fa-lesia.eu\\\/konzepte\\\/\"]}]},{\"@type\":\"ImageObject\",\"inLanguage\":\"it-IT\",\"@id\":\"https:\\\/\\\/fa-lesia.eu\\\/konzepte\\\/#primaryimage\",\"url\":\"https:\\\/\\\/fa-lesia.eu\\\/wp-content\\\/uploads\\\/735178_435029073234826_1347635502_n-300x225.jpg\",\"contentUrl\":\"https:\\\/\\\/fa-lesia.eu\\\/wp-content\\\/uploads\\\/735178_435029073234826_1347635502_n-300x225.jpg\"},{\"@type\":\"BreadcrumbList\",\"@id\":\"https:\\\/\\\/fa-lesia.eu\\\/konzepte\\\/#breadcrumb\",\"itemListElement\":[{\"@type\":\"ListItem\",\"position\":1,\"name\":\"Startseite\",\"item\":\"https:\\\/\\\/fa-lesia.eu\\\/\"},{\"@type\":\"ListItem\",\"position\":2,\"name\":\"Konzepte\"}]},{\"@type\":\"WebSite\",\"@id\":\"https:\\\/\\\/fa-lesia.eu\\\/#website\",\"url\":\"https:\\\/\\\/fa-lesia.eu\\\/\",\"name\":\"FALeSiA - Claudio Farina Architekt - Fachliche Leistungen und Services in Architektur\",\"description\":\"Architekt Bayern - Italien. Falesia bietet koordinierte Beratungs- und Planungsleistungen f\u00fcr ein umweltvertr\u00e4gliches Architekturprojekt an.\",\"publisher\":{\"@id\":\"https:\\\/\\\/fa-lesia.eu\\\/#organization\"},\"potentialAction\":[{\"@type\":\"SearchAction\",\"target\":{\"@type\":\"EntryPoint\",\"urlTemplate\":\"https:\\\/\\\/fa-lesia.eu\\\/?s={search_term_string}\"},\"query-input\":{\"@type\":\"PropertyValueSpecification\",\"valueRequired\":true,\"valueName\":\"search_term_string\"}}],\"inLanguage\":\"it-IT\"},{\"@type\":\"Organization\",\"@id\":\"https:\\\/\\\/fa-lesia.eu\\\/#organization\",\"name\":\"Claudio Farina Architekt - FALeSiA\",\"url\":\"https:\\\/\\\/fa-lesia.eu\\\/\",\"logo\":{\"@type\":\"ImageObject\",\"inLanguage\":\"it-IT\",\"@id\":\"https:\\\/\\\/fa-lesia.eu\\\/#\\\/schema\\\/logo\\\/image\\\/\",\"url\":\"https:\\\/\\\/fa-lesia.eu\\\/wp-content\\\/uploads\\\/falesia_new_3.svg\",\"contentUrl\":\"https:\\\/\\\/fa-lesia.eu\\\/wp-content\\\/uploads\\\/falesia_new_3.svg\",\"width\":850,\"height\":850,\"caption\":\"Claudio Farina Architekt - FALeSiA\"},\"image\":{\"@id\":\"https:\\\/\\\/fa-lesia.eu\\\/#\\\/schema\\\/logo\\\/image\\\/\"},\"sameAs\":[\"https:\\\/\\\/x.com\\\/claudio_fa\",\"https:\\\/\\\/www.instagram.com\\\/claudio_fa\\\/\",\"https:\\\/\\\/www.linkedin.com\\\/in\\\/clfarina\\\/\"]}]}<\/script>\n<!-- \/ Yoast SEO plugin. -->","yoast_head_json":{"title":"Konzepte - FALeSiA - Claudio Farina Architekt - Fachliche Leistungen und Services in Architektur","robots":{"index":"index","follow":"follow","max-snippet":"max-snippet:-1","max-image-preview":"max-image-preview:large","max-video-preview":"max-video-preview:-1"},"canonical":"https:\/\/fa-lesia.eu\/it\/konzepte\/","og_locale":"it_IT","og_type":"article","og_title":"Konzepte - FALeSiA - Claudio Farina Architekt - Fachliche Leistungen und Services in Architektur","og_description":"Konzepte Zur\u00fcck Weiter PSO Konzept: Beteiligungsprojekt das eine breite Stadterneuerung fordert. Ein Prozess der zu einer nachhaltigen Wiederherstellung und Sanierung der ungenutzten R\u00e4ume und Bauwerke f\u00fchrt.F\u00f6rderung: Landkreis Triest, Stiftung der Sparkasse TriestJahr: 2012Ort:\u00a0TriestProjekt: C. Farina, M. Barbariol, M. SvaraT\u00e4tigkeit: Architekt, wissenschaftliche Beratung Zur\u00fcck Weiter Shopping Mall Konzept: Ein innovatives energieeffizientes Einkaufszentrum mit\u00a0 Kita und Wellness\u00a0\u00a0Bauherr: [&hellip;]","og_url":"https:\/\/fa-lesia.eu\/it\/konzepte\/","og_site_name":"FALeSiA - Claudio Farina Architekt - Fachliche Leistungen und Services in Architektur","article_modified_time":"2022-10-27T12:19:03+00:00","og_image":[{"url":"https:\/\/fa-lesia.eu\/wp-content\/uploads\/735178_435029073234826_1347635502_n-300x225.jpg","type":"","width":"","height":""}],"twitter_card":"summary_large_image","twitter_site":"@claudio_fa","twitter_misc":{"Tempo di lettura stimato":"10 minuti"},"schema":{"@context":"https:\/\/schema.org","@graph":[{"@type":"WebPage","@id":"https:\/\/fa-lesia.eu\/konzepte\/","url":"https:\/\/fa-lesia.eu\/konzepte\/","name":"Konzepte - FALeSiA - Claudio Farina Architekt - Fachliche Leistungen und Services in Architektur","isPartOf":{"@id":"https:\/\/fa-lesia.eu\/#website"},"primaryImageOfPage":{"@id":"https:\/\/fa-lesia.eu\/konzepte\/#primaryimage"},"image":{"@id":"https:\/\/fa-lesia.eu\/konzepte\/#primaryimage"},"thumbnailUrl":"https:\/\/fa-lesia.eu\/wp-content\/uploads\/735178_435029073234826_1347635502_n-300x225.jpg","datePublished":"2022-01-03T13:54:21+00:00","dateModified":"2022-10-27T12:19:03+00:00","breadcrumb":{"@id":"https:\/\/fa-lesia.eu\/konzepte\/#breadcrumb"},"inLanguage":"it-IT","potentialAction":[{"@type":"ReadAction","target":["https:\/\/fa-lesia.eu\/konzepte\/"]}]},{"@type":"ImageObject","inLanguage":"it-IT","@id":"https:\/\/fa-lesia.eu\/konzepte\/#primaryimage","url":"https:\/\/fa-lesia.eu\/wp-content\/uploads\/735178_435029073234826_1347635502_n-300x225.jpg","contentUrl":"https:\/\/fa-lesia.eu\/wp-content\/uploads\/735178_435029073234826_1347635502_n-300x225.jpg"},{"@type":"BreadcrumbList","@id":"https:\/\/fa-lesia.eu\/konzepte\/#breadcrumb","itemListElement":[{"@type":"ListItem","position":1,"name":"Startseite","item":"https:\/\/fa-lesia.eu\/"},{"@type":"ListItem","position":2,"name":"Konzepte"}]},{"@type":"WebSite","@id":"https:\/\/fa-lesia.eu\/#website","url":"https:\/\/fa-lesia.eu\/","name":"FALeSiA - Claudio Farina Architekt - Fachliche Leistungen und Services in Architektur","description":"Architekt Bayern - Italien. Falesia bietet koordinierte Beratungs- und Planungsleistungen f\u00fcr ein umweltvertr\u00e4gliches Architekturprojekt an.","publisher":{"@id":"https:\/\/fa-lesia.eu\/#organization"},"potentialAction":[{"@type":"SearchAction","target":{"@type":"EntryPoint","urlTemplate":"https:\/\/fa-lesia.eu\/?s={search_term_string}"},"query-input":{"@type":"PropertyValueSpecification","valueRequired":true,"valueName":"search_term_string"}}],"inLanguage":"it-IT"},{"@type":"Organization","@id":"https:\/\/fa-lesia.eu\/#organization","name":"Claudio Farina Architekt - FALeSiA","url":"https:\/\/fa-lesia.eu\/","logo":{"@type":"ImageObject","inLanguage":"it-IT","@id":"https:\/\/fa-lesia.eu\/#\/schema\/logo\/image\/","url":"https:\/\/fa-lesia.eu\/wp-content\/uploads\/falesia_new_3.svg","contentUrl":"https:\/\/fa-lesia.eu\/wp-content\/uploads\/falesia_new_3.svg","width":850,"height":850,"caption":"Claudio Farina Architekt - FALeSiA"},"image":{"@id":"https:\/\/fa-lesia.eu\/#\/schema\/logo\/image\/"},"sameAs":["https:\/\/x.com\/claudio_fa","https:\/\/www.instagram.com\/claudio_fa\/","https:\/\/www.linkedin.com\/in\/clfarina\/"]}]}},"_links":{"self":[{"href":"https:\/\/fa-lesia.eu\/it\/wp-json\/wp\/v2\/pages\/824","targetHints":{"allow":["GET"]}}],"collection":[{"href":"https:\/\/fa-lesia.eu\/it\/wp-json\/wp\/v2\/pages"}],"about":[{"href":"https:\/\/fa-lesia.eu\/it\/wp-json\/wp\/v2\/types\/page"}],"author":[{"embeddable":true,"href":"https:\/\/fa-lesia.eu\/it\/wp-json\/wp\/v2\/users\/1"}],"replies":[{"embeddable":true,"href":"https:\/\/fa-lesia.eu\/it\/wp-json\/wp\/v2\/comments?post=824"}],"version-history":[{"count":151,"href":"https:\/\/fa-lesia.eu\/it\/wp-json\/wp\/v2\/pages\/824\/revisions"}],"predecessor-version":[{"id":6623,"href":"https:\/\/fa-lesia.eu\/it\/wp-json\/wp\/v2\/pages\/824\/revisions\/6623"}],"wp:attachment":[{"href":"https:\/\/fa-lesia.eu\/it\/wp-json\/wp\/v2\/media?parent=824"}],"curies":[{"name":"wp","href":"https:\/\/api.w.org\/{rel}","templated":true}]}}