{"id":820,"date":"2022-01-03T14:54:21","date_gmt":"2022-01-03T13:54:21","guid":{"rendered":"https:\/\/fa-lesia.eu\/?page_id=820"},"modified":"2022-10-27T14:17:24","modified_gmt":"2022-10-27T12:17:24","slug":"umbau-sanierung","status":"publish","type":"page","link":"https:\/\/fa-lesia.eu\/it\/umbau-sanierung\/","title":{"rendered":"Ristrutturazione e risanamento"},"content":{"rendered":"<div data-elementor-type=\"wp-page\" data-elementor-id=\"820\" class=\"elementor elementor-820\" data-elementor-post-type=\"page\">\n\t\t\t\t\t\t<section class=\"elementor-section elementor-top-section elementor-element elementor-element-4bebcdb3 elementor-section-boxed elementor-section-height-default elementor-section-height-default\" data-id=\"4bebcdb3\" data-element_type=\"section\">\n\t\t\t\t\t\t<div class=\"elementor-container elementor-column-gap-default\">\n\t\t\t\t\t<div class=\"elementor-column elementor-col-50 elementor-top-column elementor-element elementor-element-290db64c\" data-id=\"290db64c\" data-element_type=\"column\">\n\t\t\t<div class=\"elementor-widget-wrap elementor-element-populated\">\n\t\t\t\t\t\t<div class=\"elementor-element elementor-element-7856d06f elementor-button-info elementor-widget elementor-widget-button\" data-id=\"7856d06f\" data-element_type=\"widget\" data-widget_type=\"button.default\">\n\t\t\t\t<div class=\"elementor-widget-container\">\n\t\t\t\t\t\t\t\t\t<div class=\"elementor-button-wrapper\">\n\t\t\t\t\t<a class=\"elementor-button elementor-button-link elementor-size-xs\" href=\"https:\/\/fa-lesia.eu\/fachliche-planungsleistungen-in-architektur\/\" id=\"Back\">\n\t\t\t\t\t\t<span class=\"elementor-button-content-wrapper\">\n\t\t\t\t\t\t<span class=\"elementor-button-icon\">\n\t\t\t\t<svg xmlns=\"http:\/\/www.w3.org\/2000\/svg\" aria-hidden=\"true\" data-prefix=\"far\" data-icon=\"arrow-alt-circle-left\" class=\"svg-inline--fa fa-arrow-alt-circle-left fa-w-16\" viewbox=\"0 0 512 512\"><path fill=\"currentColor\" d=\"M8 256c0 137 111 248 248 248s248-111 248-248S393 8 256 8 8 119 8 256zm448 0c0 110.5-89.5 200-200 200S56 366.5 56 256 145.5 56 256 56s200 89.5 200 200zm-72-20v40c0 6.6-5.4 12-12 12H256v67c0 10.7-12.9 16-20.5 8.5l-99-99c-4.7-4.7-4.7-12.3 0-17l99-99c7.6-7.6 20.5-2.2 20.5 8.5v67h116c6.6 0 12 5.4 12 12z\"><\/path><\/svg>\t\t\t<\/span>\n\t\t\t\t\t\t\t\t<\/span>\n\t\t\t\t\t<\/a>\n\t\t\t\t<\/div>\n\t\t\t\t\t\t\t\t<\/div>\n\t\t\t\t<\/div>\n\t\t\t\t\t<\/div>\n\t\t<\/div>\n\t\t\t\t<div class=\"elementor-column elementor-col-50 elementor-top-column elementor-element elementor-element-38b76c31\" data-id=\"38b76c31\" data-element_type=\"column\">\n\t\t\t<div class=\"elementor-widget-wrap elementor-element-populated\">\n\t\t\t\t\t\t<div class=\"elementor-element elementor-element-22df436b elementor-widget elementor-widget-heading\" data-id=\"22df436b\" data-element_type=\"widget\" data-widget_type=\"heading.default\">\n\t\t\t\t<div class=\"elementor-widget-container\">\n\t\t\t\t\t<h1 class=\"elementor-heading-title elementor-size-xl\">Ristrutturazione e risanamento<\/h1>\t\t\t\t<\/div>\n\t\t\t\t<\/div>\n\t\t\t\t\t<\/div>\n\t\t<\/div>\n\t\t\t\t\t<\/div>\n\t\t<\/section>\n\t\t\t\t<section class=\"elementor-section elementor-top-section elementor-element elementor-element-3ffcbaf6 elementor-section-boxed elementor-section-height-default elementor-section-height-default\" data-id=\"3ffcbaf6\" data-element_type=\"section\" data-settings=\"{&quot;background_background&quot;:&quot;classic&quot;}\">\n\t\t\t\t\t\t<div class=\"elementor-container elementor-column-gap-default\">\n\t\t\t\t\t<div class=\"elementor-column elementor-col-50 elementor-top-column elementor-element elementor-element-7af7b28b\" data-id=\"7af7b28b\" data-element_type=\"column\">\n\t\t\t<div class=\"elementor-widget-wrap elementor-element-populated\">\n\t\t\t\t\t\t<div class=\"elementor-element elementor-element-2338f38e elementor-nav-menu__text-align-aside elementor-widget elementor-widget-nav-menu\" data-id=\"2338f38e\" data-element_type=\"widget\" data-settings=\"{&quot;layout&quot;:&quot;dropdown&quot;,&quot;submenu_icon&quot;:{&quot;value&quot;:&quot;&lt;i class=\\&quot;\\&quot; aria-hidden=\\&quot;true\\&quot;&gt;&lt;\\\/i&gt;&quot;,&quot;library&quot;:&quot;&quot;}}\" data-widget_type=\"nav-menu.default\">\n\t\t\t\t<div class=\"elementor-widget-container\">\n\t\t\t\t\t\t\t\t<nav class=\"elementor-nav-menu--dropdown elementor-nav-menu__container\" aria-hidden=\"true\">\n\t\t\t\t<ul id=\"menu-2-2338f38e\" class=\"elementor-nav-menu\"><li class=\"menu-item menu-item-type-custom menu-item-object-custom menu-item-4001\"><a href=\"#\" class=\"elementor-item elementor-item-anchor\" tabindex=\"-1\">Architettura<\/a><\/li>\n<li class=\"menu-item menu-item-type-post_type menu-item-object-page menu-item-4000\"><a href=\"https:\/\/fa-lesia.eu\/it\/neubau\/\" class=\"elementor-item\" tabindex=\"-1\">Nuova costruzione<\/a><\/li>\n<li class=\"menu-item menu-item-type-post_type menu-item-object-page menu-item-3999\"><a href=\"https:\/\/fa-lesia.eu\/it\/denkmalschutz\/\" class=\"elementor-item\" tabindex=\"-1\">Edifici e luoghi vincolati<\/a><\/li>\n<li class=\"menu-item menu-item-type-post_type menu-item-object-page menu-item-3998\"><a href=\"https:\/\/fa-lesia.eu\/it\/umbau-sanierung\/\" class=\"elementor-item\" tabindex=\"-1\">Ristrutturazione e risanamento<\/a><\/li>\n<li class=\"menu-item menu-item-type-post_type menu-item-object-page menu-item-3997\"><a href=\"https:\/\/fa-lesia.eu\/it\/bauleitung\/\" class=\"elementor-item\" tabindex=\"-1\">Direzione dei lavori<\/a><\/li>\n<\/ul>\t\t\t<\/nav>\n\t\t\t\t\t\t<\/div>\n\t\t\t\t<\/div>\n\t\t\t\t\t<\/div>\n\t\t<\/div>\n\t\t\t\t<div class=\"elementor-column elementor-col-50 elementor-top-column elementor-element elementor-element-4eee2aa1\" data-id=\"4eee2aa1\" data-element_type=\"column\">\n\t\t\t<div class=\"elementor-widget-wrap elementor-element-populated\">\n\t\t\t\t\t\t<section class=\"elementor-section elementor-inner-section elementor-element elementor-element-2cb140ae elementor-section-boxed elementor-section-height-default elementor-section-height-default\" data-id=\"2cb140ae\" data-element_type=\"section\">\n\t\t\t\t\t\t<div class=\"elementor-container elementor-column-gap-default\">\n\t\t\t\t\t<div class=\"elementor-column elementor-col-50 elementor-inner-column elementor-element elementor-element-9b9fcfa\" data-id=\"9b9fcfa\" data-element_type=\"column\">\n\t\t\t<div class=\"elementor-widget-wrap elementor-element-populated\">\n\t\t\t\t\t\t<div class=\"elementor-element elementor-element-6b8448f3 elementor-arrows-position-inside elementor-pagination-position-outside elementor-widget elementor-widget-image-carousel\" data-id=\"6b8448f3\" data-element_type=\"widget\" data-settings=\"{&quot;slides_to_show&quot;:&quot;1&quot;,&quot;autoplay&quot;:&quot;no&quot;,&quot;navigation&quot;:&quot;both&quot;,&quot;infinite&quot;:&quot;yes&quot;,&quot;effect&quot;:&quot;slide&quot;,&quot;speed&quot;:500}\" data-widget_type=\"image-carousel.default\">\n\t\t\t\t<div class=\"elementor-widget-container\">\n\t\t\t\t\t\t\t<div class=\"elementor-image-carousel-wrapper swiper\" role=\"region\" aria-roledescription=\"carousel\" aria-label=\"Bild Karussell\" dir=\"ltr\">\n\t\t\t<div class=\"elementor-image-carousel swiper-wrapper\" aria-live=\"polite\">\n\t\t\t\t\t\t\t\t<div class=\"swiper-slide\" role=\"group\" aria-roledescription=\"slide\" aria-label=\"1 von 7\"><a data-elementor-open-lightbox=\"yes\" data-elementor-lightbox-slideshow=\"6b8448f3\" data-elementor-lightbox-title=\"Montage mit Autokran der Tragw\u00e4nde des Dachgeschosses aus Holz\" data-e-action-hash=\"#elementor-action%3Aaction%3Dlightbox%26settings%3DeyJpZCI6MjM3NywidXJsIjoiaHR0cHM6XC9cL2ZhLWxlc2lhLmV1XC93cC1jb250ZW50XC91cGxvYWRzXC9DaGlhbXBvcmUwMS5qcGciLCJzbGlkZXNob3ciOiI2Yjg0NDhmMyJ9\" href=\"https:\/\/fa-lesia.eu\/wp-content\/uploads\/Chiampore01.jpg\"><figure class=\"swiper-slide-inner\"><img decoding=\"async\" class=\"swiper-slide-image\" src=\"https:\/\/fa-lesia.eu\/wp-content\/uploads\/Chiampore01-300x300.jpg\" alt=\"Foto der Baustelle f\u00fcr den Um- und Aufbau eines Familienhauses in Muggia Trieste Italien Montage mit Autokran der Tragw\u00e4nde des Dachgeschosses und des Daches aus Holz - Beratungs- und Planungsleistungen in Architektur\" \/><\/figure><\/a><\/div><div class=\"swiper-slide\" role=\"group\" aria-roledescription=\"slide\" aria-label=\"2 von 7\"><a data-elementor-open-lightbox=\"yes\" data-elementor-lightbox-slideshow=\"6b8448f3\" data-elementor-lightbox-title=\"3D Modell mit Blick von SW und NO\" data-e-action-hash=\"#elementor-action%3Aaction%3Dlightbox%26settings%3DeyJpZCI6MjcxNiwidXJsIjoiaHR0cHM6XC9cL2ZhLWxlc2lhLmV1XC93cC1jb250ZW50XC91cGxvYWRzXC9DaGlhbXBvcmUwMy0xLmpwZyIsInNsaWRlc2hvdyI6IjZiODQ0OGYzIn0%3D\" href=\"https:\/\/fa-lesia.eu\/wp-content\/uploads\/Chiampore03-1.jpg\"><figure class=\"swiper-slide-inner\"><img decoding=\"async\" class=\"swiper-slide-image\" src=\"https:\/\/fa-lesia.eu\/wp-content\/uploads\/Chiampore03-1-300x300.jpg\" alt=\"3D Modell des gesamten Bauvorhabens mit Erweiterung am Erdgeschoss und Neubau des Dachgeschosses mit Dachterrasse eines Familienhauses in Muggia Triest Italien\" \/><\/figure><\/a><\/div><div class=\"swiper-slide\" role=\"group\" aria-roledescription=\"slide\" aria-label=\"3 von 7\"><a data-elementor-open-lightbox=\"yes\" data-elementor-lightbox-slideshow=\"6b8448f3\" data-elementor-lightbox-title=\"Ansicht West\" data-e-action-hash=\"#elementor-action%3Aaction%3Dlightbox%26settings%3DeyJpZCI6OTA1LCJ1cmwiOiJodHRwczpcL1wvZmEtbGVzaWEuZXVcL3dwLWNvbnRlbnRcL3VwbG9hZHNcL0NoaWFtcG9yZTAyLmpwZyIsInNsaWRlc2hvdyI6IjZiODQ0OGYzIn0%3D\" href=\"https:\/\/fa-lesia.eu\/wp-content\/uploads\/Chiampore02.jpg\"><figure class=\"swiper-slide-inner\"><img decoding=\"async\" class=\"swiper-slide-image\" src=\"https:\/\/fa-lesia.eu\/wp-content\/uploads\/Chiampore02-300x300.jpg\" alt=\"3D Ansicht mit dem neuen Dachgeschoss und Dachterrasse eines Familienhauses in Muggia Triest Italien\" \/><\/figure><\/a><\/div><div class=\"swiper-slide\" role=\"group\" aria-roledescription=\"slide\" aria-label=\"4 von 7\"><a data-elementor-open-lightbox=\"yes\" data-elementor-lightbox-slideshow=\"6b8448f3\" data-elementor-lightbox-title=\"Ansicht Nord\" data-e-action-hash=\"#elementor-action%3Aaction%3Dlightbox%26settings%3DeyJpZCI6MjcxOCwidXJsIjoiaHR0cHM6XC9cL2ZhLWxlc2lhLmV1XC93cC1jb250ZW50XC91cGxvYWRzXC9BLTA0LUFuc2ljaHQtMS5qcGciLCJzbGlkZXNob3ciOiI2Yjg0NDhmMyJ9\" href=\"https:\/\/fa-lesia.eu\/wp-content\/uploads\/A-04-Ansicht-1.jpg\"><figure class=\"swiper-slide-inner\"><img decoding=\"async\" class=\"swiper-slide-image\" src=\"https:\/\/fa-lesia.eu\/wp-content\/uploads\/A-04-Ansicht-1-300x189.jpg\" alt=\"3D Ansicht mit dem neuen Dachgeschoss und Dachterrasse eines Familienhauses in Muggia Triest Italien\" \/><\/figure><\/a><\/div><div class=\"swiper-slide\" role=\"group\" aria-roledescription=\"slide\" aria-label=\"5 von 7\"><a data-elementor-open-lightbox=\"yes\" data-elementor-lightbox-slideshow=\"6b8448f3\" data-elementor-lightbox-title=\"Fassade Nord\" data-e-action-hash=\"#elementor-action%3Aaction%3Dlightbox%26settings%3DeyJpZCI6MjcxNywidXJsIjoiaHR0cHM6XC9cL2ZhLWxlc2lhLmV1XC93cC1jb250ZW50XC91cGxvYWRzXC9DaGlhbXBvcmUwNS0xLmpwZyIsInNsaWRlc2hvdyI6IjZiODQ0OGYzIn0%3D\" href=\"https:\/\/fa-lesia.eu\/wp-content\/uploads\/Chiampore05-1.jpg\"><figure class=\"swiper-slide-inner\"><img decoding=\"async\" class=\"swiper-slide-image\" src=\"https:\/\/fa-lesia.eu\/wp-content\/uploads\/Chiampore05-1-300x225.jpg\" alt=\"Fotos der Fassade Nord sichtbar ist der Bestandteil aus Mauerwerk und der Neubau aus Holz eines Familienhauses in Muggia Triest Italien\" \/><\/figure><\/a><\/div><div class=\"swiper-slide\" role=\"group\" aria-roledescription=\"slide\" aria-label=\"6 von 7\"><a data-elementor-open-lightbox=\"yes\" data-elementor-lightbox-slideshow=\"6b8448f3\" data-elementor-lightbox-title=\"Fassade Ost\" data-e-action-hash=\"#elementor-action%3Aaction%3Dlightbox%26settings%3DeyJpZCI6MjcyMCwidXJsIjoiaHR0cHM6XC9cL2ZhLWxlc2lhLmV1XC93cC1jb250ZW50XC91cGxvYWRzXC9DaGlhbXBvcmUwNC0xLmpwZyIsInNsaWRlc2hvdyI6IjZiODQ0OGYzIn0%3D\" href=\"https:\/\/fa-lesia.eu\/wp-content\/uploads\/Chiampore04-1.jpg\"><figure class=\"swiper-slide-inner\"><img decoding=\"async\" class=\"swiper-slide-image\" src=\"https:\/\/fa-lesia.eu\/wp-content\/uploads\/Chiampore04-1-300x300.jpg\" alt=\"Fotos der Fassade Ost sichtbar Bestandteil aus Mauerwerk und Neubau aus Holz eines Familienhauses in Muggia Triest Italien\" \/><\/figure><\/a><\/div><div class=\"swiper-slide\" role=\"group\" aria-roledescription=\"slide\" aria-label=\"7 von 7\"><a data-elementor-open-lightbox=\"yes\" data-elementor-lightbox-slideshow=\"6b8448f3\" data-elementor-lightbox-title=\"Schnitt\" data-e-action-hash=\"#elementor-action%3Aaction%3Dlightbox%26settings%3DeyJpZCI6MjcyMSwidXJsIjoiaHR0cHM6XC9cL2ZhLWxlc2lhLmV1XC93cC1jb250ZW50XC91cGxvYWRzXC9zZXppb25lLUJCLTUwLnBuZyIsInNsaWRlc2hvdyI6IjZiODQ0OGYzIn0%3D\" href=\"https:\/\/fa-lesia.eu\/wp-content\/uploads\/sezione-BB-50.png\"><figure class=\"swiper-slide-inner\"><img decoding=\"async\" class=\"swiper-slide-image\" src=\"https:\/\/fa-lesia.eu\/wp-content\/uploads\/sezione-BB-50-300x229.png\" alt=\"Ausf\u00fchrungsplan Schnitt durch die Erweiterung am EG, die neue Treppe, das Dachgeschoss und die Terrasse eines Familienhauses in Muggia Triest Italien\" \/><\/figure><\/a><\/div>\t\t\t<\/div>\n\t\t\t\t\t\t\t\t\t\t\t\t<div class=\"elementor-swiper-button elementor-swiper-button-prev\" role=\"button\" tabindex=\"0\">\n\t\t\t\t\t\t<i aria-hidden=\"true\" class=\"eicon-chevron-left\"><\/i>\t\t\t\t\t<\/div>\n\t\t\t\t\t<div class=\"elementor-swiper-button elementor-swiper-button-next\" role=\"button\" tabindex=\"0\">\n\t\t\t\t\t\t<i aria-hidden=\"true\" class=\"eicon-chevron-right\"><\/i>\t\t\t\t\t<\/div>\n\t\t\t\t\n\t\t\t\t\t\t\t\t\t<div class=\"swiper-pagination\"><\/div>\n\t\t\t\t\t\t\t\t\t<\/div>\n\t\t\t\t\t\t<\/div>\n\t\t\t\t<\/div>\n\t\t\t\t\t<\/div>\n\t\t<\/div>\n\t\t\t\t<div class=\"elementor-column elementor-col-50 elementor-inner-column elementor-element elementor-element-7f33b958\" data-id=\"7f33b958\" data-element_type=\"column\">\n\t\t\t<div class=\"elementor-widget-wrap elementor-element-populated\">\n\t\t\t\t\t\t<div class=\"elementor-element elementor-element-831b84a elementor-widget elementor-widget-text-editor\" data-id=\"831b84a\" data-element_type=\"widget\" data-widget_type=\"text-editor.default\">\n\t\t\t\t<div class=\"elementor-widget-container\">\n\t\t\t\t\t\t\t\t\t<h1><b>Leave your Hat on<\/b><\/h1><h2 class=\" translation-block\"><b>Progetto:<\/b>: Ristrutturazione ed ampliamento di una casa unifamiliare a risparmio energetico. <br><b>Committente:<\/b> Privato<br><b>Anno:<\/b> 2012<br><b>Luogo: <\/b>Muggia (Trieste), Italia<br><b>Progetto:<\/b> C. Farina (capogruppo) con A. Liani, E. Cristofari \u2013 Trieste<br><b>Attivit\u00e0 e prestazioni svolte:<\/b> Architetto, progettista e direttore dei lavori LPH 1-8<\/h2>\t\t\t\t\t\t\t\t<\/div>\n\t\t\t\t<\/div>\n\t\t\t\t\t<\/div>\n\t\t<\/div>\n\t\t\t\t\t<\/div>\n\t\t<\/section>\n\t\t\t\t<section class=\"elementor-section elementor-inner-section elementor-element elementor-element-ece9585 elementor-section-boxed elementor-section-height-default elementor-section-height-default\" data-id=\"ece9585\" data-element_type=\"section\">\n\t\t\t\t\t\t<div class=\"elementor-container elementor-column-gap-default\">\n\t\t\t\t\t<div class=\"elementor-column elementor-col-50 elementor-inner-column elementor-element elementor-element-fd6fce3\" data-id=\"fd6fce3\" data-element_type=\"column\">\n\t\t\t<div class=\"elementor-widget-wrap elementor-element-populated\">\n\t\t\t\t\t\t<div class=\"elementor-element elementor-element-ea8683f elementor-arrows-position-inside elementor-pagination-position-outside elementor-widget elementor-widget-image-carousel\" data-id=\"ea8683f\" data-element_type=\"widget\" data-settings=\"{&quot;slides_to_show&quot;:&quot;1&quot;,&quot;autoplay&quot;:&quot;no&quot;,&quot;infinite&quot;:&quot;no&quot;,&quot;navigation&quot;:&quot;both&quot;,&quot;effect&quot;:&quot;slide&quot;,&quot;speed&quot;:500}\" data-widget_type=\"image-carousel.default\">\n\t\t\t\t<div class=\"elementor-widget-container\">\n\t\t\t\t\t\t\t<div class=\"elementor-image-carousel-wrapper swiper\" role=\"region\" aria-roledescription=\"carousel\" aria-label=\"Bild Karussell\" dir=\"ltr\">\n\t\t\t<div class=\"elementor-image-carousel swiper-wrapper\" aria-live=\"polite\">\n\t\t\t\t\t\t\t\t<div class=\"swiper-slide\" role=\"group\" aria-roledescription=\"slide\" aria-label=\"1 von 8\"><a data-elementor-open-lightbox=\"yes\" data-elementor-lightbox-slideshow=\"ea8683f\" data-elementor-lightbox-title=\"3D Darstellung der Funktionsgliederung\" data-elementor-lightbox-description=\"3D Modell: M. Michelesio, P. Boncompagno\" data-e-action-hash=\"#elementor-action%3Aaction%3Dlightbox%26settings%3DeyJpZCI6MTc5OCwidXJsIjoiaHR0cHM6XC9cL2ZhLWxlc2lhLmV1XC93cC1jb250ZW50XC91cGxvYWRzXC9zYWxhdHJpcGNvdmljaC1wYWdpbmEtOC5qcGciLCJzbGlkZXNob3ciOiJlYTg2ODNmIn0%3D\" href=\"https:\/\/fa-lesia.eu\/wp-content\/uploads\/salatripcovich-pagina-8.jpg\"><figure class=\"swiper-slide-inner\"><img decoding=\"async\" class=\"swiper-slide-image\" src=\"https:\/\/fa-lesia.eu\/wp-content\/uploads\/salatripcovich-pagina-8-283x300.jpg\" alt=\"3D Modell zur Darstellung der Funktionsgliederung f\u00fcr die Neunutzung eines ehemaligen Busbahnhofes bzw. Theaters Sala Tripcovich als Musik- und Kulturzentrum in Triest Stadtzentrum\" \/><\/figure><\/a><\/div><div class=\"swiper-slide\" role=\"group\" aria-roledescription=\"slide\" aria-label=\"2 von 8\"><a data-elementor-open-lightbox=\"yes\" data-elementor-lightbox-slideshow=\"ea8683f\" data-elementor-lightbox-title=\"Luftaufnahme des Bauwerks im Bereich Stadtzentrum Triest mit Hauptbahnhof, Portovecchio, Borgo Teresiano\" data-e-action-hash=\"#elementor-action%3Aaction%3Dlightbox%26settings%3DeyJpZCI6MTc5NCwidXJsIjoiaHR0cHM6XC9cL2ZhLWxlc2lhLmV1XC93cC1jb250ZW50XC91cGxvYWRzXC9zYWxhdHJpcGNvdmljaC1wYWdpbmEtNC5qcGciLCJzbGlkZXNob3ciOiJlYTg2ODNmIn0%3D\" href=\"https:\/\/fa-lesia.eu\/wp-content\/uploads\/salatripcovich-pagina-4.jpg\"><figure class=\"swiper-slide-inner\"><img decoding=\"async\" class=\"swiper-slide-image\" src=\"https:\/\/fa-lesia.eu\/wp-content\/uploads\/salatripcovich-pagina-4-300x225.jpg\" alt=\"Luftaufnahme von Stadtzentrum Triest mit Hauptbahnhof, Portovecchio, Borgo Teresiano zur Darstellung der st\u00e4dtischen Kontext f\u00fcr die Neunutzung eines ehemaligen Busbahnhofes bzw. Theaters Sala Tripcovich als Musik- und Kulturzentrum\" \/><\/figure><\/a><\/div><div class=\"swiper-slide\" role=\"group\" aria-roledescription=\"slide\" aria-label=\"3 von 8\"><a data-elementor-open-lightbox=\"yes\" data-elementor-lightbox-slideshow=\"ea8683f\" data-elementor-lightbox-title=\"3D Luftaufnahme des Bauwerks im Bereich Stadtzentrum Triest mit Hauptbahnhof, Portovecchio, Borgo Teresiano\" data-e-action-hash=\"#elementor-action%3Aaction%3Dlightbox%26settings%3DeyJpZCI6MTc5NSwidXJsIjoiaHR0cHM6XC9cL2ZhLWxlc2lhLmV1XC93cC1jb250ZW50XC91cGxvYWRzXC9zYWxhdHJpcGNvdmljaC1wYWdpbmEtNS5qcGciLCJzbGlkZXNob3ciOiJlYTg2ODNmIn0%3D\" href=\"https:\/\/fa-lesia.eu\/wp-content\/uploads\/salatripcovich-pagina-5.jpg\"><figure class=\"swiper-slide-inner\"><img decoding=\"async\" class=\"swiper-slide-image\" src=\"https:\/\/fa-lesia.eu\/wp-content\/uploads\/salatripcovich-pagina-5-300x207.jpg\" alt=\"3D Luftaufnahme von Stadtzentrum Triest mit Hauptbahnhof, Portovecchio, Borgo Teresiano zur Darstellung der st\u00e4dtischen Kontext f\u00fcr die Neunutzung eines ehemaligen Busbahnhofes bzw. Theaters Sala Tripcovich als Musik- und Kulturzentrum\" \/><\/figure><\/a><\/div><div class=\"swiper-slide\" role=\"group\" aria-roledescription=\"slide\" aria-label=\"4 von 8\"><a data-elementor-open-lightbox=\"yes\" data-elementor-lightbox-slideshow=\"ea8683f\" data-elementor-lightbox-title=\"3D Darstellung der Wegbeschreibung mit Promenade Architecturale\" data-e-action-hash=\"#elementor-action%3Aaction%3Dlightbox%26settings%3DeyJpZCI6MTc5NiwidXJsIjoiaHR0cHM6XC9cL2ZhLWxlc2lhLmV1XC93cC1jb250ZW50XC91cGxvYWRzXC9zYWxhdHJpcGNvdmljaC1wYWdpbmEtNi5qcGciLCJzbGlkZXNob3ciOiJlYTg2ODNmIn0%3D\" href=\"https:\/\/fa-lesia.eu\/wp-content\/uploads\/salatripcovich-pagina-6.jpg\"><figure class=\"swiper-slide-inner\"><img decoding=\"async\" class=\"swiper-slide-image\" src=\"https:\/\/fa-lesia.eu\/wp-content\/uploads\/salatripcovich-pagina-6-284x300.jpg\" alt=\"3D Modell zur Darstellung der Funktionsgliederung f\u00fcr die Neunutzung eines ehemaligen Busbahnhofes bzw. Theaters Sala Tripcovich als Musik- und Kulturzentrum in Triest Stadtzentrum\" \/><\/figure><\/a><\/div><div class=\"swiper-slide\" role=\"group\" aria-roledescription=\"slide\" aria-label=\"5 von 8\"><a data-elementor-open-lightbox=\"yes\" data-elementor-lightbox-slideshow=\"ea8683f\" data-elementor-lightbox-title=\"3D Darstellung der Funktionsgliederung\" data-elementor-lightbox-description=\"3D Modell: M. Michelesio, P. Boncompagno\" data-e-action-hash=\"#elementor-action%3Aaction%3Dlightbox%26settings%3DeyJpZCI6MTc5NywidXJsIjoiaHR0cHM6XC9cL2ZhLWxlc2lhLmV1XC93cC1jb250ZW50XC91cGxvYWRzXC9zYWxhdHJpcGNvdmljaC1wYWdpbmEtNy5qcGciLCJzbGlkZXNob3ciOiJlYTg2ODNmIn0%3D\" href=\"https:\/\/fa-lesia.eu\/wp-content\/uploads\/salatripcovich-pagina-7.jpg\"><figure class=\"swiper-slide-inner\"><img decoding=\"async\" class=\"swiper-slide-image\" src=\"https:\/\/fa-lesia.eu\/wp-content\/uploads\/salatripcovich-pagina-7-284x300.jpg\" alt=\"3D Modell zur Darstellung der Funktionsgliederung f\u00fcr die Neunutzung eines ehemaligen Busbahnhofes bzw. Theaters Sala Tripcovich als Musik- und Kulturzentrum in Triest Stadtzentrum - Beratungs- und Planungsleistungen in Architektur\" \/><\/figure><\/a><\/div><div class=\"swiper-slide\" role=\"group\" aria-roledescription=\"slide\" aria-label=\"6 von 8\"><a data-elementor-open-lightbox=\"yes\" data-elementor-lightbox-slideshow=\"ea8683f\" data-elementor-lightbox-title=\"Funktionsentwurf - Plan EG und Schnitt durch den Kleinsaal\" data-e-action-hash=\"#elementor-action%3Aaction%3Dlightbox%26settings%3DeyJpZCI6MTc5OSwidXJsIjoiaHR0cHM6XC9cL2ZhLWxlc2lhLmV1XC93cC1jb250ZW50XC91cGxvYWRzXC9zYWxhdHJpcGNvdmljaC1wYWdpbmEtOS5wbmciLCJzbGlkZXNob3ciOiJlYTg2ODNmIn0%3D\" href=\"https:\/\/fa-lesia.eu\/wp-content\/uploads\/salatripcovich-pagina-9.png\"><figure class=\"swiper-slide-inner\"><img decoding=\"async\" class=\"swiper-slide-image\" src=\"https:\/\/fa-lesia.eu\/wp-content\/uploads\/salatripcovich-pagina-9-289x300.png\" alt=\"Funktionsentwurf f\u00fcr die Neunutzung eines ehemaligen Busbahnhofes bzw. Theaters Sala Tripcovich als Musik- und Kulturzentrum in Triest Stadtzentrum Plan Erdgeschoss und Schnitt durch den Kleinsaal\" \/><\/figure><\/a><\/div><div class=\"swiper-slide\" role=\"group\" aria-roledescription=\"slide\" aria-label=\"7 von 8\"><a data-elementor-open-lightbox=\"yes\" data-elementor-lightbox-slideshow=\"ea8683f\" data-elementor-lightbox-title=\"Funktionsentwurf - Plan EG und Schnitt durch die Veranstaltungshalle\" data-e-action-hash=\"#elementor-action%3Aaction%3Dlightbox%26settings%3DeyJpZCI6MjE5NywidXJsIjoiaHR0cHM6XC9cL2ZhLWxlc2lhLmV1XC93cC1jb250ZW50XC91cGxvYWRzXC9zYWxhdHJpcGNvdmljaC1wYWdpbmEtMTAucG5nIiwic2xpZGVzaG93IjoiZWE4NjgzZiJ9\" href=\"https:\/\/fa-lesia.eu\/wp-content\/uploads\/salatripcovich-pagina-10.png\"><figure class=\"swiper-slide-inner\"><img decoding=\"async\" class=\"swiper-slide-image\" src=\"https:\/\/fa-lesia.eu\/wp-content\/uploads\/salatripcovich-pagina-10-300x300.png\" alt=\"Funktionsentwurf f\u00fcr die Neunutzung eines ehemaligen Busbahnhofes bzw. Theaters Sala Tripcovich als Musik- und Kulturzentrum in Triest Stadtzentrum Plan Prober\u00e4ume und Schnitt durch die Veranstaltungshalle\" \/><\/figure><\/a><\/div><div class=\"swiper-slide\" role=\"group\" aria-roledescription=\"slide\" aria-label=\"8 von 8\"><a data-elementor-open-lightbox=\"yes\" data-elementor-lightbox-slideshow=\"ea8683f\" data-elementor-lightbox-title=\"Funktionsentwurf - Plan Prober\u00e4ume und Kleinsaal und Schnitt durch die Prober\u00e4ume\" data-e-action-hash=\"#elementor-action%3Aaction%3Dlightbox%26settings%3DeyJpZCI6MjE5OSwidXJsIjoiaHR0cHM6XC9cL2ZhLWxlc2lhLmV1XC93cC1jb250ZW50XC91cGxvYWRzXC9zYWxhdHJpcGNvdmljaC1wYWdpbmEtMTEtMS5wbmciLCJzbGlkZXNob3ciOiJlYTg2ODNmIn0%3D\" href=\"https:\/\/fa-lesia.eu\/wp-content\/uploads\/salatripcovich-pagina-11-1.png\"><figure class=\"swiper-slide-inner\"><img decoding=\"async\" class=\"swiper-slide-image\" src=\"https:\/\/fa-lesia.eu\/wp-content\/uploads\/salatripcovich-pagina-11-1-261x300.png\" alt=\"Funktionsentwurf f\u00fcr die Neunutzung eines ehemaligen Busbahnhofes bzw. Theaters Sala Tripcovich als Musik- und Kulturzentrum in Triest Stadtzentrum Plan Prober\u00e4ume und Kleinsaal und Schnitt durch die Prober\u00e4ume und den Kleinsaal\" \/><\/figure><\/a><\/div>\t\t\t<\/div>\n\t\t\t\t\t\t\t\t\t\t\t\t<div class=\"elementor-swiper-button elementor-swiper-button-prev\" role=\"button\" tabindex=\"0\">\n\t\t\t\t\t\t<i aria-hidden=\"true\" class=\"eicon-chevron-left\"><\/i>\t\t\t\t\t<\/div>\n\t\t\t\t\t<div class=\"elementor-swiper-button elementor-swiper-button-next\" role=\"button\" tabindex=\"0\">\n\t\t\t\t\t\t<i aria-hidden=\"true\" class=\"eicon-chevron-right\"><\/i>\t\t\t\t\t<\/div>\n\t\t\t\t\n\t\t\t\t\t\t\t\t\t<div class=\"swiper-pagination\"><\/div>\n\t\t\t\t\t\t\t\t\t<\/div>\n\t\t\t\t\t\t<\/div>\n\t\t\t\t<\/div>\n\t\t\t\t\t<\/div>\n\t\t<\/div>\n\t\t\t\t<div class=\"elementor-column elementor-col-50 elementor-inner-column elementor-element elementor-element-4c71bab\" data-id=\"4c71bab\" data-element_type=\"column\">\n\t\t\t<div class=\"elementor-widget-wrap elementor-element-populated\">\n\t\t\t\t\t\t<div class=\"elementor-element elementor-element-c46476c elementor-widget elementor-widget-text-editor\" data-id=\"c46476c\" data-element_type=\"widget\" data-widget_type=\"text-editor.default\">\n\t\t\t\t<div class=\"elementor-widget-container\">\n\t\t\t\t\t\t\t\t\t<h1><b>Trip_pop_vich<\/b><\/h1><h2 class=\" translation-block\"><b>Progetto<\/b>: Riuso del teatro Sala Tripcovich con riconversione e nuova costruzione di un centro culturale e musicale.<br><b>Committente:<\/b>\u00a0Comitato Nuova Tripcovich e.V.<br><b>Anno:<\/b> 2011<br><b>Localit\u00e0:<\/b> Trieste, Italia<br><b>Progetto:<\/b> C. Farina (capogruppo) con M. Boncompagno, P. Boncompagno , C. Kruml, M .Michelesio, L. Pillan \u2013 Trieste<br><b>Attivit\u00e0 e prestazioni svolte:<\/b> Architetto, project manager LPH 1-3<\/h2>\t\t\t\t\t\t\t\t<\/div>\n\t\t\t\t<\/div>\n\t\t\t\t\t<\/div>\n\t\t<\/div>\n\t\t\t\t\t<\/div>\n\t\t<\/section>\n\t\t\t\t<section class=\"elementor-section elementor-inner-section elementor-element elementor-element-e51d31e elementor-section-boxed elementor-section-height-default elementor-section-height-default\" data-id=\"e51d31e\" data-element_type=\"section\">\n\t\t\t\t\t\t<div class=\"elementor-container elementor-column-gap-default\">\n\t\t\t\t\t<div class=\"elementor-column elementor-col-50 elementor-inner-column elementor-element elementor-element-2785d62\" data-id=\"2785d62\" data-element_type=\"column\">\n\t\t\t<div class=\"elementor-widget-wrap elementor-element-populated\">\n\t\t\t\t\t\t<div class=\"elementor-element elementor-element-85b2ac8 elementor-arrows-position-inside elementor-pagination-position-outside elementor-widget elementor-widget-image-carousel\" data-id=\"85b2ac8\" data-element_type=\"widget\" data-settings=\"{&quot;slides_to_show&quot;:&quot;1&quot;,&quot;autoplay&quot;:&quot;no&quot;,&quot;navigation&quot;:&quot;both&quot;,&quot;infinite&quot;:&quot;yes&quot;,&quot;effect&quot;:&quot;slide&quot;,&quot;speed&quot;:500}\" data-widget_type=\"image-carousel.default\">\n\t\t\t\t<div class=\"elementor-widget-container\">\n\t\t\t\t\t\t\t<div class=\"elementor-image-carousel-wrapper swiper\" role=\"region\" aria-roledescription=\"carousel\" aria-label=\"Bild Karussell\" dir=\"ltr\">\n\t\t\t<div class=\"elementor-image-carousel swiper-wrapper\" aria-live=\"polite\">\n\t\t\t\t\t\t\t\t<div class=\"swiper-slide\" role=\"group\" aria-roledescription=\"slide\" aria-label=\"1 von 9\"><a data-elementor-open-lightbox=\"yes\" data-elementor-lightbox-slideshow=\"85b2ac8\" data-elementor-lightbox-title=\"Foto des Eckgeb\u00e4udes und des H\u00e4userblocks via Crispi und via Muratti entlang\" data-e-action-hash=\"#elementor-action%3Aaction%3Dlightbox%26settings%3DeyJpZCI6MjkxNCwidXJsIjoiaHR0cHM6XC9cL2ZhLWxlc2lhLmV1XC93cC1jb250ZW50XC91cGxvYWRzXC9pc29sYUNoaW96emEwMWItMi5qcGciLCJzbGlkZXNob3ciOiI4NWIyYWM4In0%3D\" href=\"https:\/\/fa-lesia.eu\/wp-content\/uploads\/isolaChiozza01b-2.jpg\"><figure class=\"swiper-slide-inner\"><img decoding=\"async\" class=\"swiper-slide-image\" src=\"https:\/\/fa-lesia.eu\/wp-content\/uploads\/isolaChiozza01b-2-300x272.jpg\" alt=\"Fotos des sogenannten Isola Chiozza Stra\u00dfenblocks in Stadtzentrum Triest mit dem Eckgeb\u00e4ude via Crispi-via Muratti an der rechten Seite das Kino Excelsior das mit dem gesamten H\u00e4userblock umgebaut und neugenutzt werden sollte - Beratungs- und Planungsleistungen in Architektur\" \/><\/figure><\/a><\/div><div class=\"swiper-slide\" role=\"group\" aria-roledescription=\"slide\" aria-label=\"2 von 9\"><a data-elementor-open-lightbox=\"yes\" data-elementor-lightbox-slideshow=\"85b2ac8\" data-elementor-lightbox-title=\"Luftaufnahme mit dem H\u00e4userblock im Kontext der Stadt Triest\" data-e-action-hash=\"#elementor-action%3Aaction%3Dlightbox%26settings%3DeyJpZCI6MjkxNSwidXJsIjoiaHR0cHM6XC9cL2ZhLWxlc2lhLmV1XC93cC1jb250ZW50XC91cGxvYWRzXC9pc29sYUNoaW96emEwMi0zLmpwZyIsInNsaWRlc2hvdyI6Ijg1YjJhYzgifQ%3D%3D\" href=\"https:\/\/fa-lesia.eu\/wp-content\/uploads\/isolaChiozza02-3.jpg\"><figure class=\"swiper-slide-inner\"><img decoding=\"async\" class=\"swiper-slide-image\" src=\"https:\/\/fa-lesia.eu\/wp-content\/uploads\/isolaChiozza02-3-300x166.jpg\" alt=\"Luftaufnahme mit st\u00e4dtischen Kontext des sogenannten Isola Chiozza Stra\u00dfenblocks in Stadtzentrum Triest das gesamte H\u00e4userblock sollte umgebaut und neugenutzt werden\" \/><\/figure><\/a><\/div><div class=\"swiper-slide\" role=\"group\" aria-roledescription=\"slide\" aria-label=\"3 von 9\"><a data-elementor-open-lightbox=\"yes\" data-elementor-lightbox-slideshow=\"85b2ac8\" data-elementor-lightbox-title=\"3D Luftaufnahme mit dem H\u00e4userblock im Kontext der Stadt Triest\" data-e-action-hash=\"#elementor-action%3Aaction%3Dlightbox%26settings%3DeyJpZCI6MjkyNSwidXJsIjoiaHR0cHM6XC9cL2ZhLWxlc2lhLmV1XC93cC1jb250ZW50XC91cGxvYWRzXC9pc29sYUNoaW96emEwMy0zLmpwZyIsInNsaWRlc2hvdyI6Ijg1YjJhYzgifQ%3D%3D\" href=\"https:\/\/fa-lesia.eu\/wp-content\/uploads\/isolaChiozza03-3.jpg\"><figure class=\"swiper-slide-inner\"><img decoding=\"async\" class=\"swiper-slide-image\" src=\"https:\/\/fa-lesia.eu\/wp-content\/uploads\/isolaChiozza03-3-249x300.jpg\" alt=\"3D Luftaufnahmen des sogenannten Isola Chiozza Stra\u00dfenblocks in Stadtzentrum Triest das gesamte H\u00e4userblock sollte umgebaut und neugenutzt werden\" \/><\/figure><\/a><\/div><div class=\"swiper-slide\" role=\"group\" aria-roledescription=\"slide\" aria-label=\"4 von 9\"><a data-elementor-open-lightbox=\"yes\" data-elementor-lightbox-slideshow=\"85b2ac8\" data-elementor-lightbox-title=\"Fotos des Stra\u00dfenblock im Kontext des Stadtzentrums\" data-e-action-hash=\"#elementor-action%3Aaction%3Dlightbox%26settings%3DeyJpZCI6MjkxNiwidXJsIjoiaHR0cHM6XC9cL2ZhLWxlc2lhLmV1XC93cC1jb250ZW50XC91cGxvYWRzXC9pc29sYUNoaW96emEwMS0xMS0xLnBuZyIsInNsaWRlc2hvdyI6Ijg1YjJhYzgifQ%3D%3D\" href=\"https:\/\/fa-lesia.eu\/wp-content\/uploads\/isolaChiozza01-11-1.png\"><figure class=\"swiper-slide-inner\"><img decoding=\"async\" class=\"swiper-slide-image\" src=\"https:\/\/fa-lesia.eu\/wp-content\/uploads\/isolaChiozza01-11-1-300x213.png\" alt=\"Fotos des sogenannten Isola Chiozza Stra\u00dfenblock im Kontext der Stadt: viale XX Settembre, via Muratti, via Crispi, via del Toro\" \/><\/figure><\/a><\/div><div class=\"swiper-slide\" role=\"group\" aria-roledescription=\"slide\" aria-label=\"5 von 9\"><a data-elementor-open-lightbox=\"yes\" data-elementor-lightbox-slideshow=\"85b2ac8\" data-elementor-lightbox-title=\"Fotos des Stra\u00dfenblock im Kontext des Stadtzentrums mit der Passage via Crispi-viale XX Settembre\" data-e-action-hash=\"#elementor-action%3Aaction%3Dlightbox%26settings%3DeyJpZCI6MjkxNywidXJsIjoiaHR0cHM6XC9cL2ZhLWxlc2lhLmV1XC93cC1jb250ZW50XC91cGxvYWRzXC9pc29sYUNoaW96emEwMS0xMi0xLmpwZyIsInNsaWRlc2hvdyI6Ijg1YjJhYzgifQ%3D%3D\" href=\"https:\/\/fa-lesia.eu\/wp-content\/uploads\/isolaChiozza01-12-1.jpg\"><figure class=\"swiper-slide-inner\"><img decoding=\"async\" class=\"swiper-slide-image\" src=\"https:\/\/fa-lesia.eu\/wp-content\/uploads\/isolaChiozza01-12-1-300x214.jpg\" alt=\"Fotos des sogenannten Isola ChiozzaStra\u00dfenblock im Kontext der Stadt mit der Passage via Crispi-viale XX Settembre\" \/><\/figure><\/a><\/div><div class=\"swiper-slide\" role=\"group\" aria-roledescription=\"slide\" aria-label=\"6 von 9\"><a data-elementor-open-lightbox=\"yes\" data-elementor-lightbox-slideshow=\"85b2ac8\" data-elementor-lightbox-title=\"Funktionsplan EG und 3D Funktionsgliederung Variante 1\" data-e-action-hash=\"#elementor-action%3Aaction%3Dlightbox%26settings%3DeyJpZCI6MjkxOCwidXJsIjoiaHR0cHM6XC9cL2ZhLWxlc2lhLmV1XC93cC1jb250ZW50XC91cGxvYWRzXC9pc29sYUNoaW96emEwMS02NC0xLnBuZyIsInNsaWRlc2hvdyI6Ijg1YjJhYzgifQ%3D%3D\" href=\"https:\/\/fa-lesia.eu\/wp-content\/uploads\/isolaChiozza01-64-1.png\"><figure class=\"swiper-slide-inner\"><img decoding=\"async\" class=\"swiper-slide-image\" src=\"https:\/\/fa-lesia.eu\/wp-content\/uploads\/isolaChiozza01-64-1-300x184.png\" alt=\"3D Funktionsgliederung der Variante 1 und Funktionsentwurf Plan EG f\u00fcr die Neunutzung des sogenannten Isola Chiozza Stra\u00dfenblocks im Stadtzentrum Triest\" \/><\/figure><\/a><\/div><div class=\"swiper-slide\" role=\"group\" aria-roledescription=\"slide\" aria-label=\"7 von 9\"><a data-elementor-open-lightbox=\"yes\" data-elementor-lightbox-slideshow=\"85b2ac8\" data-elementor-lightbox-title=\"Funktionsplan 1.OG\" data-e-action-hash=\"#elementor-action%3Aaction%3Dlightbox%26settings%3DeyJpZCI6MjkxOSwidXJsIjoiaHR0cHM6XC9cL2ZhLWxlc2lhLmV1XC93cC1jb250ZW50XC91cGxvYWRzXC9pc29sYUNoaW96emEwMS0xNy1Lb3BpZS5wbmciLCJzbGlkZXNob3ciOiI4NWIyYWM4In0%3D\" href=\"https:\/\/fa-lesia.eu\/wp-content\/uploads\/isolaChiozza01-17-Kopie.png\"><figure class=\"swiper-slide-inner\"><img decoding=\"async\" class=\"swiper-slide-image\" src=\"https:\/\/fa-lesia.eu\/wp-content\/uploads\/isolaChiozza01-17-Kopie-300x217.png\" alt=\"3D Funktionsgliederung und Funktionsentwurf Plan 1.OG f\u00fcr die Neunutzung des sogenannten Isola Chiozza Stra\u00dfenblocks im Stadtzentrum Triest\" \/><\/figure><\/a><\/div><div class=\"swiper-slide\" role=\"group\" aria-roledescription=\"slide\" aria-label=\"8 von 9\"><a data-elementor-open-lightbox=\"yes\" data-elementor-lightbox-slideshow=\"85b2ac8\" data-elementor-lightbox-title=\"3D Funktionsgliederung der Varianten 2-3-4\" data-e-action-hash=\"#elementor-action%3Aaction%3Dlightbox%26settings%3DeyJpZCI6MjkyMCwidXJsIjoiaHR0cHM6XC9cL2ZhLWxlc2lhLmV1XC93cC1jb250ZW50XC91cGxvYWRzXC9pc29sYUNoaW96emEtbmV3LTEucG5nIiwic2xpZGVzaG93IjoiODViMmFjOCJ9\" href=\"https:\/\/fa-lesia.eu\/wp-content\/uploads\/isolaChiozza-new-1.png\"><figure class=\"swiper-slide-inner\"><img decoding=\"async\" class=\"swiper-slide-image\" src=\"https:\/\/fa-lesia.eu\/wp-content\/uploads\/isolaChiozza-new-1-300x295.png\" alt=\"3D Funktionsgliederung der Varianten 2-3-4 f\u00fcr die Neunutzung des sogenannten Isola Chiozza Stra\u00dfenblocks im Stadtzentrum Triest\" \/><\/figure><\/a><\/div><div class=\"swiper-slide\" role=\"group\" aria-roledescription=\"slide\" aria-label=\"9 von 9\"><a data-elementor-open-lightbox=\"yes\" data-elementor-lightbox-slideshow=\"85b2ac8\" data-elementor-lightbox-title=\"Aufstellung der Funktionsentw\u00fcrfe f\u00fcr die Varianten 1-2-3-4\" data-e-action-hash=\"#elementor-action%3Aaction%3Dlightbox%26settings%3DeyJpZCI6MjkyMSwidXJsIjoiaHR0cHM6XC9cL2ZhLWxlc2lhLmV1XC93cC1jb250ZW50XC91cGxvYWRzXC9jb21wbGV0by0xLnBuZyIsInNsaWRlc2hvdyI6Ijg1YjJhYzgifQ%3D%3D\" href=\"https:\/\/fa-lesia.eu\/wp-content\/uploads\/completo-1.png\"><figure class=\"swiper-slide-inner\"><img decoding=\"async\" class=\"swiper-slide-image\" src=\"https:\/\/fa-lesia.eu\/wp-content\/uploads\/completo-1-300x216.png\" alt=\"Aufstellung der Funktionsentw\u00fcrfe f\u00fcr die Varianten 1-2-3-4 f\u00fcr die Neunutzung des sogenannten Isola Chiozza Stra\u00dfenblocks im Stadtzentrum Triest\" \/><\/figure><\/a><\/div>\t\t\t<\/div>\n\t\t\t\t\t\t\t\t\t\t\t\t<div class=\"elementor-swiper-button elementor-swiper-button-prev\" role=\"button\" tabindex=\"0\">\n\t\t\t\t\t\t<i aria-hidden=\"true\" class=\"eicon-chevron-left\"><\/i>\t\t\t\t\t<\/div>\n\t\t\t\t\t<div class=\"elementor-swiper-button elementor-swiper-button-next\" role=\"button\" tabindex=\"0\">\n\t\t\t\t\t\t<i aria-hidden=\"true\" class=\"eicon-chevron-right\"><\/i>\t\t\t\t\t<\/div>\n\t\t\t\t\n\t\t\t\t\t\t\t\t\t<div class=\"swiper-pagination\"><\/div>\n\t\t\t\t\t\t\t\t\t<\/div>\n\t\t\t\t\t\t<\/div>\n\t\t\t\t<\/div>\n\t\t\t\t\t<\/div>\n\t\t<\/div>\n\t\t\t\t<div class=\"elementor-column elementor-col-50 elementor-inner-column elementor-element elementor-element-778279a\" data-id=\"778279a\" data-element_type=\"column\">\n\t\t\t<div class=\"elementor-widget-wrap elementor-element-populated\">\n\t\t\t\t\t\t<div class=\"elementor-element elementor-element-7232d30 elementor-widget elementor-widget-text-editor\" data-id=\"7232d30\" data-element_type=\"widget\" data-widget_type=\"text-editor.default\">\n\t\t\t\t<div class=\"elementor-widget-container\">\n\t\t\t\t\t\t\t\t\t<h1><b>Isola Chiozza<\/b><\/h1><h2 class=\" translation-block\"><b>Progetto<\/b>: Concept per la nuova destinazione d'uso di un isolato storico con centro commerciale, strutture ricreative, uffici e appartamenti.<br><b>Committente:<\/b> Privato<br><b>Anno:<\/b> 2008 <br><b>Localit\u00e0:\u00a0<\/b>Trieste, Italia<br><b>Progetto:<\/b> C. Farina (capogruppo) con J. Fuchs, C. Kruml, P. Ongaro \u2013 Trieste<br> <b>Attivit\u00e0 e prestazioni svolte:<\/b> Architetto, project manager LPH 1-3<\/h2>\t\t\t\t\t\t\t\t<\/div>\n\t\t\t\t<\/div>\n\t\t\t\t\t<\/div>\n\t\t<\/div>\n\t\t\t\t\t<\/div>\n\t\t<\/section>\n\t\t\t\t<section class=\"elementor-section elementor-inner-section elementor-element elementor-element-758c182 elementor-section-boxed elementor-section-height-default elementor-section-height-default\" data-id=\"758c182\" data-element_type=\"section\">\n\t\t\t\t\t\t<div class=\"elementor-container elementor-column-gap-default\">\n\t\t\t\t\t<div class=\"elementor-column elementor-col-50 elementor-inner-column elementor-element elementor-element-ea9d820\" data-id=\"ea9d820\" data-element_type=\"column\">\n\t\t\t<div class=\"elementor-widget-wrap elementor-element-populated\">\n\t\t\t\t\t\t<div class=\"elementor-element elementor-element-129a411 elementor-arrows-position-inside elementor-pagination-position-outside elementor-widget elementor-widget-image-carousel\" data-id=\"129a411\" data-element_type=\"widget\" data-settings=\"{&quot;slides_to_show&quot;:&quot;1&quot;,&quot;autoplay&quot;:&quot;no&quot;,&quot;navigation&quot;:&quot;both&quot;,&quot;infinite&quot;:&quot;yes&quot;,&quot;effect&quot;:&quot;slide&quot;,&quot;speed&quot;:500}\" data-widget_type=\"image-carousel.default\">\n\t\t\t\t<div class=\"elementor-widget-container\">\n\t\t\t\t\t\t\t<div class=\"elementor-image-carousel-wrapper swiper\" role=\"region\" aria-roledescription=\"carousel\" aria-label=\"Bild Karussell\" dir=\"ltr\">\n\t\t\t<div class=\"elementor-image-carousel swiper-wrapper\" aria-live=\"polite\">\n\t\t\t\t\t\t\t\t<div class=\"swiper-slide\" role=\"group\" aria-roledescription=\"slide\" aria-label=\"1 von 7\"><a data-elementor-open-lightbox=\"yes\" data-elementor-lightbox-slideshow=\"129a411\" data-elementor-lightbox-title=\"Das Zentrum f\u00fcr Psychiatrie Domio nach dem Umbau\" data-elementor-lightbox-description=\"ph: \u00a9 Stefano graziani\" data-e-action-hash=\"#elementor-action%3Aaction%3Dlightbox%26settings%3DeyJpZCI6MTgwNywidXJsIjoiaHR0cHM6XC9cL2ZhLWxlc2lhLmV1XC93cC1jb250ZW50XC91cGxvYWRzXC8wNF9kb21fYy5qcGciLCJzbGlkZXNob3ciOiIxMjlhNDExIn0%3D\" href=\"https:\/\/fa-lesia.eu\/wp-content\/uploads\/04_dom_c.jpg\"><figure class=\"swiper-slide-inner\"><img decoding=\"async\" class=\"swiper-slide-image\" src=\"https:\/\/fa-lesia.eu\/wp-content\/uploads\/04_dom_c-300x197.jpg\" alt=\"Foto des neuen Zentrums f\u00fcr Psychiatrie in Domio Triest nach dem Umbau Im Vordergrund die neue Terrasse mit Pergola\" \/><\/figure><\/a><\/div><div class=\"swiper-slide\" role=\"group\" aria-roledescription=\"slide\" aria-label=\"2 von 7\"><a data-elementor-open-lightbox=\"yes\" data-elementor-lightbox-slideshow=\"129a411\" data-elementor-lightbox-title=\"Detail der Fassade mit der neuen Fluchttreppe - 2022\" data-e-action-hash=\"#elementor-action%3Aaction%3Dlightbox%26settings%3DeyJpZCI6NjQ4MSwidXJsIjoiaHR0cHM6XC9cL2ZhLWxlc2lhLmV1XC93cC1jb250ZW50XC91cGxvYWRzXC9kb21pb19uZXVfMDEuanBnIiwic2xpZGVzaG93IjoiMTI5YTQxMSJ9\" href=\"https:\/\/fa-lesia.eu\/wp-content\/uploads\/domio_neu_01.jpg\"><figure class=\"swiper-slide-inner\"><img decoding=\"async\" class=\"swiper-slide-image\" src=\"https:\/\/fa-lesia.eu\/wp-content\/uploads\/domio_neu_01-300x144.jpg\" alt=\"Detail der Fassade mit der neuen Fluchttreppe - 2022\" \/><\/figure><\/a><\/div><div class=\"swiper-slide\" role=\"group\" aria-roledescription=\"slide\" aria-label=\"3 von 7\"><a data-elementor-open-lightbox=\"yes\" data-elementor-lightbox-slideshow=\"129a411\" data-elementor-lightbox-title=\"Detail der Fassade von der Stra\u00dfe - 2022\" data-e-action-hash=\"#elementor-action%3Aaction%3Dlightbox%26settings%3DeyJpZCI6NjQ4MCwidXJsIjoiaHR0cHM6XC9cL2ZhLWxlc2lhLmV1XC93cC1jb250ZW50XC91cGxvYWRzXC9kb21pb19uZXVfMDIuanBnIiwic2xpZGVzaG93IjoiMTI5YTQxMSJ9\" href=\"https:\/\/fa-lesia.eu\/wp-content\/uploads\/domio_neu_02.jpg\"><figure class=\"swiper-slide-inner\"><img decoding=\"async\" class=\"swiper-slide-image\" src=\"https:\/\/fa-lesia.eu\/wp-content\/uploads\/domio_neu_02-300x212.jpg\" alt=\"Detail der Fassade von der Stra\u00dfe - 2022\" \/><\/figure><\/a><\/div><div class=\"swiper-slide\" role=\"group\" aria-roledescription=\"slide\" aria-label=\"4 von 7\"><a data-elementor-open-lightbox=\"yes\" data-elementor-lightbox-slideshow=\"129a411\" data-elementor-lightbox-title=\"Fassade S\u00fcd und Ost - 2022\" data-e-action-hash=\"#elementor-action%3Aaction%3Dlightbox%26settings%3DeyJpZCI6NjQ3OSwidXJsIjoiaHR0cHM6XC9cL2ZhLWxlc2lhLmV1XC93cC1jb250ZW50XC91cGxvYWRzXC9kb21pb19uZXVfMDMuanBnIiwic2xpZGVzaG93IjoiMTI5YTQxMSJ9\" href=\"https:\/\/fa-lesia.eu\/wp-content\/uploads\/domio_neu_03.jpg\"><figure class=\"swiper-slide-inner\"><img decoding=\"async\" class=\"swiper-slide-image\" src=\"https:\/\/fa-lesia.eu\/wp-content\/uploads\/domio_neu_03-300x235.jpg\" alt=\"Fassade S\u00fcd und Ost - 2022\" \/><\/figure><\/a><\/div><div class=\"swiper-slide\" role=\"group\" aria-roledescription=\"slide\" aria-label=\"5 von 7\"><a data-elementor-open-lightbox=\"yes\" data-elementor-lightbox-slideshow=\"129a411\" data-elementor-lightbox-title=\"Detail der Terrasse mit der Fluchttreppe - 2022\" data-e-action-hash=\"#elementor-action%3Aaction%3Dlightbox%26settings%3DeyJpZCI6NjQ3NywidXJsIjoiaHR0cHM6XC9cL2ZhLWxlc2lhLmV1XC93cC1jb250ZW50XC91cGxvYWRzXC9kb21pb19uZXVfMDUuanBnIiwic2xpZGVzaG93IjoiMTI5YTQxMSJ9\" href=\"https:\/\/fa-lesia.eu\/wp-content\/uploads\/domio_neu_05.jpg\"><figure class=\"swiper-slide-inner\"><img decoding=\"async\" class=\"swiper-slide-image\" src=\"https:\/\/fa-lesia.eu\/wp-content\/uploads\/domio_neu_05-300x222.jpg\" alt=\"Detail der Terrasse mit der Fluchttreppe - 2022\" \/><\/figure><\/a><\/div><div class=\"swiper-slide\" role=\"group\" aria-roledescription=\"slide\" aria-label=\"6 von 7\"><a data-elementor-open-lightbox=\"yes\" data-elementor-lightbox-slideshow=\"129a411\" data-elementor-lightbox-title=\"Erdgescho\u00df mit Empfang, Praxis, Wohnbereich und Garten\" data-e-action-hash=\"#elementor-action%3Aaction%3Dlightbox%26settings%3DeyJpZCI6MTgwMywidXJsIjoiaHR0cHM6XC9cL2ZhLWxlc2lhLmV1XC93cC1jb250ZW50XC91cGxvYWRzXC8wNF9Eb21fYS5qcGciLCJzbGlkZXNob3ciOiIxMjlhNDExIn0%3D\" href=\"https:\/\/fa-lesia.eu\/wp-content\/uploads\/04_Dom_a.jpg\"><figure class=\"swiper-slide-inner\"><img decoding=\"async\" class=\"swiper-slide-image\" src=\"https:\/\/fa-lesia.eu\/wp-content\/uploads\/04_Dom_a-300x247.jpg\" alt=\"Umbaus des Zentrums f\u00fcr Psychiatrie in Domio Plan EG mit dem Garten\" \/><\/figure><\/a><\/div><div class=\"swiper-slide\" role=\"group\" aria-roledescription=\"slide\" aria-label=\"7 von 7\"><a data-elementor-open-lightbox=\"yes\" data-elementor-lightbox-slideshow=\"129a411\" data-elementor-lightbox-title=\"Wohnbereich mit Fenstert\u00fcren zu dem Garten\" data-elementor-lightbox-description=\"ph: \u00a9 Stefano graziani\" data-e-action-hash=\"#elementor-action%3Aaction%3Dlightbox%26settings%3DeyJpZCI6MTgwOCwidXJsIjoiaHR0cHM6XC9cL2ZhLWxlc2lhLmV1XC93cC1jb250ZW50XC91cGxvYWRzXC8wNF9kb21fZC5qcGciLCJzbGlkZXNob3ciOiIxMjlhNDExIn0%3D\" href=\"https:\/\/fa-lesia.eu\/wp-content\/uploads\/04_dom_d.jpg\"><figure class=\"swiper-slide-inner\"><img decoding=\"async\" class=\"swiper-slide-image\" src=\"https:\/\/fa-lesia.eu\/wp-content\/uploads\/04_dom_d-300x222.jpg\" alt=\"Foto des Inneres des Zentrums f\u00fcr Psychiatrie nach dem Umbau Wohnbereich mit Fenstert\u00fcren zu dem Garten\" \/><\/figure><\/a><\/div>\t\t\t<\/div>\n\t\t\t\t\t\t\t\t\t\t\t\t<div class=\"elementor-swiper-button elementor-swiper-button-prev\" role=\"button\" tabindex=\"0\">\n\t\t\t\t\t\t<i aria-hidden=\"true\" class=\"eicon-chevron-left\"><\/i>\t\t\t\t\t<\/div>\n\t\t\t\t\t<div class=\"elementor-swiper-button elementor-swiper-button-next\" role=\"button\" tabindex=\"0\">\n\t\t\t\t\t\t<i aria-hidden=\"true\" class=\"eicon-chevron-right\"><\/i>\t\t\t\t\t<\/div>\n\t\t\t\t\n\t\t\t\t\t\t\t\t\t<div class=\"swiper-pagination\"><\/div>\n\t\t\t\t\t\t\t\t\t<\/div>\n\t\t\t\t\t\t<\/div>\n\t\t\t\t<\/div>\n\t\t\t\t<div class=\"elementor-element elementor-element-7e33205 elementor-hidden-desktop elementor-hidden-tablet elementor-widget elementor-widget-button\" data-id=\"7e33205\" data-element_type=\"widget\" data-widget_type=\"button.default\">\n\t\t\t\t<div class=\"elementor-widget-container\">\n\t\t\t\t\t\t\t\t\t<div class=\"elementor-button-wrapper\">\n\t\t\t\t\t<a class=\"elementor-button elementor-button-link elementor-size-xs\" href=\"http:\/\/www.starassociati.com\/portfolio\/centro-domio\/\">\n\t\t\t\t\t\t<span class=\"elementor-button-content-wrapper\">\n\t\t\t\t\t\t<span class=\"elementor-button-icon\">\n\t\t\t\t<i aria-hidden=\"true\" class=\"far fa-arrow-alt-circle-right\"><\/i>\t\t\t<\/span>\n\t\t\t\t\t\t\t\t<\/span>\n\t\t\t\t\t<\/a>\n\t\t\t\t<\/div>\n\t\t\t\t\t\t\t\t<\/div>\n\t\t\t\t<\/div>\n\t\t\t\t\t<\/div>\n\t\t<\/div>\n\t\t\t\t<div class=\"elementor-column elementor-col-50 elementor-inner-column elementor-element elementor-element-3e7fcd8\" data-id=\"3e7fcd8\" data-element_type=\"column\">\n\t\t\t<div class=\"elementor-widget-wrap elementor-element-populated\">\n\t\t\t\t\t\t<div class=\"elementor-element elementor-element-dba0ffe elementor-widget elementor-widget-text-editor\" data-id=\"dba0ffe\" data-element_type=\"widget\" data-widget_type=\"text-editor.default\">\n\t\t\t\t<div class=\"elementor-widget-container\">\n\t\t\t\t\t\t\t\t\t<h1><b>CSM Domio<\/b><\/h1><h2 class=\" translation-block\"><b>Progetto <\/b>: Risanamento di un centro di salute mentale. <br><b>Committente:<\/b> Azienda per i servizi sanitari di Trieste<br><b>Anno:<\/b> 2012<br><b>Localit\u00e0:<\/b> Domio (Trieste), Italia<br><b>Progetto:<\/b> Starassociati studio di architettura (R. Dambrosi, G.P. Bartoli, C. Farina, M. Martinelli, V. Markezi\u010d)- Trieste <br><b>Attivit\u00e0 e servizi:<\/b> Architetto, progettista e direttore dei lavori LPH 1-8<\/h2>\t\t\t\t\t\t\t\t<\/div>\n\t\t\t\t<\/div>\n\t\t\t\t\t<\/div>\n\t\t<\/div>\n\t\t\t\t\t<\/div>\n\t\t<\/section>\n\t\t\t\t\t<\/div>\n\t\t<\/div>\n\t\t\t\t\t<\/div>\n\t\t<\/section>\n\t\t\t\t<section class=\"elementor-section elementor-top-section elementor-element elementor-element-34fc4e1 elementor-section-boxed elementor-section-height-default elementor-section-height-default\" data-id=\"34fc4e1\" data-element_type=\"section\" data-settings=\"{&quot;background_background&quot;:&quot;classic&quot;}\">\n\t\t\t\t\t\t<div class=\"elementor-container elementor-column-gap-default\">\n\t\t\t\t\t<div class=\"elementor-column elementor-col-33 elementor-top-column elementor-element elementor-element-a5ae116\" data-id=\"a5ae116\" data-element_type=\"column\">\n\t\t\t<div class=\"elementor-widget-wrap elementor-element-populated\">\n\t\t\t\t\t\t<div class=\"elementor-element elementor-element-1b66731 elementor-widget elementor-widget-text-editor\" data-id=\"1b66731\" data-element_type=\"widget\" data-widget_type=\"text-editor.default\">\n\t\t\t\t<div class=\"elementor-widget-container\">\n\t\t\t\t\t\t\t\t\t<h1><a href=\"https:\/\/fa-lesia.eu\/\"><b>FA<\/b>Le<b>S<\/b>i<b>A<\/b><\/a><\/h1>\t\t\t\t\t\t\t\t<\/div>\n\t\t\t\t<\/div>\n\t\t\t\t<div class=\"elementor-element elementor-element-26f84d3 elementor-widget elementor-widget-text-editor\" data-id=\"26f84d3\" data-element_type=\"widget\" data-widget_type=\"text-editor.default\">\n\t\t\t\t<div class=\"elementor-widget-container\">\n\t\t\t\t\t\t\t\t\t<p>prestazioni e servizi professionali in architettura<\/p>\t\t\t\t\t\t\t\t<\/div>\n\t\t\t\t<\/div>\n\t\t\t\t<div class=\"elementor-element elementor-element-ac78052 elementor-widget elementor-widget-image\" data-id=\"ac78052\" data-element_type=\"widget\" data-widget_type=\"image.default\">\n\t\t\t\t<div class=\"elementor-widget-container\">\n\t\t\t\t\t\t\t\t\t\t\t\t\t\t\t\t<a href=\"https:\/\/fa-lesia.eu\/\">\n\t\t\t\t\t\t\t<img decoding=\"async\" width=\"150\" height=\"150\" src=\"https:\/\/fa-lesia.eu\/wp-content\/uploads\/falesia_new_3.svg\" class=\"attachment-thumbnail size-thumbnail wp-image-5438\" alt=\"Falesia- Beratungs- und Planungsleistungen in Architektur\" \/>\t\t\t\t\t\t\t\t<\/a>\n\t\t\t\t\t\t\t\t\t\t\t\t\t\t\t<\/div>\n\t\t\t\t<\/div>\n\t\t\t\t\t<\/div>\n\t\t<\/div>\n\t\t\t\t<div class=\"elementor-column elementor-col-33 elementor-top-column elementor-element elementor-element-849b461\" data-id=\"849b461\" data-element_type=\"column\">\n\t\t\t<div class=\"elementor-widget-wrap elementor-element-populated\">\n\t\t\t\t\t\t<div class=\"elementor-element elementor-element-4298cad elementor-widget elementor-widget-text-editor\" data-id=\"4298cad\" data-element_type=\"widget\" data-widget_type=\"text-editor.default\">\n\t\t\t\t<div class=\"elementor-widget-container\">\n\t\t\t\t\t\t\t\t\t<p style=\"font-variant-ligatures: normal; font-variant-caps: normal; font-family: Weblysleek, sans-serif; font-size: 18px; font-style: normal; font-weight: 100; color: #ffae4b;\"><a style=\"font-size: 18px;\" href=\"https:\/\/fa-lesia.eu\/\"><span style=\"font-size: 18px; font-weight: bold;\">Home<br \/><\/span><\/a><\/p><p style=\"font-variant-ligatures: normal; font-variant-caps: normal; font-family: Weblysleek, sans-serif; font-size: 18px; font-style: normal; font-weight: 100; color: #ffae4b;\"><a style=\"font-size: 18px;\" href=\"https:\/\/fa-lesia.eu\/fachliche-planungsleistungen-in-architektur\/\" target=\"_blank\" rel=\"noopener\"><span style=\"font-size: 18px; font-weight: bold;\">&gt; Progetti<br \/><\/span><\/a><a style=\"font-size: 18px;\" href=\"https:\/\/fa-lesia.eu\/wer\"><span style=\"font-size: 18px; font-weight: bold;\">&gt; Chi<br \/><\/span><\/a><span style=\"font-size: 18px; font-weight: 600;\"><a style=\"font-size: 18px;\" href=\"https:\/\/fa-lesia.eu\/aktuelles\">&gt; Attualit\u00e0<\/a><\/span><\/p><div style=\"font-variant-ligatures: normal; font-variant-caps: normal; font-family: Weblysleek, sans-serif; font-size: 18px; font-style: normal; font-weight: 100; color: #ffae4b;\">\u00a0<\/div><div style=\"font-variant-ligatures: normal; font-variant-caps: normal; font-family: Weblysleek, sans-serif; font-size: 18px; font-style: normal; font-weight: 100; color: #ffae4b;\"><a style=\"font-size: 18px; font-weight: 100;\" href=\"https:\/\/fa-lesia.eu\/kontakt\"><span style=\"font-size: 18px; font-weight: bold;\">&gt; Contatti &amp; Impressum<br \/><\/span><\/a><span style=\"font-size: 18px; font-weight: 600;\">&gt; Archivio<\/span><\/div>\t\t\t\t\t\t\t\t<\/div>\n\t\t\t\t<\/div>\n\t\t\t\t\t<\/div>\n\t\t<\/div>\n\t\t\t\t<div class=\"elementor-column elementor-col-33 elementor-top-column elementor-element elementor-element-da0bd63\" data-id=\"da0bd63\" data-element_type=\"column\">\n\t\t\t<div class=\"elementor-widget-wrap elementor-element-populated\">\n\t\t\t\t\t\t<div class=\"elementor-element elementor-element-e64a6af elementor-widget elementor-widget-image\" data-id=\"e64a6af\" data-element_type=\"widget\" data-widget_type=\"image.default\">\n\t\t\t\t<div class=\"elementor-widget-container\">\n\t\t\t\t\t\t\t\t\t\t\t\t\t\t\t\t<a href=\"https:\/\/www.instagram.com\/claudio_fa\/\" target=\"_blank\">\n\t\t\t\t\t\t\t<img decoding=\"async\" src=\"https:\/\/fa-lesia.eu\/wp-content\/uploads\/instagram-square-brands-1.svg\" title=\"instagram-square-brands\" alt=\"instagram-square-brands\" loading=\"lazy\" \/>\t\t\t\t\t\t\t\t<\/a>\n\t\t\t\t\t\t\t\t\t\t\t\t\t\t\t<\/div>\n\t\t\t\t<\/div>\n\t\t\t\t<div class=\"elementor-element elementor-element-a62bdb3 elementor-widget elementor-widget-image\" data-id=\"a62bdb3\" data-element_type=\"widget\" data-widget_type=\"image.default\">\n\t\t\t\t<div class=\"elementor-widget-container\">\n\t\t\t\t\t\t\t\t\t\t\t\t\t\t\t\t<a href=\"https:\/\/de.linkedin.com\/in\/clfarina\" target=\"_blank\">\n\t\t\t\t\t\t\t<img fetchpriority=\"high\" decoding=\"async\" width=\"448\" height=\"512\" src=\"https:\/\/fa-lesia.eu\/wp-content\/uploads\/Font_Awesome_5_brands_linkedin.svg\" class=\"attachment-full size-full wp-image-4229\" alt=\"Falesia Linkedin\" \/>\t\t\t\t\t\t\t\t<\/a>\n\t\t\t\t\t\t\t\t\t\t\t\t\t\t\t<\/div>\n\t\t\t\t<\/div>\n\t\t\t\t<div class=\"elementor-element elementor-element-dc88dd3 elementor-widget elementor-widget-image\" data-id=\"dc88dd3\" data-element_type=\"widget\" data-widget_type=\"image.default\">\n\t\t\t\t<div class=\"elementor-widget-container\">\n\t\t\t\t\t\t\t\t\t\t\t\t\t\t\t\t<a href=\"https:\/\/twitter.com\/claudio_fa\" target=\"_blank\">\n\t\t\t\t\t\t\t<img decoding=\"async\" width=\"448\" height=\"512\" src=\"https:\/\/fa-lesia.eu\/wp-content\/uploads\/twitter-square-brands-1.svg\" class=\"attachment-full size-full wp-image-2585\" alt=\"\" \/>\t\t\t\t\t\t\t\t<\/a>\n\t\t\t\t\t\t\t\t\t\t\t\t\t\t\t<\/div>\n\t\t\t\t<\/div>\n\t\t\t\t<div class=\"elementor-element elementor-element-eb3e4f2 elementor-widget elementor-widget-image\" data-id=\"eb3e4f2\" data-element_type=\"widget\" data-widget_type=\"image.default\">\n\t\t\t\t<div class=\"elementor-widget-container\">\n\t\t\t\t\t\t\t\t\t\t\t\t\t\t\t\t<a href=\"https:\/\/www.xing.com\/profile\/Claudio_Farina2\/cv\" target=\"_blank\">\n\t\t\t\t\t\t\t<img loading=\"lazy\" decoding=\"async\" width=\"448\" height=\"512\" src=\"https:\/\/fa-lesia.eu\/wp-content\/uploads\/xing-square-brands-1.svg\" class=\"attachment-full size-full wp-image-2586\" alt=\"\" \/>\t\t\t\t\t\t\t\t<\/a>\n\t\t\t\t\t\t\t\t\t\t\t\t\t\t\t<\/div>\n\t\t\t\t<\/div>\n\t\t\t\t\t<\/div>\n\t\t<\/div>\n\t\t\t\t\t<\/div>\n\t\t<\/section>\n\t\t\t\t<section class=\"elementor-section elementor-top-section elementor-element elementor-element-1da623d6 elementor-section-boxed elementor-section-height-default elementor-section-height-default\" data-id=\"1da623d6\" data-element_type=\"section\" data-settings=\"{&quot;background_background&quot;:&quot;classic&quot;}\">\n\t\t\t\t\t\t<div class=\"elementor-container elementor-column-gap-default\">\n\t\t\t\t\t<div class=\"elementor-column elementor-col-33 elementor-top-column elementor-element elementor-element-cabe99f\" data-id=\"cabe99f\" data-element_type=\"column\">\n\t\t\t<div class=\"elementor-widget-wrap elementor-element-populated\">\n\t\t\t\t\t\t<div class=\"elementor-element elementor-element-13b9ec7b elementor-widget elementor-widget-text-editor\" data-id=\"13b9ec7b\" data-element_type=\"widget\" data-widget_type=\"text-editor.default\">\n\t\t\t\t<div class=\"elementor-widget-container\">\n\t\t\t\t\t\t\t\t\t<p>\u00a9 2022, Falesia\u00a0 \u2013 Claudio Farina \u2022 Architekt\u00a0 \u00a0<\/p>\t\t\t\t\t\t\t\t<\/div>\n\t\t\t\t<\/div>\n\t\t\t\t\t<\/div>\n\t\t<\/div>\n\t\t\t\t<div class=\"elementor-column elementor-col-33 elementor-top-column elementor-element elementor-element-238f2387\" data-id=\"238f2387\" data-element_type=\"column\">\n\t\t\t<div class=\"elementor-widget-wrap\">\n\t\t\t\t\t\t\t<\/div>\n\t\t<\/div>\n\t\t\t\t<div class=\"elementor-column elementor-col-33 elementor-top-column elementor-element elementor-element-29c12a01\" data-id=\"29c12a01\" data-element_type=\"column\" data-settings=\"{&quot;background_background&quot;:&quot;classic&quot;}\">\n\t\t\t<div class=\"elementor-widget-wrap elementor-element-populated\">\n\t\t\t\t\t\t<div class=\"elementor-element elementor-element-29f161a0 elementor-icon-list--layout-inline elementor-align-end elementor-mobile-align-center elementor-list-item-link-full_width elementor-invisible elementor-widget elementor-widget-icon-list\" data-id=\"29f161a0\" data-element_type=\"widget\" data-settings=\"{&quot;_animation&quot;:&quot;fadeIn&quot;,&quot;_animation_delay&quot;:300}\" data-widget_type=\"icon-list.default\">\n\t\t\t\t<div class=\"elementor-widget-container\">\n\t\t\t\t\t\t\t<ul class=\"elementor-icon-list-items elementor-inline-items\">\n\t\t\t\t\t\t\t<li class=\"elementor-icon-list-item elementor-inline-item\">\n\t\t\t\t\t\t\t\t\t\t\t<a href=\"https:\/\/fa-lesia.eu\/datenschutz\/\" target=\"_blank\">\n\n\t\t\t\t\t\t\t\t\t\t\t<span class=\"elementor-icon-list-text\">Datenschutz<\/span>\n\t\t\t\t\t\t\t\t\t\t\t<\/a>\n\t\t\t\t\t\t\t\t\t<\/li>\n\t\t\t\t\t\t<\/ul>\n\t\t\t\t\t\t<\/div>\n\t\t\t\t<\/div>\n\t\t\t\t\t<\/div>\n\t\t<\/div>\n\t\t\t\t\t<\/div>\n\t\t<\/section>\n\t\t\t\t<\/div>","protected":false},"excerpt":{"rendered":"<p>Umbau &amp; Sanierung Zur\u00fcck Weiter Leave your Hat on Bauvorhaben: Um- und Aufbau eines energieeffizienten Einfamilienhauses\u00a0Bauherr: PrivatJahr: 2012Ort:\u00a0Muggia (Triest), ItalienProjekt: C. Farina (Teamleiter) mit A. Liani, E. Cristofari &#8211; Triest\u00a0T\u00e4tigkeit und Leistungen: Architekt, Projekt- und Bauleiter LPH 1-8 Zur\u00fcck Weiter Trip_pop_vich Bauvorhaben: Neunutzung des Theaters Sala Tripcovich mit\u00a0 Um- und Neubau eines Kultur- und Musikzentrums\u00a0Bauherr:\u00a0Komitee [&hellip;]<\/p>","protected":false},"author":1,"featured_media":0,"parent":0,"menu_order":0,"comment_status":"closed","ping_status":"closed","template":"","meta":{"ocean_post_layout":"full-screen","ocean_both_sidebars_style":"","ocean_both_sidebars_content_width":0,"ocean_both_sidebars_sidebars_width":0,"ocean_sidebar":"0","ocean_second_sidebar":"0","ocean_disable_margins":"on","ocean_add_body_class":"","ocean_shortcode_before_top_bar":"","ocean_shortcode_after_top_bar":"","ocean_shortcode_before_header":"","ocean_shortcode_after_header":"","ocean_has_shortcode":"","ocean_shortcode_after_title":"","ocean_shortcode_before_footer_widgets":"","ocean_shortcode_after_footer_widgets":"","ocean_shortcode_before_footer_bottom":"","ocean_shortcode_after_footer_bottom":"","ocean_display_top_bar":"default","ocean_display_header":"default","ocean_header_style":"","ocean_center_header_left_menu":"0","ocean_custom_header_template":"0","ocean_custom_logo":0,"ocean_custom_retina_logo":0,"ocean_custom_logo_max_width":0,"ocean_custom_logo_tablet_max_width":0,"ocean_custom_logo_mobile_max_width":0,"ocean_custom_logo_max_height":0,"ocean_custom_logo_tablet_max_height":0,"ocean_custom_logo_mobile_max_height":0,"ocean_header_custom_menu":"0","ocean_menu_typo_font_family":"0","ocean_menu_typo_font_subset":"","ocean_menu_typo_font_size":0,"ocean_menu_typo_font_size_tablet":0,"ocean_menu_typo_font_size_mobile":0,"ocean_menu_typo_font_size_unit":"px","ocean_menu_typo_font_weight":"","ocean_menu_typo_font_weight_tablet":"","ocean_menu_typo_font_weight_mobile":"","ocean_menu_typo_transform":"","ocean_menu_typo_transform_tablet":"","ocean_menu_typo_transform_mobile":"","ocean_menu_typo_line_height":0,"ocean_menu_typo_line_height_tablet":0,"ocean_menu_typo_line_height_mobile":0,"ocean_menu_typo_line_height_unit":"","ocean_menu_typo_spacing":0,"ocean_menu_typo_spacing_tablet":0,"ocean_menu_typo_spacing_mobile":0,"ocean_menu_typo_spacing_unit":"","ocean_menu_link_color":"","ocean_menu_link_color_hover":"","ocean_menu_link_color_active":"","ocean_menu_link_background":"","ocean_menu_link_hover_background":"","ocean_menu_link_active_background":"","ocean_menu_social_links_bg":"","ocean_menu_social_hover_links_bg":"","ocean_menu_social_links_color":"","ocean_menu_social_hover_links_color":"","ocean_disable_title":"on","ocean_disable_heading":"default","ocean_post_title":"","ocean_post_subheading":"","ocean_post_title_style":"","ocean_post_title_background_color":"","ocean_post_title_background":0,"ocean_post_title_bg_image_position":"","ocean_post_title_bg_image_attachment":"","ocean_post_title_bg_image_repeat":"","ocean_post_title_bg_image_size":"","ocean_post_title_height":0,"ocean_post_title_bg_overlay":0.5,"ocean_post_title_bg_overlay_color":"","ocean_disable_breadcrumbs":"off","ocean_breadcrumbs_color":"","ocean_breadcrumbs_separator_color":"","ocean_breadcrumbs_links_color":"","ocean_breadcrumbs_links_hover_color":"","ocean_display_footer_widgets":"off","ocean_display_footer_bottom":"off","ocean_custom_footer_template":"0","footnotes":""},"class_list":["post-820","page","type-page","status-publish","hentry","entry"],"yoast_head":"<!-- This site is optimized with the Yoast SEO plugin v27.5 - https:\/\/yoast.com\/product\/yoast-seo-wordpress\/ -->\n<title>Umbau &amp; Sanierung - FALeSiA - Claudio Farina Architekt - Fachliche Leistungen und Services in Architektur<\/title>\n<meta name=\"robots\" content=\"index, follow, max-snippet:-1, max-image-preview:large, max-video-preview:-1\" \/>\n<link rel=\"canonical\" href=\"https:\/\/fa-lesia.eu\/it\/umbau-sanierung\/\" \/>\n<meta property=\"og:locale\" content=\"it_IT\" \/>\n<meta property=\"og:type\" content=\"article\" \/>\n<meta property=\"og:title\" content=\"Umbau &amp; Sanierung - FALeSiA - Claudio Farina Architekt - Fachliche Leistungen und Services in Architektur\" \/>\n<meta property=\"og:description\" content=\"Umbau &amp; Sanierung Zur\u00fcck Weiter Leave your Hat on Bauvorhaben: Um- und Aufbau eines energieeffizienten Einfamilienhauses\u00a0Bauherr: PrivatJahr: 2012Ort:\u00a0Muggia (Triest), ItalienProjekt: C. Farina (Teamleiter) mit A. Liani, E. Cristofari &#8211; Triest\u00a0T\u00e4tigkeit und Leistungen: Architekt, Projekt- und Bauleiter LPH 1-8 Zur\u00fcck Weiter Trip_pop_vich Bauvorhaben: Neunutzung des Theaters Sala Tripcovich mit\u00a0 Um- und Neubau eines Kultur- und Musikzentrums\u00a0Bauherr:\u00a0Komitee [&hellip;]\" \/>\n<meta property=\"og:url\" content=\"https:\/\/fa-lesia.eu\/it\/umbau-sanierung\/\" \/>\n<meta property=\"og:site_name\" content=\"FALeSiA - Claudio Farina Architekt - Fachliche Leistungen und Services in Architektur\" \/>\n<meta property=\"article:modified_time\" content=\"2022-10-27T12:17:24+00:00\" \/>\n<meta property=\"og:image\" content=\"https:\/\/fa-lesia.eu\/wp-content\/uploads\/Chiampore01-300x300.jpg\" \/>\n<meta name=\"twitter:card\" content=\"summary_large_image\" \/>\n<meta name=\"twitter:site\" content=\"@claudio_fa\" \/>\n<meta name=\"twitter:label1\" content=\"Tempo di lettura stimato\" \/>\n\t<meta name=\"twitter:data1\" content=\"10 minuti\" \/>\n<script type=\"application\/ld+json\" class=\"yoast-schema-graph\">{\"@context\":\"https:\\\/\\\/schema.org\",\"@graph\":[{\"@type\":\"WebPage\",\"@id\":\"https:\\\/\\\/fa-lesia.eu\\\/umbau-sanierung\\\/\",\"url\":\"https:\\\/\\\/fa-lesia.eu\\\/umbau-sanierung\\\/\",\"name\":\"Umbau & Sanierung - FALeSiA - Claudio Farina Architekt - Fachliche Leistungen und Services in Architektur\",\"isPartOf\":{\"@id\":\"https:\\\/\\\/fa-lesia.eu\\\/#website\"},\"primaryImageOfPage\":{\"@id\":\"https:\\\/\\\/fa-lesia.eu\\\/umbau-sanierung\\\/#primaryimage\"},\"image\":{\"@id\":\"https:\\\/\\\/fa-lesia.eu\\\/umbau-sanierung\\\/#primaryimage\"},\"thumbnailUrl\":\"https:\\\/\\\/fa-lesia.eu\\\/wp-content\\\/uploads\\\/Chiampore01-300x300.jpg\",\"datePublished\":\"2022-01-03T13:54:21+00:00\",\"dateModified\":\"2022-10-27T12:17:24+00:00\",\"breadcrumb\":{\"@id\":\"https:\\\/\\\/fa-lesia.eu\\\/umbau-sanierung\\\/#breadcrumb\"},\"inLanguage\":\"it-IT\",\"potentialAction\":[{\"@type\":\"ReadAction\",\"target\":[\"https:\\\/\\\/fa-lesia.eu\\\/umbau-sanierung\\\/\"]}]},{\"@type\":\"ImageObject\",\"inLanguage\":\"it-IT\",\"@id\":\"https:\\\/\\\/fa-lesia.eu\\\/umbau-sanierung\\\/#primaryimage\",\"url\":\"https:\\\/\\\/fa-lesia.eu\\\/wp-content\\\/uploads\\\/Chiampore01-300x300.jpg\",\"contentUrl\":\"https:\\\/\\\/fa-lesia.eu\\\/wp-content\\\/uploads\\\/Chiampore01-300x300.jpg\"},{\"@type\":\"BreadcrumbList\",\"@id\":\"https:\\\/\\\/fa-lesia.eu\\\/umbau-sanierung\\\/#breadcrumb\",\"itemListElement\":[{\"@type\":\"ListItem\",\"position\":1,\"name\":\"Startseite\",\"item\":\"https:\\\/\\\/fa-lesia.eu\\\/\"},{\"@type\":\"ListItem\",\"position\":2,\"name\":\"Umbau &#038; Sanierung\"}]},{\"@type\":\"WebSite\",\"@id\":\"https:\\\/\\\/fa-lesia.eu\\\/#website\",\"url\":\"https:\\\/\\\/fa-lesia.eu\\\/\",\"name\":\"FALeSiA - Claudio Farina Architekt - Fachliche Leistungen und Services in Architektur\",\"description\":\"Architekt Bayern - Italien. Falesia bietet koordinierte Beratungs- und Planungsleistungen f\u00fcr ein umweltvertr\u00e4gliches Architekturprojekt an.\",\"publisher\":{\"@id\":\"https:\\\/\\\/fa-lesia.eu\\\/#organization\"},\"potentialAction\":[{\"@type\":\"SearchAction\",\"target\":{\"@type\":\"EntryPoint\",\"urlTemplate\":\"https:\\\/\\\/fa-lesia.eu\\\/?s={search_term_string}\"},\"query-input\":{\"@type\":\"PropertyValueSpecification\",\"valueRequired\":true,\"valueName\":\"search_term_string\"}}],\"inLanguage\":\"it-IT\"},{\"@type\":\"Organization\",\"@id\":\"https:\\\/\\\/fa-lesia.eu\\\/#organization\",\"name\":\"Claudio Farina Architekt - FALeSiA\",\"url\":\"https:\\\/\\\/fa-lesia.eu\\\/\",\"logo\":{\"@type\":\"ImageObject\",\"inLanguage\":\"it-IT\",\"@id\":\"https:\\\/\\\/fa-lesia.eu\\\/#\\\/schema\\\/logo\\\/image\\\/\",\"url\":\"https:\\\/\\\/fa-lesia.eu\\\/wp-content\\\/uploads\\\/falesia_new_3.svg\",\"contentUrl\":\"https:\\\/\\\/fa-lesia.eu\\\/wp-content\\\/uploads\\\/falesia_new_3.svg\",\"width\":850,\"height\":850,\"caption\":\"Claudio Farina Architekt - FALeSiA\"},\"image\":{\"@id\":\"https:\\\/\\\/fa-lesia.eu\\\/#\\\/schema\\\/logo\\\/image\\\/\"},\"sameAs\":[\"https:\\\/\\\/x.com\\\/claudio_fa\",\"https:\\\/\\\/www.instagram.com\\\/claudio_fa\\\/\",\"https:\\\/\\\/www.linkedin.com\\\/in\\\/clfarina\\\/\"]}]}<\/script>\n<!-- \/ Yoast SEO plugin. -->","yoast_head_json":{"title":"Umbau & Sanierung - FALeSiA - Claudio Farina Architekt - Fachliche Leistungen und Services in Architektur","robots":{"index":"index","follow":"follow","max-snippet":"max-snippet:-1","max-image-preview":"max-image-preview:large","max-video-preview":"max-video-preview:-1"},"canonical":"https:\/\/fa-lesia.eu\/it\/umbau-sanierung\/","og_locale":"it_IT","og_type":"article","og_title":"Umbau & Sanierung - FALeSiA - Claudio Farina Architekt - Fachliche Leistungen und Services in Architektur","og_description":"Umbau &amp; Sanierung Zur\u00fcck Weiter Leave your Hat on Bauvorhaben: Um- und Aufbau eines energieeffizienten Einfamilienhauses\u00a0Bauherr: PrivatJahr: 2012Ort:\u00a0Muggia (Triest), ItalienProjekt: C. Farina (Teamleiter) mit A. Liani, E. Cristofari &#8211; Triest\u00a0T\u00e4tigkeit und Leistungen: Architekt, Projekt- und Bauleiter LPH 1-8 Zur\u00fcck Weiter Trip_pop_vich Bauvorhaben: Neunutzung des Theaters Sala Tripcovich mit\u00a0 Um- und Neubau eines Kultur- und Musikzentrums\u00a0Bauherr:\u00a0Komitee [&hellip;]","og_url":"https:\/\/fa-lesia.eu\/it\/umbau-sanierung\/","og_site_name":"FALeSiA - Claudio Farina Architekt - Fachliche Leistungen und Services in Architektur","article_modified_time":"2022-10-27T12:17:24+00:00","og_image":[{"url":"https:\/\/fa-lesia.eu\/wp-content\/uploads\/Chiampore01-300x300.jpg","type":"","width":"","height":""}],"twitter_card":"summary_large_image","twitter_site":"@claudio_fa","twitter_misc":{"Tempo di lettura stimato":"10 minuti"},"schema":{"@context":"https:\/\/schema.org","@graph":[{"@type":"WebPage","@id":"https:\/\/fa-lesia.eu\/umbau-sanierung\/","url":"https:\/\/fa-lesia.eu\/umbau-sanierung\/","name":"Umbau & Sanierung - FALeSiA - Claudio Farina Architekt - Fachliche Leistungen und Services in Architektur","isPartOf":{"@id":"https:\/\/fa-lesia.eu\/#website"},"primaryImageOfPage":{"@id":"https:\/\/fa-lesia.eu\/umbau-sanierung\/#primaryimage"},"image":{"@id":"https:\/\/fa-lesia.eu\/umbau-sanierung\/#primaryimage"},"thumbnailUrl":"https:\/\/fa-lesia.eu\/wp-content\/uploads\/Chiampore01-300x300.jpg","datePublished":"2022-01-03T13:54:21+00:00","dateModified":"2022-10-27T12:17:24+00:00","breadcrumb":{"@id":"https:\/\/fa-lesia.eu\/umbau-sanierung\/#breadcrumb"},"inLanguage":"it-IT","potentialAction":[{"@type":"ReadAction","target":["https:\/\/fa-lesia.eu\/umbau-sanierung\/"]}]},{"@type":"ImageObject","inLanguage":"it-IT","@id":"https:\/\/fa-lesia.eu\/umbau-sanierung\/#primaryimage","url":"https:\/\/fa-lesia.eu\/wp-content\/uploads\/Chiampore01-300x300.jpg","contentUrl":"https:\/\/fa-lesia.eu\/wp-content\/uploads\/Chiampore01-300x300.jpg"},{"@type":"BreadcrumbList","@id":"https:\/\/fa-lesia.eu\/umbau-sanierung\/#breadcrumb","itemListElement":[{"@type":"ListItem","position":1,"name":"Startseite","item":"https:\/\/fa-lesia.eu\/"},{"@type":"ListItem","position":2,"name":"Umbau &#038; Sanierung"}]},{"@type":"WebSite","@id":"https:\/\/fa-lesia.eu\/#website","url":"https:\/\/fa-lesia.eu\/","name":"FALeSiA - Claudio Farina Architekt - Fachliche Leistungen und Services in Architektur","description":"Architekt Bayern - Italien. Falesia bietet koordinierte Beratungs- und Planungsleistungen f\u00fcr ein umweltvertr\u00e4gliches Architekturprojekt an.","publisher":{"@id":"https:\/\/fa-lesia.eu\/#organization"},"potentialAction":[{"@type":"SearchAction","target":{"@type":"EntryPoint","urlTemplate":"https:\/\/fa-lesia.eu\/?s={search_term_string}"},"query-input":{"@type":"PropertyValueSpecification","valueRequired":true,"valueName":"search_term_string"}}],"inLanguage":"it-IT"},{"@type":"Organization","@id":"https:\/\/fa-lesia.eu\/#organization","name":"Claudio Farina Architekt - FALeSiA","url":"https:\/\/fa-lesia.eu\/","logo":{"@type":"ImageObject","inLanguage":"it-IT","@id":"https:\/\/fa-lesia.eu\/#\/schema\/logo\/image\/","url":"https:\/\/fa-lesia.eu\/wp-content\/uploads\/falesia_new_3.svg","contentUrl":"https:\/\/fa-lesia.eu\/wp-content\/uploads\/falesia_new_3.svg","width":850,"height":850,"caption":"Claudio Farina Architekt - FALeSiA"},"image":{"@id":"https:\/\/fa-lesia.eu\/#\/schema\/logo\/image\/"},"sameAs":["https:\/\/x.com\/claudio_fa","https:\/\/www.instagram.com\/claudio_fa\/","https:\/\/www.linkedin.com\/in\/clfarina\/"]}]}},"_links":{"self":[{"href":"https:\/\/fa-lesia.eu\/it\/wp-json\/wp\/v2\/pages\/820","targetHints":{"allow":["GET"]}}],"collection":[{"href":"https:\/\/fa-lesia.eu\/it\/wp-json\/wp\/v2\/pages"}],"about":[{"href":"https:\/\/fa-lesia.eu\/it\/wp-json\/wp\/v2\/types\/page"}],"author":[{"embeddable":true,"href":"https:\/\/fa-lesia.eu\/it\/wp-json\/wp\/v2\/users\/1"}],"replies":[{"embeddable":true,"href":"https:\/\/fa-lesia.eu\/it\/wp-json\/wp\/v2\/comments?post=820"}],"version-history":[{"count":179,"href":"https:\/\/fa-lesia.eu\/it\/wp-json\/wp\/v2\/pages\/820\/revisions"}],"predecessor-version":[{"id":6614,"href":"https:\/\/fa-lesia.eu\/it\/wp-json\/wp\/v2\/pages\/820\/revisions\/6614"}],"wp:attachment":[{"href":"https:\/\/fa-lesia.eu\/it\/wp-json\/wp\/v2\/media?parent=820"}],"curies":[{"name":"wp","href":"https:\/\/api.w.org\/{rel}","templated":true}]}}