{"id":594,"date":"2021-12-30T19:44:31","date_gmt":"2021-12-30T18:44:31","guid":{"rendered":"https:\/\/fa-lesia.eu\/?page_id=594"},"modified":"2022-10-27T14:14:17","modified_gmt":"2022-10-27T12:14:17","slug":"fachliche-planungsleistungen-in-architektur","status":"publish","type":"page","link":"https:\/\/fa-lesia.eu\/it\/fachliche-planungsleistungen-in-architektur\/","title":{"rendered":"Progetti"},"content":{"rendered":"<div data-elementor-type=\"wp-page\" data-elementor-id=\"594\" class=\"elementor elementor-594\" data-elementor-post-type=\"page\">\n\t\t\t\t\t\t<section class=\"elementor-section elementor-top-section elementor-element elementor-element-58fcdf0 elementor-section-boxed elementor-section-height-default elementor-section-height-default\" data-id=\"58fcdf0\" data-element_type=\"section\">\n\t\t\t\t\t\t<div class=\"elementor-container elementor-column-gap-default\">\n\t\t\t\t\t<div class=\"elementor-column elementor-col-50 elementor-top-column elementor-element elementor-element-a5d86dd\" data-id=\"a5d86dd\" data-element_type=\"column\">\n\t\t\t<div class=\"elementor-widget-wrap elementor-element-populated\">\n\t\t\t\t\t\t<div class=\"elementor-element elementor-element-19cc9fb elementor-widget elementor-widget-image\" data-id=\"19cc9fb\" data-element_type=\"widget\" data-widget_type=\"image.default\">\n\t\t\t\t<div class=\"elementor-widget-container\">\n\t\t\t\t\t\t\t\t\t\t\t\t\t\t\t<img decoding=\"async\" width=\"11\" height=\"10\" src=\"https:\/\/fa-lesia.eu\/wp-content\/uploads\/space-1.gif\" class=\"attachment-medium size-medium wp-image-4180\" alt=\"Falesia\" \/>\t\t\t\t\t\t\t\t\t\t\t\t\t\t\t<\/div>\n\t\t\t\t<\/div>\n\t\t\t\t<div class=\"elementor-element elementor-element-efd2bb5 elementor-nav-menu__text-align-aside elementor-widget elementor-widget-nav-menu\" data-id=\"efd2bb5\" data-element_type=\"widget\" data-settings=\"{&quot;layout&quot;:&quot;dropdown&quot;,&quot;submenu_icon&quot;:{&quot;value&quot;:&quot;&lt;i class=\\&quot;\\&quot; aria-hidden=\\&quot;true\\&quot;&gt;&lt;\\\/i&gt;&quot;,&quot;library&quot;:&quot;&quot;}}\" data-widget_type=\"nav-menu.default\">\n\t\t\t\t<div class=\"elementor-widget-container\">\n\t\t\t\t\t\t\t\t<nav class=\"elementor-nav-menu--dropdown elementor-nav-menu__container\" aria-hidden=\"true\">\n\t\t\t\t<ul id=\"menu-2-efd2bb5\" class=\"elementor-nav-menu\"><li class=\"menu-item menu-item-type-custom menu-item-object-custom menu-item-has-children menu-item-3969\"><a href=\"#\" class=\"elementor-item elementor-item-anchor\" tabindex=\"-1\">Architettura<\/a>\n<ul class=\"sub-menu elementor-nav-menu--dropdown\">\n\t<li class=\"menu-item menu-item-type-post_type menu-item-object-page menu-item-3943\"><a href=\"https:\/\/fa-lesia.eu\/it\/neubau\/\" class=\"elementor-sub-item\" tabindex=\"-1\">Nuova costruzione<\/a><\/li>\n\t<li class=\"menu-item menu-item-type-post_type menu-item-object-page menu-item-3945\"><a href=\"https:\/\/fa-lesia.eu\/it\/denkmalschutz\/\" class=\"elementor-sub-item\" tabindex=\"-1\">Edifici e luoghi vincolati<\/a><\/li>\n\t<li class=\"menu-item menu-item-type-post_type menu-item-object-page menu-item-3946\"><a href=\"https:\/\/fa-lesia.eu\/it\/umbau-sanierung\/\" class=\"elementor-sub-item\" tabindex=\"-1\">Ristrutturazione e risanamento<\/a><\/li>\n\t<li class=\"menu-item menu-item-type-post_type menu-item-object-page menu-item-3947\"><a href=\"https:\/\/fa-lesia.eu\/it\/bauleitung\/\" class=\"elementor-sub-item\" tabindex=\"-1\">Direzione dei lavori<\/a><\/li>\n<\/ul>\n<\/li>\n<li class=\"menu-item menu-item-type-custom menu-item-object-custom menu-item-has-children menu-item-3970\"><a href=\"#\" class=\"elementor-item elementor-item-anchor\" tabindex=\"-1\">Citt\u00e0<\/a>\n<ul class=\"sub-menu elementor-nav-menu--dropdown\">\n\t<li class=\"menu-item menu-item-type-post_type menu-item-object-page menu-item-3949\"><a href=\"https:\/\/fa-lesia.eu\/it\/konzepte\/\" class=\"elementor-sub-item\" tabindex=\"-1\">Concetti<\/a><\/li>\n\t<li class=\"menu-item menu-item-type-post_type menu-item-object-page menu-item-3950\"><a href=\"https:\/\/fa-lesia.eu\/it\/wettbewerbe\/\" class=\"elementor-sub-item\" tabindex=\"-1\">Concorsi<\/a><\/li>\n<\/ul>\n<\/li>\n<li class=\"menu-item menu-item-type-custom menu-item-object-custom menu-item-has-children menu-item-3971\"><a href=\"#\" class=\"elementor-item elementor-item-anchor\" tabindex=\"-1\">Situazioni<\/a>\n<ul class=\"sub-menu elementor-nav-menu--dropdown\">\n\t<li class=\"menu-item menu-item-type-post_type menu-item-object-page menu-item-3952\"><a href=\"https:\/\/fa-lesia.eu\/it\/innenarchitektur-2\/\" class=\"elementor-sub-item\" tabindex=\"-1\">Architettura di interni<\/a><\/li>\n\t<li class=\"menu-item menu-item-type-post_type menu-item-object-page menu-item-3953\"><a href=\"https:\/\/fa-lesia.eu\/it\/workshops\/\" class=\"elementor-sub-item\" tabindex=\"-1\">Workshops<\/a><\/li>\n\t<li class=\"menu-item menu-item-type-post_type menu-item-object-page menu-item-3954\"><a href=\"https:\/\/fa-lesia.eu\/it\/events\/\" class=\"elementor-sub-item\" tabindex=\"-1\">Eventi<\/a><\/li>\n<\/ul>\n<\/li>\n<\/ul>\t\t\t<\/nav>\n\t\t\t\t\t\t<\/div>\n\t\t\t\t<\/div>\n\t\t\t\t\t<\/div>\n\t\t<\/div>\n\t\t\t\t<div class=\"elementor-column elementor-col-50 elementor-top-column elementor-element elementor-element-fc1eb78\" data-id=\"fc1eb78\" data-element_type=\"column\">\n\t\t\t<div class=\"elementor-widget-wrap elementor-element-populated\">\n\t\t\t\t\t\t<div class=\"elementor-element elementor-element-3ad4fab elementor-widget elementor-widget-heading\" data-id=\"3ad4fab\" data-element_type=\"widget\" data-widget_type=\"heading.default\">\n\t\t\t\t<div class=\"elementor-widget-container\">\n\t\t\t\t\t<h1 class=\"elementor-heading-title elementor-size-xl\">Progetti<\/h1>\t\t\t\t<\/div>\n\t\t\t\t<\/div>\n\t\t\t\t<div class=\"elementor-element elementor-element-f982a4c elementor-hidden-tablet elementor-hidden-mobile elementor-grid-3 elementor-grid-tablet-2 elementor-grid-mobile-1 elementor-widget elementor-widget-portfolio\" data-id=\"f982a4c\" data-element_type=\"widget\" data-settings=\"{&quot;row_gap&quot;:{&quot;unit&quot;:&quot;px&quot;,&quot;size&quot;:15,&quot;sizes&quot;:[]},&quot;masonry&quot;:&quot;yes&quot;,&quot;columns&quot;:&quot;3&quot;,&quot;columns_tablet&quot;:&quot;2&quot;,&quot;columns_mobile&quot;:&quot;1&quot;,&quot;item_gap&quot;:{&quot;unit&quot;:&quot;px&quot;,&quot;size&quot;:&quot;&quot;,&quot;sizes&quot;:[]}}\" data-widget_type=\"portfolio.default\">\n\t\t\t\t<div class=\"elementor-widget-container\">\n\t\t\t\t\t\t\t<ul class=\"elementor-portfolio__filters\">\n\t\t\t<li class=\"elementor-portfolio__filter elementor-active\" tabindex=\"0\" data-filter=\"__all\">Tutti<\/li>\n\t\t\t\t\t\t\t<li class=\"elementor-portfolio__filter\" tabindex=\"0\" data-filter=\"21\">Architettura<\/li>\n\t\t\t\t\t\t\t<li class=\"elementor-portfolio__filter\" tabindex=\"0\" data-filter=\"23\">Situazioni<\/li>\n\t\t\t\t\t\t\t<li class=\"elementor-portfolio__filter\" tabindex=\"0\" data-filter=\"22\">Citt\u00e0<\/li>\n\t\t\t\t\t<\/ul>\n\t\t\t\t<div class=\"elementor-portfolio elementor-grid elementor-posts-container\" role=\"list\">\n\t\t\t\t<article class=\"elementor-portfolio-item elementor-post elementor-filter-22 post-5862 post type-post status-publish format-standard has-post-thumbnail hentry category-stadt tag-new tag-social_urbanism tag-sustainable tag-urban_planning entry has-media\" role=\"listitem\">\n\t\t\t<a class=\"elementor-post__thumbnail__link\" href=\"https:\/\/fa-lesia.eu\/it\/zwei-platze-fur-opicina\/\">\n\t\t\t\t<div class=\"elementor-portfolio-item__img elementor-post__thumbnail\">\n\t\t\t<img fetchpriority=\"high\" decoding=\"async\" width=\"300\" height=\"288\" src=\"https:\/\/fa-lesia.eu\/wp-content\/uploads\/Opicina-300x288.png\" class=\"attachment-medium size-medium wp-image-5951\" alt=\"Fachliche Planungsleistungen in Architektur\" srcset=\"https:\/\/fa-lesia.eu\/wp-content\/uploads\/Opicina-300x288.png 300w, https:\/\/fa-lesia.eu\/wp-content\/uploads\/Opicina-1024x983.png 1024w, https:\/\/fa-lesia.eu\/wp-content\/uploads\/Opicina-768x737.png 768w, https:\/\/fa-lesia.eu\/wp-content\/uploads\/Opicina.png 1200w\" sizes=\"(max-width: 300px) 100vw, 300px\" \/>\t\t<\/div>\n\t\t\t\t<div class=\"elementor-portfolio-item__overlay\">\n\t\t\t\t<h2 class=\"elementor-portfolio-item__title\">\n\t\tZwei Pl\u00e4tze f\u00fcr Opicina\t\t<\/h2>\n\t\t\t\t<\/div>\n\t\t\t\t<\/a>\n\t\t<\/article>\n\t\t\t\t<article class=\"elementor-portfolio-item elementor-post elementor-filter-23 post-5882 post type-post status-publish format-standard has-post-thumbnail hentry category-situationen tag-architecture tag-food_design tag-njit tag-situation tag-socialnetwork tag-students tag-workshop entry has-media\" role=\"listitem\">\n\t\t\t<a class=\"elementor-post__thumbnail__link\" href=\"https:\/\/fa-lesia.eu\/it\/wonder-breakfast\/\">\n\t\t\t\t<div class=\"elementor-portfolio-item__img elementor-post__thumbnail\">\n\t\t\t<img decoding=\"async\" width=\"300\" height=\"226\" src=\"https:\/\/fa-lesia.eu\/wp-content\/uploads\/Wonder-breakfast-300x226.jpg\" class=\"attachment-medium size-medium wp-image-5969\" alt=\"Falesia Beratungs- und Planungsleistungen in Architektur\" srcset=\"https:\/\/fa-lesia.eu\/wp-content\/uploads\/Wonder-breakfast-300x226.jpg 300w, https:\/\/fa-lesia.eu\/wp-content\/uploads\/Wonder-breakfast-768x579.jpg 768w, https:\/\/fa-lesia.eu\/wp-content\/uploads\/Wonder-breakfast.jpg 985w\" sizes=\"(max-width: 300px) 100vw, 300px\" \/>\t\t<\/div>\n\t\t\t\t<div class=\"elementor-portfolio-item__overlay\">\n\t\t\t\t<h2 class=\"elementor-portfolio-item__title\">\n\t\tWonder Breakfast\t\t<\/h2>\n\t\t\t\t<\/div>\n\t\t\t\t<\/a>\n\t\t<\/article>\n\t\t\t\t<article class=\"elementor-portfolio-item elementor-post elementor-filter-22 post-5849 post type-post status-publish format-standard has-post-thumbnail hentry category-stadt tag-art tag-culture tag-music tag-renewal tag-restoration tag-social_urbanism tag-sustainable tag-urban_planning tag-venue entry has-media\" role=\"listitem\">\n\t\t\t<a class=\"elementor-post__thumbnail__link\" href=\"https:\/\/fa-lesia.eu\/it\/vespabar\/\">\n\t\t\t\t<div class=\"elementor-portfolio-item__img elementor-post__thumbnail\">\n\t\t\t<img loading=\"lazy\" decoding=\"async\" width=\"300\" height=\"300\" src=\"https:\/\/fa-lesia.eu\/wp-content\/uploads\/vespabar-300x300.png\" class=\"attachment-medium size-medium wp-image-5967\" alt=\"Fachliche Planungsleistungen in Architektur\" srcset=\"https:\/\/fa-lesia.eu\/wp-content\/uploads\/vespabar-300x300.png 300w, https:\/\/fa-lesia.eu\/wp-content\/uploads\/vespabar-1024x1024.png 1024w, https:\/\/fa-lesia.eu\/wp-content\/uploads\/vespabar-150x150.png 150w, https:\/\/fa-lesia.eu\/wp-content\/uploads\/vespabar-768x768.png 768w, https:\/\/fa-lesia.eu\/wp-content\/uploads\/vespabar-1536x1536.png 1536w, https:\/\/fa-lesia.eu\/wp-content\/uploads\/vespabar-600x600.png 600w, https:\/\/fa-lesia.eu\/wp-content\/uploads\/vespabar.png 1800w\" sizes=\"(max-width: 300px) 100vw, 300px\" \/>\t\t<\/div>\n\t\t\t\t<div class=\"elementor-portfolio-item__overlay\">\n\t\t\t\t<h2 class=\"elementor-portfolio-item__title\">\n\t\tVespabar\t\t<\/h2>\n\t\t\t\t<\/div>\n\t\t\t\t<\/a>\n\t\t<\/article>\n\t\t\t\t<article class=\"elementor-portfolio-item elementor-post elementor-filter-21 post-5832 post type-post status-publish format-standard has-post-thumbnail hentry category-architektur tag-flooring tag-gym tag-locker_rooms tag-marble tag-new tag-porcelain_stoneware tag-school tag-stairs entry has-media\" role=\"listitem\">\n\t\t\t<a class=\"elementor-post__thumbnail__link\" href=\"https:\/\/fa-lesia.eu\/it\/turnhalle\/\">\n\t\t\t\t<div class=\"elementor-portfolio-item__img elementor-post__thumbnail\">\n\t\t\t<img loading=\"lazy\" decoding=\"async\" width=\"300\" height=\"232\" src=\"https:\/\/fa-lesia.eu\/wp-content\/uploads\/Turnhalle-300x232.jpg\" class=\"attachment-medium size-medium wp-image-5966\" alt=\"Fachliche Beratungs- und Planungsleistungen in Architektur\" srcset=\"https:\/\/fa-lesia.eu\/wp-content\/uploads\/Turnhalle-300x232.jpg 300w, https:\/\/fa-lesia.eu\/wp-content\/uploads\/Turnhalle-1024x790.jpg 1024w, https:\/\/fa-lesia.eu\/wp-content\/uploads\/Turnhalle-768x593.jpg 768w, https:\/\/fa-lesia.eu\/wp-content\/uploads\/Turnhalle.jpg 1200w\" sizes=\"(max-width: 300px) 100vw, 300px\" \/>\t\t<\/div>\n\t\t\t\t<div class=\"elementor-portfolio-item__overlay\">\n\t\t\t\t<h2 class=\"elementor-portfolio-item__title\">\n\t\tTurnhalle\t\t<\/h2>\n\t\t\t\t<\/div>\n\t\t\t\t<\/a>\n\t\t<\/article>\n\t\t\t\t<article class=\"elementor-portfolio-item elementor-post elementor-filter-21 post-5812 post type-post status-publish format-standard has-post-thumbnail hentry category-architektur tag-concert tag-music tag-recording_studio tag-renewal tag-restoration tag-venue entry has-media\" role=\"listitem\">\n\t\t\t<a class=\"elementor-post__thumbnail__link\" href=\"https:\/\/fa-lesia.eu\/it\/trip_pop_vich\/\">\n\t\t\t\t<div class=\"elementor-portfolio-item__img elementor-post__thumbnail\">\n\t\t\t<img loading=\"lazy\" decoding=\"async\" width=\"284\" height=\"300\" src=\"https:\/\/fa-lesia.eu\/wp-content\/uploads\/tri_pop_vich-284x300.jpg\" class=\"attachment-medium size-medium wp-image-5965\" alt=\"Fachliche Beratungs- und Planungsleistungen in Architektur. Bauleitung f\u00fcr privaten und \u00f6ffentlichen Auftraggeber\" srcset=\"https:\/\/fa-lesia.eu\/wp-content\/uploads\/tri_pop_vich-284x300.jpg 284w, https:\/\/fa-lesia.eu\/wp-content\/uploads\/tri_pop_vich-969x1024.jpg 969w, https:\/\/fa-lesia.eu\/wp-content\/uploads\/tri_pop_vich-768x812.jpg 768w, https:\/\/fa-lesia.eu\/wp-content\/uploads\/tri_pop_vich.jpg 1170w\" sizes=\"(max-width: 284px) 100vw, 284px\" \/>\t\t<\/div>\n\t\t\t\t<div class=\"elementor-portfolio-item__overlay\">\n\t\t\t\t<h2 class=\"elementor-portfolio-item__title\">\n\t\tTrip_pop_vich\t\t<\/h2>\n\t\t\t\t<\/div>\n\t\t\t\t<\/a>\n\t\t<\/article>\n\t\t\t\t<article class=\"elementor-portfolio-item elementor-post elementor-filter-22 post-5853 post type-post status-publish format-standard has-post-thumbnail hentry category-stadt tag-design tag-italia tag-lightdesign tag-new tag-participeded_project tag-social_urbanism tag-sustainable tag-torino entry has-media\" role=\"listitem\">\n\t\t\t<a class=\"elementor-post__thumbnail__link\" href=\"https:\/\/fa-lesia.eu\/it\/torino-geodesign\/\">\n\t\t\t\t<div class=\"elementor-portfolio-item__img elementor-post__thumbnail\">\n\t\t\t<img loading=\"lazy\" decoding=\"async\" width=\"300\" height=\"225\" src=\"https:\/\/fa-lesia.eu\/wp-content\/uploads\/Geodesign-300x225.jpg\" class=\"attachment-medium size-medium wp-image-5940\" alt=\"Fachliche Planungsleistungen in Architektur\" srcset=\"https:\/\/fa-lesia.eu\/wp-content\/uploads\/Geodesign-300x225.jpg 300w, https:\/\/fa-lesia.eu\/wp-content\/uploads\/Geodesign-1024x768.jpg 1024w, https:\/\/fa-lesia.eu\/wp-content\/uploads\/Geodesign-768x576.jpg 768w, https:\/\/fa-lesia.eu\/wp-content\/uploads\/Geodesign.jpg 1200w\" sizes=\"(max-width: 300px) 100vw, 300px\" \/>\t\t<\/div>\n\t\t\t\t<div class=\"elementor-portfolio-item__overlay\">\n\t\t\t\t<h2 class=\"elementor-portfolio-item__title\">\n\t\tTorino Geodesign\t\t<\/h2>\n\t\t\t\t<\/div>\n\t\t\t\t<\/a>\n\t\t<\/article>\n\t\t\t\t<article class=\"elementor-portfolio-item elementor-post elementor-filter-22 post-5857 post type-post status-publish format-standard has-post-thumbnail hentry category-stadt tag-new tag-participeded_project tag-renewal tag-restoration tag-social_urbanism tag-sustainable tag-urban_planning entry has-media\" role=\"listitem\">\n\t\t\t<a class=\"elementor-post__thumbnail__link\" href=\"https:\/\/fa-lesia.eu\/it\/the-human-fountain\/\">\n\t\t\t\t<div class=\"elementor-portfolio-item__img elementor-post__thumbnail\">\n\t\t\t<img loading=\"lazy\" decoding=\"async\" width=\"300\" height=\"212\" src=\"https:\/\/fa-lesia.eu\/wp-content\/uploads\/BOARIO-1-300x212.png\" class=\"attachment-medium size-medium wp-image-5932\" alt=\"Fachliche Planungsleistungen in Architektur\" srcset=\"https:\/\/fa-lesia.eu\/wp-content\/uploads\/BOARIO-1-300x212.png 300w, https:\/\/fa-lesia.eu\/wp-content\/uploads\/BOARIO-1-1024x724.png 1024w, https:\/\/fa-lesia.eu\/wp-content\/uploads\/BOARIO-1-768x543.png 768w, https:\/\/fa-lesia.eu\/wp-content\/uploads\/BOARIO-1-1536x1086.png 1536w, https:\/\/fa-lesia.eu\/wp-content\/uploads\/BOARIO-1-2048x1448.png 2048w\" sizes=\"(max-width: 300px) 100vw, 300px\" \/>\t\t<\/div>\n\t\t\t\t<div class=\"elementor-portfolio-item__overlay\">\n\t\t\t\t<h2 class=\"elementor-portfolio-item__title\">\n\t\tThe Human Fountain\t\t<\/h2>\n\t\t\t\t<\/div>\n\t\t\t\t<\/a>\n\t\t<\/article>\n\t\t\t\t<article class=\"elementor-portfolio-item elementor-post elementor-filter-21 post-5783 post type-post status-publish format-standard has-post-thumbnail hentry category-architektur tag-doctor_practice tag-domestic_landscape tag-landscape_architecture tag-narrow_house tag-new tag-sustainable tag-tree_house tag-urban_house entry has-media\" role=\"listitem\">\n\t\t\t<a class=\"elementor-post__thumbnail__link\" href=\"https:\/\/fa-lesia.eu\/it\/t3-house\/\">\n\t\t\t\t<div class=\"elementor-portfolio-item__img elementor-post__thumbnail\">\n\t\t\t<img loading=\"lazy\" decoding=\"async\" width=\"222\" height=\"300\" src=\"https:\/\/fa-lesia.eu\/wp-content\/uploads\/T3-House-Awa-222x300.jpg\" class=\"attachment-medium size-medium wp-image-6002\" alt=\"Fachliche Beratungs- und Planungsleistungen in Architektur. Bauleitung f\u00fcr privaten und \u00f6ffentlichen Auftraggeber\" srcset=\"https:\/\/fa-lesia.eu\/wp-content\/uploads\/T3-House-Awa-222x300.jpg 222w, https:\/\/fa-lesia.eu\/wp-content\/uploads\/T3-House-Awa-759x1024.jpg 759w, https:\/\/fa-lesia.eu\/wp-content\/uploads\/T3-House-Awa-768x1037.jpg 768w, https:\/\/fa-lesia.eu\/wp-content\/uploads\/T3-House-Awa-1138x1536.jpg 1138w, https:\/\/fa-lesia.eu\/wp-content\/uploads\/T3-House-Awa.jpg 1200w\" sizes=\"(max-width: 222px) 100vw, 222px\" \/>\t\t<\/div>\n\t\t\t\t<div class=\"elementor-portfolio-item__overlay\">\n\t\t\t\t<h2 class=\"elementor-portfolio-item__title\">\n\t\tT3 House\t\t<\/h2>\n\t\t\t\t<\/div>\n\t\t\t\t<\/a>\n\t\t<\/article>\n\t\t\t\t<article class=\"elementor-portfolio-item elementor-post elementor-filter-21 post-5823 post type-post status-publish format-standard has-post-thumbnail hentry category-architektur tag-concrete_stone tag-flooring tag-gym tag-new tag-school tag-stairs entry has-media\" role=\"listitem\">\n\t\t\t<a class=\"elementor-post__thumbnail__link\" href=\"https:\/\/fa-lesia.eu\/it\/sro-15\/\">\n\t\t\t\t<div class=\"elementor-portfolio-item__img elementor-post__thumbnail\">\n\t\t\t<img loading=\"lazy\" decoding=\"async\" width=\"300\" height=\"219\" src=\"https:\/\/fa-lesia.eu\/wp-content\/uploads\/SRO15-300x219.jpg\" class=\"attachment-medium size-medium wp-image-5962\" alt=\"Fachliche Beratungs- und Planungsleistungen in Architektur. Bauleitung f\u00fcr privaten und \u00f6ffentlichen Auftraggeber\" srcset=\"https:\/\/fa-lesia.eu\/wp-content\/uploads\/SRO15-300x219.jpg 300w, https:\/\/fa-lesia.eu\/wp-content\/uploads\/SRO15-1024x748.jpg 1024w, https:\/\/fa-lesia.eu\/wp-content\/uploads\/SRO15-768x561.jpg 768w, https:\/\/fa-lesia.eu\/wp-content\/uploads\/SRO15.jpg 1200w\" sizes=\"(max-width: 300px) 100vw, 300px\" \/>\t\t<\/div>\n\t\t\t\t<div class=\"elementor-portfolio-item__overlay\">\n\t\t\t\t<h2 class=\"elementor-portfolio-item__title\">\n\t\tSRO 15\t\t<\/h2>\n\t\t\t\t<\/div>\n\t\t\t\t<\/a>\n\t\t<\/article>\n\t\t\t\t<article class=\"elementor-portfolio-item elementor-post elementor-filter-22 post-5845 post type-post status-publish format-standard has-post-thumbnail hentry category-stadt tag-new tag-sustainable tag-urban_planning entry has-media\" role=\"listitem\">\n\t\t\t<a class=\"elementor-post__thumbnail__link\" href=\"https:\/\/fa-lesia.eu\/it\/shopping-mall\/\">\n\t\t\t\t<div class=\"elementor-portfolio-item__img elementor-post__thumbnail\">\n\t\t\t<img loading=\"lazy\" decoding=\"async\" width=\"300\" height=\"171\" src=\"https:\/\/fa-lesia.eu\/wp-content\/uploads\/Shopping-mall-300x171.jpg\" class=\"attachment-medium size-medium wp-image-5961\" alt=\"Fachliche Beratungs- und Planungsleistungen in Architektur\" srcset=\"https:\/\/fa-lesia.eu\/wp-content\/uploads\/Shopping-mall-300x171.jpg 300w, https:\/\/fa-lesia.eu\/wp-content\/uploads\/Shopping-mall-1024x585.jpg 1024w, https:\/\/fa-lesia.eu\/wp-content\/uploads\/Shopping-mall-768x439.jpg 768w, https:\/\/fa-lesia.eu\/wp-content\/uploads\/Shopping-mall.jpg 1077w\" sizes=\"(max-width: 300px) 100vw, 300px\" \/>\t\t<\/div>\n\t\t\t\t<div class=\"elementor-portfolio-item__overlay\">\n\t\t\t\t<h2 class=\"elementor-portfolio-item__title\">\n\t\tShopping Mall\t\t<\/h2>\n\t\t\t\t<\/div>\n\t\t\t\t<\/a>\n\t\t<\/article>\n\t\t\t\t<article class=\"elementor-portfolio-item elementor-post elementor-filter-21 post-5821 post type-post status-publish format-standard has-post-thumbnail hentry category-architektur tag-bathroom tag-design tag-home tag-new tag-porcelain_stoneware tag-tiles entry has-media\" role=\"listitem\">\n\t\t\t<a class=\"elementor-post__thumbnail__link\" href=\"https:\/\/fa-lesia.eu\/it\/shades-of-grey\/\">\n\t\t\t\t<div class=\"elementor-portfolio-item__img elementor-post__thumbnail\">\n\t\t\t<img loading=\"lazy\" decoding=\"async\" width=\"197\" height=\"300\" src=\"https:\/\/fa-lesia.eu\/wp-content\/uploads\/Lagerstr-197x300.jpg\" class=\"attachment-medium size-medium wp-image-5946\" alt=\"Fachliche Beratungs- und Planungsleistungen in Architektur. Bauleitung f\u00fcr privaten und \u00f6ffentlichen Auftraggeber\" srcset=\"https:\/\/fa-lesia.eu\/wp-content\/uploads\/Lagerstr-197x300.jpg 197w, https:\/\/fa-lesia.eu\/wp-content\/uploads\/Lagerstr.jpg 525w\" sizes=\"(max-width: 197px) 100vw, 197px\" \/>\t\t<\/div>\n\t\t\t\t<div class=\"elementor-portfolio-item__overlay\">\n\t\t\t\t<h2 class=\"elementor-portfolio-item__title\">\n\t\tShades of Grey\t\t<\/h2>\n\t\t\t\t<\/div>\n\t\t\t\t<\/a>\n\t\t<\/article>\n\t\t\t\t<article class=\"elementor-portfolio-item elementor-post elementor-filter-22 post-5855 post type-post status-publish format-standard has-post-thumbnail hentry category-stadt tag-landscape_architecture tag-renewal tag-restoration tag-social_urbanism tag-sustainable tag-urban_planning entry has-media\" role=\"listitem\">\n\t\t\t<a class=\"elementor-post__thumbnail__link\" href=\"https:\/\/fa-lesia.eu\/it\/sgn-aka-karmacoma\/\">\n\t\t\t\t<div class=\"elementor-portfolio-item__img elementor-post__thumbnail\">\n\t\t\t<img loading=\"lazy\" decoding=\"async\" width=\"300\" height=\"211\" src=\"https:\/\/fa-lesia.eu\/wp-content\/uploads\/SGN-300x211.png\" class=\"attachment-medium size-medium wp-image-5960\" alt=\"Fachliche Planungsleistungen in Architektur\" srcset=\"https:\/\/fa-lesia.eu\/wp-content\/uploads\/SGN-300x211.png 300w, https:\/\/fa-lesia.eu\/wp-content\/uploads\/SGN-1024x721.png 1024w, https:\/\/fa-lesia.eu\/wp-content\/uploads\/SGN-768x541.png 768w, https:\/\/fa-lesia.eu\/wp-content\/uploads\/SGN-1536x1082.png 1536w, https:\/\/fa-lesia.eu\/wp-content\/uploads\/SGN.png 1800w\" sizes=\"(max-width: 300px) 100vw, 300px\" \/>\t\t<\/div>\n\t\t\t\t<div class=\"elementor-portfolio-item__overlay\">\n\t\t\t\t<h2 class=\"elementor-portfolio-item__title\">\n\t\tSGN aka Karmacoma\t\t<\/h2>\n\t\t\t\t<\/div>\n\t\t\t\t<\/a>\n\t\t<\/article>\n\t\t\t\t<article class=\"elementor-portfolio-item elementor-post elementor-filter-21 post-5829 post type-post status-publish format-standard has-post-thumbnail hentry category-architektur tag-bathroom tag-new tag-porcelain_stoneware tag-school tag-stairs tag-swimming_pool tag-tiles entry has-media\" role=\"listitem\">\n\t\t\t<a class=\"elementor-post__thumbnail__link\" href=\"https:\/\/fa-lesia.eu\/it\/sentastrase-20\/\">\n\t\t\t\t<div class=\"elementor-portfolio-item__img elementor-post__thumbnail\">\n\t\t\t<img loading=\"lazy\" decoding=\"async\" width=\"225\" height=\"300\" src=\"https:\/\/fa-lesia.eu\/wp-content\/uploads\/Senta-225x300.jpg\" class=\"attachment-medium size-medium wp-image-5959\" alt=\"Fachliche Beratungs- und Planungsleistungen in Architektur. Bauleitung f\u00fcr privaten und \u00f6ffentlichen Auftraggeber\" srcset=\"https:\/\/fa-lesia.eu\/wp-content\/uploads\/Senta-225x300.jpg 225w, https:\/\/fa-lesia.eu\/wp-content\/uploads\/Senta-768x1024.jpg 768w, https:\/\/fa-lesia.eu\/wp-content\/uploads\/Senta-1152x1536.jpg 1152w, https:\/\/fa-lesia.eu\/wp-content\/uploads\/Senta.jpg 1200w\" sizes=\"(max-width: 225px) 100vw, 225px\" \/>\t\t<\/div>\n\t\t\t\t<div class=\"elementor-portfolio-item__overlay\">\n\t\t\t\t<h2 class=\"elementor-portfolio-item__title\">\n\t\tSentastra\u00dfe 20\t\t<\/h2>\n\t\t\t\t<\/div>\n\t\t\t\t<\/a>\n\t\t<\/article>\n\t\t\t\t<article class=\"elementor-portfolio-item elementor-post elementor-filter-23 post-5864 post type-post status-publish format-standard has-post-thumbnail hentry category-situationen tag-architecture tag-design tag-interior_design tag-living_at_home tag-sustainable entry has-media\" role=\"listitem\">\n\t\t\t<a class=\"elementor-post__thumbnail__link\" href=\"https:\/\/fa-lesia.eu\/it\/safe-flat\/\">\n\t\t\t\t<div class=\"elementor-portfolio-item__img elementor-post__thumbnail\">\n\t\t\t<img loading=\"lazy\" decoding=\"async\" width=\"225\" height=\"300\" src=\"https:\/\/fa-lesia.eu\/wp-content\/uploads\/SAFE-225x300.jpg\" class=\"attachment-medium size-medium wp-image-5956\" alt=\"Fachliche Planungsleistungen in Architektur\" srcset=\"https:\/\/fa-lesia.eu\/wp-content\/uploads\/SAFE-225x300.jpg 225w, https:\/\/fa-lesia.eu\/wp-content\/uploads\/SAFE-769x1024.jpg 769w, https:\/\/fa-lesia.eu\/wp-content\/uploads\/SAFE-768x1023.jpg 768w, https:\/\/fa-lesia.eu\/wp-content\/uploads\/SAFE.jpg 901w\" sizes=\"(max-width: 225px) 100vw, 225px\" \/>\t\t<\/div>\n\t\t\t\t<div class=\"elementor-portfolio-item__overlay\">\n\t\t\t\t<h2 class=\"elementor-portfolio-item__title\">\n\t\tSA&#038;FE Flat\t\t<\/h2>\n\t\t\t\t<\/div>\n\t\t\t\t<\/a>\n\t\t<\/article>\n\t\t\t\t<article class=\"elementor-portfolio-item elementor-post elementor-filter-21 post-5818 post type-post status-publish format-standard has-post-thumbnail hentry category-architektur tag-3d_cut tag-bauleitung tag-flooring tag-marble tag-new tag-stair tag-stone entry has-media\" role=\"listitem\">\n\t\t\t<a class=\"elementor-post__thumbnail__link\" href=\"https:\/\/fa-lesia.eu\/it\/romischer-verband\/\">\n\t\t\t\t<div class=\"elementor-portfolio-item__img elementor-post__thumbnail\">\n\t\t\t<img loading=\"lazy\" decoding=\"async\" width=\"300\" height=\"300\" src=\"https:\/\/fa-lesia.eu\/wp-content\/uploads\/ro\u0308mischer-verband-300x300.jpg\" class=\"attachment-medium size-medium wp-image-5955\" alt=\"Fachliche Beratungs- und Planungsleistungen in Architektur. Bauleitung f\u00fcr privaten und \u00f6ffentlichen Auftraggeber\" srcset=\"https:\/\/fa-lesia.eu\/wp-content\/uploads\/ro\u0308mischer-verband-300x300.jpg 300w, https:\/\/fa-lesia.eu\/wp-content\/uploads\/ro\u0308mischer-verband-1019x1024.jpg 1019w, https:\/\/fa-lesia.eu\/wp-content\/uploads\/ro\u0308mischer-verband-150x150.jpg 150w, https:\/\/fa-lesia.eu\/wp-content\/uploads\/ro\u0308mischer-verband-600x600.jpg 600w\" sizes=\"(max-width: 300px) 100vw, 300px\" \/>\t\t<\/div>\n\t\t\t\t<div class=\"elementor-portfolio-item__overlay\">\n\t\t\t\t<h2 class=\"elementor-portfolio-item__title\">\n\t\tR\u00f6mischer Verband\t\t<\/h2>\n\t\t\t\t<\/div>\n\t\t\t\t<\/a>\n\t\t<\/article>\n\t\t\t\t<article class=\"elementor-portfolio-item elementor-post elementor-filter-22 post-5843 post type-post status-publish format-standard has-post-thumbnail hentry category-stadt tag-renewal tag-restoration tag-social_urbanism tag-tool_for_urbanism tag-urban_planning tag-urban_regeneration entry has-media\" role=\"listitem\">\n\t\t\t<a class=\"elementor-post__thumbnail__link\" href=\"https:\/\/fa-lesia.eu\/it\/pso\/\">\n\t\t\t\t<div class=\"elementor-portfolio-item__img elementor-post__thumbnail\">\n\t\t\t<img loading=\"lazy\" decoding=\"async\" width=\"300\" height=\"206\" src=\"https:\/\/fa-lesia.eu\/wp-content\/uploads\/PSO-300x206.png\" class=\"attachment-medium size-medium wp-image-5953\" alt=\"Fachliche Beratungs- und Planungsleistungen in Architektur\" srcset=\"https:\/\/fa-lesia.eu\/wp-content\/uploads\/PSO-300x206.png 300w, https:\/\/fa-lesia.eu\/wp-content\/uploads\/PSO-1024x704.png 1024w, https:\/\/fa-lesia.eu\/wp-content\/uploads\/PSO-768x528.png 768w, https:\/\/fa-lesia.eu\/wp-content\/uploads\/PSO-1536x1056.png 1536w, https:\/\/fa-lesia.eu\/wp-content\/uploads\/PSO.png 1800w\" sizes=\"(max-width: 300px) 100vw, 300px\" \/>\t\t<\/div>\n\t\t\t\t<div class=\"elementor-portfolio-item__overlay\">\n\t\t\t\t<h2 class=\"elementor-portfolio-item__title\">\n\t\tPSO\t\t<\/h2>\n\t\t\t\t<\/div>\n\t\t\t\t<\/a>\n\t\t<\/article>\n\t\t\t\t<article class=\"elementor-portfolio-item elementor-post elementor-filter-23 post-5888 post type-post status-publish format-standard has-post-thumbnail hentry category-situationen tag-architects tag-architecture tag-chamber_of_architects tag-discussion tag-event tag-exhibition tag-lecture tag-photography tag-public_space tag-staging tag-student tag-workshop entry has-media\" role=\"listitem\">\n\t\t\t<a class=\"elementor-post__thumbnail__link\" href=\"https:\/\/fa-lesia.eu\/it\/piazza-dellarchitettura\/\">\n\t\t\t\t<div class=\"elementor-portfolio-item__img elementor-post__thumbnail\">\n\t\t\t<img loading=\"lazy\" decoding=\"async\" width=\"300\" height=\"225\" src=\"https:\/\/fa-lesia.eu\/wp-content\/uploads\/piazza-architettura-300x225.jpg\" class=\"attachment-medium size-medium wp-image-5952\" alt=\"Falesia Beratungs- und Planungsleistungen in Architektur\" srcset=\"https:\/\/fa-lesia.eu\/wp-content\/uploads\/piazza-architettura-300x225.jpg 300w, https:\/\/fa-lesia.eu\/wp-content\/uploads\/piazza-architettura-768x576.jpg 768w, https:\/\/fa-lesia.eu\/wp-content\/uploads\/piazza-architettura.jpg 1000w\" sizes=\"(max-width: 300px) 100vw, 300px\" \/>\t\t<\/div>\n\t\t\t\t<div class=\"elementor-portfolio-item__overlay\">\n\t\t\t\t<h2 class=\"elementor-portfolio-item__title\">\n\t\tPiazza dell&#8217;Architettura\t\t<\/h2>\n\t\t\t\t<\/div>\n\t\t\t\t<\/a>\n\t\t<\/article>\n\t\t\t\t<article class=\"elementor-portfolio-item elementor-post elementor-filter-22 post-5860 post type-post status-publish format-standard has-post-thumbnail hentry category-stadt tag-new tag-social_urbanism tag-urban_planning tag-utopian_city entry has-media\" role=\"listitem\">\n\t\t\t<a class=\"elementor-post__thumbnail__link\" href=\"https:\/\/fa-lesia.eu\/it\/no-mad-city-nomad-city\/\">\n\t\t\t\t<div class=\"elementor-portfolio-item__img elementor-post__thumbnail\">\n\t\t\t<img loading=\"lazy\" decoding=\"async\" width=\"267\" height=\"300\" src=\"https:\/\/fa-lesia.eu\/wp-content\/uploads\/Nomad-City-267x300.jpg\" class=\"attachment-medium size-medium wp-image-6001\" alt=\"Fachliche Planungsleistungen in Architektur\" srcset=\"https:\/\/fa-lesia.eu\/wp-content\/uploads\/Nomad-City-267x300.jpg 267w, https:\/\/fa-lesia.eu\/wp-content\/uploads\/Nomad-City-913x1024.jpg 913w, https:\/\/fa-lesia.eu\/wp-content\/uploads\/Nomad-City-768x861.jpg 768w, https:\/\/fa-lesia.eu\/wp-content\/uploads\/Nomad-City.jpg 1200w\" sizes=\"(max-width: 267px) 100vw, 267px\" \/>\t\t<\/div>\n\t\t\t\t<div class=\"elementor-portfolio-item__overlay\">\n\t\t\t\t<h2 class=\"elementor-portfolio-item__title\">\n\t\tNo Mad City? NoMAD City!\t\t<\/h2>\n\t\t\t\t<\/div>\n\t\t\t\t<\/a>\n\t\t<\/article>\n\t\t\t\t<article class=\"elementor-portfolio-item elementor-post elementor-filter-21 post-5775 post type-post status-publish format-standard has-post-thumbnail hentry category-architektur tag-architecture tag-art tag-contemporary tag-design tag-landscape_architecture tag-modern_art tag-museum entry has-media\" role=\"listitem\">\n\t\t\t<a class=\"elementor-post__thumbnail__link\" href=\"https:\/\/fa-lesia.eu\/it\/nuovo-museo-darte-moderna-a-muggia-luce-memoria-architettura\/\">\n\t\t\t\t<div class=\"elementor-portfolio-item__img elementor-post__thumbnail\">\n\t\t\t<img loading=\"lazy\" decoding=\"async\" width=\"225\" height=\"300\" src=\"https:\/\/fa-lesia.eu\/wp-content\/uploads\/Museo-Cara-225x300.jpg\" class=\"attachment-medium size-medium wp-image-5949\" alt=\"Fachliche Beratungs- und Planungsleistungen in Architektur. Bauleitung f\u00fcr privaten und \u00f6ffentlichen Auftraggeber\" srcset=\"https:\/\/fa-lesia.eu\/wp-content\/uploads\/Museo-Cara-225x300.jpg 225w, https:\/\/fa-lesia.eu\/wp-content\/uploads\/Museo-Cara-768x1024.jpg 768w, https:\/\/fa-lesia.eu\/wp-content\/uploads\/Museo-Cara-1152x1536.jpg 1152w, https:\/\/fa-lesia.eu\/wp-content\/uploads\/Museo-Cara.jpg 1200w\" sizes=\"(max-width: 225px) 100vw, 225px\" \/>\t\t<\/div>\n\t\t\t\t<div class=\"elementor-portfolio-item__overlay\">\n\t\t\t\t<h2 class=\"elementor-portfolio-item__title\">\n\t\tMuseo Ugo Car\u00e0\t\t<\/h2>\n\t\t\t\t<\/div>\n\t\t\t\t<\/a>\n\t\t<\/article>\n\t\t\t\t<article class=\"elementor-portfolio-item elementor-post elementor-filter-23 post-5866 post type-post status-publish format-standard has-post-thumbnail hentry category-situationen tag-architecture tag-art tag-culture tag-design tag-domestic_landscape tag-interior_design tag-museum entry has-media\" role=\"listitem\">\n\t\t\t<a class=\"elementor-post__thumbnail__link\" href=\"https:\/\/fa-lesia.eu\/it\/museo-ugo-cara\/\">\n\t\t\t\t<div class=\"elementor-portfolio-item__img elementor-post__thumbnail\">\n\t\t\t<img loading=\"lazy\" decoding=\"async\" width=\"225\" height=\"300\" src=\"https:\/\/fa-lesia.eu\/wp-content\/uploads\/Mumu-interior-225x300.jpg\" class=\"attachment-medium size-medium wp-image-5948\" alt=\"Fachliche Planungsleistungen in Architektur\" srcset=\"https:\/\/fa-lesia.eu\/wp-content\/uploads\/Mumu-interior-225x300.jpg 225w, https:\/\/fa-lesia.eu\/wp-content\/uploads\/Mumu-interior-768x1024.jpg 768w, https:\/\/fa-lesia.eu\/wp-content\/uploads\/Mumu-interior-1152x1536.jpg 1152w, https:\/\/fa-lesia.eu\/wp-content\/uploads\/Mumu-interior.jpg 1200w\" sizes=\"(max-width: 225px) 100vw, 225px\" \/>\t\t<\/div>\n\t\t\t\t<div class=\"elementor-portfolio-item__overlay\">\n\t\t\t\t<h2 class=\"elementor-portfolio-item__title\">\n\t\tMuseo Ugo Car\u00e0\t\t<\/h2>\n\t\t\t\t<\/div>\n\t\t\t\t<\/a>\n\t\t<\/article>\n\t\t\t\t<article class=\"elementor-portfolio-item elementor-post elementor-filter-21 post-5802 post type-post status-publish format-standard has-post-thumbnail hentry category-architektur tag-19th_century tag-museum tag-renewal tag-restoration entry has-media\" role=\"listitem\">\n\t\t\t<a class=\"elementor-post__thumbnail__link\" href=\"https:\/\/fa-lesia.eu\/it\/museo-sartorio\/\">\n\t\t\t\t<div class=\"elementor-portfolio-item__img elementor-post__thumbnail\">\n\t\t\t<img loading=\"lazy\" decoding=\"async\" width=\"300\" height=\"225\" src=\"https:\/\/fa-lesia.eu\/wp-content\/uploads\/Sartorio-300x225.png\" class=\"attachment-medium size-medium wp-image-5958\" alt=\"Fachliche Beratungs- und Planungsleistungen in Architektur. Bauleitung f\u00fcr privaten und \u00f6ffentlichen Auftraggeber\" srcset=\"https:\/\/fa-lesia.eu\/wp-content\/uploads\/Sartorio-300x225.png 300w, https:\/\/fa-lesia.eu\/wp-content\/uploads\/Sartorio-1024x768.png 1024w, https:\/\/fa-lesia.eu\/wp-content\/uploads\/Sartorio-768x576.png 768w, https:\/\/fa-lesia.eu\/wp-content\/uploads\/Sartorio.png 1200w\" sizes=\"(max-width: 300px) 100vw, 300px\" \/>\t\t<\/div>\n\t\t\t\t<div class=\"elementor-portfolio-item__overlay\">\n\t\t\t\t<h2 class=\"elementor-portfolio-item__title\">\n\t\tMuseo Sartorio\t\t<\/h2>\n\t\t\t\t<\/div>\n\t\t\t\t<\/a>\n\t\t<\/article>\n\t\t\t\t<article class=\"elementor-portfolio-item elementor-post elementor-filter-21 post-5798 post type-post status-publish format-standard has-post-thumbnail hentry category-architektur tag-19th_century tag-museum tag-trieste entry has-media\" role=\"listitem\">\n\t\t\t<a class=\"elementor-post__thumbnail__link\" href=\"https:\/\/fa-lesia.eu\/it\/museo-revoltella\/\">\n\t\t\t\t<div class=\"elementor-portfolio-item__img elementor-post__thumbnail\">\n\t\t\t<img loading=\"lazy\" decoding=\"async\" width=\"275\" height=\"300\" src=\"https:\/\/fa-lesia.eu\/wp-content\/uploads\/Revoltella-275x300.jpg\" class=\"attachment-medium size-medium wp-image-5954\" alt=\"Fachliche Beratungs- und Planungsleistungen in Architektur. Bauleitung f\u00fcr privaten und \u00f6ffentlichen Auftraggeber\" srcset=\"https:\/\/fa-lesia.eu\/wp-content\/uploads\/Revoltella-275x300.jpg 275w, https:\/\/fa-lesia.eu\/wp-content\/uploads\/Revoltella-940x1024.jpg 940w, https:\/\/fa-lesia.eu\/wp-content\/uploads\/Revoltella-768x836.jpg 768w, https:\/\/fa-lesia.eu\/wp-content\/uploads\/Revoltella.jpg 1000w\" sizes=\"(max-width: 275px) 100vw, 275px\" \/>\t\t<\/div>\n\t\t\t\t<div class=\"elementor-portfolio-item__overlay\">\n\t\t\t\t<h2 class=\"elementor-portfolio-item__title\">\n\t\tMuseo Revoltella\t\t<\/h2>\n\t\t\t\t<\/div>\n\t\t\t\t<\/a>\n\t\t<\/article>\n\t\t\t\t<article class=\"elementor-portfolio-item elementor-post elementor-filter-23 post-5886 post type-post status-publish format-standard has-post-thumbnail hentry category-situationen tag-coffee tag-design tag-museum tag-naba tag-new tag-school tag-situation tag-social_urbanism tag-students tag-sustainable tag-workshop entry has-media\" role=\"listitem\">\n\t\t\t<a class=\"elementor-post__thumbnail__link\" href=\"https:\/\/fa-lesia.eu\/it\/museo-espresso\/\">\n\t\t\t\t<div class=\"elementor-portfolio-item__img elementor-post__thumbnail\">\n\t\t\t<img loading=\"lazy\" decoding=\"async\" width=\"300\" height=\"225\" src=\"https:\/\/fa-lesia.eu\/wp-content\/uploads\/WS-Museo-espresso-300x225.jpg\" class=\"attachment-medium size-medium wp-image-6007\" alt=\"Fachliche Beratungs- und Planungsleistungen in Architektur. Bauleitung f\u00fcr privaten und \u00f6ffentlichen Auftraggeber\" srcset=\"https:\/\/fa-lesia.eu\/wp-content\/uploads\/WS-Museo-espresso-300x225.jpg 300w, https:\/\/fa-lesia.eu\/wp-content\/uploads\/WS-Museo-espresso-1024x768.jpg 1024w, https:\/\/fa-lesia.eu\/wp-content\/uploads\/WS-Museo-espresso-768x576.jpg 768w, https:\/\/fa-lesia.eu\/wp-content\/uploads\/WS-Museo-espresso.jpg 1100w\" sizes=\"(max-width: 300px) 100vw, 300px\" \/>\t\t<\/div>\n\t\t\t\t<div class=\"elementor-portfolio-item__overlay\">\n\t\t\t\t<h2 class=\"elementor-portfolio-item__title\">\n\t\tMuseo Espresso\t\t<\/h2>\n\t\t\t\t<\/div>\n\t\t\t\t<\/a>\n\t\t<\/article>\n\t\t\t\t<article class=\"elementor-portfolio-item elementor-post elementor-filter-21 post-5810 post type-post status-publish format-standard has-post-thumbnail hentry category-architektur tag-renewal tag-restoration tag-roof tag-roof_terrace tag-sustainable tag-wood entry has-media\" role=\"listitem\">\n\t\t\t<a class=\"elementor-post__thumbnail__link\" href=\"https:\/\/fa-lesia.eu\/it\/leave-your-hat-on\/\">\n\t\t\t\t<div class=\"elementor-portfolio-item__img elementor-post__thumbnail\">\n\t\t\t<img loading=\"lazy\" decoding=\"async\" width=\"300\" height=\"300\" src=\"https:\/\/fa-lesia.eu\/wp-content\/uploads\/Chiampore01-1-300x300.jpg\" class=\"attachment-medium size-medium wp-image-5937\" alt=\"Fachliche Beratungs- und Planungsleistungen in Architektur. Bauleitung f\u00fcr privaten und \u00f6ffentlichen Auftraggeber\" srcset=\"https:\/\/fa-lesia.eu\/wp-content\/uploads\/Chiampore01-1-300x300.jpg 300w, https:\/\/fa-lesia.eu\/wp-content\/uploads\/Chiampore01-1-1024x1024.jpg 1024w, https:\/\/fa-lesia.eu\/wp-content\/uploads\/Chiampore01-1-150x150.jpg 150w, https:\/\/fa-lesia.eu\/wp-content\/uploads\/Chiampore01-1-768x768.jpg 768w, https:\/\/fa-lesia.eu\/wp-content\/uploads\/Chiampore01-1-600x600.jpg 600w, https:\/\/fa-lesia.eu\/wp-content\/uploads\/Chiampore01-1.jpg 1200w\" sizes=\"(max-width: 300px) 100vw, 300px\" \/>\t\t<\/div>\n\t\t\t\t<div class=\"elementor-portfolio-item__overlay\">\n\t\t\t\t<h2 class=\"elementor-portfolio-item__title\">\n\t\tLeave your hat on\t\t<\/h2>\n\t\t\t\t<\/div>\n\t\t\t\t<\/a>\n\t\t<\/article>\n\t\t\t\t<article class=\"elementor-portfolio-item elementor-post elementor-filter-23 post-5918 post type-post status-publish format-standard has-post-thumbnail hentry category-situationen tag-art tag-art_gallery tag-design tag-event tag-geodesign tag-lightdesign tag-participation_project tag-sustainable tag-torino entry has-media\" role=\"listitem\">\n\t\t\t<a class=\"elementor-post__thumbnail__link\" href=\"https:\/\/fa-lesia.eu\/it\/lap_lamp-in-tommaseo\/\">\n\t\t\t\t<div class=\"elementor-portfolio-item__img elementor-post__thumbnail\">\n\t\t\t<img loading=\"lazy\" decoding=\"async\" width=\"300\" height=\"205\" src=\"https:\/\/fa-lesia.eu\/wp-content\/uploads\/LApLamp-Tommaseo-300x205.jpg\" class=\"attachment-medium size-medium wp-image-5947\" alt=\"Falesia Beratungs- und Planungsleistungen in Architektur\" srcset=\"https:\/\/fa-lesia.eu\/wp-content\/uploads\/LApLamp-Tommaseo-300x205.jpg 300w, https:\/\/fa-lesia.eu\/wp-content\/uploads\/LApLamp-Tommaseo-1024x701.jpg 1024w, https:\/\/fa-lesia.eu\/wp-content\/uploads\/LApLamp-Tommaseo-768x525.jpg 768w, https:\/\/fa-lesia.eu\/wp-content\/uploads\/LApLamp-Tommaseo.jpg 1200w\" sizes=\"(max-width: 300px) 100vw, 300px\" \/>\t\t<\/div>\n\t\t\t\t<div class=\"elementor-portfolio-item__overlay\">\n\t\t\t\t<h2 class=\"elementor-portfolio-item__title\">\n\t\tLap Lamp goes to Tommaseo\t\t<\/h2>\n\t\t\t\t<\/div>\n\t\t\t\t<\/a>\n\t\t<\/article>\n\t\t\t\t<article class=\"elementor-portfolio-item elementor-post elementor-filter-21 post-5794 post type-post status-publish format-standard has-post-thumbnail hentry category-architektur tag-design tag-showroom tag-wine entry has-media\" role=\"listitem\">\n\t\t\t<a class=\"elementor-post__thumbnail__link\" href=\"https:\/\/fa-lesia.eu\/it\/italesse-srl\/\">\n\t\t\t\t<div class=\"elementor-portfolio-item__img elementor-post__thumbnail\">\n\t\t\t<img loading=\"lazy\" decoding=\"async\" width=\"284\" height=\"300\" src=\"https:\/\/fa-lesia.eu\/wp-content\/uploads\/Italesse-neubau-284x300.png\" class=\"attachment-medium size-medium wp-image-5944\" alt=\"Fachliche Beratungs- und Planungsleistungen in Architektur. Bauleitung f\u00fcr privaten und \u00f6ffentlichen Auftraggeber\" srcset=\"https:\/\/fa-lesia.eu\/wp-content\/uploads\/Italesse-neubau-284x300.png 284w, https:\/\/fa-lesia.eu\/wp-content\/uploads\/Italesse-neubau-971x1024.png 971w, https:\/\/fa-lesia.eu\/wp-content\/uploads\/Italesse-neubau-768x810.png 768w, https:\/\/fa-lesia.eu\/wp-content\/uploads\/Italesse-neubau-1456x1536.png 1456w, https:\/\/fa-lesia.eu\/wp-content\/uploads\/Italesse-neubau.png 1800w\" sizes=\"(max-width: 284px) 100vw, 284px\" \/>\t\t<\/div>\n\t\t\t\t<div class=\"elementor-portfolio-item__overlay\">\n\t\t\t\t<h2 class=\"elementor-portfolio-item__title\">\n\t\tItalesse srl\t\t<\/h2>\n\t\t\t\t<\/div>\n\t\t\t\t<\/a>\n\t\t<\/article>\n\t\t\t\t<article class=\"elementor-portfolio-item elementor-post elementor-filter-21 post-5814 post type-post status-publish format-standard has-post-thumbnail hentry category-architektur tag-19th_century tag-renewal tag-restoration tag-sustainable tag-urban_regeneration entry has-media\" role=\"listitem\">\n\t\t\t<a class=\"elementor-post__thumbnail__link\" href=\"https:\/\/fa-lesia.eu\/it\/isola-chiozza\/\">\n\t\t\t\t<div class=\"elementor-portfolio-item__img elementor-post__thumbnail\">\n\t\t\t<img loading=\"lazy\" decoding=\"async\" width=\"300\" height=\"272\" src=\"https:\/\/fa-lesia.eu\/wp-content\/uploads\/isolaChiozza01b-300x272.jpg\" class=\"attachment-medium size-medium wp-image-5942\" alt=\"Fachliche Beratungs- und Planungsleistungen in Architektur. Bauleitung f\u00fcr privaten und \u00f6ffentlichen Auftraggeber\" srcset=\"https:\/\/fa-lesia.eu\/wp-content\/uploads\/isolaChiozza01b-300x272.jpg 300w, https:\/\/fa-lesia.eu\/wp-content\/uploads\/isolaChiozza01b-1024x928.jpg 1024w, https:\/\/fa-lesia.eu\/wp-content\/uploads\/isolaChiozza01b-768x696.jpg 768w, https:\/\/fa-lesia.eu\/wp-content\/uploads\/isolaChiozza01b-1536x1392.jpg 1536w, https:\/\/fa-lesia.eu\/wp-content\/uploads\/isolaChiozza01b.jpg 1726w\" sizes=\"(max-width: 300px) 100vw, 300px\" \/>\t\t<\/div>\n\t\t\t\t<div class=\"elementor-portfolio-item__overlay\">\n\t\t\t\t<h2 class=\"elementor-portfolio-item__title\">\n\t\tIsola Chiozza\t\t<\/h2>\n\t\t\t\t<\/div>\n\t\t\t\t<\/a>\n\t\t<\/article>\n\t\t\t\t<article class=\"elementor-portfolio-item elementor-post elementor-filter-23 post-5870 post type-post status-publish format-standard has-post-thumbnail hentry category-situationen tag-architecture tag-design tag-glasses tag-interior_design tag-living_at_home tag-new tag-showroom tag-wine entry has-media\" role=\"listitem\">\n\t\t\t<a class=\"elementor-post__thumbnail__link\" href=\"https:\/\/fa-lesia.eu\/it\/house-of-glasses\/\">\n\t\t\t\t<div class=\"elementor-portfolio-item__img elementor-post__thumbnail\">\n\t\t\t<img loading=\"lazy\" decoding=\"async\" width=\"300\" height=\"225\" src=\"https:\/\/fa-lesia.eu\/wp-content\/uploads\/italesse-interior-300x225.jpg\" class=\"attachment-medium size-medium wp-image-5943\" alt=\"Fachliche Planungsleistungen in Architektur\" srcset=\"https:\/\/fa-lesia.eu\/wp-content\/uploads\/italesse-interior-300x225.jpg 300w, https:\/\/fa-lesia.eu\/wp-content\/uploads\/italesse-interior-1024x768.jpg 1024w, https:\/\/fa-lesia.eu\/wp-content\/uploads\/italesse-interior-768x576.jpg 768w, https:\/\/fa-lesia.eu\/wp-content\/uploads\/italesse-interior.jpg 1181w\" sizes=\"(max-width: 300px) 100vw, 300px\" \/>\t\t<\/div>\n\t\t\t\t<div class=\"elementor-portfolio-item__overlay\">\n\t\t\t\t<h2 class=\"elementor-portfolio-item__title\">\n\t\tHouse of Glasses\t\t<\/h2>\n\t\t\t\t<\/div>\n\t\t\t\t<\/a>\n\t\t<\/article>\n\t\t\t\t<article class=\"elementor-portfolio-item elementor-post elementor-filter-23 post-5893 post type-post status-publish format-standard has-post-thumbnail hentry category-situationen tag-cardiologists tag-design tag-national_congress tag-stand entry has-media\" role=\"listitem\">\n\t\t\t<a class=\"elementor-post__thumbnail__link\" href=\"https:\/\/fa-lesia.eu\/it\/heart-of-plastic\/\">\n\t\t\t\t<div class=\"elementor-portfolio-item__img elementor-post__thumbnail\">\n\t\t\t<img loading=\"lazy\" decoding=\"async\" width=\"300\" height=\"190\" src=\"https:\/\/fa-lesia.eu\/wp-content\/uploads\/stand-1-300x190.jpg\" class=\"attachment-medium size-medium wp-image-5963\" alt=\"Fachliche Beratungs- und Planungsleistungen in Architektur. Bauleitung f\u00fcr privaten und \u00f6ffentlichen Auftraggeber\" srcset=\"https:\/\/fa-lesia.eu\/wp-content\/uploads\/stand-1-300x190.jpg 300w, https:\/\/fa-lesia.eu\/wp-content\/uploads\/stand-1-1024x647.jpg 1024w, https:\/\/fa-lesia.eu\/wp-content\/uploads\/stand-1-768x486.jpg 768w, https:\/\/fa-lesia.eu\/wp-content\/uploads\/stand-1-1536x971.jpg 1536w, https:\/\/fa-lesia.eu\/wp-content\/uploads\/stand-1.jpg 1800w\" sizes=\"(max-width: 300px) 100vw, 300px\" \/>\t\t<\/div>\n\t\t\t\t<div class=\"elementor-portfolio-item__overlay\">\n\t\t\t\t<h2 class=\"elementor-portfolio-item__title\">\n\t\tHeart of Plastic\t\t<\/h2>\n\t\t\t\t<\/div>\n\t\t\t\t<\/a>\n\t\t<\/article>\n\t\t\t\t<article class=\"elementor-portfolio-item elementor-post elementor-filter-21 post-5827 post type-post status-publish format-standard has-post-thumbnail hentry category-architektur tag-concrete_stone tag-flooring tag-social_housing tag-stairs entry has-media\" role=\"listitem\">\n\t\t\t<a class=\"elementor-post__thumbnail__link\" href=\"https:\/\/fa-lesia.eu\/it\/harthof-53-btl\/\">\n\t\t\t\t<div class=\"elementor-portfolio-item__img elementor-post__thumbnail\">\n\t\t\t<img loading=\"lazy\" decoding=\"async\" width=\"300\" height=\"225\" src=\"https:\/\/fa-lesia.eu\/wp-content\/uploads\/Harthof-GWG-300x225.jpg\" class=\"attachment-medium size-medium wp-image-5941\" alt=\"Fachliche Beratungs- und Planungsleistungen in Architektur. Bauleitung f\u00fcr privaten und \u00f6ffentlichen Auftraggeber\" srcset=\"https:\/\/fa-lesia.eu\/wp-content\/uploads\/Harthof-GWG-300x225.jpg 300w, https:\/\/fa-lesia.eu\/wp-content\/uploads\/Harthof-GWG-1024x768.jpg 1024w, https:\/\/fa-lesia.eu\/wp-content\/uploads\/Harthof-GWG-768x576.jpg 768w, https:\/\/fa-lesia.eu\/wp-content\/uploads\/Harthof-GWG.jpg 1200w\" sizes=\"(max-width: 300px) 100vw, 300px\" \/>\t\t<\/div>\n\t\t\t\t<div class=\"elementor-portfolio-item__overlay\">\n\t\t\t\t<h2 class=\"elementor-portfolio-item__title\">\n\t\tHarthof 53. Btl\t\t<\/h2>\n\t\t\t\t<\/div>\n\t\t\t\t<\/a>\n\t\t<\/article>\n\t\t\t\t<article class=\"elementor-portfolio-item elementor-post elementor-filter-23 post-6005 post type-post status-publish format-standard has-post-thumbnail hentry category-situationen tag-design tag-naba tag-prototypes tag-students tag-sustainable tag-wind tag-wind_energy tag-wind_intensity tag-wind_shape tag-workshop entry has-media\" role=\"listitem\">\n\t\t\t<a class=\"elementor-post__thumbnail__link\" href=\"https:\/\/fa-lesia.eu\/it\/give-a-shape-to-the-wind-1\/\">\n\t\t\t\t<div class=\"elementor-portfolio-item__img elementor-post__thumbnail\">\n\t\t\t<img loading=\"lazy\" decoding=\"async\" width=\"300\" height=\"226\" src=\"https:\/\/fa-lesia.eu\/wp-content\/uploads\/Wind1-300x226.jpg\" class=\"attachment-medium size-medium wp-image-5968\" alt=\"Falesia Beratungs- und Planungsleistungen in Architektur\" srcset=\"https:\/\/fa-lesia.eu\/wp-content\/uploads\/Wind1-300x226.jpg 300w, https:\/\/fa-lesia.eu\/wp-content\/uploads\/Wind1-768x578.jpg 768w, https:\/\/fa-lesia.eu\/wp-content\/uploads\/Wind1.jpg 859w\" sizes=\"(max-width: 300px) 100vw, 300px\" \/>\t\t<\/div>\n\t\t\t\t<div class=\"elementor-portfolio-item__overlay\">\n\t\t\t\t<h2 class=\"elementor-portfolio-item__title\">\n\t\tGive a Shape to the Wind 1\t\t<\/h2>\n\t\t\t\t<\/div>\n\t\t\t\t<\/a>\n\t\t<\/article>\n\t\t\t\t<article class=\"elementor-portfolio-item elementor-post elementor-filter-23 post-5895 post type-post status-publish format-standard has-post-thumbnail hentry category-situationen tag-architects tag-architecture tag-art tag-artists tag-concepts tag-designers tag-events tag-exhibitions tag-international tag-photographs tag-situations tag-students tag-workshops entry has-media\" role=\"listitem\">\n\t\t\t<a class=\"elementor-post__thumbnail__link\" href=\"https:\/\/fa-lesia.eu\/it\/faltwerksalon\/\">\n\t\t\t\t<div class=\"elementor-portfolio-item__img elementor-post__thumbnail\">\n\t\t\t<img loading=\"lazy\" decoding=\"async\" width=\"300\" height=\"225\" src=\"https:\/\/fa-lesia.eu\/wp-content\/uploads\/Salone-Gemma-300x225.jpg\" class=\"attachment-medium size-medium wp-image-5957\" alt=\"Falesia Beratungs- und Planungsleistungen in Architektur\" srcset=\"https:\/\/fa-lesia.eu\/wp-content\/uploads\/Salone-Gemma-300x225.jpg 300w, https:\/\/fa-lesia.eu\/wp-content\/uploads\/Salone-Gemma-1024x768.jpg 1024w, https:\/\/fa-lesia.eu\/wp-content\/uploads\/Salone-Gemma-768x576.jpg 768w, https:\/\/fa-lesia.eu\/wp-content\/uploads\/Salone-Gemma.jpg 1200w\" sizes=\"(max-width: 300px) 100vw, 300px\" \/>\t\t<\/div>\n\t\t\t\t<div class=\"elementor-portfolio-item__overlay\">\n\t\t\t\t<h2 class=\"elementor-portfolio-item__title\">\n\t\tFaltwerksalon\t\t<\/h2>\n\t\t\t\t<\/div>\n\t\t\t\t<\/a>\n\t\t<\/article>\n\t\t\t\t<article class=\"elementor-portfolio-item elementor-post elementor-filter-23 post-5874 post type-post status-publish format-standard has-post-thumbnail hentry category-situationen tag-design tag-facebook tag-milano tag-prototypes tag-school tag-socialnetwork tag-students tag-workshop entry has-media\" role=\"listitem\">\n\t\t\t<a class=\"elementor-post__thumbnail__link\" href=\"https:\/\/fa-lesia.eu\/it\/design-royale\/\">\n\t\t\t\t<div class=\"elementor-portfolio-item__img elementor-post__thumbnail\">\n\t\t\t<img loading=\"lazy\" decoding=\"async\" width=\"300\" height=\"225\" src=\"https:\/\/fa-lesia.eu\/wp-content\/uploads\/design-royale-300x225.jpg\" class=\"attachment-medium size-medium wp-image-5938\" alt=\"Falesia Beratungs- und Planungsleistungen in Architektur und Design\" srcset=\"https:\/\/fa-lesia.eu\/wp-content\/uploads\/design-royale-300x225.jpg 300w, https:\/\/fa-lesia.eu\/wp-content\/uploads\/design-royale-1024x768.jpg 1024w, https:\/\/fa-lesia.eu\/wp-content\/uploads\/design-royale-768x576.jpg 768w, https:\/\/fa-lesia.eu\/wp-content\/uploads\/design-royale.jpg 1200w\" sizes=\"(max-width: 300px) 100vw, 300px\" \/>\t\t<\/div>\n\t\t\t\t<div class=\"elementor-portfolio-item__overlay\">\n\t\t\t\t<h2 class=\"elementor-portfolio-item__title\">\n\t\tDesign Royale\t\t<\/h2>\n\t\t\t\t<\/div>\n\t\t\t\t<\/a>\n\t\t<\/article>\n\t\t\t\t<article class=\"elementor-portfolio-item elementor-post elementor-filter-21 post-6980 post type-post status-publish format-standard has-post-thumbnail hentry category-architektur tag-anbau tag-aufstockung tag-bauen-im-bestand tag-denkmalschutz tag-erhalt tag-erweiterung tag-renewal tag-restoration tag-revitalisierung tag-sanierung tag-sustainable tag-umbau entry has-media\" role=\"listitem\">\n\t\t\t<a class=\"elementor-post__thumbnail__link\" href=\"https:\/\/fa-lesia.eu\/it\/dav\/\">\n\t\t\t\t<div class=\"elementor-portfolio-item__img elementor-post__thumbnail\">\n\t\t\t<img loading=\"lazy\" decoding=\"async\" width=\"300\" height=\"229\" src=\"https:\/\/fa-lesia.eu\/wp-content\/uploads\/DAV_04-1-300x229.jpg\" class=\"attachment-medium size-medium wp-image-6976\" alt=\"Deutscher Alpenverein Foto des saniertes Treppenhaus im EG\" srcset=\"https:\/\/fa-lesia.eu\/wp-content\/uploads\/DAV_04-1-300x229.jpg 300w, https:\/\/fa-lesia.eu\/wp-content\/uploads\/DAV_04-1-1024x782.jpg 1024w, https:\/\/fa-lesia.eu\/wp-content\/uploads\/DAV_04-1-768x586.jpg 768w, https:\/\/fa-lesia.eu\/wp-content\/uploads\/DAV_04-1-16x12.jpg 16w, https:\/\/fa-lesia.eu\/wp-content\/uploads\/DAV_04-1.jpg 1040w\" sizes=\"(max-width: 300px) 100vw, 300px\" \/>\t\t<\/div>\n\t\t\t\t<div class=\"elementor-portfolio-item__overlay\">\n\t\t\t\t<h2 class=\"elementor-portfolio-item__title\">\n\t\tDAV\t\t<\/h2>\n\t\t\t\t<\/div>\n\t\t\t\t<\/a>\n\t\t<\/article>\n\t\t\t\t<article class=\"elementor-portfolio-item elementor-post elementor-filter-21 post-5816 post type-post status-publish format-standard has-post-thumbnail hentry category-architektur tag-day_center tag-garden tag-psychiatry tag-renewal tag-terrace entry has-media\" role=\"listitem\">\n\t\t\t<a class=\"elementor-post__thumbnail__link\" href=\"https:\/\/fa-lesia.eu\/it\/csm-domio\/\">\n\t\t\t\t<div class=\"elementor-portfolio-item__img elementor-post__thumbnail\">\n\t\t\t<img loading=\"lazy\" decoding=\"async\" width=\"300\" height=\"197\" src=\"https:\/\/fa-lesia.eu\/wp-content\/uploads\/Domio-300x197.jpg\" class=\"attachment-medium size-medium wp-image-5939\" alt=\"Fachliche Beratungs- und Planungsleistungen in Architektur. Bauleitung f\u00fcr privaten und \u00f6ffentlichen Auftraggeber\" srcset=\"https:\/\/fa-lesia.eu\/wp-content\/uploads\/Domio-300x197.jpg 300w, https:\/\/fa-lesia.eu\/wp-content\/uploads\/Domio-1024x672.jpg 1024w, https:\/\/fa-lesia.eu\/wp-content\/uploads\/Domio-768x504.jpg 768w, https:\/\/fa-lesia.eu\/wp-content\/uploads\/Domio.jpg 1200w\" sizes=\"(max-width: 300px) 100vw, 300px\" \/>\t\t<\/div>\n\t\t\t\t<div class=\"elementor-portfolio-item__overlay\">\n\t\t\t\t<h2 class=\"elementor-portfolio-item__title\">\n\t\tCSM Domio\t\t<\/h2>\n\t\t\t\t<\/div>\n\t\t\t\t<\/a>\n\t\t<\/article>\n\t\t\t\t<article class=\"elementor-portfolio-item elementor-post elementor-filter-23 post-6003 post type-post status-publish format-standard has-post-thumbnail hentry category-situationen tag-art tag-art_installation tag-event tag-lightdesign tag-sustainable entry has-media\" role=\"listitem\">\n\t\t\t<a class=\"elementor-post__thumbnail__link\" href=\"https:\/\/fa-lesia.eu\/it\/colonne-di-luce\/\">\n\t\t\t\t<div class=\"elementor-portfolio-item__img elementor-post__thumbnail\">\n\t\t\t<img loading=\"lazy\" decoding=\"async\" width=\"225\" height=\"300\" src=\"https:\/\/fa-lesia.eu\/wp-content\/uploads\/colonne-di-luce-225x300.jpg\" class=\"attachment-medium size-medium wp-image-6000\" alt=\"Fachliche Beratungs- und Planungsleistungen in Architektur. Bauleitung f\u00fcr privaten und \u00f6ffentlichen Auftraggeber\" srcset=\"https:\/\/fa-lesia.eu\/wp-content\/uploads\/colonne-di-luce-225x300.jpg 225w, https:\/\/fa-lesia.eu\/wp-content\/uploads\/colonne-di-luce-768x1024.jpg 768w, https:\/\/fa-lesia.eu\/wp-content\/uploads\/colonne-di-luce.jpg 960w\" sizes=\"(max-width: 225px) 100vw, 225px\" \/>\t\t<\/div>\n\t\t\t\t<div class=\"elementor-portfolio-item__overlay\">\n\t\t\t\t<h2 class=\"elementor-portfolio-item__title\">\n\t\tColonne di Luce\t\t<\/h2>\n\t\t\t\t<\/div>\n\t\t\t\t<\/a>\n\t\t<\/article>\n\t\t\t\t<article class=\"elementor-portfolio-item elementor-post elementor-filter-21 post-5804 post type-post status-publish format-standard has-post-thumbnail hentry category-architektur tag-new tag-renewal tag-restoration tag-school entry has-media\" role=\"listitem\">\n\t\t\t<a class=\"elementor-post__thumbnail__link\" href=\"https:\/\/fa-lesia.eu\/it\/castelletto\/\">\n\t\t\t\t<div class=\"elementor-portfolio-item__img elementor-post__thumbnail\">\n\t\t\t<img loading=\"lazy\" decoding=\"async\" width=\"300\" height=\"234\" src=\"https:\/\/fa-lesia.eu\/wp-content\/uploads\/Castelletto-300x234.jpg\" class=\"attachment-medium size-medium wp-image-5936\" alt=\"Fachliche Beratungs- und Planungsleistungen in Architektur. Bauleitung f\u00fcr privaten und \u00f6ffentlichen Auftraggeber\" srcset=\"https:\/\/fa-lesia.eu\/wp-content\/uploads\/Castelletto-300x234.jpg 300w, https:\/\/fa-lesia.eu\/wp-content\/uploads\/Castelletto-1024x797.jpg 1024w, https:\/\/fa-lesia.eu\/wp-content\/uploads\/Castelletto-768x598.jpg 768w, https:\/\/fa-lesia.eu\/wp-content\/uploads\/Castelletto.jpg 1200w\" sizes=\"(max-width: 300px) 100vw, 300px\" \/>\t\t<\/div>\n\t\t\t\t<div class=\"elementor-portfolio-item__overlay\">\n\t\t\t\t<h2 class=\"elementor-portfolio-item__title\">\n\t\tCastelletto\t\t<\/h2>\n\t\t\t\t<\/div>\n\t\t\t\t<\/a>\n\t\t<\/article>\n\t\t\t\t<article class=\"elementor-portfolio-item elementor-post elementor-filter-21 post-5800 post type-post status-publish format-standard has-post-thumbnail hentry category-architektur tag-concert tag-music tag-renewal tag-restoration tag-school entry has-media\" role=\"listitem\">\n\t\t\t<a class=\"elementor-post__thumbnail__link\" href=\"https:\/\/fa-lesia.eu\/it\/casa-della-musica\/\">\n\t\t\t\t<div class=\"elementor-portfolio-item__img elementor-post__thumbnail\">\n\t\t\t<img loading=\"lazy\" decoding=\"async\" width=\"231\" height=\"300\" src=\"https:\/\/fa-lesia.eu\/wp-content\/uploads\/casa-musica--231x300.png\" class=\"attachment-medium size-medium wp-image-5934\" alt=\"Fachliche Beratungs- und Planungsleistungen in Architektur. Bauleitung f\u00fcr privaten und \u00f6ffentlichen Auftraggeber\" srcset=\"https:\/\/fa-lesia.eu\/wp-content\/uploads\/casa-musica--231x300.png 231w, https:\/\/fa-lesia.eu\/wp-content\/uploads\/casa-musica--788x1024.png 788w, https:\/\/fa-lesia.eu\/wp-content\/uploads\/casa-musica--768x998.png 768w, https:\/\/fa-lesia.eu\/wp-content\/uploads\/casa-musica-.png 1181w\" sizes=\"(max-width: 231px) 100vw, 231px\" \/>\t\t<\/div>\n\t\t\t\t<div class=\"elementor-portfolio-item__overlay\">\n\t\t\t\t<h2 class=\"elementor-portfolio-item__title\">\n\t\tCasa della Musica\t\t<\/h2>\n\t\t\t\t<\/div>\n\t\t\t\t<\/a>\n\t\t<\/article>\n\t\t\t\t<article class=\"elementor-portfolio-item elementor-post elementor-filter-23 post-5872 post type-post status-publish format-standard has-post-thumbnail hentry category-situationen tag-concert tag-design tag-interior_design tag-music tag-renewal tag-restoration tag-school tag-venue entry has-media\" role=\"listitem\">\n\t\t\t<a class=\"elementor-post__thumbnail__link\" href=\"https:\/\/fa-lesia.eu\/it\/casa-della-musica-2\/\">\n\t\t\t\t<div class=\"elementor-portfolio-item__img elementor-post__thumbnail\">\n\t\t\t<img loading=\"lazy\" decoding=\"async\" width=\"300\" height=\"231\" src=\"https:\/\/fa-lesia.eu\/wp-content\/uploads\/casa-musica-interior-300x231.jpg\" class=\"attachment-medium size-medium wp-image-5935\" alt=\"Fachliche Planungsleistungen in Architektur\" srcset=\"https:\/\/fa-lesia.eu\/wp-content\/uploads\/casa-musica-interior-300x231.jpg 300w, https:\/\/fa-lesia.eu\/wp-content\/uploads\/casa-musica-interior-1024x788.jpg 1024w, https:\/\/fa-lesia.eu\/wp-content\/uploads\/casa-musica-interior-768x591.jpg 768w, https:\/\/fa-lesia.eu\/wp-content\/uploads\/casa-musica-interior.jpg 1200w\" sizes=\"(max-width: 300px) 100vw, 300px\" \/>\t\t<\/div>\n\t\t\t\t<div class=\"elementor-portfolio-item__overlay\">\n\t\t\t\t<h2 class=\"elementor-portfolio-item__title\">\n\t\tCasa della Musica\t\t<\/h2>\n\t\t\t\t<\/div>\n\t\t\t\t<\/a>\n\t\t<\/article>\n\t\t\t\t<article class=\"elementor-portfolio-item elementor-post elementor-filter-22 post-5847 post type-post status-publish format-standard has-post-thumbnail hentry category-stadt tag-landscape_architecture tag-park tag-social_urbanism tag-sustainable tag-urban_planning tag-urban_regeneration entry has-media\" role=\"listitem\">\n\t\t\t<a class=\"elementor-post__thumbnail__link\" href=\"https:\/\/fa-lesia.eu\/it\/capofonte\/\">\n\t\t\t\t<div class=\"elementor-portfolio-item__img elementor-post__thumbnail\">\n\t\t\t<img loading=\"lazy\" decoding=\"async\" width=\"300\" height=\"213\" src=\"https:\/\/fa-lesia.eu\/wp-content\/uploads\/capofonte-300x213.jpg\" class=\"attachment-medium size-medium wp-image-5933\" alt=\"Fachliche Beratungs- und Planungsleistungen in Architektur\" srcset=\"https:\/\/fa-lesia.eu\/wp-content\/uploads\/capofonte-300x213.jpg 300w, https:\/\/fa-lesia.eu\/wp-content\/uploads\/capofonte-1024x727.jpg 1024w, https:\/\/fa-lesia.eu\/wp-content\/uploads\/capofonte-768x545.jpg 768w, https:\/\/fa-lesia.eu\/wp-content\/uploads\/capofonte.jpg 1200w\" sizes=\"(max-width: 300px) 100vw, 300px\" \/>\t\t<\/div>\n\t\t\t\t<div class=\"elementor-portfolio-item__overlay\">\n\t\t\t\t<h2 class=\"elementor-portfolio-item__title\">\n\t\tCapofonte\t\t<\/h2>\n\t\t\t\t<\/div>\n\t\t\t\t<\/a>\n\t\t<\/article>\n\t\t\t\t<article class=\"elementor-portfolio-item elementor-post elementor-filter-22 post-5851 post type-post status-publish format-standard has-post-thumbnail hentry category-stadt tag-renewal tag-restoration tag-social_housing tag-social_urbanism tag-sustainable tag-urban_planning entry has-media\" role=\"listitem\">\n\t\t\t<a class=\"elementor-post__thumbnail__link\" href=\"https:\/\/fa-lesia.eu\/it\/berlin\/\">\n\t\t\t\t<div class=\"elementor-portfolio-item__img elementor-post__thumbnail\">\n\t\t\t<img loading=\"lazy\" decoding=\"async\" width=\"300\" height=\"220\" src=\"https:\/\/fa-lesia.eu\/wp-content\/uploads\/berlin-300x220.png\" class=\"attachment-medium size-medium wp-image-5931\" alt=\"Fachliche Planungsleistungen in Architektur\" srcset=\"https:\/\/fa-lesia.eu\/wp-content\/uploads\/berlin-300x220.png 300w, https:\/\/fa-lesia.eu\/wp-content\/uploads\/berlin-1024x750.png 1024w, https:\/\/fa-lesia.eu\/wp-content\/uploads\/berlin-768x562.png 768w, https:\/\/fa-lesia.eu\/wp-content\/uploads\/berlin-1536x1125.png 1536w, https:\/\/fa-lesia.eu\/wp-content\/uploads\/berlin.png 1800w\" sizes=\"(max-width: 300px) 100vw, 300px\" \/>\t\t<\/div>\n\t\t\t\t<div class=\"elementor-portfolio-item__overlay\">\n\t\t\t\t<h2 class=\"elementor-portfolio-item__title\">\n\t\tBerlin\t\t<\/h2>\n\t\t\t\t<\/div>\n\t\t\t\t<\/a>\n\t\t<\/article>\n\t\t\t\t<article class=\"elementor-portfolio-item elementor-post elementor-filter-23 post-5868 post type-post status-publish format-standard has-post-thumbnail hentry category-situationen tag-design tag-interior_design tag-living_at_home tag-new tag-prototypes tag-sustainable tag-travel_agency entry has-media\" role=\"listitem\">\n\t\t\t<a class=\"elementor-post__thumbnail__link\" href=\"https:\/\/fa-lesia.eu\/it\/before-minecraft\/\">\n\t\t\t\t<div class=\"elementor-portfolio-item__img elementor-post__thumbnail\">\n\t\t\t<img loading=\"lazy\" decoding=\"async\" width=\"300\" height=\"225\" src=\"https:\/\/fa-lesia.eu\/wp-content\/uploads\/Before-Minecraft-300x225.jpg\" class=\"attachment-medium size-medium wp-image-5930\" alt=\"Fachliche Planungsleistungen in Architektur\" srcset=\"https:\/\/fa-lesia.eu\/wp-content\/uploads\/Before-Minecraft-300x225.jpg 300w, https:\/\/fa-lesia.eu\/wp-content\/uploads\/Before-Minecraft-1024x768.jpg 1024w, https:\/\/fa-lesia.eu\/wp-content\/uploads\/Before-Minecraft-768x576.jpg 768w, https:\/\/fa-lesia.eu\/wp-content\/uploads\/Before-Minecraft.jpg 1200w\" sizes=\"(max-width: 300px) 100vw, 300px\" \/>\t\t<\/div>\n\t\t\t\t<div class=\"elementor-portfolio-item__overlay\">\n\t\t\t\t<h2 class=\"elementor-portfolio-item__title\">\n\t\tBefore Minecraft\t\t<\/h2>\n\t\t\t\t<\/div>\n\t\t\t\t<\/a>\n\t\t<\/article>\n\t\t\t\t<article class=\"elementor-portfolio-item elementor-post elementor-filter-21 post-5825 post type-post status-publish format-standard has-post-thumbnail hentry category-architektur tag-19th_century tag-flooring tag-jura tag-limestone tag-museum tag-restoration tag-stone entry has-media\" role=\"listitem\">\n\t\t\t<a class=\"elementor-post__thumbnail__link\" href=\"https:\/\/fa-lesia.eu\/it\/alte-pinakothek\/\">\n\t\t\t\t<div class=\"elementor-portfolio-item__img elementor-post__thumbnail\">\n\t\t\t<img loading=\"lazy\" decoding=\"async\" width=\"300\" height=\"225\" src=\"https:\/\/fa-lesia.eu\/wp-content\/uploads\/Alte-Pinakothek-300x225.jpg\" class=\"attachment-medium size-medium wp-image-5929\" alt=\"Fachliche Beratungs- und Planungsleistungen in Architektur. Bauleitung f\u00fcr privaten und \u00f6ffentlichen Auftraggeber\" srcset=\"https:\/\/fa-lesia.eu\/wp-content\/uploads\/Alte-Pinakothek-300x225.jpg 300w, https:\/\/fa-lesia.eu\/wp-content\/uploads\/Alte-Pinakothek-1024x768.jpg 1024w, https:\/\/fa-lesia.eu\/wp-content\/uploads\/Alte-Pinakothek-768x576.jpg 768w, https:\/\/fa-lesia.eu\/wp-content\/uploads\/Alte-Pinakothek.jpg 1200w\" sizes=\"(max-width: 300px) 100vw, 300px\" \/>\t\t<\/div>\n\t\t\t\t<div class=\"elementor-portfolio-item__overlay\">\n\t\t\t\t<h2 class=\"elementor-portfolio-item__title\">\n\t\tAlte Pinakothek\t\t<\/h2>\n\t\t\t\t<\/div>\n\t\t\t\t<\/a>\n\t\t<\/article>\n\t\t\t\t<article class=\"elementor-portfolio-item elementor-post elementor-filter-21 post-5792 post type-post status-publish format-standard has-post-thumbnail hentry category-architektur tag-architecture tag-art tag-domestic_landscape tag-guesthouse tag-jamaica tag-landscape_architecture tag-new tag-sustainable entry has-media\" role=\"listitem\">\n\t\t\t<a class=\"elementor-post__thumbnail__link\" href=\"https:\/\/fa-lesia.eu\/it\/a-summer-in-jamaica\/\">\n\t\t\t\t<div class=\"elementor-portfolio-item__img elementor-post__thumbnail\">\n\t\t\t<img loading=\"lazy\" decoding=\"async\" width=\"300\" height=\"260\" src=\"https:\/\/fa-lesia.eu\/wp-content\/uploads\/jamaika01-1-300x260.png\" class=\"attachment-medium size-medium wp-image-5945\" alt=\"Fachliche Beratungs- und Planungsleistungen in Architektur. Bauleitung f\u00fcr privaten und \u00f6ffentlichen Auftraggeber\" srcset=\"https:\/\/fa-lesia.eu\/wp-content\/uploads\/jamaika01-1-300x260.png 300w, https:\/\/fa-lesia.eu\/wp-content\/uploads\/jamaika01-1-1024x887.png 1024w, https:\/\/fa-lesia.eu\/wp-content\/uploads\/jamaika01-1-768x666.png 768w, https:\/\/fa-lesia.eu\/wp-content\/uploads\/jamaika01-1.png 1200w\" sizes=\"(max-width: 300px) 100vw, 300px\" \/>\t\t<\/div>\n\t\t\t\t<div class=\"elementor-portfolio-item__overlay\">\n\t\t\t\t<h2 class=\"elementor-portfolio-item__title\">\n\t\tA Summer in Jamaica\t\t<\/h2>\n\t\t\t\t<\/div>\n\t\t\t\t<\/a>\n\t\t<\/article>\n\t\t\t\t<\/div>\n\t\t\t\t\t\t<\/div>\n\t\t\t\t<\/div>\n\t\t\t\t<div class=\"elementor-element elementor-element-0497393 elementor-hidden-desktop elementor-hidden-tablet elementor-arrows-position-inside elementor-widget elementor-widget-image-carousel\" data-id=\"0497393\" data-element_type=\"widget\" data-settings=\"{&quot;slides_to_show&quot;:&quot;1&quot;,&quot;navigation&quot;:&quot;arrows&quot;,&quot;autoplay&quot;:&quot;no&quot;,&quot;infinite&quot;:&quot;yes&quot;,&quot;effect&quot;:&quot;slide&quot;,&quot;speed&quot;:500}\" data-widget_type=\"image-carousel.default\">\n\t\t\t\t<div class=\"elementor-widget-container\">\n\t\t\t\t\t\t\t<div class=\"elementor-image-carousel-wrapper swiper\" role=\"region\" aria-roledescription=\"carousel\" aria-label=\"Bild Karussell\" dir=\"ltr\">\n\t\t\t<div class=\"elementor-image-carousel swiper-wrapper\" aria-live=\"polite\">\n\t\t\t\t\t\t\t\t<div class=\"swiper-slide\" role=\"group\" aria-roledescription=\"slide\" aria-label=\"1 von 9\"><figure class=\"swiper-slide-inner\"><img decoding=\"async\" class=\"swiper-slide-image\" src=\"https:\/\/fa-lesia.eu\/wp-content\/uploads\/MUMU_18-1-300x225.jpg\" alt=\"Neugestaltung der Galerien f\u00fcr moderne und zeitgen\u00f6ssische Kunst im Museo Ugo Car\u00e0 Muggia Triest Foto des Veranstaltungsraums von der Galerie der zeitgen\u00f6ssischen Kunst - Beratungs- und Planungsleistungen in Architektur\" \/><\/figure><\/div><div class=\"swiper-slide\" role=\"group\" aria-roledescription=\"slide\" aria-label=\"2 von 9\"><figure class=\"swiper-slide-inner\"><img decoding=\"async\" class=\"swiper-slide-image\" src=\"https:\/\/fa-lesia.eu\/wp-content\/uploads\/Mr01_2-260x300.jpg\" alt=\"Museo Revoltella Foto der Fassade an Via Diaz entlang und der Terrasse mit dem Aufbau Projekt von Carlo Scarpa nach der Sanierung\" \/><\/figure><\/div><div class=\"swiper-slide\" role=\"group\" aria-roledescription=\"slide\" aria-label=\"3 von 9\"><figure class=\"swiper-slide-inner\"><img decoding=\"async\" class=\"swiper-slide-image\" src=\"https:\/\/fa-lesia.eu\/wp-content\/uploads\/salatripcovich-pagina-6-284x300.jpg\" alt=\"3D Modell zur Darstellung der Funktionsgliederung f\u00fcr die Neunutzung eines ehemaligen Busbahnhofes bzw. Theaters Sala Tripcovich als Musik- und Kulturzentrum in Triest Stadtzentrum\" \/><\/figure><\/div><div class=\"swiper-slide\" role=\"group\" aria-roledescription=\"slide\" aria-label=\"4 von 9\"><figure class=\"swiper-slide-inner\"><img decoding=\"async\" class=\"swiper-slide-image\" src=\"https:\/\/fa-lesia.eu\/wp-content\/uploads\/IMG_9797-300x219.jpg\" alt=\"Neubau einer Dreifachsporthalle in der Schrobenhausener Stra\u00dfe Foto der Treppen und der Tribune\" \/><\/figure><\/div><div class=\"swiper-slide\" role=\"group\" aria-roledescription=\"slide\" aria-label=\"5 von 9\"><figure class=\"swiper-slide-inner\"><img decoding=\"async\" class=\"swiper-slide-image\" src=\"https:\/\/fa-lesia.eu\/wp-content\/uploads\/capofonte_masterplan-Model-1-300x211.png\" alt=\"Analyse der st\u00e4dtebauliche Grundlagen f\u00fcr den Masterplan der Sanierung zur Neutzung einer Gr\u00fcn- und Wohnanlage im Bereich Capofonte - Hauptbrunnen des historischen \u00f6sterreichischen Aqu\u00e4dukt Triest\" \/><\/figure><\/div><div class=\"swiper-slide\" role=\"group\" aria-roledescription=\"slide\" aria-label=\"6 von 9\"><figure class=\"swiper-slide-inner\"><img decoding=\"async\" class=\"swiper-slide-image\" src=\"https:\/\/fa-lesia.eu\/wp-content\/uploads\/200-1-300x211.png\" alt=\"Ideenwettbewerb f\u00fcr die Erweiterung des Rathauses und die neue Gestaltung der ehemaligen Kaserne und Sportplatz in einen neuen Freizeitpark mit Openair-Kinotheater, Schwimmbad, Spielplatz und Markt. Lageplan mit darstellung der Projektelementen\" \/><\/figure><\/div><div class=\"swiper-slide\" role=\"group\" aria-roledescription=\"slide\" aria-label=\"7 von 9\"><figure class=\"swiper-slide-inner\"><img decoding=\"async\" class=\"swiper-slide-image\" src=\"https:\/\/fa-lesia.eu\/wp-content\/uploads\/Lagerstr.-01_klein-197x300.jpg\" alt=\"Neubau 4 Zweifamilienh\u00e4user mit Fliesenarbeiten Foto des Bades mit gro\u00dfformatigen Fliesen 60x60\" \/><\/figure><\/div><div class=\"swiper-slide\" role=\"group\" aria-roledescription=\"slide\" aria-label=\"8 von 9\"><figure class=\"swiper-slide-inner\"><img decoding=\"async\" class=\"swiper-slide-image\" src=\"https:\/\/fa-lesia.eu\/wp-content\/uploads\/CIMG3717-300x225.jpg\" alt=\"Lehrt\u00e4tigkeit Modul Product Design 1 bei NABA Nuova Accademia di Belle Arti Milano Workshop intensiv - Konzepte f\u00fcr Objekte, Maschine und Situationen die einen besonderen Bezug mit dem Wind darstellen. Projekt: Nester und Pfeifen Foto der Umsetzung des Prototyps\" \/><\/figure><\/div><div class=\"swiper-slide\" role=\"group\" aria-roledescription=\"slide\" aria-label=\"9 von 9\"><figure class=\"swiper-slide-inner\"><img decoding=\"async\" class=\"swiper-slide-image\" src=\"https:\/\/fa-lesia.eu\/wp-content\/uploads\/125_2591-300x225.jpg\" alt=\"Werkstatt f\u00fcr die Entwicklung, Produktion und Verbreitung von Architektur-, Design- und Kunst- Projekten, Ideen und Konzepten in Triest 2005-2011 Foto von aussen der Veranstaltung f\u00fcr die Er\u00f6ffnung des Festivals 404 On tour - internationales Festival der elektronischen Kunst.\" \/><\/figure><\/div>\t\t\t<\/div>\n\t\t\t\t\t\t\t\t\t\t\t\t<div class=\"elementor-swiper-button elementor-swiper-button-prev\" role=\"button\" tabindex=\"0\">\n\t\t\t\t\t\t<i aria-hidden=\"true\" class=\"eicon-chevron-left\"><\/i>\t\t\t\t\t<\/div>\n\t\t\t\t\t<div class=\"elementor-swiper-button elementor-swiper-button-next\" role=\"button\" tabindex=\"0\">\n\t\t\t\t\t\t<i aria-hidden=\"true\" class=\"eicon-chevron-right\"><\/i>\t\t\t\t\t<\/div>\n\t\t\t\t\n\t\t\t\t\t\t\t\t\t<\/div>\n\t\t\t\t\t\t<\/div>\n\t\t\t\t<\/div>\n\t\t\t\t\t<\/div>\n\t\t<\/div>\n\t\t\t\t\t<\/div>\n\t\t<\/section>\n\t\t\t\t<section class=\"elementor-section elementor-top-section elementor-element elementor-element-660afb1 elementor-section-boxed elementor-section-height-default elementor-section-height-default\" data-id=\"660afb1\" data-element_type=\"section\" data-settings=\"{&quot;background_background&quot;:&quot;classic&quot;}\">\n\t\t\t\t\t\t<div class=\"elementor-container elementor-column-gap-default\">\n\t\t\t\t\t<div class=\"elementor-column elementor-col-50 elementor-top-column elementor-element elementor-element-2024970\" data-id=\"2024970\" data-element_type=\"column\">\n\t\t\t<div class=\"elementor-widget-wrap\">\n\t\t\t\t\t\t\t<\/div>\n\t\t<\/div>\n\t\t\t\t<div class=\"elementor-column elementor-col-50 elementor-top-column elementor-element elementor-element-3594c80e\" data-id=\"3594c80e\" data-element_type=\"column\">\n\t\t\t<div class=\"elementor-widget-wrap elementor-element-populated\">\n\t\t\t\t\t\t<div class=\"elementor-element elementor-element-0e0745e elementor-hidden-mobile elementor-hidden-desktop elementor-hidden-tablet elementor-widget elementor-widget-gallery\" data-id=\"0e0745e\" data-element_type=\"widget\" data-settings=\"{&quot;gallery_layout&quot;:&quot;masonry&quot;,&quot;columns&quot;:3,&quot;gap&quot;:{&quot;unit&quot;:&quot;px&quot;,&quot;size&quot;:15,&quot;sizes&quot;:[]},&quot;overlay_description&quot;:&quot;caption&quot;,&quot;link_to&quot;:&quot;custom&quot;,&quot;lazyload&quot;:&quot;yes&quot;,&quot;columns_tablet&quot;:2,&quot;columns_mobile&quot;:1,&quot;gap_tablet&quot;:{&quot;unit&quot;:&quot;px&quot;,&quot;size&quot;:10,&quot;sizes&quot;:[]},&quot;gap_mobile&quot;:{&quot;unit&quot;:&quot;px&quot;,&quot;size&quot;:10,&quot;sizes&quot;:[]},&quot;url&quot;:{&quot;url&quot;:&quot;&quot;,&quot;is_external&quot;:&quot;&quot;,&quot;nofollow&quot;:&quot;&quot;,&quot;custom_attributes&quot;:&quot;&quot;},&quot;show_all_galleries&quot;:&quot;yes&quot;,&quot;overlay_background&quot;:&quot;yes&quot;,&quot;content_hover_animation&quot;:&quot;fade-in&quot;}\" data-widget_type=\"gallery.default\">\n\t\t\t\t<div class=\"elementor-widget-container\">\n\t\t\t\t\t\t\t\t<div class=\"elementor-gallery__titles-container e--pointer-framed e--animation-fade\" aria-label=\"Galeriefilter\">\n\t\t\t\t\t\t\t\t\t<a class=\"elementor-item elementor-gallery-title\" role=\"button\" tabindex=\"0\" data-gallery-index=\"all\">\n\t\t\t\t\t\tAlle \t\t\t\t\t<\/a>\n\t\t\t\t\n\t\t\t\t\t\t\t\t\t<a class=\"elementor-item elementor-gallery-title\" role=\"button\" tabindex=\"0\" data-gallery-index=\"0\">\n\t\t\t\t\t\tArchitettura\t\t\t\t\t<\/a>\n\t\t\t\t\t\t\t\t\t\t<a class=\"elementor-item elementor-gallery-title\" role=\"button\" tabindex=\"0\" data-gallery-index=\"1\">\n\t\t\t\t\t\tCitt\u00e0\t\t\t\t\t<\/a>\n\t\t\t\t\t\t\t\t\t\t<a class=\"elementor-item elementor-gallery-title\" role=\"button\" tabindex=\"0\" data-gallery-index=\"2\">\n\t\t\t\t\t\tSituazioni\t\t\t\t\t<\/a>\n\t\t\t\t\t\t\t\t<\/div>\n\t\t\t\t\t<div class=\"elementor-gallery__container\">\n\t\t\t\t\t\t\t<a class=\"e-gallery-item elementor-gallery-item elementor-animated-content\" data-e-gallery-tags=\"0\">\n\t\t\t\t\t<div class=\"e-gallery-image elementor-gallery-item__image\" data-thumbnail=\"https:\/\/fa-lesia.eu\/wp-content\/uploads\/jamaika01-300x260.png\" data-width=\"300\" data-height=\"260\" aria-label=\"CAD \u00dcberarbeitung des Lageplans Digitaldruck aus Papier mit Bleistift\" role=\"img\" ><\/div>\n\t\t\t\t\t\t\t\t\t\t\t<div class=\"elementor-gallery-item__overlay\"><\/div>\n\t\t\t\t\t\t\t\t\t\t\t\t\t\t\t<div class=\"elementor-gallery-item__content\">\n\t\t\t\t\t\t\t\t\t\t\t\t\t\t<div class=\"elementor-gallery-item__description\">\n\t\t\t\t\t\t\t\t\t\t\t\t\t\t\t\t\t\tNeubau - \nA Summer in Jamaika\t\t\t\t\t\t\t\t<\/div>\n\t\t\t\t\t\t\t\t\t\t\t\t<\/div>\n\t\t\t\t\t\t\t\t\t<\/a>\n\t\t\t\t\t\t\t<a class=\"e-gallery-item elementor-gallery-item elementor-animated-content\" data-e-gallery-tags=\"0\">\n\t\t\t\t\t<div class=\"e-gallery-image elementor-gallery-item__image\" data-thumbnail=\"https:\/\/fa-lesia.eu\/wp-content\/uploads\/07-prospetti-02-03-300x234.png\" data-width=\"300\" data-height=\"234\" aria-label=\"Ansicht SW eines Einfamilienhauses mit Praxis und Stellplatz f\u00fcr einen Arzt - Progetto per una casa per un medico con ambulatorio e posto macchina prospetto SO\" role=\"img\" ><\/div>\n\t\t\t\t\t\t\t\t\t\t\t<div class=\"elementor-gallery-item__overlay\"><\/div>\n\t\t\t\t\t\t\t\t\t\t\t\t\t\t\t<div class=\"elementor-gallery-item__content\">\n\t\t\t\t\t\t\t\t\t\t\t\t\t\t<div class=\"elementor-gallery-item__description\">\n\t\t\t\t\t\t\t\t\t\t\t\t\t\t\t\t\t\tNeubau - \nT3 House\t\t\t\t\t\t\t\t<\/div>\n\t\t\t\t\t\t\t\t\t\t\t\t<\/div>\n\t\t\t\t\t\t\t\t\t<\/a>\n\t\t\t\t\t\t\t<a class=\"e-gallery-item elementor-gallery-item elementor-animated-content\" data-e-gallery-tags=\"0\">\n\t\t\t\t\t<div class=\"e-gallery-image elementor-gallery-item__image\" data-thumbnail=\"https:\/\/fa-lesia.eu\/wp-content\/uploads\/108_0848-225x300.jpg\" data-width=\"225\" data-height=\"300\" aria-label=\"Foto der Installation der Skulptur Figura femminile nuda che si pettina\" role=\"img\" ><\/div>\n\t\t\t\t\t\t\t\t\t\t\t<div class=\"elementor-gallery-item__overlay\"><\/div>\n\t\t\t\t\t\t\t\t\t\t\t\t\t\t\t<div class=\"elementor-gallery-item__content\">\n\t\t\t\t\t\t\t\t\t\t\t\t\t\t<div class=\"elementor-gallery-item__description\">\n\t\t\t\t\t\t\t\t\t\t\t\t\t\t\t\t\t\tNeubau - \nMuseo Ugo Car\u00e0\t\t\t\t\t\t\t\t<\/div>\n\t\t\t\t\t\t\t\t\t\t\t\t<\/div>\n\t\t\t\t\t\t\t\t\t<\/a>\n\t\t\t\t\t\t\t<a class=\"e-gallery-item elementor-gallery-item elementor-animated-content\" data-e-gallery-tags=\"0\">\n\t\t\t\t\t<div class=\"e-gallery-image elementor-gallery-item__image\" data-thumbnail=\"https:\/\/fa-lesia.eu\/wp-content\/uploads\/Marev-02-275x300.jpg\" data-width=\"275\" data-height=\"300\" aria-label=\"Museo Revoltella Foto der Fassade auf piazza Venezia entlang nach der Sanierung\" role=\"img\" ><\/div>\n\t\t\t\t\t\t\t\t\t\t\t<div class=\"elementor-gallery-item__overlay\"><\/div>\n\t\t\t\t\t\t\t\t\t\t\t\t\t\t\t<div class=\"elementor-gallery-item__content\">\n\t\t\t\t\t\t\t\t\t\t\t\t\t\t<div class=\"elementor-gallery-item__description\">\n\t\t\t\t\t\t\t\t\t\t\t\t\t\t\t\t\t\tDenkmalschutz - \nMuseo Revoltella\t\t\t\t\t\t\t\t<\/div>\n\t\t\t\t\t\t\t\t\t\t\t\t<\/div>\n\t\t\t\t\t\t\t\t\t<\/a>\n\t\t\t\t\t\t\t<a class=\"e-gallery-item elementor-gallery-item elementor-animated-content\" data-e-gallery-tags=\"0\">\n\t\t\t\t\t<div class=\"e-gallery-image elementor-gallery-item__image\" data-thumbnail=\"https:\/\/fa-lesia.eu\/wp-content\/uploads\/03_MS_a-300x225.png\" data-width=\"300\" data-height=\"225\" aria-label=\"Foto der Innenansicht des ehemaligen Gew\u00e4chshauses im Garten der Villa Sartorio nach der Restaurierung Sanierung und Umbau f\u00fcr die neue Nutzung als Veranstaltungssaal, an der rechten Seite die akustische Wand\" role=\"img\" ><\/div>\n\t\t\t\t\t\t\t\t\t\t\t<div class=\"elementor-gallery-item__overlay\"><\/div>\n\t\t\t\t\t\t\t\t\t\t\t\t\t\t\t<div class=\"elementor-gallery-item__content\">\n\t\t\t\t\t\t\t\t\t\t\t\t\t\t<div class=\"elementor-gallery-item__description\">\n\t\t\t\t\t\t\t\t\t\t\t\t\t\t\t\t\t\tDenkmalschutz - \nMuseo Sartorio\t\t\t\t\t\t\t\t<\/div>\n\t\t\t\t\t\t\t\t\t\t\t\t<\/div>\n\t\t\t\t\t\t\t\t\t<\/a>\n\t\t\t\t\t\t\t<a class=\"e-gallery-item elementor-gallery-item elementor-animated-content\" data-e-gallery-tags=\"0\">\n\t\t\t\t\t<div class=\"e-gallery-image elementor-gallery-item__image\" data-thumbnail=\"https:\/\/fa-lesia.eu\/wp-content\/uploads\/117_1739-300x234.jpg\" data-width=\"300\" data-height=\"234\" aria-label=\"Foto der Innenansicht der neuen Kita im Bereich der historischen Villa Geiringer in Triest mit Blick zum Meer\" role=\"img\" ><\/div>\n\t\t\t\t\t\t\t\t\t\t\t<div class=\"elementor-gallery-item__overlay\"><\/div>\n\t\t\t\t\t\t\t\t\t\t\t\t\t\t\t<div class=\"elementor-gallery-item__content\">\n\t\t\t\t\t\t\t\t\t\t\t\t\t\t<div class=\"elementor-gallery-item__description\">\n\t\t\t\t\t\t\t\t\t\t\t\t\t\t\t\t\t\tDenkmalschutz - \nCastelletto\t\t\t\t\t\t\t\t<\/div>\n\t\t\t\t\t\t\t\t\t\t\t\t<\/div>\n\t\t\t\t\t\t\t\t\t<\/a>\n\t\t\t\t\t\t\t<a class=\"e-gallery-item elementor-gallery-item elementor-animated-content\" data-e-gallery-tags=\"0\">\n\t\t\t\t\t<div class=\"e-gallery-image elementor-gallery-item__image\" data-thumbnail=\"https:\/\/fa-lesia.eu\/wp-content\/uploads\/PP_cdm_grz_01.png\" data-width=\"231\" data-height=\"300\" aria-label=\"Foto der Casa della Musica in Altstadt, Triest nach der Sanierung- und Umbauarbeiten Bauvorhaben durch Finanzierung der Europ\u00e4ische Union gefordert\" role=\"img\" ><\/div>\n\t\t\t\t\t\t\t\t\t\t\t<div class=\"elementor-gallery-item__overlay\"><\/div>\n\t\t\t\t\t\t\t\t\t\t\t\t\t\t\t<div class=\"elementor-gallery-item__content\">\n\t\t\t\t\t\t\t\t\t\t\t\t\t\t<div class=\"elementor-gallery-item__description\">\n\t\t\t\t\t\t\t\t\t\t\t\t\t\t\t\t\t\tDenkmalschutz - \nCasa della Musica\n\t\t\t\t\t\t\t\t<\/div>\n\t\t\t\t\t\t\t\t\t\t\t\t<\/div>\n\t\t\t\t\t\t\t\t\t<\/a>\n\t\t\t\t\t\t\t<a class=\"e-gallery-item elementor-gallery-item elementor-animated-content\" data-e-gallery-tags=\"0\">\n\t\t\t\t\t<div class=\"e-gallery-image elementor-gallery-item__image\" data-thumbnail=\"https:\/\/fa-lesia.eu\/wp-content\/uploads\/A-04-Ansicht-1-300x189.jpg\" data-width=\"300\" data-height=\"189\" aria-label=\"3D Ansicht mit dem neuen Dachgeschoss und Dachterrasse eines Familienhauses in Muggia Triest Italien\" role=\"img\" ><\/div>\n\t\t\t\t\t\t\t\t\t\t\t<div class=\"elementor-gallery-item__overlay\"><\/div>\n\t\t\t\t\t\t\t\t\t\t\t\t\t\t\t<div class=\"elementor-gallery-item__content\">\n\t\t\t\t\t\t\t\t\t\t\t\t\t\t<div class=\"elementor-gallery-item__description\">\n\t\t\t\t\t\t\t\t\t\t\t\t\t\t\t\t\t\tUmbau und Sanierung - \nLeave your Hat on\t\t\t\t\t\t\t\t<\/div>\n\t\t\t\t\t\t\t\t\t\t\t\t<\/div>\n\t\t\t\t\t\t\t\t\t<\/a>\n\t\t\t\t\t\t\t<a class=\"e-gallery-item elementor-gallery-item elementor-animated-content\" data-e-gallery-tags=\"0\">\n\t\t\t\t\t<div class=\"e-gallery-image elementor-gallery-item__image\" data-thumbnail=\"https:\/\/fa-lesia.eu\/wp-content\/uploads\/04_dom_c-300x197.jpg\" data-width=\"300\" data-height=\"197\" aria-label=\"Foto des neuen Zentrums f\u00fcr Psychiatrie in Domio Triest nach dem Umbau Im Vordergrund die neue Terrasse mit Pergola\" role=\"img\" ><\/div>\n\t\t\t\t\t\t\t\t\t\t\t<div class=\"elementor-gallery-item__overlay\"><\/div>\n\t\t\t\t\t\t\t\t\t\t\t\t\t\t\t<div class=\"elementor-gallery-item__content\">\n\t\t\t\t\t\t\t\t\t\t\t\t\t\t<div class=\"elementor-gallery-item__description\">\n\t\t\t\t\t\t\t\t\t\t\t\t\t\t\t\t\t\tUmbau und Sanierung - \nCSM Domio\t\t\t\t\t\t\t\t<\/div>\n\t\t\t\t\t\t\t\t\t\t\t\t<\/div>\n\t\t\t\t\t\t\t\t\t<\/a>\n\t\t\t\t\t\t\t<a class=\"e-gallery-item elementor-gallery-item elementor-animated-content\" data-e-gallery-tags=\"0\">\n\t\t\t\t\t<div class=\"e-gallery-image elementor-gallery-item__image\" data-thumbnail=\"https:\/\/fa-lesia.eu\/wp-content\/uploads\/Treppe-render-03-300x300.jpg\" data-width=\"300\" data-height=\"300\" aria-label=\"3D Modell des Treppenbelags aus Naturstein Marmo Travertino einer Wandeltreppe in einem Zweifamilienhaus in M\u00fcnchen Moosach\" role=\"img\" ><\/div>\n\t\t\t\t\t\t\t\t\t\t\t<div class=\"elementor-gallery-item__overlay\"><\/div>\n\t\t\t\t\t\t\t\t\t\t\t\t\t\t\t<div class=\"elementor-gallery-item__content\">\n\t\t\t\t\t\t\t\t\t\t\t\t\t\t<div class=\"elementor-gallery-item__description\">\n\t\t\t\t\t\t\t\t\t\t\t\t\t\t\t\t\t\tBauleitung - \nR\u00f6mischer Verband\t\t\t\t\t\t\t\t<\/div>\n\t\t\t\t\t\t\t\t\t\t\t\t<\/div>\n\t\t\t\t\t\t\t\t\t<\/a>\n\t\t\t\t\t\t\t<a class=\"e-gallery-item elementor-gallery-item elementor-animated-content\" data-e-gallery-tags=\"0\">\n\t\t\t\t\t<div class=\"e-gallery-image elementor-gallery-item__image\" data-thumbnail=\"https:\/\/fa-lesia.eu\/wp-content\/uploads\/08_AP_a-300x225.jpg\" data-width=\"300\" data-height=\"225\" aria-label=\"Optimierung des Foyers in der Alten Pinakothek M\u00fcnchen Foto nach der Sanierung des Bodens aus Naturstein Jura Marmor\" role=\"img\" ><\/div>\n\t\t\t\t\t\t\t\t\t\t\t<div class=\"elementor-gallery-item__overlay\"><\/div>\n\t\t\t\t\t\t\t\t\t\t\t\t\t\t\t<div class=\"elementor-gallery-item__content\">\n\t\t\t\t\t\t\t\t\t\t\t\t\t\t<div class=\"elementor-gallery-item__description\">\n\t\t\t\t\t\t\t\t\t\t\t\t\t\t\t\t\t\tBauleitung - \nAlte Pinakothek\t\t\t\t\t\t\t\t<\/div>\n\t\t\t\t\t\t\t\t\t\t\t\t<\/div>\n\t\t\t\t\t\t\t\t\t<\/a>\n\t\t\t\t\t\t\t<a class=\"e-gallery-item elementor-gallery-item elementor-animated-content\" data-e-gallery-tags=\"0\">\n\t\t\t\t\t<div class=\"e-gallery-image elementor-gallery-item__image\" data-thumbnail=\"https:\/\/fa-lesia.eu\/wp-content\/uploads\/07_Senta_a-300x225.jpg\" data-width=\"300\" data-height=\"225\" aria-label=\"Sanierung und Erweiterung der Schwimmhalle der ehemaligen Prinz Eugen Kaserne Foto des Flures der neuen B\u00e4nke mit dem Fliesenbelag\" role=\"img\" ><\/div>\n\t\t\t\t\t\t\t\t\t\t\t<div class=\"elementor-gallery-item__overlay\"><\/div>\n\t\t\t\t\t\t\t\t\t\t\t\t\t\t\t<div class=\"elementor-gallery-item__content\">\n\t\t\t\t\t\t\t\t\t\t\t\t\t\t<div class=\"elementor-gallery-item__description\">\n\t\t\t\t\t\t\t\t\t\t\t\t\t\t\t\t\t\tBauleitung - \nSentastra\u00dfe 20\t\t\t\t\t\t\t\t<\/div>\n\t\t\t\t\t\t\t\t\t\t\t\t<\/div>\n\t\t\t\t\t\t\t\t\t<\/a>\n\t\t\t\t\t\t\t<a class=\"e-gallery-item elementor-gallery-item elementor-animated-content\" data-e-gallery-tags=\"0\">\n\t\t\t\t\t<div class=\"e-gallery-image elementor-gallery-item__image\" data-thumbnail=\"https:\/\/fa-lesia.eu\/wp-content\/uploads\/11_Ebe_c-300x232.jpg\" data-width=\"300\" data-height=\"232\" aria-label=\"Neubau der Turnhalle und Erweiterung der Grund- und Mittelschule Foto des Junge Umkleideraums in Untergescho\u00df mit dem Fliesenbelag\" role=\"img\" ><\/div>\n\t\t\t\t\t\t\t\t\t\t\t<div class=\"elementor-gallery-item__overlay\"><\/div>\n\t\t\t\t\t\t\t\t\t\t\t\t\t\t\t<div class=\"elementor-gallery-item__content\">\n\t\t\t\t\t\t\t\t\t\t\t\t\t\t<div class=\"elementor-gallery-item__description\">\n\t\t\t\t\t\t\t\t\t\t\t\t\t\t\t\t\t\tBauleitung - \nTurnhalle\t\t\t\t\t\t\t\t<\/div>\n\t\t\t\t\t\t\t\t\t\t\t\t<\/div>\n\t\t\t\t\t\t\t\t\t<\/a>\n\t\t\t\t\t\t\t<a class=\"e-gallery-item elementor-gallery-item elementor-animated-content\" data-e-gallery-tags=\"0\">\n\t\t\t\t\t<div class=\"e-gallery-image elementor-gallery-item__image\" data-thumbnail=\"https:\/\/fa-lesia.eu\/wp-content\/uploads\/IMG_8330-300x250.jpg\" data-width=\"300\" data-height=\"250\" aria-label=\"Erweiterung von Ganztagesbetreuung, Verwaltung, Fachklassen und zwei Lernh\u00e4usern in der Schrobenhausener Stra\u00dfe Foto der Halle im Bereich des neuen Haupteingangs vom 1.OG mit Tribune und Treppe zum EG\" role=\"img\" ><\/div>\n\t\t\t\t\t\t\t\t\t\t\t<div class=\"elementor-gallery-item__overlay\"><\/div>\n\t\t\t\t\t\t\t\t\t\t\t\t\t\t\t<div class=\"elementor-gallery-item__content\">\n\t\t\t\t\t\t\t\t\t\t\t\t\t\t<div class=\"elementor-gallery-item__description\">\n\t\t\t\t\t\t\t\t\t\t\t\t\t\t\t\t\t\tBauleitung - \nSRO 15\t\t\t\t\t\t\t\t<\/div>\n\t\t\t\t\t\t\t\t\t\t\t\t<\/div>\n\t\t\t\t\t\t\t\t\t<\/a>\n\t\t\t\t\t\t\t<a class=\"e-gallery-item elementor-gallery-item elementor-animated-content\" data-e-gallery-tags=\"0\">\n\t\t\t\t\t<div class=\"e-gallery-image elementor-gallery-item__image\" data-thumbnail=\"https:\/\/fa-lesia.eu\/wp-content\/uploads\/02-presentazione-id-lab@TS.key-pagina-19-2-300x225.jpg\" data-width=\"300\" data-height=\"225\" aria-label=\"Foto der Baustelle f\u00fcr den Neubau des Standortes der Firma Italesse srl\" role=\"img\" ><\/div>\n\t\t\t\t\t\t\t\t\t\t\t<div class=\"elementor-gallery-item__overlay\"><\/div>\n\t\t\t\t\t\t\t\t\t\t\t\t\t\t\t<div class=\"elementor-gallery-item__content\">\n\t\t\t\t\t\t\t\t\t\t\t\t\t\t<div class=\"elementor-gallery-item__description\">\n\t\t\t\t\t\t\t\t\t\t\t\t\t\t\t\t\t\tNeubau - \nItalesse Srl   \t\t\t\t\t\t\t\t<\/div>\n\t\t\t\t\t\t\t\t\t\t\t\t<\/div>\n\t\t\t\t\t\t\t\t\t<\/a>\n\t\t\t\t\t\t\t<a class=\"e-gallery-item elementor-gallery-item elementor-animated-content\" data-e-gallery-tags=\"0\">\n\t\t\t\t\t<div class=\"e-gallery-image elementor-gallery-item__image\" data-thumbnail=\"https:\/\/fa-lesia.eu\/wp-content\/uploads\/salatripcovich-pagina-6-284x300.jpg\" data-width=\"284\" data-height=\"300\" aria-label=\"3D Modell zur Darstellung der Funktionsgliederung f\u00fcr die Neunutzung eines ehemaligen Busbahnhofes bzw. Theaters Sala Tripcovich als Musik- und Kulturzentrum in Triest Stadtzentrum\" role=\"img\" ><\/div>\n\t\t\t\t\t\t\t\t\t\t\t<div class=\"elementor-gallery-item__overlay\"><\/div>\n\t\t\t\t\t\t\t\t\t\t\t\t\t\t\t<div class=\"elementor-gallery-item__content\">\n\t\t\t\t\t\t\t\t\t\t\t\t\t\t<div class=\"elementor-gallery-item__description\">\n\t\t\t\t\t\t\t\t\t\t\t\t\t\t\t\t\t\tUmbau und Sanierung - \nTrip_pop_vich\t\t\t\t\t\t\t\t<\/div>\n\t\t\t\t\t\t\t\t\t\t\t\t<\/div>\n\t\t\t\t\t\t\t\t\t<\/a>\n\t\t\t\t\t\t\t<a class=\"e-gallery-item elementor-gallery-item elementor-animated-content\" data-e-gallery-tags=\"0\">\n\t\t\t\t\t<div class=\"e-gallery-image elementor-gallery-item__image\" data-thumbnail=\"https:\/\/fa-lesia.eu\/wp-content\/uploads\/isolaChiozza01b-2-300x272.jpg\" data-width=\"300\" data-height=\"272\" aria-label=\"Fotos des sogenannten Isola Chiozza Stra\u00dfenblocks in Stadtzentrum Triest mit dem Eckgeb\u00e4ude via Crispi-via Muratti an der rechten Seite das Kino Excelsior das mit dem gesamten H\u00e4userblock umgebaut und neugenutzt werden sollte - Beratungs- und Planungsleistungen in Architektur\" role=\"img\" ><\/div>\n\t\t\t\t\t\t\t\t\t\t\t<div class=\"elementor-gallery-item__overlay\"><\/div>\n\t\t\t\t\t\t\t\t\t\t\t\t\t\t\t<div class=\"elementor-gallery-item__content\">\n\t\t\t\t\t\t\t\t\t\t\t\t\t\t<div class=\"elementor-gallery-item__description\">\n\t\t\t\t\t\t\t\t\t\t\t\t\t\t\t\t\t\tUmbau und Sanierung -\nIsola Chiozza\t\t\t\t\t\t\t\t<\/div>\n\t\t\t\t\t\t\t\t\t\t\t\t<\/div>\n\t\t\t\t\t\t\t\t\t<\/a>\n\t\t\t\t\t\t\t<a class=\"e-gallery-item elementor-gallery-item elementor-animated-content\" data-e-gallery-tags=\"0\">\n\t\t\t\t\t<div class=\"e-gallery-image elementor-gallery-item__image\" data-thumbnail=\"https:\/\/fa-lesia.eu\/wp-content\/uploads\/09_GWG_a-300x225.jpg\" data-width=\"300\" data-height=\"225\" aria-label=\"Neubau 89 gef\u00f6rderte Wohnungen in Harthof Foto des Flurs und Treppenhauses im 1.OG\" role=\"img\" ><\/div>\n\t\t\t\t\t\t\t\t\t\t\t<div class=\"elementor-gallery-item__overlay\"><\/div>\n\t\t\t\t\t\t\t\t\t\t\t\t\t\t\t<div class=\"elementor-gallery-item__content\">\n\t\t\t\t\t\t\t\t\t\t\t\t\t\t<div class=\"elementor-gallery-item__description\">\n\t\t\t\t\t\t\t\t\t\t\t\t\t\t\t\t\t\tBauleitung -\nHarthof\t\t\t\t\t\t\t\t<\/div>\n\t\t\t\t\t\t\t\t\t\t\t\t<\/div>\n\t\t\t\t\t\t\t\t\t<\/a>\n\t\t\t\t\t\t\t<a class=\"e-gallery-item elementor-gallery-item elementor-animated-content\" data-e-gallery-tags=\"0\">\n\t\t\t\t\t<div class=\"e-gallery-image elementor-gallery-item__image\" data-thumbnail=\"https:\/\/fa-lesia.eu\/wp-content\/uploads\/Lagerstr.-01_klein-197x300.jpg\" data-width=\"197\" data-height=\"300\" aria-label=\"Neubau 4 Zweifamilienh\u00e4user mit Fliesenarbeiten Foto des Bades mit gro\u00dfformatigen Fliesen 60x60\" role=\"img\" ><\/div>\n\t\t\t\t\t\t\t\t\t\t\t<div class=\"elementor-gallery-item__overlay\"><\/div>\n\t\t\t\t\t\t\t\t\t\t\t\t\t\t\t<div class=\"elementor-gallery-item__content\">\n\t\t\t\t\t\t\t\t\t\t\t\t\t\t<div class=\"elementor-gallery-item__description\">\n\t\t\t\t\t\t\t\t\t\t\t\t\t\t\t\t\t\tBauleitung - \nShades of Grey\t\t\t\t\t\t\t\t<\/div>\n\t\t\t\t\t\t\t\t\t\t\t\t<\/div>\n\t\t\t\t\t\t\t\t\t<\/a>\n\t\t\t\t\t\t\t<a class=\"e-gallery-item elementor-gallery-item elementor-animated-content\" data-e-gallery-tags=\"1\">\n\t\t\t\t\t<div class=\"e-gallery-image elementor-gallery-item__image\" data-thumbnail=\"https:\/\/fa-lesia.eu\/wp-content\/uploads\/3d_planivolumetrico-2-300x225.jpg\" data-width=\"300\" data-height=\"225\" aria-label=\"Entwurf eines innovativen energieeffizienten Einkaufszentrum mit\u00a0 Kita und Wellness in Budapest Region Lageplan mit 3D Modell - Beratungs- und Planungsleistungen in Architektur\" role=\"img\" ><\/div>\n\t\t\t\t\t\t\t\t\t\t\t<div class=\"elementor-gallery-item__overlay\"><\/div>\n\t\t\t\t\t\t\t\t\t\t\t\t\t\t\t<div class=\"elementor-gallery-item__content\">\n\t\t\t\t\t\t\t\t\t\t\t\t\t\t<div class=\"elementor-gallery-item__description\">\n\t\t\t\t\t\t\t\t\t\t\t\t\t\t\t\t\t\tKonzepte -  \nShopping Mall\t\t\t\t\t\t\t\t<\/div>\n\t\t\t\t\t\t\t\t\t\t\t\t<\/div>\n\t\t\t\t\t\t\t\t\t<\/a>\n\t\t\t\t\t\t\t<a class=\"e-gallery-item elementor-gallery-item elementor-animated-content\" data-e-gallery-tags=\"1\">\n\t\t\t\t\t<div class=\"e-gallery-image elementor-gallery-item__image\" data-thumbnail=\"https:\/\/fa-lesia.eu\/wp-content\/uploads\/capofonte_masterplan-Model-1-300x211.png\" data-width=\"300\" data-height=\"211\" aria-label=\"Analyse der st\u00e4dtebauliche Grundlagen f\u00fcr den Masterplan der Sanierung zur Neutzung einer Gr\u00fcn- und Wohnanlage im Bereich Capofonte - Hauptbrunnen des historischen \u00f6sterreichischen Aqu\u00e4dukt Triest\" role=\"img\" ><\/div>\n\t\t\t\t\t\t\t\t\t\t\t<div class=\"elementor-gallery-item__overlay\"><\/div>\n\t\t\t\t\t\t\t\t\t\t\t\t\t\t\t<div class=\"elementor-gallery-item__content\">\n\t\t\t\t\t\t\t\t\t\t\t\t\t\t<div class=\"elementor-gallery-item__description\">\n\t\t\t\t\t\t\t\t\t\t\t\t\t\t\t\t\t\tKonzepte - \nCapofonte\t\t\t\t\t\t\t\t<\/div>\n\t\t\t\t\t\t\t\t\t\t\t\t<\/div>\n\t\t\t\t\t\t\t\t\t<\/a>\n\t\t\t\t\t\t\t<a class=\"e-gallery-item elementor-gallery-item elementor-animated-content\" data-e-gallery-tags=\"1\">\n\t\t\t\t\t<div class=\"e-gallery-image elementor-gallery-item__image\" data-thumbnail=\"https:\/\/fa-lesia.eu\/wp-content\/uploads\/vespaC-1-300x300.png\" data-width=\"300\" data-height=\"300\" aria-label=\"Logo des Vespabar ein Entwurf f\u00fcr die nachhaltige Wiederherstellung der ungenutzten Tankstelle im Stadtzentrum Triest mittels neuer kulturellen unterhaltsamen Nutzungen\" role=\"img\" ><\/div>\n\t\t\t\t\t\t\t\t\t\t\t<div class=\"elementor-gallery-item__overlay\"><\/div>\n\t\t\t\t\t\t\t\t\t\t\t\t\t\t\t<div class=\"elementor-gallery-item__content\">\n\t\t\t\t\t\t\t\t\t\t\t\t\t\t<div class=\"elementor-gallery-item__description\">\n\t\t\t\t\t\t\t\t\t\t\t\t\t\t\t\t\t\tKonzepte -  Vespabar\t\t\t\t\t\t\t\t<\/div>\n\t\t\t\t\t\t\t\t\t\t\t\t<\/div>\n\t\t\t\t\t\t\t\t\t<\/a>\n\t\t\t\t\t\t\t<a class=\"e-gallery-item elementor-gallery-item elementor-animated-content\" data-e-gallery-tags=\"1\">\n\t\t\t\t\t<div class=\"e-gallery-image elementor-gallery-item__image\" data-thumbnail=\"https:\/\/fa-lesia.eu\/wp-content\/uploads\/platten01-300x196.png\" data-width=\"300\" data-height=\"196\" aria-label=\"Analyse und Entwurf f\u00fcr die Sanierung der Plattenbauten in Marzahn und Hellersdorf: Gliederung der unterschiedlichen Bauma\u00dfnahmen: Sanierung der Fassaden mit W\u00e4rmed\u00e4mmung und neuen Farben, neue Eingangsbereiche, neue Balkone, Sanierung der Sanit\u00e4rkerne im bewohnten Zustand\" role=\"img\" ><\/div>\n\t\t\t\t\t\t\t\t\t\t\t<div class=\"elementor-gallery-item__overlay\"><\/div>\n\t\t\t\t\t\t\t\t\t\t\t\t\t\t\t<div class=\"elementor-gallery-item__content\">\n\t\t\t\t\t\t\t\t\t\t\t\t\t\t<div class=\"elementor-gallery-item__description\">\n\t\t\t\t\t\t\t\t\t\t\t\t\t\t\t\t\t\tKonzepte - \nBerlin\t\t\t\t\t\t\t\t<\/div>\n\t\t\t\t\t\t\t\t\t\t\t\t<\/div>\n\t\t\t\t\t\t\t\t\t<\/a>\n\t\t\t\t\t\t\t<a class=\"e-gallery-item elementor-gallery-item elementor-animated-content\" data-e-gallery-tags=\"1\">\n\t\t\t\t\t<div class=\"e-gallery-image elementor-gallery-item__image\" data-thumbnail=\"https:\/\/fa-lesia.eu\/wp-content\/uploads\/001-P1010079-300x225.jpg\" data-width=\"300\" data-height=\"225\" aria-label=\"Beteiligungsprojekt f\u00fcr den Entwurf eines neuen Beleuchtungssystem f\u00fcr Piazza Madama Cristina in Turin Foto des Prototyps in der Ausstellung Torino Geodesign 2008 Palafuksas Porta Palazzo Torino\" role=\"img\" ><\/div>\n\t\t\t\t\t\t\t\t\t\t\t<div class=\"elementor-gallery-item__overlay\"><\/div>\n\t\t\t\t\t\t\t\t\t\t\t\t\t\t\t<div class=\"elementor-gallery-item__content\">\n\t\t\t\t\t\t\t\t\t\t\t\t\t\t<div class=\"elementor-gallery-item__description\">\n\t\t\t\t\t\t\t\t\t\t\t\t\t\t\t\t\t\tWettbewerbe - \nTorino Geodesign\t\t\t\t\t\t\t\t<\/div>\n\t\t\t\t\t\t\t\t\t\t\t\t<\/div>\n\t\t\t\t\t\t\t\t\t<\/a>\n\t\t\t\t\t\t\t<a class=\"e-gallery-item elementor-gallery-item elementor-animated-content\" data-e-gallery-tags=\"1\">\n\t\t\t\t\t<div class=\"e-gallery-image elementor-gallery-item__image\" data-thumbnail=\"https:\/\/fa-lesia.eu\/wp-content\/uploads\/200-1-300x211.png\" data-width=\"300\" data-height=\"211\" aria-label=\"Ideenwettbewerb f\u00fcr die Erweiterung des Rathauses und die neue Gestaltung der ehemaligen Kaserne und Sportplatz in einen neuen Freizeitpark mit Openair-Kinotheater, Schwimmbad, Spielplatz und Markt. Lageplan mit darstellung der Projektelementen\" role=\"img\" ><\/div>\n\t\t\t\t\t\t\t\t\t\t\t<div class=\"elementor-gallery-item__overlay\"><\/div>\n\t\t\t\t\t\t\t\t\t\t\t\t\t\t\t<div class=\"elementor-gallery-item__content\">\n\t\t\t\t\t\t\t\t\t\t\t\t\t\t<div class=\"elementor-gallery-item__description\">\n\t\t\t\t\t\t\t\t\t\t\t\t\t\t\t\t\t\tWettbewerbe - \nSGN aka Karmacoma\t\t\t\t\t\t\t\t<\/div>\n\t\t\t\t\t\t\t\t\t\t\t\t<\/div>\n\t\t\t\t\t\t\t\t\t<\/a>\n\t\t\t\t\t\t\t<a class=\"e-gallery-item elementor-gallery-item elementor-animated-content\" data-e-gallery-tags=\"1\">\n\t\t\t\t\t<div class=\"e-gallery-image elementor-gallery-item__image\" data-thumbnail=\"https:\/\/fa-lesia.eu\/wp-content\/uploads\/BOARIO-300x212.png\" data-width=\"300\" data-height=\"212\" aria-label=\"Ideenwettbewerb f\u00fcr die Neunutzung des ehemaligen r\u00f6mischen Viehmarktes (Foro Boario) Wettbewerbsplan mit Perspektiven und Darstellung der Projektelementen\" role=\"img\" ><\/div>\n\t\t\t\t\t\t\t\t\t\t\t<div class=\"elementor-gallery-item__overlay\"><\/div>\n\t\t\t\t\t\t\t\t\t\t\t\t\t\t\t<div class=\"elementor-gallery-item__content\">\n\t\t\t\t\t\t\t\t\t\t\t\t\t\t<div class=\"elementor-gallery-item__description\">\n\t\t\t\t\t\t\t\t\t\t\t\t\t\t\t\t\t\tWettbewerbe - \nJefferson's beach\t\t\t\t\t\t\t\t<\/div>\n\t\t\t\t\t\t\t\t\t\t\t\t<\/div>\n\t\t\t\t\t\t\t\t\t<\/a>\n\t\t\t\t\t\t\t<a class=\"e-gallery-item elementor-gallery-item elementor-animated-content\" data-e-gallery-tags=\"1\">\n\t\t\t\t\t<div class=\"e-gallery-image elementor-gallery-item__image\" data-thumbnail=\"https:\/\/fa-lesia.eu\/wp-content\/uploads\/NOMAD01-267x300.jpg\" data-width=\"267\" data-height=\"300\" aria-label=\"Konzepte f\u00fcr den Ideenwettbewerb &quot;Stadt des dritten Millenniums&quot; Skizze der neuen st\u00e4dtischen Megaelementen\" role=\"img\" ><\/div>\n\t\t\t\t\t\t\t\t\t\t\t<div class=\"elementor-gallery-item__overlay\"><\/div>\n\t\t\t\t\t\t\t\t\t\t\t\t\t\t\t<div class=\"elementor-gallery-item__content\">\n\t\t\t\t\t\t\t\t\t\t\t\t\t\t<div class=\"elementor-gallery-item__description\">\n\t\t\t\t\t\t\t\t\t\t\t\t\t\t\t\t\t\tWettbewerbe - \nNo Mad City? NoMAD City!\t\t\t\t\t\t\t\t<\/div>\n\t\t\t\t\t\t\t\t\t\t\t\t<\/div>\n\t\t\t\t\t\t\t\t\t<\/a>\n\t\t\t\t\t\t\t<a class=\"e-gallery-item elementor-gallery-item elementor-animated-content\" data-e-gallery-tags=\"1\">\n\t\t\t\t\t<div class=\"e-gallery-image elementor-gallery-item__image\" data-thumbnail=\"https:\/\/fa-lesia.eu\/wp-content\/uploads\/MOD011-300x202.jpg\" data-width=\"300\" data-height=\"202\" aria-label=\"Realisierungswettbewerb f\u00fcr die neue Gestaltung der zwei Pl\u00e4tze von Opicina Triest. Entwurfsmodell f\u00fcr Piazza Brdina\" role=\"img\" ><\/div>\n\t\t\t\t\t\t\t\t\t\t\t<div class=\"elementor-gallery-item__overlay\"><\/div>\n\t\t\t\t\t\t\t\t\t\t\t\t\t\t\t<div class=\"elementor-gallery-item__content\">\n\t\t\t\t\t\t\t\t\t\t\t\t\t\t<div class=\"elementor-gallery-item__description\">\n\t\t\t\t\t\t\t\t\t\t\t\t\t\t\t\t\t\tWettbewerbe - \nZwei Pl\u00e4tze f\u00fcr Opicina\t\t\t\t\t\t\t\t<\/div>\n\t\t\t\t\t\t\t\t\t\t\t\t<\/div>\n\t\t\t\t\t\t\t\t\t<\/a>\n\t\t\t\t\t\t\t<a class=\"e-gallery-item elementor-gallery-item elementor-animated-content\" data-e-gallery-tags=\"1\">\n\t\t\t\t\t<div class=\"e-gallery-image elementor-gallery-item__image\" data-thumbnail=\"https:\/\/fa-lesia.eu\/wp-content\/uploads\/Portfolio_CF_2000_2021_01-pagina-5-3-300x206.jpg\" data-width=\"300\" data-height=\"206\" aria-label=\"PSO Progetto Spazi Opportunit\u00e0 ist ein Beteiligungsprojekt das eine breite Stadterneuerung fordert. Ein Prozess der zu einer nachhaltigen Wiederherstellung und Sanierung der ungenutzten R\u00e4ume und Bauwerke der Kreisstadt Triest f\u00fchrt - Beratungs- und Planungsleistungen in Architektur\" role=\"img\" ><\/div>\n\t\t\t\t\t\t\t\t\t\t\t<div class=\"elementor-gallery-item__overlay\"><\/div>\n\t\t\t\t\t\t\t\t\t\t\t\t\t\t\t<div class=\"elementor-gallery-item__content\">\n\t\t\t\t\t\t\t\t\t\t\t\t\t\t<div class=\"elementor-gallery-item__description\">\n\t\t\t\t\t\t\t\t\t\t\t\t\t\t\t\t\t\tKonzepte - \nPSO\t\t\t\t\t\t\t\t<\/div>\n\t\t\t\t\t\t\t\t\t\t\t\t<\/div>\n\t\t\t\t\t\t\t\t\t<\/a>\n\t\t\t\t\t\t\t<a class=\"e-gallery-item elementor-gallery-item elementor-animated-content\" data-e-gallery-tags=\"2\">\n\t\t\t\t\t<div class=\"e-gallery-image elementor-gallery-item__image\" data-thumbnail=\"https:\/\/fa-lesia.eu\/wp-content\/uploads\/P2152173-2-300x241.jpg\" data-width=\"300\" data-height=\"241\" aria-label=\"Umbau einer Wohnung in einem Altbau Triest Foto des \u00dcbergangs zwischen K\u00fcche und Flur mit Schiebet\u00fcr und Detail der Boden aus Parkett und aus vergossenem Harz\" role=\"img\" ><\/div>\n\t\t\t\t\t\t\t\t\t\t\t<div class=\"elementor-gallery-item__overlay\"><\/div>\n\t\t\t\t\t\t\t\t\t\t\t\t\t\t\t<div class=\"elementor-gallery-item__content\">\n\t\t\t\t\t\t\t\t\t\t\t\t\t\t<div class=\"elementor-gallery-item__description\">\n\t\t\t\t\t\t\t\t\t\t\t\t\t\t\t\t\t\tInnenarchitektur - \nSA&FE Flat\t\t\t\t\t\t\t\t<\/div>\n\t\t\t\t\t\t\t\t\t\t\t\t<\/div>\n\t\t\t\t\t\t\t\t\t<\/a>\n\t\t\t\t\t\t\t<a class=\"e-gallery-item elementor-gallery-item elementor-animated-content\" data-e-gallery-tags=\"2\">\n\t\t\t\t\t<div class=\"e-gallery-image elementor-gallery-item__image\" data-thumbnail=\"https:\/\/fa-lesia.eu\/wp-content\/uploads\/05_MuMu_d-300x250.png\" data-width=\"300\" data-height=\"250\" aria-label=\"Neugestaltung der Galerien f\u00fcr moderne und zeitgen\u00f6ssische Kunst im Museo Ugo Car\u00e0 Muggia Triest Plan f\u00fcr die Gliederung der verschiedenen Ausstellungskonfigurationen\" role=\"img\" ><\/div>\n\t\t\t\t\t\t\t\t\t\t\t<div class=\"elementor-gallery-item__overlay\"><\/div>\n\t\t\t\t\t\t\t\t\t\t\t\t\t\t\t<div class=\"elementor-gallery-item__content\">\n\t\t\t\t\t\t\t\t\t\t\t\t\t\t<div class=\"elementor-gallery-item__description\">\n\t\t\t\t\t\t\t\t\t\t\t\t\t\t\t\t\t\tInnenarchitektur - \nMuseo Ugo Car\u00e0\t\t\t\t\t\t\t\t<\/div>\n\t\t\t\t\t\t\t\t\t\t\t\t<\/div>\n\t\t\t\t\t\t\t\t\t<\/a>\n\t\t\t\t\t\t\t<a class=\"e-gallery-item elementor-gallery-item elementor-animated-content\" data-e-gallery-tags=\"2\">\n\t\t\t\t\t<div class=\"e-gallery-image elementor-gallery-item__image\" data-thumbnail=\"https:\/\/fa-lesia.eu\/wp-content\/uploads\/01-2-225x300.jpg\" data-width=\"225\" data-height=\"300\" aria-label=\"Neugestaltung und Umbau eines Friseursalons in eine Werkstatt f\u00fcr Architektur-, Design- und Kunstprojekte in Triest. Foto des neuen Schaufensters mit Eingangst\u00fcr nach der Montage\" role=\"img\" ><\/div>\n\t\t\t\t\t\t\t\t\t\t\t<div class=\"elementor-gallery-item__overlay\"><\/div>\n\t\t\t\t\t\t\t\t\t\t\t\t\t\t\t<div class=\"elementor-gallery-item__content\">\n\t\t\t\t\t\t\t\t\t\t\t\t\t\t<div class=\"elementor-gallery-item__description\">\n\t\t\t\t\t\t\t\t\t\t\t\t\t\t\t\t\t\tInnenarchitektur - \nSalone Gemma\t\t\t\t\t\t\t\t<\/div>\n\t\t\t\t\t\t\t\t\t\t\t\t<\/div>\n\t\t\t\t\t\t\t\t\t<\/a>\n\t\t\t\t\t\t\t<a class=\"e-gallery-item elementor-gallery-item elementor-animated-content\" data-e-gallery-tags=\"2\">\n\t\t\t\t\t<div class=\"e-gallery-image elementor-gallery-item__image\" data-thumbnail=\"https:\/\/fa-lesia.eu\/wp-content\/uploads\/esploso7-300x225.jpg\" data-width=\"300\" data-height=\"225\" aria-label=\"Neugestaltung des Italesse Showrooms, eine Handelsfirma f\u00fcr Gl\u00e4ser und Weinzubeh\u00f6r\u00a03D Darstellung des Ausstellungssystems: beleuchtende Regale, Tische, Schubf\u00e4cher\" role=\"img\" ><\/div>\n\t\t\t\t\t\t\t\t\t\t\t<div class=\"elementor-gallery-item__overlay\"><\/div>\n\t\t\t\t\t\t\t\t\t\t\t\t\t\t\t<div class=\"elementor-gallery-item__content\">\n\t\t\t\t\t\t\t\t\t\t\t\t\t\t<div class=\"elementor-gallery-item__description\">\n\t\t\t\t\t\t\t\t\t\t\t\t\t\t\t\t\t\tInnenarchitektur - \nHouse of Glasses\t\t\t\t\t\t\t\t<\/div>\n\t\t\t\t\t\t\t\t\t\t\t\t<\/div>\n\t\t\t\t\t\t\t\t\t<\/a>\n\t\t\t\t\t\t\t<a class=\"e-gallery-item elementor-gallery-item elementor-animated-content\" data-e-gallery-tags=\"2\">\n\t\t\t\t\t<div class=\"e-gallery-image elementor-gallery-item__image\" data-thumbnail=\"https:\/\/fa-lesia.eu\/wp-content\/uploads\/120_2021-300x225.jpg\" data-width=\"300\" data-height=\"225\" aria-label=\"Neue Ausstattung und innere Gestaltung eines Reiseb\u00fcros in Triest Detailfoto des Baukastensystems der Ausstellungsst\u00e4nder\" role=\"img\" ><\/div>\n\t\t\t\t\t\t\t\t\t\t\t<div class=\"elementor-gallery-item__overlay\"><\/div>\n\t\t\t\t\t\t\t\t\t\t\t\t\t\t\t<div class=\"elementor-gallery-item__content\">\n\t\t\t\t\t\t\t\t\t\t\t\t\t\t<div class=\"elementor-gallery-item__description\">\n\t\t\t\t\t\t\t\t\t\t\t\t\t\t\t\t\t\tInnenarchitektur - \nBefore Minecraft\t\t\t\t\t\t\t\t<\/div>\n\t\t\t\t\t\t\t\t\t\t\t\t<\/div>\n\t\t\t\t\t\t\t\t\t<\/a>\n\t\t\t\t\t\t\t<a class=\"e-gallery-item elementor-gallery-item elementor-animated-content\" data-e-gallery-tags=\"2\">\n\t\t\t\t\t<div class=\"e-gallery-image elementor-gallery-item__image\" data-thumbnail=\"https:\/\/fa-lesia.eu\/wp-content\/uploads\/PP_cdm_grz_02-1-300x231.jpg\" data-width=\"300\" data-height=\"231\" aria-label=\"Neugestaltung der Innenr\u00e4ume f\u00fcr das Haus der Musik\u00a0in Triest Foto des Auditoriums im Dachgeschoss der Casa della Musica mit Details der Akustik des Daches und der W\u00e4nde, an der rechten Seite das Schaufenster des hinterliegenden Aufnahmestudio\" role=\"img\" ><\/div>\n\t\t\t\t\t\t\t\t\t\t\t<div class=\"elementor-gallery-item__overlay\"><\/div>\n\t\t\t\t\t\t\t\t\t\t\t\t\t\t\t<div class=\"elementor-gallery-item__content\">\n\t\t\t\t\t\t\t\t\t\t\t\t\t\t<div class=\"elementor-gallery-item__description\">\n\t\t\t\t\t\t\t\t\t\t\t\t\t\t\t\t\t\tInnenarchitektur - \nCasa della Musica\n\t\t\t\t\t\t\t\t<\/div>\n\t\t\t\t\t\t\t\t\t\t\t\t<\/div>\n\t\t\t\t\t\t\t\t\t<\/a>\n\t\t\t\t\t\t\t<a class=\"e-gallery-item elementor-gallery-item elementor-animated-content\" data-e-gallery-tags=\"2\">\n\t\t\t\t\t<div class=\"e-gallery-image elementor-gallery-item__image\" data-thumbnail=\"https:\/\/fa-lesia.eu\/wp-content\/uploads\/design_royale_01-300x225.jpg\" data-width=\"300\" data-height=\"225\" aria-label=\"Ein design Experiment mit einer strukturierten Aktivit\u00e4t f\u00fcr junge Designer im Zeitalter von Facebook und Twitter, die das Physische mit dem immateriellen Digitalen verbindet hat. Das beste des zeitgen\u00f6ssischen italienischen Design wurde mit Jungen Designern und Studenten, die auf verschiedenen Kontinenten lebten, verbunden. Als Ergebnis eine Pop-Up Veranstaltung mit der Darstellung von 12 neuen Projekten, davon 4 aus on-line Workshops mit Studenten aus Thailand, Singapur, UK und USA mit Facebook entstanden. Die Orte\" role=\"img\" ><\/div>\n\t\t\t\t\t\t\t\t\t\t\t<div class=\"elementor-gallery-item__overlay\"><\/div>\n\t\t\t\t\t\t\t\t\t\t\t\t\t\t\t<div class=\"elementor-gallery-item__content\">\n\t\t\t\t\t\t\t\t\t\t\t\t\t\t<div class=\"elementor-gallery-item__description\">\n\t\t\t\t\t\t\t\t\t\t\t\t\t\t\t\t\t\tWorkshops - \nDesign Royale\t\t\t\t\t\t\t\t<\/div>\n\t\t\t\t\t\t\t\t\t\t\t\t<\/div>\n\t\t\t\t\t\t\t\t\t<\/a>\n\t\t\t\t\t\t\t<a class=\"e-gallery-item elementor-gallery-item elementor-animated-content\" data-e-gallery-tags=\"2\">\n\t\t\t\t\t<div class=\"e-gallery-image elementor-gallery-item__image\" data-thumbnail=\"https:\/\/fa-lesia.eu\/wp-content\/uploads\/design-brief-e1643653244619-300x222.jpg\" data-width=\"300\" data-height=\"222\" aria-label=\"Workshop und Umsetzung einer Performance die eine sehr spielerische, internationale und zeitgem\u00e4\u00dfe Idee des Fr\u00fchst\u00fccks inszeniert. Der Auftrag\" role=\"img\" ><\/div>\n\t\t\t\t\t\t\t\t\t\t\t<div class=\"elementor-gallery-item__overlay\"><\/div>\n\t\t\t\t\t\t\t\t\t\t\t\t\t\t\t<div class=\"elementor-gallery-item__content\">\n\t\t\t\t\t\t\t\t\t\t\t\t\t\t<div class=\"elementor-gallery-item__description\">\n\t\t\t\t\t\t\t\t\t\t\t\t\t\t\t\t\t\tWorkshops - \nWonder Breakfast\t\t\t\t\t\t\t\t<\/div>\n\t\t\t\t\t\t\t\t\t\t\t\t<\/div>\n\t\t\t\t\t\t\t\t\t<\/a>\n\t\t\t\t\t\t\t<a class=\"e-gallery-item elementor-gallery-item elementor-animated-content\" data-e-gallery-tags=\"2\">\n\t\t\t\t\t<div class=\"e-gallery-image elementor-gallery-item__image\" data-thumbnail=\"https:\/\/fa-lesia.eu\/wp-content\/uploads\/bLn1732-2-300x225.jpg\" data-width=\"300\" data-height=\"225\" aria-label=\"Lehrt\u00e4tigkeit Modul Product Design 1 bei NABA Nuova Accademia di Belle Arti Milano Workshop intensiv - Konzepte f\u00fcr Objekte, Maschine und Situationen die einen besonderen Bezug mit dem Wind darstellen. Foto des nach Ma\u00df Schneidens des Stoffes f\u00fcr eine windfeste Weste\" role=\"img\" ><\/div>\n\t\t\t\t\t\t\t\t\t\t\t<div class=\"elementor-gallery-item__overlay\"><\/div>\n\t\t\t\t\t\t\t\t\t\t\t\t\t\t\t<div class=\"elementor-gallery-item__content\">\n\t\t\t\t\t\t\t\t\t\t\t\t\t\t<div class=\"elementor-gallery-item__description\">\n\t\t\t\t\t\t\t\t\t\t\t\t\t\t\t\t\t\tWorkshops - \nGive a shape to the wind 1\t\t\t\t\t\t\t\t<\/div>\n\t\t\t\t\t\t\t\t\t\t\t\t<\/div>\n\t\t\t\t\t\t\t\t\t<\/a>\n\t\t\t\t\t\t\t<a class=\"e-gallery-item elementor-gallery-item elementor-animated-content\" data-e-gallery-tags=\"2\">\n\t\t\t\t\t<div class=\"e-gallery-image elementor-gallery-item__image\" data-thumbnail=\"https:\/\/fa-lesia.eu\/wp-content\/uploads\/CIMG3727-300x225.jpg\" data-width=\"300\" data-height=\"225\" aria-label=\"Lehrt\u00e4tigkeit Modul Product Design 1 bei NABA Nuova Accademia di Belle Arti Milano Workshop intensiv - Konzepte f\u00fcr Objekte, Maschine und Situationen die einen besonderen Bezug mit dem Wind darstellen. Projekt: Nester und Pfeifen Foto der Umsetzung des Prototyps\" role=\"img\" ><\/div>\n\t\t\t\t\t\t\t\t\t\t\t<div class=\"elementor-gallery-item__overlay\"><\/div>\n\t\t\t\t\t\t\t\t\t\t\t\t\t\t\t<div class=\"elementor-gallery-item__content\">\n\t\t\t\t\t\t\t\t\t\t\t\t\t\t<div class=\"elementor-gallery-item__description\">\n\t\t\t\t\t\t\t\t\t\t\t\t\t\t\t\t\t\tWorkshops - \nGive a shape to the wind 2\t\t\t\t\t\t\t\t<\/div>\n\t\t\t\t\t\t\t\t\t\t\t\t<\/div>\n\t\t\t\t\t\t\t\t\t<\/a>\n\t\t\t\t\t\t\t<a class=\"e-gallery-item elementor-gallery-item elementor-animated-content\" data-e-gallery-tags=\"2\">\n\t\t\t\t\t<div class=\"e-gallery-image elementor-gallery-item__image\" data-thumbnail=\"https:\/\/fa-lesia.eu\/wp-content\/uploads\/04-01-300x225.jpg\" data-width=\"300\" data-height=\"225\" aria-label=\"Lehrt\u00e4tigkeit Modul Product Design 1 bei NABA Nuova Accademia di Belle Arti Milano Workshop intensiv - Konzepte f\u00fcr ein verbreitetes interaktives multimediales Museum des Kaffes in Triest sogenanntes Museo Espresso Foto des Prototyps einer Karte mit Wegbeschreibung und Tasse zur Verkostung - halboffen\" role=\"img\" ><\/div>\n\t\t\t\t\t\t\t\t\t\t\t<div class=\"elementor-gallery-item__overlay\"><\/div>\n\t\t\t\t\t\t\t\t\t\t\t\t\t\t\t<div class=\"elementor-gallery-item__content\">\n\t\t\t\t\t\t\t\t\t\t\t\t\t\t<div class=\"elementor-gallery-item__description\">\n\t\t\t\t\t\t\t\t\t\t\t\t\t\t\t\t\t\tWorkshops - \nMuseo Espresso\t\t\t\t\t\t\t\t<\/div>\n\t\t\t\t\t\t\t\t\t\t\t\t<\/div>\n\t\t\t\t\t\t\t\t\t<\/a>\n\t\t\t\t\t\t\t<a class=\"e-gallery-item elementor-gallery-item elementor-animated-content\" data-e-gallery-tags=\"2\">\n\t\t\t\t\t<div class=\"e-gallery-image elementor-gallery-item__image\" data-thumbnail=\"https:\/\/fa-lesia.eu\/wp-content\/uploads\/cc48_workshop_rev2-pagina-Sec1-1-300x194.jpg\" data-width=\"300\" data-height=\"194\" aria-label=\"Workshop und Umsetzung eines Prototyps f\u00fcr ein verbreitetes interaktives multimediales Museum des Kaffees sogenannte Museo Espresso in Triest. Der Bericht \u00fcber den Workshop mit Beschreibung des Inhaltes und der Teilnehmer 1\" role=\"img\" ><\/div>\n\t\t\t\t\t\t\t\t\t\t\t<div class=\"elementor-gallery-item__overlay\"><\/div>\n\t\t\t\t\t\t\t\t\t\t\t\t\t\t\t<div class=\"elementor-gallery-item__content\">\n\t\t\t\t\t\t\t\t\t\t\t\t\t\t<div class=\"elementor-gallery-item__description\">\n\t\t\t\t\t\t\t\t\t\t\t\t\t\t\t\t\t\tEvents - \nMuseo Espresso\t\t\t\t\t\t\t\t<\/div>\n\t\t\t\t\t\t\t\t\t\t\t\t<\/div>\n\t\t\t\t\t\t\t\t\t<\/a>\n\t\t\t\t\t\t\t<a class=\"e-gallery-item elementor-gallery-item elementor-animated-content\" data-e-gallery-tags=\"2\">\n\t\t\t\t\t<div class=\"e-gallery-image elementor-gallery-item__image\" data-thumbnail=\"https:\/\/fa-lesia.eu\/wp-content\/uploads\/R1045093.jpeg.scaled.1000-300x225.jpg\" data-width=\"300\" data-height=\"225\" aria-label=\"Ausstellungskonzept und Umsetzung eines Festivals der Architektur in Triest: acht Ausstellungen auf zwei Ausstellungsfl\u00e4chen, Symposien mit internationalen Architekten, Workshops und Werkst\u00e4tte, offene Studios. Foto der Vernissage\" role=\"img\" ><\/div>\n\t\t\t\t\t\t\t\t\t\t\t<div class=\"elementor-gallery-item__overlay\"><\/div>\n\t\t\t\t\t\t\t\t\t\t\t\t\t\t\t<div class=\"elementor-gallery-item__content\">\n\t\t\t\t\t\t\t\t\t\t\t\t\t\t<div class=\"elementor-gallery-item__description\">\n\t\t\t\t\t\t\t\t\t\t\t\t\t\t\t\t\t\tEvents - \nPiazza dell'Architettura\t\t\t\t\t\t\t\t<\/div>\n\t\t\t\t\t\t\t\t\t\t\t\t<\/div>\n\t\t\t\t\t\t\t\t\t<\/a>\n\t\t\t\t\t\t\t<a class=\"e-gallery-item elementor-gallery-item elementor-animated-content\" data-e-gallery-tags=\"2\">\n\t\t\t\t\t<div class=\"e-gallery-image elementor-gallery-item__image\" data-thumbnail=\"https:\/\/fa-lesia.eu\/wp-content\/uploads\/Claudio-pagina-15-300x206.png\" data-width=\"300\" data-height=\"206\" aria-label=\"Konzepte f\u00fcr die Installation &quot;das Haus der Zukunft&quot; im Rahmen der &quot;Festival della Scienza&quot; Festival der Wissenschaft in Genua Italien. 3D Darstellung des Konzepts und des Baukastensystem des Hauses der Zukunft: hydroponischer Hausanbau von Obst und Gem\u00fcse mit Hydrokultur\" role=\"img\" ><\/div>\n\t\t\t\t\t\t\t\t\t\t\t<div class=\"elementor-gallery-item__overlay\"><\/div>\n\t\t\t\t\t\t\t\t\t\t\t\t\t\t\t<div class=\"elementor-gallery-item__content\">\n\t\t\t\t\t\t\t\t\t\t\t\t\t\t<div class=\"elementor-gallery-item__description\">\n\t\t\t\t\t\t\t\t\t\t\t\t\t\t\t\t\t\tEvents - \nHouse of the Future Farmville at Home\t\t\t\t\t\t\t\t<\/div>\n\t\t\t\t\t\t\t\t\t\t\t\t<\/div>\n\t\t\t\t\t\t\t\t\t<\/a>\n\t\t\t\t\t\t\t<a class=\"e-gallery-item elementor-gallery-item elementor-animated-content\" data-e-gallery-tags=\"2\">\n\t\t\t\t\t<div class=\"e-gallery-image elementor-gallery-item__image\" data-thumbnail=\"https:\/\/fa-lesia.eu\/wp-content\/uploads\/05-300x200.jpg\" data-width=\"300\" data-height=\"200\" aria-label=\"Ausstellung des Projekts \u00b4LapLamp\u00b4 eine neue Beleuchtungssystem f\u00fcr Piazza Madama Cristina in Turin, einer der 48 ausgew\u00e4hlten Projekte f\u00fcr Torino Geodesign. Foto der Leiterin von Triestecontenporanea mit dem Prototyp der Lampe und Videoinstallation in der Studio Tommaseo Triest\" role=\"img\" ><\/div>\n\t\t\t\t\t\t\t\t\t\t\t<div class=\"elementor-gallery-item__overlay\"><\/div>\n\t\t\t\t\t\t\t\t\t\t\t\t\t\t\t<div class=\"elementor-gallery-item__content\">\n\t\t\t\t\t\t\t\t\t\t\t\t\t\t<div class=\"elementor-gallery-item__description\">\n\t\t\t\t\t\t\t\t\t\t\t\t\t\t\t\t\t\tEvents - \nLap Lamp goes to Tommaseo\t\t\t\t\t\t\t\t<\/div>\n\t\t\t\t\t\t\t\t\t\t\t\t<\/div>\n\t\t\t\t\t\t\t\t\t<\/a>\n\t\t\t\t\t\t\t<a class=\"e-gallery-item elementor-gallery-item elementor-animated-content\" data-e-gallery-tags=\"2\">\n\t\t\t\t\t<div class=\"e-gallery-image elementor-gallery-item__image\" data-thumbnail=\"https:\/\/fa-lesia.eu\/wp-content\/uploads\/stand-300x190.jpg\" data-width=\"300\" data-height=\"190\" aria-label=\"Konzept f\u00fcr die Umsetzung des Messestands der A.N.M.C.O. Bund der Kardiologen + Medarchiver bei der Messe von Florenz. Werkplan mit 3D Darstellung\" role=\"img\" ><\/div>\n\t\t\t\t\t\t\t\t\t\t\t<div class=\"elementor-gallery-item__overlay\"><\/div>\n\t\t\t\t\t\t\t\t\t\t\t\t\t\t\t<div class=\"elementor-gallery-item__content\">\n\t\t\t\t\t\t\t\t\t\t\t\t\t\t<div class=\"elementor-gallery-item__description\">\n\t\t\t\t\t\t\t\t\t\t\t\t\t\t\t\t\t\tEvents - \nHeart of Plastic\t\t\t\t\t\t\t\t<\/div>\n\t\t\t\t\t\t\t\t\t\t\t\t<\/div>\n\t\t\t\t\t\t\t\t\t<\/a>\n\t\t\t\t\t\t\t<a class=\"e-gallery-item elementor-gallery-item elementor-animated-content\" data-e-gallery-tags=\"2\">\n\t\t\t\t\t<div class=\"e-gallery-image elementor-gallery-item__image\" data-thumbnail=\"https:\/\/fa-lesia.eu\/wp-content\/uploads\/121_2129-300x225.jpg\" data-width=\"300\" data-height=\"225\" aria-label=\"Werkstatt f\u00fcr die Entwicklung, Produktion und Verbreitung von Architektur-, Design- und Kunst- Projekten, Ideen und Konzepten in Triest 2005-2011 Foto der Installation GemmAzioni 07 f\u00fcr die Vorstellung des Veranstaltungsprogramms 2007 von aussen.\" role=\"img\" ><\/div>\n\t\t\t\t\t\t\t\t\t\t\t<div class=\"elementor-gallery-item__overlay\"><\/div>\n\t\t\t\t\t\t\t\t\t\t\t\t\t\t\t<div class=\"elementor-gallery-item__content\">\n\t\t\t\t\t\t\t\t\t\t\t\t\t\t<div class=\"elementor-gallery-item__description\">\n\t\t\t\t\t\t\t\t\t\t\t\t\t\t\t\t\t\tEvents - \nFaltwerksalon\t\t\t\t\t\t\t\t<\/div>\n\t\t\t\t\t\t\t\t\t\t\t\t<\/div>\n\t\t\t\t\t\t\t\t\t<\/a>\n\t\t\t\t\t<\/div>\n\t\t\t\t\t<\/div>\n\t\t\t\t<\/div>\n\t\t\t\t\t<\/div>\n\t\t<\/div>\n\t\t\t\t\t<\/div>\n\t\t<\/section>\n\t\t\t\t<section class=\"elementor-section elementor-top-section elementor-element elementor-element-3b12594 elementor-section-boxed elementor-section-height-default elementor-section-height-default\" data-id=\"3b12594\" data-element_type=\"section\" data-settings=\"{&quot;background_background&quot;:&quot;classic&quot;}\">\n\t\t\t\t\t\t<div class=\"elementor-container elementor-column-gap-default\">\n\t\t\t\t\t<div class=\"elementor-column elementor-col-33 elementor-top-column elementor-element elementor-element-5547c26\" data-id=\"5547c26\" data-element_type=\"column\">\n\t\t\t<div class=\"elementor-widget-wrap elementor-element-populated\">\n\t\t\t\t\t\t<div class=\"elementor-element elementor-element-eeec090 elementor-widget elementor-widget-text-editor\" data-id=\"eeec090\" data-element_type=\"widget\" data-widget_type=\"text-editor.default\">\n\t\t\t\t<div class=\"elementor-widget-container\">\n\t\t\t\t\t\t\t\t\t<h1><a href=\"https:\/\/fa-lesia.eu\/\"><b>FA<\/b>Le<b>S<\/b>i<b>A<\/b><\/a><\/h1>\t\t\t\t\t\t\t\t<\/div>\n\t\t\t\t<\/div>\n\t\t\t\t<div class=\"elementor-element elementor-element-d7c424d elementor-widget elementor-widget-text-editor\" data-id=\"d7c424d\" data-element_type=\"widget\" data-widget_type=\"text-editor.default\">\n\t\t\t\t<div class=\"elementor-widget-container\">\n\t\t\t\t\t\t\t\t\t<p>prestazioni e servizi professionali in architettura<\/p>\t\t\t\t\t\t\t\t<\/div>\n\t\t\t\t<\/div>\n\t\t\t\t<div class=\"elementor-element elementor-element-6271fcb elementor-widget elementor-widget-image\" data-id=\"6271fcb\" data-element_type=\"widget\" data-widget_type=\"image.default\">\n\t\t\t\t<div class=\"elementor-widget-container\">\n\t\t\t\t\t\t\t\t\t\t\t\t\t\t\t\t<a href=\"https:\/\/fa-lesia.eu\/\">\n\t\t\t\t\t\t\t<img loading=\"lazy\" decoding=\"async\" width=\"150\" height=\"150\" src=\"https:\/\/fa-lesia.eu\/wp-content\/uploads\/falesia_new_3.svg\" class=\"attachment-thumbnail size-thumbnail wp-image-5438\" alt=\"Falesia- Beratungs- und Planungsleistungen in Architektur\" \/>\t\t\t\t\t\t\t\t<\/a>\n\t\t\t\t\t\t\t\t\t\t\t\t\t\t\t<\/div>\n\t\t\t\t<\/div>\n\t\t\t\t\t<\/div>\n\t\t<\/div>\n\t\t\t\t<div class=\"elementor-column elementor-col-33 elementor-top-column elementor-element elementor-element-61caa9a\" data-id=\"61caa9a\" data-element_type=\"column\">\n\t\t\t<div class=\"elementor-widget-wrap elementor-element-populated\">\n\t\t\t\t\t\t<div class=\"elementor-element elementor-element-e34391c elementor-widget elementor-widget-text-editor\" data-id=\"e34391c\" data-element_type=\"widget\" data-widget_type=\"text-editor.default\">\n\t\t\t\t<div class=\"elementor-widget-container\">\n\t\t\t\t\t\t\t\t\t<p style=\"font-variant-ligatures: normal; font-variant-caps: normal; font-family: Weblysleek, sans-serif; font-size: 18px; font-style: normal; font-weight: 100; color: #ffae4b;\"><a style=\"font-size: 18px;\" href=\"https:\/\/fa-lesia.eu\/\"><span style=\"font-size: 18px; font-weight: bold;\">Home<br \/><\/span><\/a><\/p><p style=\"font-variant-ligatures: normal; font-variant-caps: normal; font-family: Weblysleek, sans-serif; font-size: 18px; font-style: normal; font-weight: 100; color: #ffae4b;\"><a style=\"font-size: 18px;\" href=\"https:\/\/fa-lesia.eu\/fachliche-planungsleistungen-in-architektur\/\" target=\"_blank\" rel=\"noopener\"><span style=\"font-size: 18px; font-weight: bold;\">&gt; Progetti<br \/><\/span><\/a><a style=\"font-size: 18px;\" href=\"https:\/\/fa-lesia.eu\/wer\"><span style=\"font-size: 18px; font-weight: bold;\">&gt; Chi<br \/><\/span><\/a><span style=\"font-size: 18px; font-weight: 600;\"><a style=\"font-size: 18px;\" href=\"https:\/\/fa-lesia.eu\/aktuelles\">&gt; Attualit\u00e0<\/a><\/span><\/p><div style=\"font-variant-ligatures: normal; font-variant-caps: normal; font-family: Weblysleek, sans-serif; font-size: 18px; font-style: normal; font-weight: 100; color: #ffae4b;\">\u00a0<\/div><div style=\"font-variant-ligatures: normal; font-variant-caps: normal; font-family: Weblysleek, sans-serif; font-size: 18px; font-style: normal; font-weight: 100; color: #ffae4b;\"><a style=\"font-size: 18px; font-weight: 100;\" href=\"https:\/\/fa-lesia.eu\/kontakt\"><span style=\"font-size: 18px; font-weight: bold;\">&gt; Contatti &amp; Impressum<br \/><\/span><\/a><span style=\"font-size: 18px; font-weight: 600;\">&gt; Archivio<\/span><\/div>\t\t\t\t\t\t\t\t<\/div>\n\t\t\t\t<\/div>\n\t\t\t\t\t<\/div>\n\t\t<\/div>\n\t\t\t\t<div class=\"elementor-column elementor-col-33 elementor-top-column elementor-element elementor-element-b704606\" data-id=\"b704606\" data-element_type=\"column\">\n\t\t\t<div class=\"elementor-widget-wrap elementor-element-populated\">\n\t\t\t\t\t\t<div class=\"elementor-element elementor-element-2a7522f elementor-widget elementor-widget-image\" data-id=\"2a7522f\" data-element_type=\"widget\" data-widget_type=\"image.default\">\n\t\t\t\t<div class=\"elementor-widget-container\">\n\t\t\t\t\t\t\t\t\t\t\t\t\t\t\t\t<a href=\"https:\/\/www.instagram.com\/claudio_fa\/\" target=\"_blank\">\n\t\t\t\t\t\t\t<img decoding=\"async\" src=\"https:\/\/fa-lesia.eu\/wp-content\/uploads\/instagram-square-brands-1.svg\" title=\"instagram-square-brands\" alt=\"instagram-square-brands\" loading=\"lazy\" \/>\t\t\t\t\t\t\t\t<\/a>\n\t\t\t\t\t\t\t\t\t\t\t\t\t\t\t<\/div>\n\t\t\t\t<\/div>\n\t\t\t\t<div class=\"elementor-element elementor-element-1ffbc10 elementor-widget elementor-widget-image\" data-id=\"1ffbc10\" data-element_type=\"widget\" data-widget_type=\"image.default\">\n\t\t\t\t<div class=\"elementor-widget-container\">\n\t\t\t\t\t\t\t\t\t\t\t\t\t\t\t\t<a href=\"https:\/\/de.linkedin.com\/in\/clfarina\" target=\"_blank\">\n\t\t\t\t\t\t\t<img loading=\"lazy\" decoding=\"async\" width=\"448\" height=\"512\" src=\"https:\/\/fa-lesia.eu\/wp-content\/uploads\/Font_Awesome_5_brands_linkedin.svg\" class=\"attachment-full size-full wp-image-4229\" alt=\"Falesia Linkedin\" \/>\t\t\t\t\t\t\t\t<\/a>\n\t\t\t\t\t\t\t\t\t\t\t\t\t\t\t<\/div>\n\t\t\t\t<\/div>\n\t\t\t\t<div class=\"elementor-element elementor-element-bb0ffb1 elementor-widget elementor-widget-image\" data-id=\"bb0ffb1\" data-element_type=\"widget\" data-widget_type=\"image.default\">\n\t\t\t\t<div class=\"elementor-widget-container\">\n\t\t\t\t\t\t\t\t\t\t\t\t\t\t\t\t<a href=\"https:\/\/twitter.com\/claudio_fa\" target=\"_blank\">\n\t\t\t\t\t\t\t<img loading=\"lazy\" decoding=\"async\" width=\"448\" height=\"512\" src=\"https:\/\/fa-lesia.eu\/wp-content\/uploads\/twitter-square-brands-1.svg\" class=\"attachment-full size-full wp-image-2585\" alt=\"\" \/>\t\t\t\t\t\t\t\t<\/a>\n\t\t\t\t\t\t\t\t\t\t\t\t\t\t\t<\/div>\n\t\t\t\t<\/div>\n\t\t\t\t<div class=\"elementor-element elementor-element-2d1c0b1 elementor-widget elementor-widget-image\" data-id=\"2d1c0b1\" data-element_type=\"widget\" data-widget_type=\"image.default\">\n\t\t\t\t<div class=\"elementor-widget-container\">\n\t\t\t\t\t\t\t\t\t\t\t\t\t\t\t\t<a href=\"https:\/\/www.xing.com\/profile\/Claudio_Farina2\/cv\" target=\"_blank\">\n\t\t\t\t\t\t\t<img loading=\"lazy\" decoding=\"async\" width=\"448\" height=\"512\" src=\"https:\/\/fa-lesia.eu\/wp-content\/uploads\/xing-square-brands-1.svg\" class=\"attachment-full size-full wp-image-2586\" alt=\"\" \/>\t\t\t\t\t\t\t\t<\/a>\n\t\t\t\t\t\t\t\t\t\t\t\t\t\t\t<\/div>\n\t\t\t\t<\/div>\n\t\t\t\t\t<\/div>\n\t\t<\/div>\n\t\t\t\t\t<\/div>\n\t\t<\/section>\n\t\t\t\t<section class=\"elementor-section elementor-top-section elementor-element elementor-element-50c2f243 elementor-section-boxed elementor-section-height-default elementor-section-height-default\" data-id=\"50c2f243\" data-element_type=\"section\" data-settings=\"{&quot;background_background&quot;:&quot;classic&quot;}\">\n\t\t\t\t\t\t<div class=\"elementor-container elementor-column-gap-default\">\n\t\t\t\t\t<div class=\"elementor-column elementor-col-33 elementor-top-column elementor-element elementor-element-1ea530e8\" data-id=\"1ea530e8\" data-element_type=\"column\">\n\t\t\t<div class=\"elementor-widget-wrap elementor-element-populated\">\n\t\t\t\t\t\t<div class=\"elementor-element elementor-element-39d0387e elementor-widget elementor-widget-text-editor\" data-id=\"39d0387e\" data-element_type=\"widget\" data-widget_type=\"text-editor.default\">\n\t\t\t\t<div class=\"elementor-widget-container\">\n\t\t\t\t\t\t\t\t\t<p>\u00a9 2022, Falesia\u00a0 \u2013 Claudio Farina \u2022 Architekt\u00a0 \u00a0<\/p>\t\t\t\t\t\t\t\t<\/div>\n\t\t\t\t<\/div>\n\t\t\t\t\t<\/div>\n\t\t<\/div>\n\t\t\t\t<div class=\"elementor-column elementor-col-33 elementor-top-column elementor-element elementor-element-58859735\" data-id=\"58859735\" data-element_type=\"column\">\n\t\t\t<div class=\"elementor-widget-wrap\">\n\t\t\t\t\t\t\t<\/div>\n\t\t<\/div>\n\t\t\t\t<div class=\"elementor-column elementor-col-33 elementor-top-column elementor-element elementor-element-246665e6\" data-id=\"246665e6\" data-element_type=\"column\" data-settings=\"{&quot;background_background&quot;:&quot;classic&quot;}\">\n\t\t\t<div class=\"elementor-widget-wrap elementor-element-populated\">\n\t\t\t\t\t\t<div class=\"elementor-element elementor-element-1c6652cc elementor-icon-list--layout-inline elementor-align-end elementor-mobile-align-center elementor-list-item-link-full_width elementor-invisible elementor-widget elementor-widget-icon-list\" data-id=\"1c6652cc\" data-element_type=\"widget\" data-settings=\"{&quot;_animation&quot;:&quot;fadeIn&quot;,&quot;_animation_delay&quot;:300}\" data-widget_type=\"icon-list.default\">\n\t\t\t\t<div class=\"elementor-widget-container\">\n\t\t\t\t\t\t\t<ul class=\"elementor-icon-list-items elementor-inline-items\">\n\t\t\t\t\t\t\t<li class=\"elementor-icon-list-item elementor-inline-item\">\n\t\t\t\t\t\t\t\t\t\t\t<a href=\"https:\/\/fa-lesia.eu\/datenschutz\/\" target=\"_blank\">\n\n\t\t\t\t\t\t\t\t\t\t\t<span class=\"elementor-icon-list-text\">Datenschutz<\/span>\n\t\t\t\t\t\t\t\t\t\t\t<\/a>\n\t\t\t\t\t\t\t\t\t<\/li>\n\t\t\t\t\t\t<\/ul>\n\t\t\t\t\t\t<\/div>\n\t\t\t\t<\/div>\n\t\t\t\t\t<\/div>\n\t\t<\/div>\n\t\t\t\t\t<\/div>\n\t\t<\/section>\n\t\t\t\t<\/div>","protected":false},"excerpt":{"rendered":"<p>Projekte Zur\u00fcck Weiter Alle Architektur Stadt Situationen Neubau &#8211; A Summer in Jamaika Neubau &#8211; T3 House Neubau &#8211; Museo Ugo Car\u00e0 Denkmalschutz &#8211; Museo Revoltella Denkmalschutz &#8211; Museo Sartorio Denkmalschutz &#8211; Castelletto Denkmalschutz &#8211; Casa della Musica Umbau und Sanierung &#8211; Leave your Hat on Umbau und Sanierung &#8211; CSM Domio Bauleitung &#8211; R\u00f6mischer [&hellip;]<\/p>","protected":false},"author":1,"featured_media":0,"parent":0,"menu_order":0,"comment_status":"closed","ping_status":"closed","template":"","meta":{"ocean_post_layout":"full-screen","ocean_both_sidebars_style":"","ocean_both_sidebars_content_width":0,"ocean_both_sidebars_sidebars_width":0,"ocean_sidebar":"0","ocean_second_sidebar":"0","ocean_disable_margins":"on","ocean_add_body_class":"","ocean_shortcode_before_top_bar":"","ocean_shortcode_after_top_bar":"","ocean_shortcode_before_header":"","ocean_shortcode_after_header":"","ocean_has_shortcode":"","ocean_shortcode_after_title":"","ocean_shortcode_before_footer_widgets":"","ocean_shortcode_after_footer_widgets":"","ocean_shortcode_before_footer_bottom":"","ocean_shortcode_after_footer_bottom":"","ocean_display_top_bar":"default","ocean_display_header":"default","ocean_header_style":"","ocean_center_header_left_menu":"0","ocean_custom_header_template":"0","ocean_custom_logo":0,"ocean_custom_retina_logo":0,"ocean_custom_logo_max_width":0,"ocean_custom_logo_tablet_max_width":0,"ocean_custom_logo_mobile_max_width":0,"ocean_custom_logo_max_height":0,"ocean_custom_logo_tablet_max_height":0,"ocean_custom_logo_mobile_max_height":0,"ocean_header_custom_menu":"0","ocean_menu_typo_font_family":"0","ocean_menu_typo_font_subset":"","ocean_menu_typo_font_size":0,"ocean_menu_typo_font_size_tablet":0,"ocean_menu_typo_font_size_mobile":0,"ocean_menu_typo_font_size_unit":"px","ocean_menu_typo_font_weight":"","ocean_menu_typo_font_weight_tablet":"","ocean_menu_typo_font_weight_mobile":"","ocean_menu_typo_transform":"","ocean_menu_typo_transform_tablet":"","ocean_menu_typo_transform_mobile":"","ocean_menu_typo_line_height":0,"ocean_menu_typo_line_height_tablet":0,"ocean_menu_typo_line_height_mobile":0,"ocean_menu_typo_line_height_unit":"","ocean_menu_typo_spacing":0,"ocean_menu_typo_spacing_tablet":0,"ocean_menu_typo_spacing_mobile":0,"ocean_menu_typo_spacing_unit":"","ocean_menu_link_color":"","ocean_menu_link_color_hover":"","ocean_menu_link_color_active":"","ocean_menu_link_background":"","ocean_menu_link_hover_background":"","ocean_menu_link_active_background":"","ocean_menu_social_links_bg":"","ocean_menu_social_hover_links_bg":"","ocean_menu_social_links_color":"","ocean_menu_social_hover_links_color":"","ocean_disable_title":"on","ocean_disable_heading":"default","ocean_post_title":"","ocean_post_subheading":"","ocean_post_title_style":"","ocean_post_title_background_color":"","ocean_post_title_background":0,"ocean_post_title_bg_image_position":"","ocean_post_title_bg_image_attachment":"","ocean_post_title_bg_image_repeat":"","ocean_post_title_bg_image_size":"","ocean_post_title_height":0,"ocean_post_title_bg_overlay":0.5,"ocean_post_title_bg_overlay_color":"","ocean_disable_breadcrumbs":"off","ocean_breadcrumbs_color":"","ocean_breadcrumbs_separator_color":"","ocean_breadcrumbs_links_color":"","ocean_breadcrumbs_links_hover_color":"","ocean_display_footer_widgets":"off","ocean_display_footer_bottom":"off","ocean_custom_footer_template":"0","footnotes":""},"class_list":["post-594","page","type-page","status-publish","hentry","entry","has-media"],"yoast_head":"<!-- This site is optimized with the Yoast SEO plugin v27.5 - https:\/\/yoast.com\/product\/yoast-seo-wordpress\/ -->\n<title>Beratungs- und Planungsleistungen in Architektur - Projekte<\/title>\n<meta name=\"description\" content=\"Portfolio von Claudio Farina mit ausgew\u00e4hlte Projekte die fachliche Beratungs- und Planungsleistungen in Architektur, Design darstellen.\" \/>\n<meta name=\"robots\" content=\"index, follow, max-snippet:-1, max-image-preview:large, max-video-preview:-1\" \/>\n<link rel=\"canonical\" href=\"https:\/\/fa-lesia.eu\/it\/fachliche-planungsleistungen-in-architektur\/\" \/>\n<meta property=\"og:locale\" content=\"it_IT\" \/>\n<meta property=\"og:type\" content=\"article\" \/>\n<meta property=\"og:title\" content=\"Beratungs- und Planungsleistungen in Architektur - Projekte\" \/>\n<meta property=\"og:description\" content=\"Portfolio von Claudio Farina mit ausgew\u00e4hlte Projekte die fachliche Beratungs- und Planungsleistungen in Architektur, Design darstellen.\" \/>\n<meta property=\"og:url\" content=\"https:\/\/fa-lesia.eu\/it\/fachliche-planungsleistungen-in-architektur\/\" \/>\n<meta property=\"og:site_name\" content=\"FALeSiA - Claudio Farina Architekt - Fachliche Leistungen und Services in Architektur\" \/>\n<meta property=\"article:modified_time\" content=\"2022-10-27T12:14:17+00:00\" \/>\n<meta property=\"og:image\" content=\"https:\/\/fa-lesia.eu\/wp-content\/uploads\/space-1.gif\" \/>\n<meta name=\"twitter:card\" content=\"summary_large_image\" \/>\n<meta name=\"twitter:site\" content=\"@claudio_fa\" \/>\n<meta name=\"twitter:label1\" content=\"Tempo di lettura stimato\" \/>\n\t<meta name=\"twitter:data1\" content=\"14 minuti\" \/>\n<script type=\"application\/ld+json\" class=\"yoast-schema-graph\">{\"@context\":\"https:\\\/\\\/schema.org\",\"@graph\":[{\"@type\":\"WebPage\",\"@id\":\"https:\\\/\\\/fa-lesia.eu\\\/fachliche-planungsleistungen-in-architektur\\\/\",\"url\":\"https:\\\/\\\/fa-lesia.eu\\\/fachliche-planungsleistungen-in-architektur\\\/\",\"name\":\"Beratungs- und Planungsleistungen in Architektur - Projekte\",\"isPartOf\":{\"@id\":\"https:\\\/\\\/fa-lesia.eu\\\/#website\"},\"primaryImageOfPage\":{\"@id\":\"https:\\\/\\\/fa-lesia.eu\\\/fachliche-planungsleistungen-in-architektur\\\/#primaryimage\"},\"image\":{\"@id\":\"https:\\\/\\\/fa-lesia.eu\\\/fachliche-planungsleistungen-in-architektur\\\/#primaryimage\"},\"thumbnailUrl\":\"https:\\\/\\\/fa-lesia.eu\\\/wp-content\\\/uploads\\\/space-1.gif\",\"datePublished\":\"2021-12-30T18:44:31+00:00\",\"dateModified\":\"2022-10-27T12:14:17+00:00\",\"description\":\"Portfolio von Claudio Farina mit ausgew\u00e4hlte Projekte die fachliche Beratungs- und Planungsleistungen in Architektur, Design darstellen.\",\"breadcrumb\":{\"@id\":\"https:\\\/\\\/fa-lesia.eu\\\/fachliche-planungsleistungen-in-architektur\\\/#breadcrumb\"},\"inLanguage\":\"it-IT\",\"potentialAction\":[{\"@type\":\"ReadAction\",\"target\":[\"https:\\\/\\\/fa-lesia.eu\\\/fachliche-planungsleistungen-in-architektur\\\/\"]}]},{\"@type\":\"ImageObject\",\"inLanguage\":\"it-IT\",\"@id\":\"https:\\\/\\\/fa-lesia.eu\\\/fachliche-planungsleistungen-in-architektur\\\/#primaryimage\",\"url\":\"https:\\\/\\\/fa-lesia.eu\\\/wp-content\\\/uploads\\\/space-1.gif\",\"contentUrl\":\"https:\\\/\\\/fa-lesia.eu\\\/wp-content\\\/uploads\\\/space-1.gif\"},{\"@type\":\"BreadcrumbList\",\"@id\":\"https:\\\/\\\/fa-lesia.eu\\\/fachliche-planungsleistungen-in-architektur\\\/#breadcrumb\",\"itemListElement\":[{\"@type\":\"ListItem\",\"position\":1,\"name\":\"Startseite\",\"item\":\"https:\\\/\\\/fa-lesia.eu\\\/\"},{\"@type\":\"ListItem\",\"position\":2,\"name\":\"Projekte\"}]},{\"@type\":\"WebSite\",\"@id\":\"https:\\\/\\\/fa-lesia.eu\\\/#website\",\"url\":\"https:\\\/\\\/fa-lesia.eu\\\/\",\"name\":\"FALeSiA - Claudio Farina Architekt - Fachliche Leistungen und Services in Architektur\",\"description\":\"Architekt Bayern - Italien. Falesia bietet koordinierte Beratungs- und Planungsleistungen f\u00fcr ein umweltvertr\u00e4gliches Architekturprojekt an.\",\"publisher\":{\"@id\":\"https:\\\/\\\/fa-lesia.eu\\\/#organization\"},\"potentialAction\":[{\"@type\":\"SearchAction\",\"target\":{\"@type\":\"EntryPoint\",\"urlTemplate\":\"https:\\\/\\\/fa-lesia.eu\\\/?s={search_term_string}\"},\"query-input\":{\"@type\":\"PropertyValueSpecification\",\"valueRequired\":true,\"valueName\":\"search_term_string\"}}],\"inLanguage\":\"it-IT\"},{\"@type\":\"Organization\",\"@id\":\"https:\\\/\\\/fa-lesia.eu\\\/#organization\",\"name\":\"Claudio Farina Architekt - FALeSiA\",\"url\":\"https:\\\/\\\/fa-lesia.eu\\\/\",\"logo\":{\"@type\":\"ImageObject\",\"inLanguage\":\"it-IT\",\"@id\":\"https:\\\/\\\/fa-lesia.eu\\\/#\\\/schema\\\/logo\\\/image\\\/\",\"url\":\"https:\\\/\\\/fa-lesia.eu\\\/wp-content\\\/uploads\\\/falesia_new_3.svg\",\"contentUrl\":\"https:\\\/\\\/fa-lesia.eu\\\/wp-content\\\/uploads\\\/falesia_new_3.svg\",\"width\":850,\"height\":850,\"caption\":\"Claudio Farina Architekt - FALeSiA\"},\"image\":{\"@id\":\"https:\\\/\\\/fa-lesia.eu\\\/#\\\/schema\\\/logo\\\/image\\\/\"},\"sameAs\":[\"https:\\\/\\\/x.com\\\/claudio_fa\",\"https:\\\/\\\/www.instagram.com\\\/claudio_fa\\\/\",\"https:\\\/\\\/www.linkedin.com\\\/in\\\/clfarina\\\/\"]}]}<\/script>\n<!-- \/ Yoast SEO plugin. -->","yoast_head_json":{"title":"Beratungs- und Planungsleistungen in Architektur - Projekte","description":"Portfolio von Claudio Farina mit ausgew\u00e4hlte Projekte die fachliche Beratungs- und Planungsleistungen in Architektur, Design darstellen.","robots":{"index":"index","follow":"follow","max-snippet":"max-snippet:-1","max-image-preview":"max-image-preview:large","max-video-preview":"max-video-preview:-1"},"canonical":"https:\/\/fa-lesia.eu\/it\/fachliche-planungsleistungen-in-architektur\/","og_locale":"it_IT","og_type":"article","og_title":"Beratungs- und Planungsleistungen in Architektur - Projekte","og_description":"Portfolio von Claudio Farina mit ausgew\u00e4hlte Projekte die fachliche Beratungs- und Planungsleistungen in Architektur, Design darstellen.","og_url":"https:\/\/fa-lesia.eu\/it\/fachliche-planungsleistungen-in-architektur\/","og_site_name":"FALeSiA - Claudio Farina Architekt - Fachliche Leistungen und Services in Architektur","article_modified_time":"2022-10-27T12:14:17+00:00","og_image":[{"url":"https:\/\/fa-lesia.eu\/wp-content\/uploads\/space-1.gif","type":"","width":"","height":""}],"twitter_card":"summary_large_image","twitter_site":"@claudio_fa","twitter_misc":{"Tempo di lettura stimato":"14 minuti"},"schema":{"@context":"https:\/\/schema.org","@graph":[{"@type":"WebPage","@id":"https:\/\/fa-lesia.eu\/fachliche-planungsleistungen-in-architektur\/","url":"https:\/\/fa-lesia.eu\/fachliche-planungsleistungen-in-architektur\/","name":"Beratungs- und Planungsleistungen in Architektur - Projekte","isPartOf":{"@id":"https:\/\/fa-lesia.eu\/#website"},"primaryImageOfPage":{"@id":"https:\/\/fa-lesia.eu\/fachliche-planungsleistungen-in-architektur\/#primaryimage"},"image":{"@id":"https:\/\/fa-lesia.eu\/fachliche-planungsleistungen-in-architektur\/#primaryimage"},"thumbnailUrl":"https:\/\/fa-lesia.eu\/wp-content\/uploads\/space-1.gif","datePublished":"2021-12-30T18:44:31+00:00","dateModified":"2022-10-27T12:14:17+00:00","description":"Portfolio von Claudio Farina mit ausgew\u00e4hlte Projekte die fachliche Beratungs- und Planungsleistungen in Architektur, Design darstellen.","breadcrumb":{"@id":"https:\/\/fa-lesia.eu\/fachliche-planungsleistungen-in-architektur\/#breadcrumb"},"inLanguage":"it-IT","potentialAction":[{"@type":"ReadAction","target":["https:\/\/fa-lesia.eu\/fachliche-planungsleistungen-in-architektur\/"]}]},{"@type":"ImageObject","inLanguage":"it-IT","@id":"https:\/\/fa-lesia.eu\/fachliche-planungsleistungen-in-architektur\/#primaryimage","url":"https:\/\/fa-lesia.eu\/wp-content\/uploads\/space-1.gif","contentUrl":"https:\/\/fa-lesia.eu\/wp-content\/uploads\/space-1.gif"},{"@type":"BreadcrumbList","@id":"https:\/\/fa-lesia.eu\/fachliche-planungsleistungen-in-architektur\/#breadcrumb","itemListElement":[{"@type":"ListItem","position":1,"name":"Startseite","item":"https:\/\/fa-lesia.eu\/"},{"@type":"ListItem","position":2,"name":"Projekte"}]},{"@type":"WebSite","@id":"https:\/\/fa-lesia.eu\/#website","url":"https:\/\/fa-lesia.eu\/","name":"FALeSiA - Claudio Farina Architekt - Fachliche Leistungen und Services in Architektur","description":"Architekt Bayern - Italien. Falesia bietet koordinierte Beratungs- und Planungsleistungen f\u00fcr ein umweltvertr\u00e4gliches Architekturprojekt an.","publisher":{"@id":"https:\/\/fa-lesia.eu\/#organization"},"potentialAction":[{"@type":"SearchAction","target":{"@type":"EntryPoint","urlTemplate":"https:\/\/fa-lesia.eu\/?s={search_term_string}"},"query-input":{"@type":"PropertyValueSpecification","valueRequired":true,"valueName":"search_term_string"}}],"inLanguage":"it-IT"},{"@type":"Organization","@id":"https:\/\/fa-lesia.eu\/#organization","name":"Claudio Farina Architekt - FALeSiA","url":"https:\/\/fa-lesia.eu\/","logo":{"@type":"ImageObject","inLanguage":"it-IT","@id":"https:\/\/fa-lesia.eu\/#\/schema\/logo\/image\/","url":"https:\/\/fa-lesia.eu\/wp-content\/uploads\/falesia_new_3.svg","contentUrl":"https:\/\/fa-lesia.eu\/wp-content\/uploads\/falesia_new_3.svg","width":850,"height":850,"caption":"Claudio Farina Architekt - FALeSiA"},"image":{"@id":"https:\/\/fa-lesia.eu\/#\/schema\/logo\/image\/"},"sameAs":["https:\/\/x.com\/claudio_fa","https:\/\/www.instagram.com\/claudio_fa\/","https:\/\/www.linkedin.com\/in\/clfarina\/"]}]}},"_links":{"self":[{"href":"https:\/\/fa-lesia.eu\/it\/wp-json\/wp\/v2\/pages\/594","targetHints":{"allow":["GET"]}}],"collection":[{"href":"https:\/\/fa-lesia.eu\/it\/wp-json\/wp\/v2\/pages"}],"about":[{"href":"https:\/\/fa-lesia.eu\/it\/wp-json\/wp\/v2\/types\/page"}],"author":[{"embeddable":true,"href":"https:\/\/fa-lesia.eu\/it\/wp-json\/wp\/v2\/users\/1"}],"replies":[{"embeddable":true,"href":"https:\/\/fa-lesia.eu\/it\/wp-json\/wp\/v2\/comments?post=594"}],"version-history":[{"count":505,"href":"https:\/\/fa-lesia.eu\/it\/wp-json\/wp\/v2\/pages\/594\/revisions"}],"predecessor-version":[{"id":6608,"href":"https:\/\/fa-lesia.eu\/it\/wp-json\/wp\/v2\/pages\/594\/revisions\/6608"}],"wp:attachment":[{"href":"https:\/\/fa-lesia.eu\/it\/wp-json\/wp\/v2\/media?parent=594"}],"curies":[{"name":"wp","href":"https:\/\/api.w.org\/{rel}","templated":true}]}}