{"id":38,"date":"2021-12-21T16:39:45","date_gmt":"2021-12-21T15:39:45","guid":{"rendered":"https:\/\/fa-lesia.eu\/?page_id=38"},"modified":"2024-07-15T18:45:39","modified_gmt":"2024-07-15T16:45:39","slug":"datenschutz","status":"publish","type":"page","link":"https:\/\/fa-lesia.eu\/it\/datenschutz\/","title":{"rendered":"Datenschutz"},"content":{"rendered":"<div data-elementor-type=\"wp-page\" data-elementor-id=\"38\" class=\"elementor elementor-38\" data-elementor-post-type=\"page\">\n\t\t\t\t\t\t<section class=\"elementor-section elementor-top-section elementor-element elementor-element-dce7ee9 elementor-section-boxed elementor-section-height-default elementor-section-height-default\" data-id=\"dce7ee9\" data-element_type=\"section\">\n\t\t\t\t\t\t<div class=\"elementor-container elementor-column-gap-default\">\n\t\t\t\t\t<div class=\"elementor-column elementor-col-100 elementor-top-column elementor-element elementor-element-5a21cfe\" data-id=\"5a21cfe\" data-element_type=\"column\">\n\t\t\t<div class=\"elementor-widget-wrap elementor-element-populated\">\n\t\t\t\t\t\t<div class=\"elementor-element elementor-element-3b72b57 elementor-widget elementor-widget-heading\" data-id=\"3b72b57\" data-element_type=\"widget\" data-widget_type=\"heading.default\">\n\t\t\t\t<div class=\"elementor-widget-container\">\n\t\t\t\t\t<h1 class=\"elementor-heading-title elementor-size-large\">Datenschutzerkl\u00e4rung<\/h1>\t\t\t\t<\/div>\n\t\t\t\t<\/div>\n\t\t\t\t\t<\/div>\n\t\t<\/div>\n\t\t\t\t\t<\/div>\n\t\t<\/section>\n\t\t\t\t<section class=\"elementor-section elementor-top-section elementor-element elementor-element-70f4ca1 elementor-section-boxed elementor-section-height-default elementor-section-height-default\" data-id=\"70f4ca1\" data-element_type=\"section\">\n\t\t\t\t\t\t<div class=\"elementor-container elementor-column-gap-default\">\n\t\t\t\t\t<div class=\"elementor-column elementor-col-100 elementor-top-column elementor-element elementor-element-22c23e5\" data-id=\"22c23e5\" data-element_type=\"column\">\n\t\t\t<div class=\"elementor-widget-wrap elementor-element-populated\">\n\t\t\t\t\t\t<div class=\"elementor-element elementor-element-f84c413 elementor-widget elementor-widget-text-editor\" data-id=\"f84c413\" data-element_type=\"widget\" data-widget_type=\"text-editor.default\">\n\t\t\t\t<div class=\"elementor-widget-container\">\n\t\t\t\t\t\t\t\t\t<p>1.<b> Gegenstand dieser Datenschutzerkl\u00e4rung<br \/><\/b><\/p><p>Der Schutz Ihrer personenbezogenen Daten (im Folgenden kurz ,,Daten\u201c) ist uns ein gro\u00dfes und sehr wichtiges Anliegen. Nachfolgend m\u00f6chten wir Sie daher ausf\u00fchrlich dar\u00fcber informieren, welche Daten bei uns erhoben und wie diese von uns im Folgenden verarbeitet oder genutzt werden sowie dar-\u00fcber, welche begleitenden Schutzma\u00dfnahmen wir auch in technischer und organisatorischer Hinsicht getroffen haben.<\/p><p>2. Name und Kontaktdaten des Verantwortlichen<\/p><p><span style=\"font-size: 16px; color: var( --e-global-color-8039aed );\">Verantwortlicher nach Art. 4 Nr. 7 DSGVO und Diensteanbieter nach \u00a7 13 TDDDG ist\u00a0<\/span><\/p><p style=\"font-variant-ligatures: normal; font-variant-caps: normal;\">Claudio Farina Architekt &#8211; Falesia<\/p><p style=\"font-variant-ligatures: normal; font-variant-caps: normal;\">Franz-W\u00fcllner-Str. 11<\/p><p style=\"font-variant-ligatures: normal; font-variant-caps: normal;\">81247 M\u00fcnchen<\/p><p style=\"font-variant-ligatures: normal; font-variant-caps: normal;\">E-Mail: info(at)fa-lesia.eu<\/p><h3>3. Zwecke und Rechtsgrundlage der Verarbeitung Ihrer Daten sowie Speicherdauer<b>\u00a0<\/b><\/h3><p style=\"font-variant-ligatures: normal; font-variant-caps: normal;\">Cookies<\/p><p style=\"font-variant-ligatures: normal; font-variant-caps: normal;\">Die Internetseiten verwenden teilweise so genannte Cookies. Cookies richten auf Ihrem Rechner keinen Schaden an und enthalten keine Viren. Cookies dienen dazu, unser Angebot nutzerfreundlicher, effektiver und sicherer zu machen. Cookies sind kleine Textdateien, die auf Ihrem Rechner abgelegt werden und die Ihr Browser speichert.<\/p><p style=\"font-variant-ligatures: normal; font-variant-caps: normal;\">Die meisten der von uns verwendeten Cookies sind so genannte \u201cSession-Cookies\u201d. Sie werden nach Ende Ihres Besuchs automatisch gel\u00f6scht. Andere Cookies bleiben auf Ihrem Endger\u00e4t gespeichert bis Sie diese l\u00f6schen. Diese Cookies erm\u00f6glichen es uns, Ihren Browser beim n\u00e4chsten Besuch wieder zu erkennen.<\/p><p style=\"font-variant-ligatures: normal; font-variant-caps: normal;\">Sie k\u00f6nnen Ihren Browser so einstellen, dass Sie \u00fcber das Setzen von Cookies informiert werden und Cookies nur im Einzelfall erlauben, die Annahme von Cookies f\u00fcr bestimmte F\u00e4lle oder generell ausschlie\u00dfen sowie das automatische L\u00f6schen der Cookies beim Schlie\u00dfen des Browser aktivieren. Bei der Deaktivierung von Cookies kann die Funktionalit\u00e4t dieser Website eingeschr\u00e4nkt sein.<\/p><p style=\"font-variant-ligatures: normal; font-variant-caps: normal;\">Server-Log-Dateien<\/p><p style=\"font-variant-ligatures: normal; font-variant-caps: normal;\">Es werden Zugriffs-Logfiles und Fehler-Logfiles auf dem Server gespeichert. Diese Logfiles enthalten die IP Adresse des Besuchers, und damit personenbezogene Daten. Es werden dort folgende Daten erfasst:<\/p><ul style=\"font-variant-ligatures: normal; font-variant-caps: normal; font-family: Weblysleek, sans-serif; font-size: 16px; font-style: normal; font-weight: 200;\"><li style=\"font-size: 16px;\"><p>Besuchte Website<\/p><\/li><li style=\"font-size: 16px;\"><p>Uhrzeit zum Zeitpunkt des Zugriffes<\/p><\/li><li style=\"font-size: 16px;\"><p>Menge der gesendeten Daten in Byte<\/p><\/li><\/ul><ul style=\"font-variant-ligatures: normal; font-variant-caps: normal; font-family: Weblysleek, sans-serif; font-size: 16px; font-style: normal; font-weight: 200;\"><li style=\"font-size: 16px;\"><p>Quelle\/Verweis, von welchem Sie auf die Seite gelangten<\/p><\/li><li style=\"font-size: 16px;\"><p>Verwendeter Browser<\/p><\/li><li style=\"font-size: 16px;\"><p>Verwendetes Betriebssystem<\/p><\/li><li style=\"font-size: 16px;\"><p>Verwendete IP Adresse\u00a0<\/p><\/li><\/ul><p style=\"font-variant-ligatures: normal; font-variant-caps: normal;\">Die Logfiles\u00a0 befinden sich im Ordner \/log auf dem Webspace. Die aktuellen Daten sind in den Dateien access_log und error_log gespeichert. Die IP Adresse wird nach 24 Stunden anonymisiert; dazu wird das letzte Oktett genullt. Die L\u00f6schung erfolgt dann nach sp\u00e4testens nach 7 Tagen.<\/p><p style=\"font-variant-ligatures: normal; font-variant-caps: normal;\">Die Logfiles werden zur Aufrechterhaltung des Serverbetriebs und zur statistischen Auswertung erhoben und gespeichert.<\/p><p style=\"font-variant-ligatures: normal; font-variant-caps: normal;\">Rechtsgrundlage f\u00fcr die vor\u00fcbergehende Speicherung der Daten und der Logfiles ist Art. 6 Abs. 1 lit. f DSGVO. Das berechtigte Interesse ergibt sich aus den aufgef\u00fchrten Zwecken.<\/p><p><span style=\"color: #333333;\"><span style=\"font-size: 18px;\">Auskunft, Sperrung, L\u00f6schung<\/span><\/span><\/p><p><span style=\"color: #333333; font-family: Weblysleek, sans-serif; font-size: 18px; font-style: normal; font-weight: 100;\">Sie haben im Rahmen der geltenden gesetzlichen Bestimmungen jederzeit das Recht auf unentgeltliche Auskunft \u00fcber Ihre gespeicherten personenbezogenen Daten, deren Herkunft und Empf\u00e4nger und den Zweck der Datenverarbeitung und ggf. ein Recht auf Berichtigung, Sperrung oder L\u00f6schung dieser Daten. Hierzu sowie zu weiteren Fragen zum Thema personenbezogene Daten k\u00f6nnen Sie sich jederzeit unter der im Impressum angegebenen Adresse an uns wenden.<\/span><\/p><p style=\"font-variant-ligatures: normal; font-variant-caps: normal;\">4. Datensicherheit<\/p><p style=\"font-variant-ligatures: normal; font-variant-caps: normal;\">Wir haben technische und organisatorische Sicherheitsma\u00dfnahmen getroffen, um auf unseren Internetseiten anfallende oder erhobene personenbezogene Daten zu sch\u00fctzen, insbesondere gegen zuf\u00e4llige oder vors\u00e4tzliche Manipulation, Verlust, Zerst\u00f6rung oder gegen den Angriff seitens unberechtigter Personen. Unsere Sicherheitsma\u00dfnahmen werden entsprechend der technologischen Entwicklung fortlaufend verbessert. Soweit wir Ihnen diverse Online-Formulare und -Dienste bereitstellen, mit denen Sie personenbezogene Daten an uns senden k\u00f6nnen, sind diese Formulare gegen Einsichtnahme Dritter durch die Verwendung von TLS-Verschl\u00fcsselung gesch\u00fctzt. Je nach Service k\u00f6nnen Sie zudem bei verschiedenen Eingaben zur Identifizierung bzw. Verhinderung von Missbrauch aufgefordert werden:\u00a0<\/p><p>a) Zur Identifizierung bei der Anlieferung von Daten kann die Eingabe einer benutzerdefinierten Kennung oder anderweitigen geeigneten Authentifikation verlangt werden. Die Daten werden \u00fcber SFTP oder HTTPS gegen Kenntnisnahme Dritter gesch\u00fctzt, sofern der Nutzer die von uns empfohlenen Wege der Daten\u00fcbermittlung nutzt.<\/p><p>b) Zur Verhinderung der Nutzung durch Maschinen k\u00f6nnen sogenannte CAPTCHAS verwendet werden, die Bilder oder Aufgaben enthalten, die von Computerskripten nicht verarbeitet werden k\u00f6nnen.<\/p><p>5. Betroffenenrechte\u00a0<\/p><p>Nach den anwendbaren Gesetzen haben Sie verschiedene Rechte im Zusammenhang mit der Verarbeitung Ihrer personenbezogenen Daten. M\u00f6chten Sie diese Rechte geltend machen, so richten Sie Ihre Anfrage bitte per E-Mail oder per Post unter eindeutiger Identifizierung Ihrer Person an die unter Ziffer 2 dieser Datenschutzhinweise genannte E-Mail- bzw. Postadresse. Nachfolgend finden Sie eine \u00dcbersicht \u00fcber Ihre Rechte:<\/p><p>d) Recht auf Einschr\u00e4nkung der Verarbeitung<br \/>Sie haben unter den Voraussetzungen des Art. 18 Abs. 1 DSGVO das Recht, von uns die Einschr\u00e4nkung der Verarbeitung zu verlangen. Wurde die Verarbeitung der Sie betreffenden personenbezogenen Daten eingeschr\u00e4nkt, d\u00fcrfen diese Daten \u2013 von ihrer Speicherung abgesehen \u2013 nur mit Ihrer Einwilligung oder zur Geltendmachung, Aus\u00fcbung oder Verteidigung von Rechtsanspr\u00fcchen oder zum Schutz der Rechte einer anderen nat\u00fcrlichen oder juristischen Person oder aus Gr\u00fcnden eines wichtigen \u00f6ffentlichen Interesses der Union oder eines Mitgliedstaats verarbeitet werden.\u00a0<\/p><p>e) Recht auf Daten\u00fcbertragbarkeit<br \/>Sie haben unter den Voraussetzungen des Art. 20 DSGVO das Recht, die Sie betreffenden personenbezogenen Daten, die Sie uns bereitgestellt haben, in einem strukturierten, g\u00e4ngigen und maschinenlesbaren Format zu erhalten, und Sie haben das Recht, diese Daten einem anderen Verantwortlichen ohne Behinderung durch uns zu \u00fcbermitteln.<br \/>Bei der Aus\u00fcbung ihres Rechts auf Daten\u00fcbertragbarkeit haben Sie das Recht, zu verlangen, dass wir Ihre personenbezogenen Daten direkt an einen anderen Verantwortlichen \u00fcbermitteln, soweit dies technisch machbar ist.<\/p><p>Das Recht auf Daten\u00fcbertragbarkeit unterliegt den Einschr\u00e4nkungen des Art. 20 Abs. 3 und 4 DSGVO.<\/p><p>f) Widerruf von Einwilligungen<br \/>Gem\u00e4\u00df Art. 7 Abs. 3 DSGVO sind Sie berechtigt, Ihre einmal erteilte Einwilligung jederzeit gegen\u00fcber uns zu widerrufen. Dies gilt auch f\u00fcr Datenschutz-Einwilligungen, die Sie uns vor Geltung der DSGVO erteilt haben. Der Widerruf hat zur Folge, dass wir die Datenverarbeitung, die auf dieser Einwilligung beruhte, f\u00fcr die Zukunft nicht mehr fortf\u00fchren d\u00fcrfen. Durch den Widerruf der Einwilligung wird die Rechtm\u00e4\u00dfigkeit der aufgrund der Einwilligung bis zum Widerruf erfolgten Verarbeitung nicht ber\u00fchrt.\u00a0<\/p><p>g) Widerspruchsrecht<br \/>Sie haben das Recht, aus Gr\u00fcnden, die sich aus Ihrer besonderen Situation ergeben, jederzeit gegen die Verarbeitung Sie betreffender personenbezogener Daten, die aufgrund von Art. 6 Abs. 1 lit. e oder lit. f DSGVO erfolgt, Widerspruch einzulegen. Wir verarbeiten diese Daten dann nicht mehr, es sei denn, wir k\u00f6nnen zwingende schutzw\u00fcrdige Gr\u00fcnde f\u00fcr die Verarbeitung nachweisen, die Ihre Interessen, Rechte und Freiheiten \u00fcberwiegen, oder die Verarbeitung dient der Geltendmachung, Aus\u00fcbung oder Verteidigung von Rechtsanspr\u00fcchen (Art. 21 DSGVO). Werden Ihre personenbezogenen Daten von uns f\u00fcr Zwecke der Direktwerbung verarbeitet, so haben Sie uneingeschr\u00e4nkt das Recht, jederzeit Widerspruch gegen die Verarbeitung Sie betreffender personenbezogener Daten zu diesen Zwecken einzulegen; dies gilt auch f\u00fcr das Profiling, soweit es mit solcher Direktwerbung in Verbindung steht. Profiling meint die Verwendung von personenbezogenen Daten um bestimmte pers\u00f6nliche Aspekte (z.B. Interessen) zu analysieren oder vorherzusagen.<\/p><h3>6. Verwendung von Skriptbibliotheken (Google Web Fonts)\u00a0<\/h3><p>Damit unsere Inhalte in jedem Browser korrekt und grafisch ansprechend dargestellt werden, verwenden wir f\u00fcr diese Webseite Skript- und Schriftbibliotheken wie Google Web Fonts (\u00a0<a href=\"https:\/\/www.google.com\/webfonts\" target=\"_blank\" rel=\"noopener\">https:\/\/www.google.com\/webfonts<\/a>\u00a0). Google Web Fonts werden in den Cache Ihres Browsers \u00fcbertragen, sodass sie nur einmal geladen werden m\u00fcssen. Wenn Ihr Browser Google Web Fonts nicht unterst\u00fctzt oder den Zugriff verweigert, werden die Inhalte in einer Standardschriftart dargestellt. Beim Aufrufen von Skript- oder Schriftbibliotheken wir automatisch eine Verbindung zum Betreiber der Bibliothek hergestellt. Es besteht hierbei theoretisch die M\u00f6glichkeit f\u00fcr diesen Betreiber, Daten zu erfassen. Derzeit ist nicht bekannt, ob und zu welchem Zweck die Betreiber der entsprechenden Bibliotheken tats\u00e4chlich Daten erfassen. Hier finden Sie die Datenschutzbestimmungen des Betreibers der Google-Bibliothek:\u00a0<a href=\"https:\/\/www.google.com\/policies\/privacy\" target=\"_blank\" rel=\"noopener\">https:\/\/www.google.com\/policies\/privacy\u00a0<\/a>.<\/p><p>\u00a0<\/p><p>7. Recht auf Beschwerde bei einer Aufsichtsbeh\u00f6rde <br \/>Sie haben unabh\u00e4ngig von anderweitigen verwaltungsrechtlichen oder gerichtlichen Rechtsbehelfen das Recht auf Beschwerde bei einer Aufsichtsbeh\u00f6rde, wenn Sie der Ansicht sind, dass die Verarbeitung der Sie betreffenden personenbezogenen Daten durch uns gegen die DSGVO verst\u00f6\u00dft, Art. 77 DSGVO. Sie k\u00f6nnen dieses Recht bei einer Aufsichtsbeh\u00f6rde in dem Mitgliedstaat Ihres Aufenthaltsorts, Ihres Arbeitsplatzes oder des Orts des mutma\u00dflichen Versto\u00dfes geltend machen. Die Kontaktdaten der Aufsichtsbeh\u00f6rden in Deutschland finden Sie unter\u00a0<a style=\"font-size: 16px; background-color: #ffffff;\" href=\"https:\/\/www.bfdi.bund.de\/DE\/Infothek\/Anschriften Links\/anschriften links-node.html\" target=\"_blank\" rel=\"noopener\">https:\/\/www.bfdi.bund.de\/DE\/Infothek\/Anschriften Links\/anschriften links-node.html<\/a><\/p><p>Bitte beachten Sie, dass f\u00fcr Architekturb\u00fcros die \u201eAufsichtsbeh\u00f6rden f\u00fcr den nicht-\u00f6ffentlichen Bereich\u201c einschl\u00e4gig sind. 11. \u00c4nderungen dieser Datenschutzerkl\u00e4rung Diese Datenschutzerkl\u00e4rung ist aktuell g\u00fcltig. Durch die Weiterentwicklung unserer Webseite und Angebote dar\u00fcber oder aufgrund ge\u00e4nderter gesetzlicher beziehungsweise beh\u00f6rdlicher Vorgaben kann es notwendig werden, diese Datenschutzerkl\u00e4rung zu \u00e4ndern. Die jeweils aktuelle Datenschutzerkl\u00e4rung kann jederzeit hier von Ihnen abgerufen und ausgedruckt werden.\u00a0<\/p><div><p style=\"margin-bottom: 2px; font: 400 16px 'Helvetica Neue';\">\u00a0<\/p><\/div>\t\t\t\t\t\t\t\t<\/div>\n\t\t\t\t<\/div>\n\t\t\t\t\t<\/div>\n\t\t<\/div>\n\t\t\t\t\t<\/div>\n\t\t<\/section>\n\t\t\t\t<section class=\"elementor-section elementor-top-section elementor-element elementor-element-13ac0a1 elementor-section-boxed elementor-section-height-default elementor-section-height-default\" data-id=\"13ac0a1\" data-element_type=\"section\" data-settings=\"{&quot;background_background&quot;:&quot;classic&quot;}\">\n\t\t\t\t\t\t<div class=\"elementor-container elementor-column-gap-default\">\n\t\t\t\t\t<div class=\"elementor-column elementor-col-33 elementor-top-column elementor-element elementor-element-4374722\" data-id=\"4374722\" data-element_type=\"column\">\n\t\t\t<div class=\"elementor-widget-wrap elementor-element-populated\">\n\t\t\t\t\t\t<div class=\"elementor-element elementor-element-cee5493 elementor-widget elementor-widget-text-editor\" data-id=\"cee5493\" data-element_type=\"widget\" data-widget_type=\"text-editor.default\">\n\t\t\t\t<div class=\"elementor-widget-container\">\n\t\t\t\t\t\t\t\t\t<h1><a href=\"https:\/\/fa-lesia.eu\/\"><b>FA<\/b>Le<b>S<\/b>i<b>A<\/b><\/a><\/h1>\t\t\t\t\t\t\t\t<\/div>\n\t\t\t\t<\/div>\n\t\t\t\t<div class=\"elementor-element elementor-element-a594145 elementor-widget elementor-widget-text-editor\" data-id=\"a594145\" data-element_type=\"widget\" data-widget_type=\"text-editor.default\">\n\t\t\t\t<div class=\"elementor-widget-container\">\n\t\t\t\t\t\t\t\t\t<p>prestazioni e servizi professionali in architettura<\/p>\t\t\t\t\t\t\t\t<\/div>\n\t\t\t\t<\/div>\n\t\t\t\t<div class=\"elementor-element elementor-element-8574a5d elementor-widget elementor-widget-image\" data-id=\"8574a5d\" data-element_type=\"widget\" data-widget_type=\"image.default\">\n\t\t\t\t<div class=\"elementor-widget-container\">\n\t\t\t\t\t\t\t\t\t\t\t\t\t\t\t\t<a href=\"https:\/\/fa-lesia.eu\/\">\n\t\t\t\t\t\t\t<img decoding=\"async\" width=\"150\" height=\"150\" src=\"https:\/\/fa-lesia.eu\/wp-content\/uploads\/falesia_new_3.svg\" class=\"attachment-thumbnail size-thumbnail wp-image-5438\" alt=\"Falesia- Beratungs- und Planungsleistungen in Architektur\" \/>\t\t\t\t\t\t\t\t<\/a>\n\t\t\t\t\t\t\t\t\t\t\t\t\t\t\t<\/div>\n\t\t\t\t<\/div>\n\t\t\t\t\t<\/div>\n\t\t<\/div>\n\t\t\t\t<div class=\"elementor-column elementor-col-33 elementor-top-column elementor-element elementor-element-7d4126b\" data-id=\"7d4126b\" data-element_type=\"column\">\n\t\t\t<div class=\"elementor-widget-wrap elementor-element-populated\">\n\t\t\t\t\t\t<div class=\"elementor-element elementor-element-5ded094 elementor-widget elementor-widget-text-editor\" data-id=\"5ded094\" data-element_type=\"widget\" data-widget_type=\"text-editor.default\">\n\t\t\t\t<div class=\"elementor-widget-container\">\n\t\t\t\t\t\t\t\t\t<p style=\"font-variant-ligatures: normal; font-variant-caps: normal; font-family: Weblysleek, sans-serif; font-size: 18px; font-style: normal; font-weight: 100; color: #ffae4b;\"><a style=\"font-size: 18px;\" href=\"https:\/\/fa-lesia.eu\/\"><span style=\"font-size: 18px; font-weight: bold;\">Home<br \/><\/span><\/a><\/p><p style=\"font-variant-ligatures: normal; font-variant-caps: normal; font-family: Weblysleek, sans-serif; font-size: 18px; font-style: normal; font-weight: 100; color: #ffae4b;\"><a style=\"font-size: 18px;\" href=\"https:\/\/fa-lesia.eu\/fachliche-planungsleistungen-in-architektur\/\" target=\"_blank\" rel=\"noopener\"><span style=\"font-size: 18px; font-weight: bold;\">&gt; Progetti<br \/><\/span><\/a><a style=\"font-size: 18px;\" href=\"https:\/\/fa-lesia.eu\/wer\"><span style=\"font-size: 18px; font-weight: bold;\">&gt; Chi<br \/><\/span><\/a><span style=\"font-size: 18px; font-weight: 600;\"><a style=\"font-size: 18px;\" href=\"https:\/\/fa-lesia.eu\/aktuelles\">&gt; Attualit\u00e0<\/a><\/span><\/p><div style=\"font-variant-ligatures: normal; font-variant-caps: normal; font-family: Weblysleek, sans-serif; font-size: 18px; font-style: normal; font-weight: 100; color: #ffae4b;\">\u00a0<\/div><div style=\"font-variant-ligatures: normal; font-variant-caps: normal; font-family: Weblysleek, sans-serif; font-size: 18px; font-style: normal; font-weight: 100; color: #ffae4b;\"><a style=\"font-size: 18px; font-weight: 100;\" href=\"https:\/\/fa-lesia.eu\/kontakt\"><span style=\"font-size: 18px; font-weight: bold;\">&gt; Contatti &amp; Impressum<br \/><\/span><\/a><span style=\"font-size: 18px; font-weight: 600;\">&gt; Archivio<\/span><\/div>\t\t\t\t\t\t\t\t<\/div>\n\t\t\t\t<\/div>\n\t\t\t\t\t<\/div>\n\t\t<\/div>\n\t\t\t\t<div class=\"elementor-column elementor-col-33 elementor-top-column elementor-element elementor-element-f99f83b\" data-id=\"f99f83b\" data-element_type=\"column\">\n\t\t\t<div class=\"elementor-widget-wrap elementor-element-populated\">\n\t\t\t\t\t\t<div class=\"elementor-element elementor-element-2ec89d1 elementor-widget elementor-widget-image\" data-id=\"2ec89d1\" data-element_type=\"widget\" data-widget_type=\"image.default\">\n\t\t\t\t<div class=\"elementor-widget-container\">\n\t\t\t\t\t\t\t\t\t\t\t\t\t\t\t\t<a href=\"https:\/\/www.instagram.com\/claudio_fa\/\" target=\"_blank\">\n\t\t\t\t\t\t\t<img decoding=\"async\" src=\"https:\/\/fa-lesia.eu\/wp-content\/uploads\/instagram-square-brands-1.svg\" title=\"instagram-square-brands\" alt=\"instagram-square-brands\" loading=\"lazy\" \/>\t\t\t\t\t\t\t\t<\/a>\n\t\t\t\t\t\t\t\t\t\t\t\t\t\t\t<\/div>\n\t\t\t\t<\/div>\n\t\t\t\t<div class=\"elementor-element elementor-element-92cb1e8 elementor-widget elementor-widget-image\" data-id=\"92cb1e8\" data-element_type=\"widget\" data-widget_type=\"image.default\">\n\t\t\t\t<div class=\"elementor-widget-container\">\n\t\t\t\t\t\t\t\t\t\t\t\t\t\t\t\t<a href=\"https:\/\/de.linkedin.com\/in\/clfarina\" target=\"_blank\">\n\t\t\t\t\t\t\t<img fetchpriority=\"high\" decoding=\"async\" width=\"448\" height=\"512\" src=\"https:\/\/fa-lesia.eu\/wp-content\/uploads\/Font_Awesome_5_brands_linkedin.svg\" class=\"attachment-full size-full wp-image-4229\" alt=\"Falesia Linkedin\" \/>\t\t\t\t\t\t\t\t<\/a>\n\t\t\t\t\t\t\t\t\t\t\t\t\t\t\t<\/div>\n\t\t\t\t<\/div>\n\t\t\t\t<div class=\"elementor-element elementor-element-d8f5bec elementor-widget elementor-widget-image\" data-id=\"d8f5bec\" data-element_type=\"widget\" data-widget_type=\"image.default\">\n\t\t\t\t<div class=\"elementor-widget-container\">\n\t\t\t\t\t\t\t\t\t\t\t\t\t\t\t\t<a href=\"https:\/\/twitter.com\/claudio_fa\" target=\"_blank\">\n\t\t\t\t\t\t\t<img decoding=\"async\" width=\"448\" height=\"512\" src=\"https:\/\/fa-lesia.eu\/wp-content\/uploads\/twitter-square-brands-1.svg\" class=\"attachment-full size-full wp-image-2585\" alt=\"\" \/>\t\t\t\t\t\t\t\t<\/a>\n\t\t\t\t\t\t\t\t\t\t\t\t\t\t\t<\/div>\n\t\t\t\t<\/div>\n\t\t\t\t<div class=\"elementor-element elementor-element-196360a elementor-widget elementor-widget-image\" data-id=\"196360a\" data-element_type=\"widget\" data-widget_type=\"image.default\">\n\t\t\t\t<div class=\"elementor-widget-container\">\n\t\t\t\t\t\t\t\t\t\t\t\t\t\t\t\t<a href=\"https:\/\/www.xing.com\/profile\/Claudio_Farina2\/cv\" target=\"_blank\">\n\t\t\t\t\t\t\t<img loading=\"lazy\" decoding=\"async\" width=\"448\" height=\"512\" src=\"https:\/\/fa-lesia.eu\/wp-content\/uploads\/xing-square-brands-1.svg\" class=\"attachment-full size-full wp-image-2586\" alt=\"\" \/>\t\t\t\t\t\t\t\t<\/a>\n\t\t\t\t\t\t\t\t\t\t\t\t\t\t\t<\/div>\n\t\t\t\t<\/div>\n\t\t\t\t\t<\/div>\n\t\t<\/div>\n\t\t\t\t\t<\/div>\n\t\t<\/section>\n\t\t\t\t<section class=\"elementor-section elementor-top-section elementor-element elementor-element-1018f3f2 elementor-section-boxed elementor-section-height-default elementor-section-height-default\" data-id=\"1018f3f2\" data-element_type=\"section\" data-settings=\"{&quot;background_background&quot;:&quot;classic&quot;}\">\n\t\t\t\t\t\t<div class=\"elementor-container elementor-column-gap-default\">\n\t\t\t\t\t<div class=\"elementor-column elementor-col-33 elementor-top-column elementor-element elementor-element-2d1f596d\" data-id=\"2d1f596d\" data-element_type=\"column\">\n\t\t\t<div class=\"elementor-widget-wrap elementor-element-populated\">\n\t\t\t\t\t\t<div class=\"elementor-element elementor-element-5411255b elementor-widget elementor-widget-text-editor\" data-id=\"5411255b\" data-element_type=\"widget\" data-widget_type=\"text-editor.default\">\n\t\t\t\t<div class=\"elementor-widget-container\">\n\t\t\t\t\t\t\t\t\t<p>\u00a9 2022, Falesia\u00a0 \u2013 Claudio Farina \u2022 Architekt\u00a0 \u00a0<\/p>\t\t\t\t\t\t\t\t<\/div>\n\t\t\t\t<\/div>\n\t\t\t\t\t<\/div>\n\t\t<\/div>\n\t\t\t\t<div class=\"elementor-column elementor-col-33 elementor-top-column elementor-element elementor-element-cc35909\" data-id=\"cc35909\" data-element_type=\"column\">\n\t\t\t<div class=\"elementor-widget-wrap\">\n\t\t\t\t\t\t\t<\/div>\n\t\t<\/div>\n\t\t\t\t<div class=\"elementor-column elementor-col-33 elementor-top-column elementor-element elementor-element-50ae3a6f\" data-id=\"50ae3a6f\" data-element_type=\"column\" data-settings=\"{&quot;background_background&quot;:&quot;classic&quot;}\">\n\t\t\t<div class=\"elementor-widget-wrap elementor-element-populated\">\n\t\t\t\t\t\t<div class=\"elementor-element elementor-element-4dfc2c80 elementor-icon-list--layout-inline elementor-align-end elementor-mobile-align-center elementor-list-item-link-full_width elementor-invisible elementor-widget elementor-widget-icon-list\" data-id=\"4dfc2c80\" data-element_type=\"widget\" data-settings=\"{&quot;_animation&quot;:&quot;fadeIn&quot;,&quot;_animation_delay&quot;:300}\" data-widget_type=\"icon-list.default\">\n\t\t\t\t<div class=\"elementor-widget-container\">\n\t\t\t\t\t\t\t<ul class=\"elementor-icon-list-items elementor-inline-items\">\n\t\t\t\t\t\t\t<li class=\"elementor-icon-list-item elementor-inline-item\">\n\t\t\t\t\t\t\t\t\t\t\t<a href=\"https:\/\/fa-lesia.eu\/datenschutz\/\" target=\"_blank\">\n\n\t\t\t\t\t\t\t\t\t\t\t<span class=\"elementor-icon-list-text\">Datenschutz<\/span>\n\t\t\t\t\t\t\t\t\t\t\t<\/a>\n\t\t\t\t\t\t\t\t\t<\/li>\n\t\t\t\t\t\t<\/ul>\n\t\t\t\t\t\t<\/div>\n\t\t\t\t<\/div>\n\t\t\t\t\t<\/div>\n\t\t<\/div>\n\t\t\t\t\t<\/div>\n\t\t<\/section>\n\t\t\t\t<\/div>","protected":false},"excerpt":{"rendered":"<p>Datenschutzerkl\u00e4rung 1. Gegenstand dieser Datenschutzerkl\u00e4rung Der Schutz Ihrer personenbezogenen Daten (im Folgenden kurz ,,Daten\u201c) ist uns ein gro\u00dfes und sehr wichtiges Anliegen. Nachfolgend m\u00f6chten wir Sie daher ausf\u00fchrlich dar\u00fcber informieren, welche Daten bei uns erhoben und wie diese von uns im Folgenden verarbeitet oder genutzt werden sowie dar-\u00fcber, welche begleitenden Schutzma\u00dfnahmen wir auch in technischer [&hellip;]<\/p>","protected":false},"author":1,"featured_media":0,"parent":0,"menu_order":0,"comment_status":"closed","ping_status":"closed","template":"","meta":{"ocean_post_layout":"full-screen","ocean_both_sidebars_style":"","ocean_both_sidebars_content_width":0,"ocean_both_sidebars_sidebars_width":0,"ocean_sidebar":"0","ocean_second_sidebar":"0","ocean_disable_margins":"on","ocean_add_body_class":"","ocean_shortcode_before_top_bar":"","ocean_shortcode_after_top_bar":"","ocean_shortcode_before_header":"","ocean_shortcode_after_header":"","ocean_has_shortcode":"","ocean_shortcode_after_title":"","ocean_shortcode_before_footer_widgets":"","ocean_shortcode_after_footer_widgets":"","ocean_shortcode_before_footer_bottom":"","ocean_shortcode_after_footer_bottom":"","ocean_display_top_bar":"default","ocean_display_header":"default","ocean_header_style":"","ocean_center_header_left_menu":"0","ocean_custom_header_template":"0","ocean_custom_logo":0,"ocean_custom_retina_logo":0,"ocean_custom_logo_max_width":0,"ocean_custom_logo_tablet_max_width":0,"ocean_custom_logo_mobile_max_width":0,"ocean_custom_logo_max_height":0,"ocean_custom_logo_tablet_max_height":0,"ocean_custom_logo_mobile_max_height":0,"ocean_header_custom_menu":"0","ocean_menu_typo_font_family":"0","ocean_menu_typo_font_subset":"","ocean_menu_typo_font_size":0,"ocean_menu_typo_font_size_tablet":0,"ocean_menu_typo_font_size_mobile":0,"ocean_menu_typo_font_size_unit":"px","ocean_menu_typo_font_weight":"","ocean_menu_typo_font_weight_tablet":"","ocean_menu_typo_font_weight_mobile":"","ocean_menu_typo_transform":"","ocean_menu_typo_transform_tablet":"","ocean_menu_typo_transform_mobile":"","ocean_menu_typo_line_height":0,"ocean_menu_typo_line_height_tablet":0,"ocean_menu_typo_line_height_mobile":0,"ocean_menu_typo_line_height_unit":"","ocean_menu_typo_spacing":0,"ocean_menu_typo_spacing_tablet":0,"ocean_menu_typo_spacing_mobile":0,"ocean_menu_typo_spacing_unit":"","ocean_menu_link_color":"","ocean_menu_link_color_hover":"","ocean_menu_link_color_active":"","ocean_menu_link_background":"","ocean_menu_link_hover_background":"","ocean_menu_link_active_background":"","ocean_menu_social_links_bg":"","ocean_menu_social_hover_links_bg":"","ocean_menu_social_links_color":"","ocean_menu_social_hover_links_color":"","ocean_disable_title":"default","ocean_disable_heading":"default","ocean_post_title":"","ocean_post_subheading":"","ocean_post_title_style":"","ocean_post_title_background_color":"","ocean_post_title_background":0,"ocean_post_title_bg_image_position":"","ocean_post_title_bg_image_attachment":"","ocean_post_title_bg_image_repeat":"","ocean_post_title_bg_image_size":"","ocean_post_title_height":0,"ocean_post_title_bg_overlay":0.5,"ocean_post_title_bg_overlay_color":"","ocean_disable_breadcrumbs":"default","ocean_breadcrumbs_color":"","ocean_breadcrumbs_separator_color":"","ocean_breadcrumbs_links_color":"","ocean_breadcrumbs_links_hover_color":"","ocean_display_footer_widgets":"off","ocean_display_footer_bottom":"off","ocean_custom_footer_template":"0","footnotes":""},"class_list":["post-38","page","type-page","status-publish","hentry","entry"],"yoast_head":"<!-- This site is optimized with the Yoast SEO plugin v27.5 - https:\/\/yoast.com\/product\/yoast-seo-wordpress\/ -->\n<title>Datenschutz - FALeSiA - Claudio Farina Architekt - Fachliche Leistungen und Services in Architektur<\/title>\n<meta name=\"robots\" content=\"index, follow, max-snippet:-1, max-image-preview:large, max-video-preview:-1\" \/>\n<link rel=\"canonical\" href=\"https:\/\/fa-lesia.eu\/it\/datenschutz\/\" \/>\n<meta property=\"og:locale\" content=\"it_IT\" \/>\n<meta property=\"og:type\" content=\"article\" \/>\n<meta property=\"og:title\" content=\"Datenschutz - FALeSiA - Claudio Farina Architekt - Fachliche Leistungen und Services in Architektur\" \/>\n<meta property=\"og:description\" content=\"Datenschutzerkl\u00e4rung 1. Gegenstand dieser Datenschutzerkl\u00e4rung Der Schutz Ihrer personenbezogenen Daten (im Folgenden kurz ,,Daten\u201c) ist uns ein gro\u00dfes und sehr wichtiges Anliegen. Nachfolgend m\u00f6chten wir Sie daher ausf\u00fchrlich dar\u00fcber informieren, welche Daten bei uns erhoben und wie diese von uns im Folgenden verarbeitet oder genutzt werden sowie dar-\u00fcber, welche begleitenden Schutzma\u00dfnahmen wir auch in technischer [&hellip;]\" \/>\n<meta property=\"og:url\" content=\"https:\/\/fa-lesia.eu\/it\/datenschutz\/\" \/>\n<meta property=\"og:site_name\" content=\"FALeSiA - Claudio Farina Architekt - Fachliche Leistungen und Services in Architektur\" \/>\n<meta property=\"article:modified_time\" content=\"2024-07-15T16:45:39+00:00\" \/>\n<meta property=\"og:image\" content=\"https:\/\/fa-lesia.eu\/wp-content\/uploads\/falesia_new_3.svg\" \/>\n<meta name=\"twitter:card\" content=\"summary_large_image\" \/>\n<meta name=\"twitter:site\" content=\"@claudio_fa\" \/>\n<meta name=\"twitter:label1\" content=\"Tempo di lettura stimato\" \/>\n\t<meta name=\"twitter:data1\" content=\"9 minuti\" \/>\n<script type=\"application\/ld+json\" class=\"yoast-schema-graph\">{\"@context\":\"https:\\\/\\\/schema.org\",\"@graph\":[{\"@type\":\"WebPage\",\"@id\":\"https:\\\/\\\/fa-lesia.eu\\\/datenschutz\\\/\",\"url\":\"https:\\\/\\\/fa-lesia.eu\\\/datenschutz\\\/\",\"name\":\"Datenschutz - FALeSiA - Claudio Farina Architekt - Fachliche Leistungen und Services in Architektur\",\"isPartOf\":{\"@id\":\"https:\\\/\\\/fa-lesia.eu\\\/#website\"},\"primaryImageOfPage\":{\"@id\":\"https:\\\/\\\/fa-lesia.eu\\\/datenschutz\\\/#primaryimage\"},\"image\":{\"@id\":\"https:\\\/\\\/fa-lesia.eu\\\/datenschutz\\\/#primaryimage\"},\"thumbnailUrl\":\"https:\\\/\\\/fa-lesia.eu\\\/wp-content\\\/uploads\\\/falesia_new_3.svg\",\"datePublished\":\"2021-12-21T15:39:45+00:00\",\"dateModified\":\"2024-07-15T16:45:39+00:00\",\"breadcrumb\":{\"@id\":\"https:\\\/\\\/fa-lesia.eu\\\/datenschutz\\\/#breadcrumb\"},\"inLanguage\":\"it-IT\",\"potentialAction\":[{\"@type\":\"ReadAction\",\"target\":[\"https:\\\/\\\/fa-lesia.eu\\\/datenschutz\\\/\"]}]},{\"@type\":\"ImageObject\",\"inLanguage\":\"it-IT\",\"@id\":\"https:\\\/\\\/fa-lesia.eu\\\/datenschutz\\\/#primaryimage\",\"url\":\"https:\\\/\\\/fa-lesia.eu\\\/wp-content\\\/uploads\\\/falesia_new_3.svg\",\"contentUrl\":\"https:\\\/\\\/fa-lesia.eu\\\/wp-content\\\/uploads\\\/falesia_new_3.svg\"},{\"@type\":\"BreadcrumbList\",\"@id\":\"https:\\\/\\\/fa-lesia.eu\\\/datenschutz\\\/#breadcrumb\",\"itemListElement\":[{\"@type\":\"ListItem\",\"position\":1,\"name\":\"Startseite\",\"item\":\"https:\\\/\\\/fa-lesia.eu\\\/\"},{\"@type\":\"ListItem\",\"position\":2,\"name\":\"Datenschutz\"}]},{\"@type\":\"WebSite\",\"@id\":\"https:\\\/\\\/fa-lesia.eu\\\/#website\",\"url\":\"https:\\\/\\\/fa-lesia.eu\\\/\",\"name\":\"FALeSiA - Claudio Farina Architekt - Fachliche Leistungen und Services in Architektur\",\"description\":\"Architekt Bayern - Italien. Falesia bietet koordinierte Beratungs- und Planungsleistungen f\u00fcr ein umweltvertr\u00e4gliches Architekturprojekt an.\",\"publisher\":{\"@id\":\"https:\\\/\\\/fa-lesia.eu\\\/#organization\"},\"potentialAction\":[{\"@type\":\"SearchAction\",\"target\":{\"@type\":\"EntryPoint\",\"urlTemplate\":\"https:\\\/\\\/fa-lesia.eu\\\/?s={search_term_string}\"},\"query-input\":{\"@type\":\"PropertyValueSpecification\",\"valueRequired\":true,\"valueName\":\"search_term_string\"}}],\"inLanguage\":\"it-IT\"},{\"@type\":\"Organization\",\"@id\":\"https:\\\/\\\/fa-lesia.eu\\\/#organization\",\"name\":\"Claudio Farina Architekt - FALeSiA\",\"url\":\"https:\\\/\\\/fa-lesia.eu\\\/\",\"logo\":{\"@type\":\"ImageObject\",\"inLanguage\":\"it-IT\",\"@id\":\"https:\\\/\\\/fa-lesia.eu\\\/#\\\/schema\\\/logo\\\/image\\\/\",\"url\":\"https:\\\/\\\/fa-lesia.eu\\\/wp-content\\\/uploads\\\/falesia_new_3.svg\",\"contentUrl\":\"https:\\\/\\\/fa-lesia.eu\\\/wp-content\\\/uploads\\\/falesia_new_3.svg\",\"width\":850,\"height\":850,\"caption\":\"Claudio Farina Architekt - FALeSiA\"},\"image\":{\"@id\":\"https:\\\/\\\/fa-lesia.eu\\\/#\\\/schema\\\/logo\\\/image\\\/\"},\"sameAs\":[\"https:\\\/\\\/x.com\\\/claudio_fa\",\"https:\\\/\\\/www.instagram.com\\\/claudio_fa\\\/\",\"https:\\\/\\\/www.linkedin.com\\\/in\\\/clfarina\\\/\"]}]}<\/script>\n<!-- \/ Yoast SEO plugin. -->","yoast_head_json":{"title":"Datenschutz - FALeSiA - Claudio Farina Architekt - Fachliche Leistungen und Services in Architektur","robots":{"index":"index","follow":"follow","max-snippet":"max-snippet:-1","max-image-preview":"max-image-preview:large","max-video-preview":"max-video-preview:-1"},"canonical":"https:\/\/fa-lesia.eu\/it\/datenschutz\/","og_locale":"it_IT","og_type":"article","og_title":"Datenschutz - FALeSiA - Claudio Farina Architekt - Fachliche Leistungen und Services in Architektur","og_description":"Datenschutzerkl\u00e4rung 1. Gegenstand dieser Datenschutzerkl\u00e4rung Der Schutz Ihrer personenbezogenen Daten (im Folgenden kurz ,,Daten\u201c) ist uns ein gro\u00dfes und sehr wichtiges Anliegen. Nachfolgend m\u00f6chten wir Sie daher ausf\u00fchrlich dar\u00fcber informieren, welche Daten bei uns erhoben und wie diese von uns im Folgenden verarbeitet oder genutzt werden sowie dar-\u00fcber, welche begleitenden Schutzma\u00dfnahmen wir auch in technischer [&hellip;]","og_url":"https:\/\/fa-lesia.eu\/it\/datenschutz\/","og_site_name":"FALeSiA - Claudio Farina Architekt - Fachliche Leistungen und Services in Architektur","article_modified_time":"2024-07-15T16:45:39+00:00","og_image":[{"url":"https:\/\/fa-lesia.eu\/wp-content\/uploads\/falesia_new_3.svg","type":"","width":"","height":""}],"twitter_card":"summary_large_image","twitter_site":"@claudio_fa","twitter_misc":{"Tempo di lettura stimato":"9 minuti"},"schema":{"@context":"https:\/\/schema.org","@graph":[{"@type":"WebPage","@id":"https:\/\/fa-lesia.eu\/datenschutz\/","url":"https:\/\/fa-lesia.eu\/datenschutz\/","name":"Datenschutz - FALeSiA - Claudio Farina Architekt - Fachliche Leistungen und Services in Architektur","isPartOf":{"@id":"https:\/\/fa-lesia.eu\/#website"},"primaryImageOfPage":{"@id":"https:\/\/fa-lesia.eu\/datenschutz\/#primaryimage"},"image":{"@id":"https:\/\/fa-lesia.eu\/datenschutz\/#primaryimage"},"thumbnailUrl":"https:\/\/fa-lesia.eu\/wp-content\/uploads\/falesia_new_3.svg","datePublished":"2021-12-21T15:39:45+00:00","dateModified":"2024-07-15T16:45:39+00:00","breadcrumb":{"@id":"https:\/\/fa-lesia.eu\/datenschutz\/#breadcrumb"},"inLanguage":"it-IT","potentialAction":[{"@type":"ReadAction","target":["https:\/\/fa-lesia.eu\/datenschutz\/"]}]},{"@type":"ImageObject","inLanguage":"it-IT","@id":"https:\/\/fa-lesia.eu\/datenschutz\/#primaryimage","url":"https:\/\/fa-lesia.eu\/wp-content\/uploads\/falesia_new_3.svg","contentUrl":"https:\/\/fa-lesia.eu\/wp-content\/uploads\/falesia_new_3.svg"},{"@type":"BreadcrumbList","@id":"https:\/\/fa-lesia.eu\/datenschutz\/#breadcrumb","itemListElement":[{"@type":"ListItem","position":1,"name":"Startseite","item":"https:\/\/fa-lesia.eu\/"},{"@type":"ListItem","position":2,"name":"Datenschutz"}]},{"@type":"WebSite","@id":"https:\/\/fa-lesia.eu\/#website","url":"https:\/\/fa-lesia.eu\/","name":"FALeSiA - Claudio Farina Architekt - Fachliche Leistungen und Services in Architektur","description":"Architekt Bayern - Italien. Falesia bietet koordinierte Beratungs- und Planungsleistungen f\u00fcr ein umweltvertr\u00e4gliches Architekturprojekt an.","publisher":{"@id":"https:\/\/fa-lesia.eu\/#organization"},"potentialAction":[{"@type":"SearchAction","target":{"@type":"EntryPoint","urlTemplate":"https:\/\/fa-lesia.eu\/?s={search_term_string}"},"query-input":{"@type":"PropertyValueSpecification","valueRequired":true,"valueName":"search_term_string"}}],"inLanguage":"it-IT"},{"@type":"Organization","@id":"https:\/\/fa-lesia.eu\/#organization","name":"Claudio Farina Architekt - FALeSiA","url":"https:\/\/fa-lesia.eu\/","logo":{"@type":"ImageObject","inLanguage":"it-IT","@id":"https:\/\/fa-lesia.eu\/#\/schema\/logo\/image\/","url":"https:\/\/fa-lesia.eu\/wp-content\/uploads\/falesia_new_3.svg","contentUrl":"https:\/\/fa-lesia.eu\/wp-content\/uploads\/falesia_new_3.svg","width":850,"height":850,"caption":"Claudio Farina Architekt - FALeSiA"},"image":{"@id":"https:\/\/fa-lesia.eu\/#\/schema\/logo\/image\/"},"sameAs":["https:\/\/x.com\/claudio_fa","https:\/\/www.instagram.com\/claudio_fa\/","https:\/\/www.linkedin.com\/in\/clfarina\/"]}]}},"_links":{"self":[{"href":"https:\/\/fa-lesia.eu\/it\/wp-json\/wp\/v2\/pages\/38","targetHints":{"allow":["GET"]}}],"collection":[{"href":"https:\/\/fa-lesia.eu\/it\/wp-json\/wp\/v2\/pages"}],"about":[{"href":"https:\/\/fa-lesia.eu\/it\/wp-json\/wp\/v2\/types\/page"}],"author":[{"embeddable":true,"href":"https:\/\/fa-lesia.eu\/it\/wp-json\/wp\/v2\/users\/1"}],"replies":[{"embeddable":true,"href":"https:\/\/fa-lesia.eu\/it\/wp-json\/wp\/v2\/comments?post=38"}],"version-history":[{"count":98,"href":"https:\/\/fa-lesia.eu\/it\/wp-json\/wp\/v2\/pages\/38\/revisions"}],"predecessor-version":[{"id":7024,"href":"https:\/\/fa-lesia.eu\/it\/wp-json\/wp\/v2\/pages\/38\/revisions\/7024"}],"wp:attachment":[{"href":"https:\/\/fa-lesia.eu\/it\/wp-json\/wp\/v2\/media?parent=38"}],"curies":[{"name":"wp","href":"https:\/\/api.w.org\/{rel}","templated":true}]}}